{"id":1327,"date":"2018-04-04T09:05:44","date_gmt":"2018-04-04T07:05:44","guid":{"rendered":"https:\/\/sites.ffkarate.fr\/ain\/?page_id=1327"},"modified":"2026-09-02T11:30:12","modified_gmt":"2026-09-02T09:30:12","slug":"cdos","status":"publish","type":"page","link":"https:\/\/sites.ffkarate.fr\/ain\/cdos\/","title":{"rendered":"Comit\u00e9 D\u00e9partemental Olympique et Sportif"},"content":{"rendered":"<div class=\"wpb-content-wrapper\"><p>[vc_row content_placement=\u00a0\u00bbtop\u00a0\u00bb][vc_column][vc_column_text]<\/p>\n<h3>CDOS <a href=\"https:\/\/sites.ffkarate.fr\/ain\/wp-content\/uploads\/sites\/17\/2015\/10\/cdos01.jpg\"><img decoding=\"async\" class=\" size-full wp-image-574 alignright\" src=\"https:\/\/sites.ffkarate.fr\/ain\/wp-content\/uploads\/sites\/17\/2015\/10\/cdos01.jpg\" alt=\"cdos01\" width=\"140\" height=\"170\" \/><\/a><\/h3>\n<p>14 rue de la Grenouill\u00e8re &#8211;\u00a001000 BOURG EN BRESSE<br \/>\nT\u00e9l. 04 74 45 11 27<br \/>\nFax : 04 74 24 60 18<br \/>\nE-Mail : <a href=\"mailto:contact@cdos01.com\">contact@cdos01.com<\/a><\/p>\n<p>&nbsp;<\/p>\n<hr \/>\n<hr \/>\n<p><strong>Objet :<\/strong> Invitation &#8211; Journ\u00e9e \u00ab\u00a0Natur\u2019Ain Sports\u00a0\u00bb 2026 \u00e0 Bouvent Bourg-en-Bresse<\/p>\n<p>Bonjour,<\/p>\n<p>Le <strong>Comit\u00e9 D\u00e9partemental Olympique et Sportif de l\u2019Ain, et plus particuli\u00e8rement sa Commission Sports de Nature et D\u00e9veloppement Durable,<\/strong> <strong>vous invite \u00e0 participer<\/strong> \u00e0 la <strong>15<sup>\u00e8me<\/sup> \u00a0journ\u00e9e \u00ab\u00a0Natur\u2019Ain Sports\u00a0\u00bb<\/strong>, qui se tiendra le <strong>dimanche 13 septembre 2026<\/strong>, de <strong>10h \u00e0 18h<\/strong>, au <strong>Parc de loisirs de Bouvent \u00e0 Bourg-en-Bresse<\/strong>.<\/p>\n<p>Cet \u00e9v\u00e9nement, <strong>gratuit et ouvert \u00e0 tous<\/strong>, proposera plus de <strong>20 activit\u00e9s sportives de pleine nature<\/strong>.<\/p>\n<p><strong>Labellis\u00e9 F\u00eate du Sport \u00ab\u00a0Natur\u2019Ain Sports\u00a0\u00bb fait partie de l\u2019h\u00e9ritage des Jeux de Paris 2024<\/strong> et devient le grand rendez-vous d\u00e9partemental du sport nature mais pas que.<\/p>\n<p><strong>\u00ab\u00a0Natur&rsquo;Ain Sports\u00a0\u00bb s&rsquo;inscrit \u00e9galement dans la grande op\u00e9ration nationale lanc\u00e9e par le Minist\u00e8re des Sports d\u00e9nomm\u00e9e Septembre Bouge<\/strong>. Ce nouveau temps fort de la rentr\u00e9e promeut l&rsquo;activit\u00e9 physique et sportive pour tous.<\/p>\n<p>Nous vous transmettons, en pi\u00e8ce jointe,<strong> le d\u00e9tail des activit\u00e9s<\/strong>.<\/p>\n<p><strong>N&rsquo;h\u00e9sitez pas \u00e0 transf\u00e9rer ce mail \u00e0 vos contacts<\/strong> pour que cette F\u00eate du Sport compte un maximum de participants et soit une belle r\u00e9ussite.<\/p>\n<p>Au plaisir de vous retrouver le 13 septembre prochain.<\/p>\n<p>Bien sportivement. \u00a0\u00a0\u00a0\u00a0\u00a0\u00a0\u00a0 L&rsquo;\u00e9quipe du CDOS 01<\/p>\n<p><a title=\"Cliquez ICI pour acc\u00e9der au Flyer Natur Ain Sports\" href=\"https:\/\/sites.ffkarate.fr\/ain\/wp-content\/uploads\/sites\/17\/2026\/09\/Flyers-NAS-2026-CDOS-01.pdf\" target=\"_blank\" rel=\"noopener\">Cliquez ICI pour acc\u00e9der au Flyer Natur Ain Sports<\/a><\/p>\n<p>[\/vc_column_text][vc_column_text]<\/p>\n<h1>CDOS <a href=\"https:\/\/sites.ffkarate.fr\/ain\/wp-content\/uploads\/sites\/17\/2015\/10\/cdos01.jpg\"><img decoding=\"async\" class=\" size-full wp-image-574 alignright\" src=\"https:\/\/sites.ffkarate.fr\/ain\/wp-content\/uploads\/sites\/17\/2015\/10\/cdos01.jpg\" alt=\"cdos01\" width=\"140\" height=\"170\" \/><\/a><\/h1>\n<p>14 rue de la Grenouill\u00e8re &#8211;\u00a001000 BOURG EN BRESSE<br \/>\nT\u00e9l. 04 74 45 11 27<br \/>\nFax : 04 74 24 60 18<br \/>\nE-Mail : <a href=\"mailto:contact@cdos01.com\">contact@cdos01.com<\/a><\/p>\n<p>&nbsp;<\/p>\n<hr \/>\n<p>&nbsp;<\/p>\n<h2><\/h2>\n<p>[\/vc_column_text][\/vc_column][\/vc_row]<\/p>\n<\/div>","protected":false},"excerpt":{"rendered":"<p>[vc_row content_placement=\u00a0\u00bbtop\u00a0\u00bb][vc_column][vc_column_text] CDOS 14 rue de la Grenouill\u00e8re &#8211;\u00a001000 BOURG EN BRESSE T\u00e9l. 04 74 45 11 27 Fax : 04 74 24 60 18 E-Mail : contact@cdos01.com &nbsp; Objet : Invitation &#8211; Journ\u00e9e \u00ab\u00a0Natur\u2019Ain Sports\u00a0\u00bb 2026 \u00e0 Bouvent Bourg-en-Bresse Bonjour, Le Comit\u00e9 D\u00e9partemental Olympique et Sportif de l\u2019Ain, et plus particuli\u00e8rement sa Commission Sports [&hellip;]<\/p>\n","protected":false},"author":108,"featured_media":0,"parent":0,"menu_order":0,"comment_status":"closed","ping_status":"closed","template":"","meta":{"footnotes":""},"class_list":["post-1327","page","type-page","status-publish","hentry"],"_links":{"self":[{"href":"https:\/\/sites.ffkarate.fr\/ain\/wp-json\/wp\/v2\/pages\/1327","targetHints":{"allow":["GET"]}}],"collection":[{"href":"https:\/\/sites.ffkarate.fr\/ain\/wp-json\/wp\/v2\/pages"}],"about":[{"href":"https:\/\/sites.ffkarate.fr\/ain\/wp-json\/wp\/v2\/types\/page"}],"author":[{"embeddable":true,"href":"https:\/\/sites.ffkarate.fr\/ain\/wp-json\/wp\/v2\/users\/108"}],"replies":[{"embeddable":true,"href":"https:\/\/sites.ffkarate.fr\/ain\/wp-json\/wp\/v2\/comments?post=1327"}],"version-history":[{"count":13,"href":"https:\/\/sites.ffkarate.fr\/ain\/wp-json\/wp\/v2\/pages\/1327\/revisions"}],"predecessor-version":[{"id":5363,"href":"https:\/\/sites.ffkarate.fr\/ain\/wp-json\/wp\/v2\/pages\/1327\/revisions\/5363"}],"wp:attachment":[{"href":"https:\/\/sites.ffkarate.fr\/ain\/wp-json\/wp\/v2\/media?parent=1327"}],"curies":[{"name":"wp","href":"https:\/\/api.w.org\/{rel}","templated":true}]}}