{"id":23,"date":"2021-05-07T15:54:07","date_gmt":"2021-05-07T13:54:07","guid":{"rendered":"https:\/\/sites.ffkarate.fr\/basrhin\/?page_id=23"},"modified":"2025-11-09T20:35:57","modified_gmt":"2025-11-09T19:35:57","slug":"grades","status":"publish","type":"page","link":"https:\/\/sites.ffkarate.fr\/basrhin\/grades\/","title":{"rendered":"Grades"},"content":{"rendered":"<div class=\"wpb-content-wrapper\"><p>[vc_row gap=\u00a0\u00bb15&Prime;][vc_column][vc_column_text]<\/p>\n<h2>Inscriptions aux examens de grades<\/h2>\n<h4>Envoi des dossiers<\/h4>\n<p>Le dossier de candidature devra \u00eatre complet et retourn\u00e9 <strong>en courrier simple non recommand\u00e9 au moins 30 jours avant la date de l\u2019examen<\/strong> (cachet poste faisant foi) au Comit\u00e9 D\u00e9partemental de Karat\u00e9 du Bas Rhin.<\/p>\n<p>Adresse :<br \/>\nComit\u00e9 D\u00e9partemental de Karat\u00e9 du Bas Rhin<br \/>\n7, Rue des Orchid\u00e9es<br \/>\n67150 Nordhouse<\/p>\n<h4><\/h4>\n<h4>Contenu du dossier<\/h4>\n<ul>\n<li><a href=\"#\"><strong>La fiche d\u2019inscription<\/strong><\/a> compl\u00e9t\u00e9e et sign\u00e9e avec la photo du candidat.<\/li>\n<li>Une enveloppe courrier affranchie au tarif lettre 20 gr \u00e0 votre adresse et \u00e0 votre nom pour l\u2019envoi de la convocation.<\/li>\n<li>Une attestation historique des licences que vous obtenez sur votre page du site f\u00e9d\u00e9ral<\/li>\n<li>Les photocopies des pages suivantes de votre passeport sportif :\n<ul>\n<li>Page d\u2019identit\u00e9<\/li>\n<li>Page du certificat m\u00e9dical d\u2019aptitude au Karat\u00e9 (Sinon \u00e0 fournir sur papier libre)<\/li>\n<li>Page d\u2019authentification des grades d\u00e9j\u00e0 obtenus<\/li>\n<li>Le cas \u00e9ch\u00e9ant, page des UV d\u00e9j\u00e0 obtenues avec les notes pour l\u2019examen concern\u00e9<\/li>\n<li>Le cas \u00e9ch\u00e9ant la page des points de bonifications acquis lors des stages d\u2019experts f\u00e9d\u00e9raux<\/li>\n<\/ul>\n<\/li>\n<li><a href=\"#\"><strong>L\u2019autorisation parentale pour les candidats mineurs<\/strong><\/a><\/li>\n<li>Le courrier de la CSDGE en cas de d\u00e9rogation sp\u00e9ciale<\/li>\n<li>Un ch\u00e8que de 50 \u20ac \u00e0 l\u2019ordre du Comit\u00e9 D\u00e9partemental de Karat\u00e9 du Bas Rhin (Non remboursable en cas de non pr\u00e9sentation \u00e0 l\u2019examen).<\/li>\n<\/ul>\n<h4><\/h4>\n<h4>Le jour de l\u2019examen<\/h4>\n<p>Vous devez vous pr\u00e9senter au moins 15 minutes avant l\u2019heure de convocation avec :<\/p>\n<ul>\n<li>Votre karategi<\/li>\n<li>Votre passeport sportif<\/li>\n<li>Une pi\u00e8ce d\u2019identit\u00e9<\/li>\n<li>La lettre de convocation qui vous aura \u00e9t\u00e9 adress\u00e9e par la CODG au moyen de votre enveloppe timbr\u00e9e<\/li>\n<li>Vos cibles si vous avez \u00e0 pr\u00e9senter l\u2019UV Kihon.<\/li>\n<li>Une enveloppe format A4 (21\u00d729,7 cm) affranchie minimum \u00e0 250 gr, \u00e0 votre adresse et \u00e0 votre nom en vue du retour de votre passeport, carte et dipl\u00f4me. Elle vous sera demand\u00e9e en cas de r\u00e9ussite \u00e0 l\u2019examen.<\/li>\n<\/ul>\n<p>[\/vc_column_text][\/vc_column][\/vc_row][vc_row][vc_column][vc_single_image image=\u00a0\u00bb2062&Prime;][\/vc_column][\/vc_row][vc_row][vc_column][vc_single_image image=\u00a0\u00bb2195&Prime;][\/vc_column][\/vc_row]<\/p>\n<\/div>","protected":false},"excerpt":{"rendered":"<p>Le dossier de candidature devra \u00eatre complet et retourn\u00e9 en courrier simple non recommand\u00e9 au moins 30 jours avant la date de l\u2019examen (cachet poste faisant foi) au Comit\u00e9 D\u00e9partemental de Karat\u00e9 du Bas-Rhin (CDK67).<\/p>\n","protected":false},"author":1,"featured_media":0,"parent":0,"menu_order":0,"comment_status":"closed","ping_status":"closed","template":"","meta":{"footnotes":""},"class_list":["post-23","page","type-page","status-publish","hentry"],"_links":{"self":[{"href":"https:\/\/sites.ffkarate.fr\/basrhin\/wp-json\/wp\/v2\/pages\/23","targetHints":{"allow":["GET"]}}],"collection":[{"href":"https:\/\/sites.ffkarate.fr\/basrhin\/wp-json\/wp\/v2\/pages"}],"about":[{"href":"https:\/\/sites.ffkarate.fr\/basrhin\/wp-json\/wp\/v2\/types\/page"}],"author":[{"embeddable":true,"href":"https:\/\/sites.ffkarate.fr\/basrhin\/wp-json\/wp\/v2\/users\/1"}],"replies":[{"embeddable":true,"href":"https:\/\/sites.ffkarate.fr\/basrhin\/wp-json\/wp\/v2\/comments?post=23"}],"version-history":[{"count":6,"href":"https:\/\/sites.ffkarate.fr\/basrhin\/wp-json\/wp\/v2\/pages\/23\/revisions"}],"predecessor-version":[{"id":2202,"href":"https:\/\/sites.ffkarate.fr\/basrhin\/wp-json\/wp\/v2\/pages\/23\/revisions\/2202"}],"wp:attachment":[{"href":"https:\/\/sites.ffkarate.fr\/basrhin\/wp-json\/wp\/v2\/media?parent=23"}],"curies":[{"name":"wp","href":"https:\/\/api.w.org\/{rel}","templated":true}]}}