{"id":23,"date":"2021-05-07T15:54:07","date_gmt":"2021-05-07T13:54:07","guid":{"rendered":"https:\/\/sites.ffkarate.fr\/corsedusud\/?page_id=23"},"modified":"2025-09-30T17:20:23","modified_gmt":"2025-09-30T15:20:23","slug":"grades","status":"publish","type":"page","link":"https:\/\/sites.ffkarate.fr\/corsedusud\/grades\/","title":{"rendered":"Grades"},"content":{"rendered":"<div class=\"wpb-content-wrapper\"><p>[vc_row gap=\u00a0\u00bb15&Prime;][vc_column][vc_column_text]<\/p>\n<h2>Comment s\u2019inscrire ?<\/h2>\n<h3>De la ceinture blanche \u00e0 la ceinture marron<\/h3>\n<p>Veuillez vous rapprocher de votre club pour conna\u00eetre les dates des passages de grades.<\/p>\n<hr \/>\n<h3>La ceinture 1er Dan<\/h3>\n<p><strong>Les pr\u00e9requis :<\/strong><\/p>\n<ul>\n<li>\u00catre \u00e2g\u00e9 de 14 ans minimum<\/li>\n<li>\u00catre ceinture marron<\/li>\n<li>Avoir 3 ann\u00e9es de licences (dont la saison en cours)<\/li>\n<\/ul>\n<p>Depuis la saison 2021-2022, les clubs ont le pouvoir d\u2019organiser les examens de 1er Dan. Le r\u00e9sum\u00e9 de la r\u00e8glementation du 1er Dan en club et le Bordereau d\u2019admission du 1er dan en club sont accessibles en bas de page.<\/p>\n<p><strong>Si votre club n\u2019organise pas d\u2019examen<\/strong>, le Comit\u00e9 D\u00e9partemental de la Corse-du-Sud organise un passage de grades le <strong>18 avril 2026<\/strong>.<\/p>\n<hr \/>\n<h3>Le 2\u00e8me, 3\u00e8me et 4\u00e8me Dan<\/h3>\n<p>Tous les examens sont organis\u00e9s par les Comit\u00e9s D\u00e9partementaux de la FFK. Retrouvez les formulaires d\u2019inscription ainsi que les dates d\u2019examen pr\u00e9vues sur le site web de votre Comit\u00e9 D\u00e9partemental.<\/p>\n<p>Le formulaire doit \u00eatre transmis au minimum 30 jours avant la date de l\u2019examen (cachet de la poste faisant foi).<\/p>\n<p><strong>Les pr\u00e9requis :<\/strong><\/p>\n<table>\n<tbody>\n<tr>\n<td><strong>2\u00e8me Dan<\/strong><\/td>\n<td><strong>3\u00e8me Dan<\/strong><\/td>\n<td><strong>4\u00e8me Dan<\/strong><\/td>\n<\/tr>\n<tr>\n<td>\n<ul>\n<li>\u00catre \u00e2g\u00e9 au minimum de\u00a0 17 ans<\/li>\n<li>Avoir un d\u00e9lai de 2 ans de date \u00e0 date entre le 1<sup>er<\/sup>\u00a0et le 2<sup>\u00e8me<\/sup>\u00a0Dan<\/li>\n<li>Avoir 2 ann\u00e9es de licences* entre le 1<sup>er<\/sup>\u00a0et le le 2<sup>\u00e8me<\/sup>\u00a0Dan<\/li>\n<\/ul>\n<\/td>\n<td>\n<ul>\n<li>\u00catre \u00e2g\u00e9 au minimum de\u00a0 21 ans<\/li>\n<li>Avoir un d\u00e9lai de 3 ans de date \u00e0 date entre le 2<sup>\u00e8me<\/sup>\u00a0et le 3<sup>\u00e8me<\/sup>\u00a0Dan<\/li>\n<li>Avoir 3 ann\u00e9es de licences* entre le 2<sup>\u00e8me<\/sup>\u00a0et le 3<sup>\u00e8me<\/sup>\u00a0Dan<\/li>\n<\/ul>\n<\/td>\n<td>\n<ul>\n<li>\u00a0\u00catre \u00e2g\u00e9 au minimum de\u00a0 25 ans<\/li>\n<li>Avoir un d\u00e9lai de 4 ans de date \u00e0 date entre le 3<sup>\u00e8me<\/sup>\u00a0et le 4<sup>\u00e8me<\/sup>\u00a0Dan<\/li>\n<li>Avoir 4 ann\u00e9es de licences* entre le 3<sup>\u00e8me<\/sup>\u00a0et le 4<sup>\u00e8me<\/sup>\u00a0Dan<\/li>\n<\/ul>\n<\/td>\n<\/tr>\n<\/tbody>\n<\/table>\n<p><em>* Il n\u2019est pas obligatoire que les licences soient cons\u00e9cutives.<\/em><\/p>\n<hr \/>\n<h3>Le 5\u00e8me Dan<\/h3>\n<p>Tous les examens sont organis\u00e9s par les Ligues R\u00e9gionales de la FFK. Retrouvez les formulaires d\u2019inscription ainsi que les dates d\u2019examen pr\u00e9vues sur le site web de votre Ligue R\u00e9gionale.<\/p>\n<p>Le formulaire doit \u00eatre transmis au minimum 30 jours avant la date de l\u2019examen (cachet de la poste faisant foi).<\/p>\n<p><strong>Les pr\u00e9requis :<\/strong><\/p>\n<ul>\n<li>\u00catre \u00e2g\u00e9 de 30 ans minimum<\/li>\n<li>Avoir un d\u00e9lai de 5 ans de date \u00e0 date entre le 4\u00e8me et le 5\u00e8me Dan<\/li>\n<li>Avoir 5 ann\u00e9es de licences* entre le 4\u00e8me et le 5\u00e8me\u00a0 Dan<\/li>\n<\/ul>\n<p><em>* Il n\u2019est pas obligatoire que les licences soient cons\u00e9cutives.<\/em><\/p>\n<hr \/>\n<h3>Le 6\u00e8me Dan<\/h3>\n<p>Les examens de 6\u00e8me Dan sont organis\u00e9s par la F\u00e9d\u00e9ration Fran\u00e7aise de Karat\u00e9 et Disciplines Associ\u00e9es. Les dates d\u2019examen +50ans et -50ans sont \u00e0 retrouver sur le\u00a0<a href=\"https:\/\/www.ffkarate.fr\/calendrier\/\" target=\"_blank\" rel=\"noopener\">calendrier f\u00e9d\u00e9ral<\/a>.<\/p>\n<p>Le formulaire d\u2019inscription accessible en bas de page est \u00e0 remplir et envoyer au service des grades de la FFK au minimum 30 jours avant d\u2019examen (sur Sikada Inscriptions ou par courrier, cachet de la poste faisant foi).<\/p>\n<p><strong>Les pr\u00e9requis :<\/strong><\/p>\n<ul>\n<li>\u00catre \u00e2g\u00e9 au minimum de 40 ans<\/li>\n<li>Avoir un d\u00e9lai de 6 ans de date \u00e0 date entre le 5\u00e8me et le 6\u00e8me Dan<\/li>\n<li>Avoir 6 ann\u00e9es de licences* entre le 5\u00e8me et le 6\u00e8me Dan<\/li>\n<\/ul>\n<p><em>* Il n\u2019est pas obligatoire que les licences soient cons\u00e9cutives.<\/em><\/p>\n<p>&nbsp;<\/p>\n<h2>Inscriptions aux examens de grades<\/h2>\n<h4>Envoi des dossiers<\/h4>\n<p>Le dossier de candidature devra \u00eatre complet et retourn\u00e9 <strong>en courrier simple non recommand\u00e9 au moins 30 jours avant la date de l\u2019examen<\/strong> (cachet poste faisant foi) au Comit\u00e9 D\u00e9partemental de Karat\u00e9 de la Corse-du-Sud .<\/p>\n<p>Adresse : <b>Comit\u00e9 D\u00e9partemental de la Corse du Sud de Karat\u00e9 et Disciplines Associ\u00e9es<\/b><\/p>\n<h4>R\u00e9sidence Laetitia Ramolino B\u00e2t C, Route d&rsquo;Alata &#8211; 20090 Ajaccio<\/h4>\n<p>&nbsp;<\/p>\n<h4><\/h4>\n<h4><\/h4>\n<p>&nbsp;<\/p>\n<h4>Contenu du dossier<\/h4>\n<ul>\n<li><strong>La fiche d\u2019inscription<\/strong> compl\u00e9t\u00e9e et sign\u00e9e avec la photo du candidat.<\/li>\n<li>Une enveloppe courrier affranchie au tarif lettre 20 gr \u00e0 votre adresse et \u00e0 votre nom pour l\u2019envoi de la convocation.<\/li>\n<li>Une attestation historique des licences que vous obtenez sur votre page du site f\u00e9d\u00e9ral<\/li>\n<li>Les photocopies des pages suivantes de votre passeport sportif :\n<ul>\n<li>Page d\u2019identit\u00e9<\/li>\n<li>Page du certificat m\u00e9dical d\u2019aptitude au Karat\u00e9 (Sinon \u00e0 fournir sur papier libre)<\/li>\n<li>Page d\u2019authentification des grades d\u00e9j\u00e0 obtenus<\/li>\n<li>Le cas \u00e9ch\u00e9ant, page des UV d\u00e9j\u00e0 obtenues avec les notes pour l\u2019examen concern\u00e9<\/li>\n<li>Le cas \u00e9ch\u00e9ant la page des points de bonifications acquis lors des stages d\u2019experts f\u00e9d\u00e9raux<\/li>\n<\/ul>\n<\/li>\n<li><strong>L\u2019autorisation parentale pour les candidats mineurs<\/strong><\/li>\n<li>Le courrier de la CSDGE en cas de d\u00e9rogation sp\u00e9ciale<\/li>\n<li>Un ch\u00e8que de 50 \u20ac \u00e0 l\u2019ordre du Comit\u00e9 D\u00e9partemental de Karat\u00e9 de la Corse-du-Sud (<strong>non remboursable en cas de non pr\u00e9sentation \u00e0 l\u2019examen<\/strong>).<\/li>\n<\/ul>\n<h4><\/h4>\n<h4><\/h4>\n<h4><\/h4>\n<p>&nbsp;<\/p>\n<h4>Le jour de l\u2019examen<\/h4>\n<p>Vous devez vous pr\u00e9senter au moins 15 minutes avant l\u2019heure de convocation avec :<\/p>\n<ul>\n<li>Votre karategi<\/li>\n<li>Votre passeport sportif<\/li>\n<li>Une pi\u00e8ce d\u2019identit\u00e9<\/li>\n<li>La lettre de convocation<\/li>\n<li>Vos cibles si vous avez \u00e0 pr\u00e9senter l\u2019UV Kihon.<\/li>\n<li>Une enveloppe format A4 (21\u00d729,7 cm) affranchie minimum \u00e0 250 gr, \u00e0 votre adresse et \u00e0 votre nom en vue du retour de votre passeport, carte et dipl\u00f4me. Elle vous sera demand\u00e9e en cas de r\u00e9ussite \u00e0 l\u2019examen.<\/li>\n<\/ul>\n<p>Votre inscription au passage de grade sera valid\u00e9e apr\u00e8s r\u00e9ceptions du r\u00e8glement de 50\u20ac, soit 30 jours avant l\u2019examen cachet de la poste faisant foi.[\/vc_column_text][vc_column_text][\/vc_column_text][\/vc_column][\/vc_row][vc_row][vc_column][vc_column_text]<\/p>\n<h2><\/h2>\n<h2>Explications compl\u00e9mentaires<\/h2>\n<p>Toutes demandes de d\u00e9rogation devront \u00eatre justifi\u00e9es et pr\u00e9sent\u00e9es directement \u00e0 la F\u00e9d\u00e9ration dans les temps imparties par la r\u00e8glementation : concernant les articles 205, 206, 207, 209 et 2016.<\/p>\n<ul>\n<li>Article 205 \u2013 Conditions d\u2019\u00e2ge pour les passages de Dans et grades \u00e9quivalents<\/li>\n<li>Article 206 \u2013 Temps de pratique entre chaque passage de Dans et Grades \u00e9quivalents<\/li>\n<li>Article 207 \u2013 Fr\u00e9quence des pages de Dans et Grades \u00e9quivalents<\/li>\n<li>Article 209 \u2013 Bonifications en temps de Pratique<\/li>\n<li>Article 216 \u2013 Reconnaissance des Dans et Grades \u00e9quivalents obtenus \u00e0 l\u2019\u00e9tranger<\/li>\n<\/ul>\n<p>[\/vc_column_text][\/vc_column][\/vc_row]<\/p>\n<\/div>","protected":false},"excerpt":{"rendered":"<p>Le dossier de candidature devra \u00eatre complet et retourn\u00e9 en courrier simple non recommand\u00e9 au moins 30 jours avant la date de l\u2019examen (cachet poste faisant foi) au Comit\u00e9 D\u00e9partemental de Karat\u00e9 De La Gironde.<\/p>\n","protected":false},"author":1,"featured_media":0,"parent":0,"menu_order":0,"comment_status":"closed","ping_status":"closed","template":"","meta":{"footnotes":""},"class_list":["post-23","page","type-page","status-publish","hentry"],"_links":{"self":[{"href":"https:\/\/sites.ffkarate.fr\/corsedusud\/wp-json\/wp\/v2\/pages\/23","targetHints":{"allow":["GET"]}}],"collection":[{"href":"https:\/\/sites.ffkarate.fr\/corsedusud\/wp-json\/wp\/v2\/pages"}],"about":[{"href":"https:\/\/sites.ffkarate.fr\/corsedusud\/wp-json\/wp\/v2\/types\/page"}],"author":[{"embeddable":true,"href":"https:\/\/sites.ffkarate.fr\/corsedusud\/wp-json\/wp\/v2\/users\/1"}],"replies":[{"embeddable":true,"href":"https:\/\/sites.ffkarate.fr\/corsedusud\/wp-json\/wp\/v2\/comments?post=23"}],"version-history":[{"count":13,"href":"https:\/\/sites.ffkarate.fr\/corsedusud\/wp-json\/wp\/v2\/pages\/23\/revisions"}],"predecessor-version":[{"id":1875,"href":"https:\/\/sites.ffkarate.fr\/corsedusud\/wp-json\/wp\/v2\/pages\/23\/revisions\/1875"}],"wp:attachment":[{"href":"https:\/\/sites.ffkarate.fr\/corsedusud\/wp-json\/wp\/v2\/media?parent=23"}],"curies":[{"name":"wp","href":"https:\/\/api.w.org\/{rel}","templated":true}]}}