{"id":13963,"date":"2023-09-12T14:23:04","date_gmt":"2023-09-12T12:23:04","guid":{"rendered":"https:\/\/sites.ffkarate.fr\/hautsdeseine\/?page_id=13963"},"modified":"2026-04-09T18:01:11","modified_gmt":"2026-04-09T16:01:11","slug":"resultats","status":"publish","type":"page","link":"https:\/\/sites.ffkarate.fr\/hautsdeseine\/competitions-2\/resultats\/","title":{"rendered":"R\u00e9sultats"},"content":{"rendered":"<div class=\"wpb-content-wrapper\"><p>[vc_row][vc_column][vc_column_text]<\/p>\n<h2><span style=\"color: #1423a0\">R\u00e9sultats Saison 2025-2026<\/span><\/h2>\n<p>[\/vc_column_text][vc_column_text]<span style=\"color: #1423a0\"><strong>Dimanche 29 mars 2026 : Championnat IDF V\u00e9t\u00e9rans individuel et \u00e9quipe cadets\/juniors et s\u00e9niors<\/strong><\/span><\/p>\n<p>Le <span style=\"color: #1423a0\"><strong>dimanche 29 mars 2026<\/strong><\/span> s\u2019est tenu le <span style=\"color: #dc2d5a\"><strong>Championnat IDF V\u00e9t\u00e9rans inidividuel et \u00e9quipe cadets\/juniors et s\u00e9niors <\/strong><\/span>au <strong><span style=\"color: #1423a0\">gymnase Philippe Cattiau<\/span><\/strong><span style=\"color: #000000\"> de <\/span><span style=\"color: #dc2d5a\"><strong>Villeneuve-La-Garenne<\/strong><\/span>\u00a0(<em>92<\/em>).<\/p>\n<div>\n<p><strong>1\u00e8re place :<\/strong><\/p>\n<\/div>\n<div>\n<ul>\n<li><strong>Marguerite AGUIRRE EXPOSITO<\/strong> (<em>SKC Villeneuve-la-Garenne<\/em>) \u2013 V\u00e9t\u00e9ran 3 f\u00e9minine Kata<\/li>\n<li><strong>Farid BEDAR<\/strong> (<em>SKC Villeneuve-la-Garenne<\/em>) \u2013 V\u00e9t\u00e9ran 2 masculin Kata<\/li>\n<li><strong>Armelle ENGONE NGUEMA<\/strong> (<em>Union Ch\u00e2tillon Club<\/em>) \u2013 V\u00e9t\u00e9ran 1 f\u00e9minine -68 kg<\/li>\n<li><strong>Anna ALEXIOU<\/strong> (<em>IGKDF Vanves<\/em>) \u2013 V\u00e9t\u00e9ran 1 f\u00e9minine +68 kg<\/li>\n<li><strong>Wendy BOSTON<\/strong> (<em>SKC Villeneuve-la-Garenne<\/em>) \u2013 V\u00e9t\u00e9ran 1 masculin -75 kg<\/li>\n<li><strong>Jean-Yves RAZAKANDRAINA<\/strong> (<em>Levallois Sporting Club<\/em>) \u2013 V\u00e9t\u00e9ran 2 masculin -75 kg<\/li>\n<li><strong>Thierry MOREAU<\/strong> (<em>Issy Sakura Academy<\/em>) \u2013 V\u00e9t\u00e9ran 4 masculin -84 kg<\/li>\n<li><strong>Equipe f\u00e9minine<\/strong> (<em>SKC Villeneuve-la-Garenne<\/em>) &#8211; S\u00e9nior f\u00e9minine<\/li>\n<\/ul>\n<p><strong>2\u00e8me place :<\/strong><\/p>\n<ul>\n<li><strong>Jean-Yves RAZAKANDRAINA<\/strong> (<em>Levallois Sporting Club<\/em>) \u2013 V\u00e9t\u00e9ran 2 masculin Kata<\/li>\n<li><strong>Iuri CARDOSO PAIXAO<\/strong> (<em>Levallois Sporting Club<\/em>) \u2013 V\u00e9t\u00e9ran 2 masculin -75 kg<\/li>\n<li><strong>Equipe masculine<\/strong> (<em>KISS<\/em>) &#8211; juniors masculin<\/li>\n<\/ul>\n<p><strong>3\u00e8me place :<\/strong><\/p>\n<ul>\n<li>\n<div><strong>Farid EDJEKOUANE<\/strong> (<em>Karat\u00e9 Club de Colombes<\/em>) \u2013 V\u00e9t\u00e9ran 4 masculin Kata<\/div>\n<\/li>\n<\/ul>\n<p><span style=\"color: #1423a0\"><strong><a style=\"color: #1423a0\" href=\"https:\/\/sites.ffkarate.fr\/hautsdeseine\/wp-content\/uploads\/sites\/57\/2026\/04\/20290329_CHPT_IDF_VET_EQU_Resultats_V1.0.pdf\">R\u00e9sulats des championnats IDF v\u00e9t\u00e9rans et \u00e9quipes (29.03.2026)<\/a> <\/strong><\/span>&lt;= <em>Cliquez sur le lien<\/em><\/p>\n<\/div>\n<p>[\/vc_column_text][vc_gallery images=\u00a0\u00bb18485,18488,18487,18486,18483,18482&Prime;][vc_column_text]<\/p>\n<hr \/>\n<p>[\/vc_column_text][vc_column_text]<span style=\"color: #1423a0\"><strong>Samedi 7 et dimanche 8 f\u00e9vrier 2026 : Coupe IDF Kumite Pupilles &#8211; benjamins<\/strong><\/span><\/p>\n<p>Le <span style=\"color: #1423a0\"><strong>samedi 7 et dimanche 8 f\u00e9vrier 2026<\/strong><\/span> s\u2019est tenue la <span style=\"color: #dc2d5a\"><strong>Coupe Ile-de-France kumit\u00e9 <span style=\"color: #1423a0\">pupilles<\/span><\/strong><span style=\"color: #000000\"> et <\/span><strong>benjamins<\/strong><\/span>\u00a0au <strong><span style=\"color: #1423a0\">gymnase Lilian THURAM<\/span><\/strong><span style=\"color: #000000\"> de <\/span><span style=\"color: #dc2d5a\"><strong>Chevilly-Larue<\/strong><\/span> (<em>94<\/em>).<\/p>\n<div>\n<p><strong>1\u00e8re place :<\/strong><\/p>\n<\/div>\n<div>\n<ul>\n<li>\n<div><strong>Kaylane FAGE<\/strong> (<em>CSA Hauts-de-Rueil<\/em>) \u2013 Benjamin f\u00e9minine +50 kg<\/div>\n<\/li>\n<\/ul>\n<p><strong>2\u00e8me place :<\/strong><\/p>\n<ul>\n<li><strong>Noam SUSSMAN<\/strong> (<em>Levallois Sporting Club<\/em>) \u2013 Benjamin masculin \u221235 kg<\/li>\n<li><strong>Aziz HALOUI<\/strong> (<em>CSA Hauts-de-Rueil<\/em>) \u2013 Pupille masculin \u221240 kg<\/li>\n<\/ul>\n<p><strong>3\u00e8me place :<\/strong><\/p>\n<ul>\n<li><strong>Rozane SAIDANE<\/strong> (<em>SKC Villeneuve-la-Garenne<\/em>) \u2013 Benjamin f\u00e9minine \u221230 kg<\/li>\n<li><strong>Mira MOUSSA<\/strong> (<em>SKC Villeneuve-la-Garenne<\/em>) \u2013 Benjamin f\u00e9minine \u221250 kg<\/li>\n<li><strong>Ethan RAKOTOARISON<\/strong> (<em>IGKDF Vanves<\/em>) \u2013 Pupille masculin +50 kg<\/li>\n<\/ul>\n<p>Pour la cat\u00e9gorie des benjamins, les <span style=\"color: #dc2d5a\"><strong>12 premiers<\/strong><\/span> de chaque cat\u00e9gorie sont qualifi\u00e9s pour la <span style=\"color: #1423a0\"><strong>Coupe de France zone nord Kumite<\/strong>.<\/span><\/p>\n<p><span style=\"color: #1423a0\"><strong><a style=\"color: #1423a0\" href=\"https:\/\/sites.ffkarate.fr\/hautsdeseine\/wp-content\/uploads\/sites\/57\/2026\/03\/20260207-08_CPE_IDF_KUMITE_PUP-BEN_Resultats_V1.0.pdf\">R\u00e9sulats de la Coupe IDF Kumite pupilles et benjamins (07-08.02.2026)<\/a> <\/strong><\/span>&lt;= <em>Cliquez sur le lien<\/em><\/p>\n<\/div>\n<p>[\/vc_column_text][vc_column_text]<\/p>\n<hr \/>\n<p>[\/vc_column_text][vc_column_text]<span style=\"color: #1423a0\"><strong>Samedi 31 janvier et dimanche 1er f\u00e9vrier 2026 : Coupe et Championnat IDF Kata<\/strong><\/span><\/p>\n<div>\n<p>Le <span style=\"color: #1423a0\"><strong>samedi 31 janvier et dimanche 1er f\u00e9vrier 2026<\/strong><\/span> s\u2019est tenue la <span style=\"color: #dc2d5a\"><strong>Coupe Ile-de-France kata de pupilles \u00e0 s\u00e9niors<\/strong><\/span> au <strong><span style=\"color: #1423a0\">Palais des Sports Maisons-Alfort<\/span><\/strong> (<em>94<\/em>).<\/p>\n<p><strong>1\u00e8re place :<\/strong><\/p>\n<\/div>\n<div>\n<ul>\n<li><strong>Adam TORRES<\/strong> (<em>IGKDF Vanves<\/em>) \u2013 Benjamin masculin<\/li>\n<li><strong>Victoria DUBREIL<\/strong> (<em>IGKDF Vanves<\/em>) \u2013 Minime f\u00e9minine<\/li>\n<li><strong>Tristan BROCHERIOU<\/strong> (<em>IGKDF Vanves<\/em>) \u2013 Minime masculin<\/li>\n<li><strong>Jules COLAS<\/strong> (<em>IGKDF Vanves<\/em>) \u2013 Cadet masculin<\/li>\n<\/ul>\n<p><strong>2\u00e8me place :<\/strong><\/p>\n<ul>\n<li><strong>Adelia HERRMANN<\/strong> (<em>IGKDF Vanves<\/em>) \u2013 Senior f\u00e9minine<\/li>\n<\/ul>\n<p><strong>3\u00e8me place :<\/strong><\/p>\n<ul>\n<li><strong>Noam SUSSMAN<\/strong> (<em>Levallois Sporting Club<\/em>) \u2013 Benjamin masculin<\/li>\n<li><strong>Manon PATAKI<\/strong> (<em>IGKDF Vanves<\/em>) \u2013 Cadet f\u00e9minine<\/li>\n<li><strong>Axel RAMILIJAONA<\/strong> (<em>Levallois Sporting Club<\/em>) \u2013 Minime masculin<\/li>\n<li><strong>Jules COLAS<\/strong> (<em>IGKDF Vanves<\/em>) \u2013 Junior masculin<\/li>\n<\/ul>\n<p>Pour la cat\u00e9gorie des benjamins, les <span style=\"color: #dc2d5a\"><strong>12 premiers<\/strong><\/span> de chaque cat\u00e9gorie sont qualifi\u00e9s pour la <span style=\"color: #1423a0\"><strong>Coupe de France zone nord Kata<\/strong><\/span> et pour les minimes \u00e0 s\u00e9niors, les <span style=\"color: #dc2d5a\"><strong>10 premiers<\/strong><\/span> sont qualifi\u00e9s pour le <span style=\"color: #1423a0\"><strong>championnat de France Kata<\/strong><\/span>.<\/p>\n<p><span style=\"color: #1423a0\"><strong><a style=\"color: #1423a0\" href=\"https:\/\/sites.ffkarate.fr\/hautsdeseine\/wp-content\/uploads\/sites\/57\/2026\/03\/20260131-0201_CPE_CHPT_IDF_KATA_PBCMJS_Resultats_V1.0.pdf\">R\u00e9sulats de la Coupe et Championnat IDF Kata (31.01-01.02.2026)<\/a> <\/strong><\/span>&lt;= <em>Cliquez sur le lien<\/em><\/p>\n<\/div>\n<p>[\/vc_column_text][vc_gallery images=\u00a0\u00bb18368,18367&Prime;][vc_column_text]<\/p>\n<hr \/>\n<p>[\/vc_column_text][vc_column_text]<span style=\"color: #1423a0\"><strong>Samedi 13 et dimanche 14 d\u00e9cembre 2025 : Coupe de France combat seniors \u2013 Individuels &amp; \u00c9quipes<\/strong><\/span><\/p>\n<div>\n<p>Le <span style=\"color: #1423a0\"><strong>samedi 13 et le dimanche 14 d\u00e9cembre 2025<\/strong><\/span> s\u2019est tenue la <span style=\"color: #dc2d5a\"><strong>Coupe de France combat seniors<\/strong><\/span> (<em>individuels &amp; \u00e9quipes<\/em>) au <strong><span style=\"color: #1423a0\">Palais des Sports du Prado \u2013 Bourges<\/span><\/strong> (<em>18<\/em>).<\/p>\n<p><strong>1\u00e8re place<\/strong><\/p>\n<ul>\n<li><strong>Cylia OUIKENE<\/strong> (<em>SKC Villeneuve\u2011la\u2011Garenne<\/em>) \u2013 S\u00e9nior f\u00e9minine -50 kg<\/li>\n<\/ul>\n<p><strong>3\u00e8me place<\/strong><\/p>\n<ul>\n<li><strong>Mohammed Amine BADJOU<\/strong> (<em>SKC Villeneuve\u2011la\u2011Garenne<\/em>) \u2013 S\u00e9nior masculin -84 kg<\/li>\n<\/ul>\n<p><span style=\"color: #1423a0\"><strong><a style=\"color: #1423a0\" href=\"https:\/\/sites.ffkarate.fr\/hautsdeseine\/wp-content\/uploads\/sites\/57\/2025\/12\/20251213-14_CPE_FRANCE_COMBAT_SENIOR_Resultats_V1.0.pdf\">R\u00e9sultats de la Coupe de France combat seniors (<em>13-14.12.2025<\/em>)<\/a><\/strong><\/span><\/p>\n<\/div>\n<p>[\/vc_column_text][vc_gallery images=\u00a0\u00bb18173,18171&Prime; title=\u00a0\u00bbPhotos : Denis BOULANGER \/ Charl\u00e9lie LEFEVRE &#8211; FFK\u00a0\u00bb][vc_column_text]<\/p>\n<hr \/>\n<p>[\/vc_column_text][vc_column_text]<span style=\"color: #1423a0\"><strong>Samedi 6 et dimanche 7 d\u00e9cembre 2025 : Coupe de France Zone Nord Karat\u00e9 Mix Light MCJSV Individuel<\/strong><\/span><\/p>\n<p>Le <span style=\"color: #dc2d5a\"><strong>samedi 6 et dimanche 7 d\u00e9cembre 2025<\/strong><\/span> avait lieu la <span style=\"color: #1423a0\"><strong>Coupe de France Zone Nord Karat\u00e9 Mix Light MCJSV Individuel<\/strong><\/span> au <span style=\"color: #dc2d5a\"><strong>Grand-D\u00f4me de Villebon<\/strong><\/span> (<em>91<\/em>).<\/p>\n<p>Le <span style=\"color: #1423a0\"><strong>CDKarate92<\/strong><\/span> remporte <span style=\"color: #dc2d5a\"><strong>22 m\u00e9dailles<\/strong><\/span> dont <span style=\"color: #1423a0\"><strong>9 en or<\/strong><\/span>, <span style=\"color: #dc2d5a\"><strong>3 en argent<\/strong><\/span> et <span style=\"color: #1423a0\"><strong>10 en bronze<\/strong><\/span>.<\/p>\n<p><strong>1\u00e8re place :<\/strong><\/p>\n<ul>\n<li><strong>Idriss TALATA<\/strong> (<em>Karat\u00e9 Club de Boulogne<\/em>) \u2013 Minime masculin -45 kg<\/li>\n<li><strong>Robin VARLET<\/strong> (<em>Vo Co Truyen Suresnes<\/em>) \u2013 Minime masculin -55 kg<\/li>\n<li><strong>Djena MERZOUK<\/strong> (<em>Vo Co Truyen Suresnes<\/em>) \u2013 Minime f\u00e9minine +55 kg<\/li>\n<li><strong>Hippolyte DORON<\/strong> (<em>Karat\u00e9 Club de Boulogne<\/em>) \u2013 Junior masculin -65 kg<\/li>\n<li><strong>Lauren BESSIERES<\/strong> (<em>Courbevoie Sports Karat\u00e9<\/em>) \u2013 Junior f\u00e9minine -65 kg<\/li>\n<li><strong>Stacy CORRE<\/strong> (<em>Karat\u00e9 Club de Boulogne<\/em>) \u2013 Seniors Karat\u00e9 mix light f\u00e9minine -53 kg<\/li>\n<li><strong>Olivier PLANCHE<\/strong> (<em>Vo Co Truyen Suresnes<\/em>) \u2013 Veterans Karat\u00e9 mix light masculin -66 kg<\/li>\n<li><strong>Adam TIMSIT<\/strong> (<em>Courbevoie Sports Karat\u00e9<\/em>) \u2013 Seniors Karat\u00e9 mix masculin -61 kg<\/li>\n<li><strong>Orso GIOVACCHINI<\/strong> (<em>K B C Garches<\/em>) \u2013 Seniors karat\u00e9 mix \u00e9lites masculin -85 kg<\/li>\n<\/ul>\n<p><strong>2\u00e8me place :<\/strong><\/p>\n<ul>\n<li><strong>Rayan CHAKER<\/strong> (<em>Snake Team \u2013 W4L<\/em>) \u2013 Junior masculin -75 kg<\/li>\n<li><strong>Hanna Meriem Zoulikha ALIMAZIGHI<\/strong> (<em>Vo Co Truyen Suresnes<\/em>) \u2013 Cadet f\u00e9minine +60 kg<\/li>\n<li><strong>Cl\u00e9mentine GISSINGER<\/strong> (<em>QKD Antony<\/em>) \u2013 Junior f\u00e9minine -56 kg<\/li>\n<\/ul>\n<p><strong>3\u00e8me place :<\/strong><\/p>\n<ul>\n<li><strong>Ymran KAHLAOUI<\/strong> (<em>Karat\u00e9 Club de Boulogne<\/em>) \u2013 Minime masculin -45 kg<\/li>\n<li><strong>Hanhani Kayline PLUYS <\/strong>(<em>Vo Co Truyen Suresnes<\/em>) \u2013 Minime f\u00e9minine -50 kg<\/li>\n<li><strong>In\u00e8s AMCHAHROU<\/strong> (<em>Vo Co Truyen Suresnes<\/em>) \u2013 Minime f\u00e9minine +55 kg<\/li>\n<li><strong>Lyna BERROUKECHE<\/strong> (<em>Courbevoie Sports Karat\u00e9<\/em>) \u2013 Cadet f\u00e9minine -55 kg<\/li>\n<li><strong>Octave MALANDAIN <\/strong>(<em>K B C Garches<\/em>) \u2013 Junior masculine -65 kg<\/li>\n<li><strong>David Malcom TONG TONG<\/strong> (<em>Snake Team \u2013 W4L<\/em>) \u2013 Junior masculin -80 kg<\/li>\n<li><strong>Tom\u00e9o BOUQUIN<\/strong> (<em>Vo Co Truyen Suresnes<\/em>) \u2013 Junior masculin +80 kg<\/li>\n<li><strong>Selmen ZBAIRI<\/strong> (<em>Karatedo Hobukan<\/em>) \u2013 Seniors Karat\u00e9 Mix Light masculin -66 kg<\/li>\n<li><strong>Epure PETRU<\/strong>\u00a0(<em>Snake Team \u2013 W4L<\/em>) \u2013 Seniors Karat\u00e9 Mix masculin -85 kg<\/li>\n<li><strong>Harry Cheik Sidate TAVARES<\/strong> (<em>Vo Co Truyen Suresnes<\/em>) \u2013 Seniors karat\u00e9 mix \u00e9lites masculine -71 kg<\/li>\n<\/ul>\n<p><a href=\"https:\/\/sites.ffkarate.fr\/hautsdeseine\/wp-content\/uploads\/sites\/57\/2025\/12\/2025120607_CPE_FRANCE_KMIX_Resultats_V1.0.pdf\"><span style=\"color: #1423a0\"><strong>R\u00e9sultats de la Coupe de France Zone Nord Karat\u00e9 Mix Light MCJSV Individuel (06-07.12.2025)<\/strong><\/span><\/a>[\/vc_column_text][vc_gallery images=\u00a0\u00bb18140,18139,18138,18136&Prime; title=\u00a0\u00bbPhotos : Denis BOULANGER &#8211; FFK\u00a0\u00bb][vc_column_text]<\/p>\n<hr \/>\n<p>[\/vc_column_text][vc_column_text]<span style=\"color: #1423a0\"><strong>Jeudi 4 au dimanche 7 d\u00e9cembre 2025<span style=\"color: #1423a0\"> : <\/span><\/strong><strong>Youth League &#8211; Venise<\/strong><\/span><\/p>\n<p><span style=\"color: #000000\">Du <\/span><strong><span style=\"color: #1423a0\"><b>jeudi 4 au dimanche 7 d\u00e9cembre 2025<\/b><\/span>,\u00a0<\/strong>avait lieu <span style=\"color: #dc2d5a\"><span style=\"color: #000000\">la <\/span><strong>Youth League<\/strong><\/span>\u00a0en <span style=\"color: #1423a0\"><strong>Kumit\u00e9<\/strong><\/span> et en <span style=\"color: #dc2d5a\"><strong>Kata<\/strong><\/span> \u00e0 <strong><span style=\"color: #1423a0\">Venise<\/span><\/strong> (Italie).<\/p>\n<p>Le <span style=\"color: #dc2d5a\"><strong>CDKarate92<\/strong><\/span> remporte <span style=\"color: #1423a0\"><strong>1 m\u00e9daille d&rsquo;argent<\/strong><\/span>.<\/p>\n<p><strong style=\"color: #000000\">2\u00e8me place :<\/strong><\/p>\n<ul>\n<li><strong>Youssouf CISSOKHO<\/strong>\u00a0(<em>IGKDF Vanves<\/em>) &#8211; Cadet masculin &#8211; 70 kg<\/li>\n<\/ul>\n<p>Le <span style=\"color: #dc2d5a\"><strong>CDKarate92<\/strong><\/span> f\u00e9licite Youssouf et son club de Vanves pour son tr\u00e8s beau r\u00e9sultat.<\/p>\n<p><a href=\"https:\/\/sites.ffkarate.fr\/hautsdeseine\/wp-content\/uploads\/sites\/57\/2025\/12\/20251204-07_YOUTH_LEAGUE_VENICE_Resultats_V1.0.pdf\"><span style=\"color: #1423a0\"><strong>R\u00e9sultats de la Youth League &#8211; Venise (04-07.12.2025)<\/strong><\/span><\/a> &lt;= <em>Cliquez sur le lien<\/em>[\/vc_column_text][vc_single_image image=\u00a0\u00bb18117&Prime; title=\u00a0\u00bbPhoto : Karate Insight\u00a0\u00bb][vc_column_text]<\/p>\n<hr \/>\n<p>[\/vc_column_text][vc_column_text]<span style=\"color: #1423a0\"><strong>Samedi 15 et dimanche 16 novembre 2025<span style=\"color: #1423a0\"> : <\/span><\/strong><strong>Coupe de France Karat\u00e9 semi contact et Karat\u00e9 contact JS<\/strong><\/span><\/p>\n<p>Le <span style=\"color: #1423a0\"><strong>samedi 15<\/strong><span style=\"color: #000000\">\u00a0et le<\/span> <strong>dimanche 16 novembre 2025<\/strong><\/span> avait lieu la <span style=\"color: #dc2d5a\"><strong>Coupe de France Karat\u00e9 semi contact et Karat\u00e9 contact JS <\/strong><\/span>\u00e0 <span style=\"color: #1423a0\"><span style=\"color: #dc2d5a\"><b><span style=\"color: #1423a0\">Vernon<\/span> <\/b><\/span><\/span>(<em>27<\/em>).<\/p>\n<p><strong>1\u00e8re place<\/strong><\/p>\n<ul>\n<li>\n<div><strong>Alice JACQUES<\/strong> (<em>KBC Garches<\/em>) \u2013 Minime f\u00e9minine \u221250 kg<\/div>\n<\/li>\n<\/ul>\n<p><strong>2\u00e8me place :<\/strong><\/p>\n<ul>\n<li><strong>Adrien DANG<\/strong> (<em>KBC Garches<\/em>) \u2013 Benjamin masculin \u221235 kg<\/li>\n<li><strong>Haley DAVIET<\/strong> (<em>KBC Garches<\/em>) \u2013 Minime f\u00e9minine \u221235 kg<\/li>\n<li><strong>S\u00e9bastien RUHAUT<\/strong> (<em>KBC Garches<\/em>) \u2013 V\u00e9t\u00e9ran masculin \u221268 kg<\/li>\n<\/ul>\n<p><strong>3\u00e8me place :<\/strong><\/p>\n<ul>\n<li><strong>Augustin CHAMARD\u2011SABLIER<\/strong> (<em>KBC Garches<\/em>) \u2013 Minime masculin \u221240 kg<\/li>\n<li><strong>Liam GRASMICK <\/strong>(<em>KBC Garches<\/em>) \u2013 Minime masculin \u221245 kg<\/li>\n<li><strong>Octave MALANDAIN<\/strong> (<em>KBC Garches<\/em>) \u2013 Junior masculin \u221265 kg &#8211; Semi\u2011Contact<\/li>\n<li><strong>Mathieu PRADON<\/strong> (<em>KBC Garches<\/em>) \u2013 Junior masculin \u221270 kg &#8211; Semi\u2011Contact<\/li>\n<li><strong>Frantzley SAINT JEAN<\/strong> (<em>KBC Garches<\/em>) \u2013 Junior masculin \u221275 kg &#8211; Semi\u2011Contact<\/li>\n<\/ul>\n<p><a href=\"https:\/\/sites.ffkarate.fr\/hautsdeseine\/wp-content\/uploads\/sites\/57\/2025\/12\/20251115-16_CPE_FRANCE_SEMI_CONTACT_Resultats_V1.0.pdf\"><span style=\"color: #1423a0\"><strong>R\u00e9sultats de la Coupe de France Karat\u00e9 semi contact et Karat\u00e9 contact JS (<em>15-16.11.2025<\/em>)<\/strong><\/span><\/a> &lt;= <em>Cliquez sur le lien<\/em>[\/vc_column_text][vc_gallery images=\u00a0\u00bb18096,18095,18094,18093,18092,18100,18099,18098&Prime; title=\u00a0\u00bbPhotos : Alexis SCIARD &#8211; FFK\u00a0\u00bb][vc_column_text]<\/p>\n<hr \/>\n<p>[\/vc_column_text][vc_column_text]<span style=\"color: #1423a0\"><strong>Samedi 15 et dimanche 16 novembre 2025 : Coupe de France Combat Juniors<\/strong><\/span><\/p>\n<p>Le <span style=\"color: #1423a0\"><strong>samedi 15<\/strong><span style=\"color: #000000\">\u00a0et le<\/span> <strong>dimanche 16 novembre 2025<\/strong><\/span> avait lieu la <span style=\"color: #dc2d5a\"><strong>Coupe de France Juniors <\/strong><\/span>en <span style=\"color: #1423a0\"><strong>combat<\/strong><\/span> \u00e0 <span style=\"color: #dc2d5a\"><strong>Ceyrat<\/strong><\/span> (<em>63<\/em>).<\/p>\n<p><strong>2\u00e8me place<\/strong><\/p>\n<ul>\n<li><strong>Lina ABID<\/strong> (<em>SKC Villeneuve-La-Garenne<\/em>) \u2013 Junior +66 kg f\u00e9minin<\/li>\n<\/ul>\n<p><strong>3\u00e8me place :<\/strong><\/p>\n<ul>\n<li><strong>Youssouf CISSOKHO <\/strong>(<em>IGKDF Vanves<\/em>) \u2013 Junior -68 kg masculin<\/li>\n<li><strong>Eloumou MBOUEME<\/strong> (<em>CSM Puteaux<\/em>) \u2013 Junior +76 kg masculin<\/li>\n<\/ul>\n<p><span style=\"color: #1423a0\"><strong><a style=\"color: #1423a0\" href=\"https:\/\/sites.ffkarate.fr\/hautsdeseine\/wp-content\/uploads\/sites\/57\/2025\/11\/20251115-16_CPE_FRANCE_JUNIORS_Resultats_V1.0.pdf\">R\u00e9sultats de la coupe de France combat juniors (15-16.11.2025)<\/a><\/strong><\/span> &lt;= <em>Cliquez sur le lien<\/em>[\/vc_column_text][vc_gallery images=\u00a0\u00bb18038,18040,18039&Prime; title=\u00a0\u00bbPhotos : Denis BOULANGER &#8211; FFK\u00a0\u00bb][vc_column_text]<\/p>\n<hr \/>\n<p>[\/vc_column_text][vc_column_text]<span style=\"color: #1423a0\"><strong>Samedi 1er et dimanche 2 novembre 2025 : Coupe de France Kata MCJS<\/strong><\/span><\/p>\n<p>Le <span style=\"color: #1423a0\"><strong>samedi 1er<\/strong><span style=\"color: #000000\"> et le<\/span> <strong>dimanche 2 novembre 2025<\/strong><\/span> avait lieu la <span style=\"color: #dc2d5a\"><strong>Coupe de France <\/strong><\/span>en <span style=\"color: #1423a0\"><strong>kata<\/strong><\/span>\u00a0au <span style=\"color: #dc2d5a\"><strong>Palais des Sports Saint-Sauveur<\/strong><\/span> (<em>Lille &#8211; 59<\/em>).<\/p>\n<p><strong>2\u00e8me place<\/strong><\/p>\n<ul>\n<li><strong>Camil PERINI<\/strong> (<em>IGKDF Vanves<\/em>) \u2013 Junior Masculin<\/li>\n<\/ul>\n<p><strong>3\u00e8me place :<\/strong><\/p>\n<ul>\n<li><strong>Aurore DESPUJOL <\/strong>(<em>IGKDF Vanves<\/em>)\u00a0\u2013 Junior F\u00e9minine<\/li>\n<\/ul>\n<p><span style=\"color: #1423a0\"><strong><a style=\"color: #1423a0\" href=\"https:\/\/sites.ffkarate.fr\/hautsdeseine\/wp-content\/uploads\/sites\/57\/2025\/11\/20251101-02_CPE_FRANCE_KATA_Resultats_V1.0.pdf\">R\u00e9sultats de la coupe de France Kata (01-02.11.2025)<\/a><\/strong><\/span> &lt;= <em>Cliquez sur le lien<\/em>[\/vc_column_text][vc_gallery images=\u00a0\u00bb18002,18001&Prime; title=\u00a0\u00bbPhotos : Denis BOULANGER &#8211; FFK\u00a0\u00bb][vc_column_text]<\/p>\n<hr \/>\n<p>[\/vc_column_text][vc_column_text]<span style=\"color: #1423a0\"><strong>Samedi 25 et dimanche 26 octobre 2025 : Open de France Combat NORIS MCJS<\/strong><\/span><\/p>\n<p>Le <span style=\"color: #1423a0\"><strong>samedi 25<\/strong><span style=\"color: #000000\"> et le<\/span> <strong>dimanche 26 octobre 2025<\/strong><\/span> avait lieu l&rsquo;<span style=\"color: #dc2d5a\"><strong>Open de France Combat NORIS<\/strong><\/span> en <span style=\"color: #1423a0\"><strong>combat<\/strong><\/span> au <span style=\"color: #dc2d5a\"><strong>Grand D\u00f4me<\/strong><\/span> (<em>Villebon &#8211; 91<\/em>).<\/p>\n<p><strong>2\u00e8me place<\/strong><\/p>\n<ul>\n<li><strong>Idoya LAPLACE PIHET<\/strong> (<em>CSA Hauts de Rueil<\/em>) \u2013 Minime -55 kg F\u00e9minine<\/li>\n<li><strong>Ethan ZHENG<\/strong> (<em>CSM Puteaux<\/em>) \u2013 Minime -65 kg Masculin<\/li>\n<\/ul>\n<p><strong>3\u00e8me place :<\/strong><\/p>\n<ul>\n<li><strong>Aliya BEN RABEH<\/strong> (<em>CSA Hauts de Rueil<\/em>) \u2013 Cadet -54 kg F\u00e9minine<\/li>\n<li><strong>Lina ABID<\/strong> (<em>SKC Villeneuve la Garenne<\/em>) \u2013 Junior +66 kg F\u00e9minine<\/li>\n<li><strong>Clara RYOUQ<\/strong> (<em>CSA Hauts de Rueil<\/em>) \u2013 Minime +65 kg Masculin<\/li>\n<li><strong>Ismaila CISSOKHO<\/strong> (<em>IGKDF Vanves<\/em>) \u2013 Senior -75 kg Masculin<\/li>\n<\/ul>\n<p><span style=\"color: #1423a0\"><strong><a style=\"color: #1423a0\" href=\"https:\/\/sites.ffkarate.fr\/hautsdeseine\/wp-content\/uploads\/sites\/57\/2025\/10\/20251025-26_OPEN_COMBAT_NORIS_MCJS_Resultats_V1.0.pdf\">R\u00e9sultats de l&rsquo;Open de France Combat NORIS (25-26.10.2025)<\/a><\/strong><\/span> &lt;= <em>Cliquez sur le lien<\/em>[\/vc_column_text][vc_gallery images=\u00a0\u00bb17909,17908,17907,17906,17905&Prime; title=\u00a0\u00bbPhotos : Denis BOULANGER &#8211; FFK\u00a0\u00bb][vc_column_text]<\/p>\n<hr \/>\n<p>[\/vc_column_text][vc_column_text]<span style=\"color: #1423a0\"><strong>Samedi 13 et dimanche 14 septembre : 13\u00e8me Open de Turin<\/strong><\/span><\/p>\n<p>Le <span style=\"color: #1423a0\"><strong>samedi 13<\/strong><span style=\"color: #000000\"> et le<\/span> <strong>dimanche 14 setpembre 2025<\/strong><\/span> avait lieu le <span style=\"color: #dc2d5a\"><strong>13\u00e8me Open de Turin<\/strong><\/span>\u00a0en\u00a0<span style=\"color: #1423a0\"><strong>kata<\/strong><\/span>\u00a0et\u00a0<span style=\"color: #dc2d5a\"><strong>combat<\/strong><\/span> \u00e0 <span style=\"color: #1423a0\"><strong>Turin<\/strong><\/span> (<em>Italie<\/em>).<\/p>\n<p><strong>1\u00e8re place :<\/strong><\/p>\n<ul>\n<li style=\"list-style-type: none\">\n<ul data-start=\"573\" data-end=\"634\">\n<li data-start=\"557\" data-end=\"651\">\n<p data-start=\"559\" data-end=\"651\"><strong>Marguerite AGUIRRE EXPOSITO<\/strong>\u00a0(<em>SKC Villeneuve-la-Garenne<\/em>) \u2013 Master D f\u00e9minine kata<\/p>\n<\/li>\n<\/ul>\n<\/li>\n<\/ul>\n<p><span style=\"color: #1423a0\"><strong><a style=\"color: #1423a0\" href=\"https:\/\/sites.ffkarate.fr\/hautsdeseine\/wp-content\/uploads\/sites\/57\/2025\/09\/20250913-14_XIII_OPEN_TURIN_Resultats_V1.0.pdf\">R\u00e9sultats du 13\u00e8me Open de Turin (13-14.09.2025)<\/a><\/strong><\/span> &lt;= <em>Cliquez sur le lien<\/em>[\/vc_column_text][vc_single_image image=\u00a0\u00bb17810&Prime;][vc_column_text]<\/p>\n<hr \/>\n<p>[\/vc_column_text][vc_column_text]<span style=\"color: #1423a0\"><strong>Vendredi\u00a0 23 au dimanche 25 ao\u00fbt 2025 : European Universities Combat Championships<\/strong><\/span><\/p>\n<p>Du <span style=\"color: #1423a0\"><strong>vendredi 23<\/strong> au <strong>dimanche 25 ao\u00fbt 2025<\/strong><\/span> avait le <span style=\"color: #dc2d5a\"><strong>Championnat europ\u00e9en universitaire<\/strong><\/span>\u00a0en\u00a0<span style=\"color: #1423a0\"><strong>kata<\/strong><\/span>\u00a0et\u00a0<span style=\"color: #dc2d5a\"><strong>combat<\/strong><\/span> \u00e0 <span style=\"color: #1423a0\"><strong>Varsovie<\/strong><\/span> (<em>Pologne<\/em>).<\/p>\n<p><strong>3\u00e8me place :<\/strong><\/p>\n<ul data-start=\"573\" data-end=\"634\">\n<li style=\"list-style-type: none\">\n<ul data-start=\"573\" data-end=\"634\">\n<li data-start=\"573\" data-end=\"634\"><strong>Eva CRIOU<\/strong> (<em>SKC Villeneuve-La-Garenne<\/em>) \u2013 S\u00e9nior -68 kg f\u00e9minine<\/li>\n<\/ul>\n<\/li>\n<\/ul>\n<p><span style=\"color: #1423a0\"><strong><a style=\"color: #1423a0\" href=\"https:\/\/sites.ffkarate.fr\/hautsdeseine\/wp-content\/uploads\/sites\/57\/2025\/08\/20250823-25_EUROPEAN_UNIVERSITIES_Resultats_V1.0.pdf\">R\u00e9sultats du Championnat europ\u00e9en universitaire (23-25.08.2025)<\/a><\/strong><\/span> &lt;= <em>Cliquez sur le lien<\/em>[\/vc_column_text][vc_single_image image=\u00a0\u00bb17705&Prime;][\/vc_column][\/vc_row][vc_row][vc_column][vc_column_text]<\/p>\n<p>[\/vc_column_text][\/vc_column][\/vc_row]<\/p>\n<\/div>","protected":false},"excerpt":{"rendered":"<p>[vc_row][vc_column][vc_column_text] R\u00e9sultats Saison 2025-2026 [\/vc_column_text][vc_column_text]Dimanche 29 mars 2026 : Championnat IDF V\u00e9t\u00e9rans individuel et \u00e9quipe cadets\/juniors et s\u00e9niors Le dimanche 29 mars 2026 s\u2019est tenu le Championnat IDF V\u00e9t\u00e9rans inidividuel et \u00e9quipe cadets\/juniors et s\u00e9niors au gymnase Philippe Cattiau de Villeneuve-La-Garenne\u00a0(92). 1\u00e8re place : Marguerite AGUIRRE EXPOSITO (SKC Villeneuve-la-Garenne) \u2013 V\u00e9t\u00e9ran 3 f\u00e9minine Kata Farid [&hellip;]<\/p>\n","protected":false},"author":87,"featured_media":0,"parent":8770,"menu_order":0,"comment_status":"closed","ping_status":"closed","template":"","meta":{"footnotes":""},"class_list":["post-13963","page","type-page","status-publish","hentry"],"_links":{"self":[{"href":"https:\/\/sites.ffkarate.fr\/hautsdeseine\/wp-json\/wp\/v2\/pages\/13963","targetHints":{"allow":["GET"]}}],"collection":[{"href":"https:\/\/sites.ffkarate.fr\/hautsdeseine\/wp-json\/wp\/v2\/pages"}],"about":[{"href":"https:\/\/sites.ffkarate.fr\/hautsdeseine\/wp-json\/wp\/v2\/types\/page"}],"author":[{"embeddable":true,"href":"https:\/\/sites.ffkarate.fr\/hautsdeseine\/wp-json\/wp\/v2\/users\/87"}],"replies":[{"embeddable":true,"href":"https:\/\/sites.ffkarate.fr\/hautsdeseine\/wp-json\/wp\/v2\/comments?post=13963"}],"version-history":[{"count":66,"href":"https:\/\/sites.ffkarate.fr\/hautsdeseine\/wp-json\/wp\/v2\/pages\/13963\/revisions"}],"predecessor-version":[{"id":18495,"href":"https:\/\/sites.ffkarate.fr\/hautsdeseine\/wp-json\/wp\/v2\/pages\/13963\/revisions\/18495"}],"up":[{"embeddable":true,"href":"https:\/\/sites.ffkarate.fr\/hautsdeseine\/wp-json\/wp\/v2\/pages\/8770"}],"wp:attachment":[{"href":"https:\/\/sites.ffkarate.fr\/hautsdeseine\/wp-json\/wp\/v2\/media?parent=13963"}],"curies":[{"name":"wp","href":"https:\/\/api.w.org\/{rel}","templated":true}]}}