{"id":4,"date":"2021-05-07T15:35:17","date_gmt":"2021-05-07T13:35:17","guid":{"rendered":"https:\/\/sites.ffkarate.fr\/hautsdeseine\/?page_id=4"},"modified":"2025-09-01T17:55:04","modified_gmt":"2025-09-01T15:55:04","slug":"presentation","status":"publish","type":"page","link":"https:\/\/sites.ffkarate.fr\/hautsdeseine\/presentation\/","title":{"rendered":"Pr\u00e9sentation"},"content":{"rendered":"<div class=\"wpb-content-wrapper\"><p>[vc_row full_width=\u00a0\u00bbstretch_row_content\u00a0\u00bb bg_grey=\u00a0\u00bb1&Prime;][vc_column width=\u00a0\u00bb1\/4&Prime;][ffk_peoplecard image=\u00a0\u00bb17649&Prime; title=\u00a0\u00bbGuy LECAPLAIN\u00a0\u00bb subtitle=\u00a0\u00bbPr\u00e9sident\u00a0\u00bb description=\u00a0\u00bbMail : guy.lecaplain@laposte.net<br \/>\nT\u00e9l. : 06 80 07 35 15&Prime;][\/vc_column][vc_column width=\u00a0\u00bb3\/4&Prime;][vc_column_text]<\/p>\n<blockquote>\n<h3 data-pm-slice=\"1 1 []\"><span style=\"color: #1423a0\">Bienvenue sur le site officiel du Comit\u00e9 D\u00e9partemental des Hauts-de-Seine de Karat\u00e9 !<\/span><\/h3>\n<p>Nous sommes ravis de vous accueillir sur le site du <span style=\"color: #dc2d5a\"><strong>Comit\u00e9 D\u00e9partemental des Hauts-de-Seine de Karat\u00e9 (<em>CDK92<\/em>)<\/strong><\/span>, votre r\u00e9f\u00e9rence pour suivre l\u2019actualit\u00e9 du karat\u00e9 et de ses disciplines associ\u00e9es au niveau d\u00e9partemental.<\/p>\n<p>Sur ce site, vous trouverez toutes les informations utiles pour les pratiquants, dirigeants de clubs et licenci\u00e9s :<\/p>\n<ul data-spread=\"false\">\n<li><span style=\"color: #1423a0\"><strong>Le calendrier des comp\u00e9titions<\/strong><\/span> organis\u00e9es dans le d\u00e9partement,<\/li>\n<li>Les informations relatives aux <span style=\"color: #dc2d5a\"><strong>passages de grades<\/strong><\/span>,<\/li>\n<li>Les dates et d\u00e9tails des<span style=\"color: #1423a0\"> <strong>stages et manifestations sportives<\/strong><\/span>,<\/li>\n<li>Des ressources et <span style=\"color: #dc2d5a\"><strong>documents pratiques<\/strong><\/span> pour les clubs et leurs dirigeants.<\/li>\n<\/ul>\n<h3><\/h3>\n<h3><span style=\"color: #1423a0\">Une histoire ancr\u00e9e dans le d\u00e9veloppement du Karat\u00e9<\/span><\/h3>\n<p>Le <span style=\"color: #dc2d5a\"><strong>CDK92<\/strong><\/span> a \u00e9t\u00e9 officiellement d\u00e9clar\u00e9 au <span style=\"color: #1423a0\"><strong>Journal Officiel le 27 octobre 1977<\/strong><\/span> \u00e0 la pr\u00e9fecture de Boulogne-Billancourt. Depuis sa cr\u00e9ation, le Comit\u00e9 a pour mission de <span style=\"color: #dc2d5a\"><strong>d\u00e9velopper et organiser le karat\u00e9 ainsi que ses disciplines affinitaires<\/strong><\/span> sous l&rsquo;autorit\u00e9 et le contr\u00f4le de la <span style=\"color: #1423a0\"><strong>F\u00e9d\u00e9ration Fran\u00e7aise de Karat\u00e9 (FFK)<\/strong><\/span> et de la <span style=\"color: #1423a0\"><strong>Ligue Ile-de-France de Karat\u00e9 et Disciplines Associ\u00e9es<\/strong><\/span>, \u00e0 laquelle le CDK92 est affili\u00e9.<\/p>\n<p>Le Comit\u00e9 joue \u00e9galement un r\u00f4le essentiel dans l\u2019<span style=\"color: #dc2d5a\"><strong>accompagnement de la Ligue<\/strong><\/span> pour l\u2019accomplissement de sa mission, telle que d\u00e9finie par les statuts de la F\u00e9d\u00e9ration et de la Ligue.<\/p>\n<h3><\/h3>\n<h3><span style=\"color: #1423a0\">Ensemble pour la passion du Karat\u00e9<\/span><\/h3>\n<p>Que vous soyez pratiquant, comp\u00e9titeur, dirigeant ou simplement passionn\u00e9, le <span style=\"color: #dc2d5a\"><strong>CDK92<\/strong> <\/span>est \u00e0 vos c\u00f4t\u00e9s pour promouvoir les valeurs du karat\u00e9 : respect, pers\u00e9v\u00e9rance, discipline et d\u00e9passement de soi.<\/p>\n<p>N\u2019h\u00e9sitez pas \u00e0 explorer nos diff\u00e9rentes rubriques pour rester inform\u00e9 de l\u2019actualit\u00e9, des \u00e9v\u00e9nements \u00e0 venir et des opportunit\u00e9s offertes par le Comit\u00e9.<\/p>\n<p><strong>Bonne visite \u00e0 toutes et \u00e0 tous !<\/strong><\/p>\n<p><strong>Le Pr\u00e9sident du Comit\u00e9 d\u00e9partemental<\/strong><\/p><\/blockquote>\n<p>[\/vc_column_text][\/vc_column][\/vc_row][vc_row][vc_column][vc_empty_space height=\u00a0\u00bb40&Prime;][vc_row_inner][vc_column_inner][vc_column_text]<\/p>\n<h3 class=\"entry-title\" style=\"text-align: center\"><strong><span style=\"color: #1423a0\">COMIT\u00c9 DIRECTEUR<\/span><\/strong><\/h3>\n<h6 style=\"text-align: center\">OLYMPIADE 2024\/2028<\/h6>\n<p>[\/vc_column_text][\/vc_column_inner][\/vc_row_inner][vc_row_inner equal_height=\u00a0\u00bbyes\u00a0\u00bb css=\u00a0\u00bb.vc_custom_1617006214271{border-bottom-width: 10px !important;}\u00a0\u00bb][vc_column_inner width=\u00a0\u00bb1\/3&Prime;][ffk_peoplecard title=\u00a0\u00bbYves BOUABDALLAH\u00a0\u00bb subtitle=\u00a0\u00bbVice-Pr\u00e9sident\u00a0\u00bb image=\u00a0\u00bb675&Prime; description=\u00a0\u00bbMail : y.bouabdallah@numericable.com\u00a0\u00bb][\/vc_column_inner][vc_column_inner width=\u00a0\u00bb1\/3&Prime;][ffk_peoplecard image=\u00a0\u00bb17658&Prime; title=\u00a0\u00bbG\u00e9rard FLAISER\u00a0\u00bb subtitle=\u00a0\u00bbTr\u00e9sorier\u00a0\u00bb description=\u00a0\u00bbMail : gerard.flaisler@free.fr\u00a0\u00bb][\/vc_column_inner][vc_column_inner width=\u00a0\u00bb1\/3&Prime;][ffk_peoplecard title=\u00a0\u00bbR\u00e9my LE COQ\u00a0\u00bb subtitle=\u00a0\u00bbSecr\u00e9taire G\u00e9n\u00e9ral\u00a0\u00bb image=\u00a0\u00bb5624&Prime; description=\u00a0\u00bbMail : remy.lecoq@gmail.com\u00a0\u00bb][\/vc_column_inner][\/vc_row_inner][vc_empty_space height=\u00a0\u00bb40&Prime;][vc_row_inner][vc_column_inner width=\u00a0\u00bb1\/3&Prime;][ffk_peoplecard title=\u00a0\u00bbIsabelle AMIEL\u00a0\u00bb subtitle=\u00a0\u00bbMembre du Comit\u00e9 Directeur\u00a0\u00bb description=\u00a0\u00bbMail : isamielcg92@gmail.com\u00a0\u00bb image=\u00a0\u00bb9168&Prime;][\/vc_column_inner][vc_column_inner width=\u00a0\u00bb1\/3&Prime;][ffk_peoplecard title=\u00a0\u00bbKarim BOUCHEKAL\u00a0\u00bb subtitle=\u00a0\u00bbMembre du Comit\u00e9 Directeur\u00a0\u00bb description=\u00a0\u00bbMail : bouchekal.karim@hotmail.fr\u00a0\u00bb image=\u00a0\u00bb17659&Prime;][\/vc_column_inner][vc_column_inner width=\u00a0\u00bb1\/3&Prime;][ffk_peoplecard title=\u00a0\u00bbKarim BOUSSOUIRA\u00a0\u00bb subtitle=\u00a0\u00bbMembre du Comit\u00e9 Directeur\u00a0\u00bb description=\u00a0\u00bbMail : karimboussouira@yahoo.fr\u00a0\u00bb image=\u00a0\u00bb17653&Prime;][\/vc_column_inner][\/vc_row_inner][vc_row_inner][vc_column_inner width=\u00a0\u00bb1\/3&Prime;][ffk_peoplecard title=\u00a0\u00bbJ\u00e9r\u00e9my CALTAGIRONE\u00a0\u00bb subtitle=\u00a0\u00bbMembre du Comit\u00e9 Directeur\u00a0\u00bb description=\u00a0\u00bbMail : jeremy.caltagirone@wanadoo.fr\u00a0\u00bb image=\u00a0\u00bb17656&Prime;][\/vc_column_inner][vc_column_inner width=\u00a0\u00bb1\/3&Prime;][ffk_peoplecard title=\u00a0\u00bbCristelle LAUVERGNAT\u00a0\u00bb subtitle=\u00a0\u00bbMembre du Comit\u00e9 Directeur\u00a0\u00bb description=\u00a0\u00bbMail : cristellekarat@gmail.com\u00a0\u00bb image=\u00a0\u00bb17651&Prime;][\/vc_column_inner][vc_column_inner width=\u00a0\u00bb1\/3&Prime;][ffk_peoplecard title=\u00a0\u00bbPascal PINAULT\u00a0\u00bb subtitle=\u00a0\u00bbMembre du Comit\u00e9 Directeur\u00a0\u00bb description=\u00a0\u00bbMail : pascal.pinault@orange.fr\u00a0\u00bb image=\u00a0\u00bb17655&Prime;][\/vc_column_inner][\/vc_row_inner][vc_row_inner css=\u00a0\u00bb.vc_custom_1617006214271{border-bottom-width: 10px !important;}\u00a0\u00bb][vc_column_inner][ffk_peoplecard image=\u00a0\u00bb1821&Prime; title=\u00a0\u00bbFrancis PLANA\u00a0\u00bb subtitle=\u00a0\u00bbMembre du Comit\u00e9 Directeur\u00a0\u00bb description=\u00a0\u00bbMail : plana.francis@numericable.fr\u00a0\u00bb][\/vc_column_inner][\/vc_row_inner][vc_empty_space height=\u00a0\u00bb40&Prime;][vc_column_text]<\/p>\n<hr \/>\n<p>[\/vc_column_text][\/vc_column][\/vc_row][vc_row][vc_column][vc_column_text]<\/p>\n<h2>Nos coordonn\u00e9es<\/h2>\n<p><strong>Comit\u00e9 D\u00e9partemental\u00a0FFKDA des Hauts-De-Seine<\/strong><br \/>\nCDK92 &#8211; Maison des sports<br \/>\nPlace Hunebelle<br \/>\n92 140 Clamart<br \/>\nTel : 06 80 07 35 15<br \/>\nE-mail : <span style=\"color: #1423a0\"><b><a style=\"color: #1423a0\" href=\"mailto:cd92.ffkarate@gmail.com\">cd92.ffkarate@gmail.com<\/a><\/b><\/span>[\/vc_column_text][vc_column_text]<\/p>\n<hr \/>\n<p>[\/vc_column_text][\/vc_column][\/vc_row][vc_row][vc_column][vc_column_text]<span style=\"color: #1423a0\"><strong>Samedi 11 octobre 2025 : Asssembl\u00e9 G\u00e9n\u00e9rale Ordinaire et Extraordinaire<\/strong><\/span><\/p>\n<p>Le <span style=\"color: #1423a0\"><strong>Comit\u00e9 D\u00e9partemental des Hauts-de-Seine de Karat\u00e9 et Disciplines Associ\u00e9es<\/strong><\/span> tiendra son <span style=\"color: #dc2d5a\"><strong>Assembl\u00e9e G\u00e9n\u00e9rale Ordinaire<\/strong><\/span> suivie de son <span style=\"color: #1423a0\"><strong>Assembl\u00e9e G\u00e9n\u00e9rale Extraordinaire<\/strong><\/span> le\u00a0<strong><span style=\"color: #dc2d5a\">samedi 11 octobre 2025<\/span><\/strong> \u00e0 <span style=\"color: #1423a0\"><strong>17h00 pr\u00e9cises<\/strong><\/span>.<\/p>\n<p>\u00c0 l\u2019issue de l\u2019<span style=\"color: #dc2d5a\"><strong>Assembl\u00e9e G\u00e9n\u00e9rale Ordinaire<\/strong><\/span>, une \u00e9lection sera organis\u00e9e pour d\u00e9signer\u00a0<span style=\"color: #1423a0\"><strong>jusqu\u2019\u00e0 cinq bin\u00f4mes<\/strong><\/span>\u00a0repr\u00e9sentant les clubs du d\u00e9partement aux <span style=\"color: #dc2d5a\"><strong>Assembl\u00e9es G\u00e9n\u00e9rales de la F\u00e9d\u00e9ration<\/strong><\/span>.<\/p>\n<p>La pr\u00e9sence des\u00a0<span style=\"color: #1423a0\"><strong>pr\u00e9sidents de club ou de leurs repr\u00e9sentants<\/strong><\/span>\u00a0est vivement recommand\u00e9e afin d\u2019assurer une repr\u00e9sentation active et engag\u00e9e de l\u2019ensemble des structures affili\u00e9es.<\/p>\n<p><strong><span style=\"color: #dc2d5a\">Tous les documents relatifs \u00e0 ces assembl\u00e9es sont disponible \u00e0 droite de la page.<\/span><\/strong><\/p>\n<p><span style=\"color: #dc2d5a\"><strong>Adresse :<\/strong><\/span><br \/>\nMaison des Sports<br \/>\nPlace Jules Hunebelle<br \/>\nSalle bleue<br \/>\n92140 Clamart<\/p>\n<p><strong><span style=\"color: #1423a0\">Apr\u00e8s ces deux assembl\u00e9es, un pot de l&rsquo;amiti\u00e9 sera organis\u00e9.<\/span><\/strong><\/p>\n<p>L\u2019\u00e9quipe du <strong><span style=\"color: #dc2d5a\">CDK92<\/span><\/strong> reste disponible pour toute question ou demande compl\u00e9mentaire.<\/p>\n<p><span style=\"color: #dc2d5a\"><strong>Documents :<\/strong><\/span><\/p>\n<ul>\n<li><a href=\"https:\/\/sites.ffkarate.fr\/hautsdeseine\/wp-content\/uploads\/sites\/57\/2025\/08\/01_20251011_Ordre_Du_Jour_AGO-AGE_V1.0.pdf\"><strong><span style=\"color: #1423a0\">Ordre du jour des Assembl\u00e9es G\u00e9n\u00e9rales Ordinaire et Extraordinaire<\/span><\/strong><\/a>\u00a0&lt;= <em>Cliquez sur le lien<\/em><\/li>\n<li><span style=\"color: #1423a0\"><strong><a style=\"color: #1423a0\" href=\"https:\/\/sites.ffkarate.fr\/hautsdeseine\/wp-content\/uploads\/sites\/57\/2025\/08\/02_20251011_AGE_Annonce_V1.0.pdf\">Annonce de l&rsquo;Assembl\u00e9e G\u00e9n\u00e9rale Extraordinaire<\/a><\/strong><\/span>\u00a0&lt;= <em>Cliquez sur le lien<\/em><\/li>\n<li><span style=\"color: #1423a0\"><strong><a style=\"color: #1423a0\" href=\"https:\/\/sites.ffkarate.fr\/hautsdeseine\/wp-content\/uploads\/sites\/57\/2025\/08\/03_20251011_Formulaire_Reprensentants_AG_Fede.pdf\">Formulaire de candidature des repr\u00e9sentants AG<\/a><\/strong><\/span> &lt;= <em>Cliquez sur le lien<\/em><\/li>\n<li><span style=\"color: #1423a0\"><a style=\"color: #1423a0\" href=\"https:\/\/sites.ffkarate.fr\/hautsdeseine\/wp-content\/uploads\/sites\/57\/2025\/08\/04_20251011_Pouvoir_AGO_V1.0.pdf\"><span style=\"color: #1423a0\"><strong>Pouvoir pour l&rsquo;Assembl\u00e9e Ordinaire<\/strong><\/span><\/a><\/span> &lt;= <em>Cliquez sur le lien<\/em><\/li>\n<li><span style=\"color: #1423a0\"><strong><a style=\"color: #1423a0\" href=\"https:\/\/sites.ffkarate.fr\/hautsdeseine\/wp-content\/uploads\/sites\/57\/2025\/08\/05_20251011_Pouvoir_AGE_V1.0.pdf\">Pouvoir pour l&rsquo;Assembl\u00e9e Extraordinaire<\/a><\/strong><\/span>\u00a0&lt;= <em>Cliquez sur le lien<\/em><\/li>\n<\/ul>\n<p>[\/vc_column_text][vc_column_text]<\/p>\n<hr \/>\n<p>[\/vc_column_text][\/vc_column][\/vc_row][vc_row][vc_column][vc_column_text]<\/p>\n<h4><span style=\"color: #1423a0\"><strong>Appel \u00e0 cotisation f\u00e9d\u00e9rale<\/strong><\/span><\/h4>\n<p>[\/vc_column_text][vc_column_text]La <span style=\"color: #1423a0\"><strong>Ligue IDF<\/strong><\/span>\u00a0lance son appel \u00e0 cotisation pour la <span style=\"color: #dc2d5a\"><strong>saison sportive 2025 &#8211; 2026<\/strong><\/span>.<\/p>\n<p>Le tarif pour la <span style=\"color: #1423a0\"><strong>saison 2025-2026<\/strong><\/span> est de :<\/p>\n<ul>\n<li><span style=\"color: #dc2d5a\"><strong>Club de moins de 50 licenci\u00e9s* : 150 \u20acuros<\/strong><\/span><\/li>\n<li><span style=\"color: #1423a0\"><strong>Club entre 51 et 150 licenci\u00e9s* : 200 \u20acuros<\/strong><\/span><\/li>\n<li><span style=\"color: #dc2d5a\"><strong>Club de plus de 150 licenci\u00e9s* : 250 \u20acuros<\/strong><\/span><\/li>\n<\/ul>\n<p><span style=\"color: #dc2d5a\"><strong>Pr\u00e9cisions<\/strong><\/span> : Le document et le ch\u00e8que &#8211; ou virement &#8211; sont \u00e0 retourner \u00e0 la <span style=\"color: #1423a0\"><strong>Ligue IDF\u00a0<span style=\"text-decoration: underline\">et non<\/span> au CDKarate92<\/strong><span style=\"color: #000000\"> soit par <\/span><span style=\"color: #dc2d5a\"><strong>courrier<\/strong><\/span><span style=\"color: #000000\"> ou soit par<\/span> <strong>mail<\/strong><span style=\"color: #000000\"> (<em>en cas de virement<\/em>) \u00e0 :<span style=\"color: #dc2d5a\"><strong> <a style=\"color: #dc2d5a\" href=\"mailto:idf@ffkarate.fr\" target=\"_blank\" rel=\"noopener\">idf@ffkarate.fr<\/a><\/strong><\/span><\/span><\/span><\/p>\n<p><em>* Nombre de licenci\u00e9s au 31 juillet 2025.<\/em>[\/vc_column_text][ffk_button link=\u00a0\u00bburl:https%3A%2F%2Fsites.ffkarate.fr%2Fhautsdeseine%2Fwp-content%2Fuploads%2Fsites%2F57%2F2025%2F09%2F2025-2026_Appel_Cotisation_Federale_V1.0.pdf|title:Appel%20cotisation%20f%C3%A9d%C3%A9rale%20-%20Saison%202025-2026|target:_blank\u00a0\u00bb][ffk_button color=\u00a0\u00bbprimary\u00a0\u00bb link=\u00a0\u00bburl:https%3A%2F%2Fsites.ffkarate.fr%2Fhautsdeseine%2Fwp-content%2Fuploads%2Fsites%2F57%2F2025%2F09%2F20250731_Liste_Clubs_92_Cotisations.pdf|title:Liste%20des%20clubs%20-%20Cotisation%202025-2026|target:_blank\u00a0\u00bb][vc_column_text]<\/p>\n<hr \/>\n<p>[\/vc_column_text][\/vc_column][\/vc_row][vc_row][vc_column][vc_column_text]<\/p>\n<h2>Changement statut des clubs<\/h2>\n<p style=\"font-weight: 400\">Nous vous informons que pour tout changement de\u00a0<span style=\"color: #1423a0\"><strong>bureau<\/strong><\/span>\u00a0(<em>pr\u00e9sident, secr\u00e9taire et\/ou tr\u00e9sorier<\/em>), de\u00a0<span style=\"color: #1423a0\"><strong>si\u00e8ge social<\/strong><\/span>\u00a0et\/ou de\u00a0<span style=\"color: #1423a0\"><strong>titre du club<\/strong><\/span>, il est\u00a0<span style=\"text-decoration: underline\">imp\u00e9ratif<\/span>\u00a0de transmettre les documents suivants\u00a0:<\/p>\n<ul>\n<li style=\"font-weight: 400\"><span style=\"color: #dc2d5a\"><strong>Proc\u00e8s-verbal d\u2019assembl\u00e9e g\u00e9n\u00e9rale<\/strong><\/span>\u00a0attestant de ce(s) changement(s)<\/li>\n<li style=\"font-weight: 400\"><span style=\"color: #dc2d5a\"><strong>R\u00e9c\u00e9piss\u00e9<\/strong><\/span>\u00a0de d\u00e9claration de modification en pr\u00e9fecture<\/li>\n<li style=\"font-weight: 400\"><span style=\"color: #dc2d5a\"><strong>Fiche de renseignement club<\/strong><\/span>\u00a0dument compl\u00e9t\u00e9e (exemplaire vierge ci-dessous)<\/li>\n<li style=\"font-weight: 400\"><strong><span style=\"color: #dc2d5a\">Contrat de prise de licence en ligne<\/span>\u00a0<\/strong><\/li>\n<\/ul>\n<p style=\"font-weight: 400\">Ces documents peuvent\u00a0 \u00eatre transmis par mail \u00e0\u00a0<strong><span style=\"color: #1423a0\"><a style=\"color: #1423a0\" href=\"mailto:licences@ffkarate.fr\">licences@ffkarate.fr<\/a><\/span><\/strong>\u00a0(ou par courrier postal \u00e0 la FFKDA service licences).<\/p>\n<p style=\"font-weight: 400\"><strong>La prise en compte de la mise \u00e0 jour de votre club ne pourra \u00eatre effective qu\u2019\u00e0 r\u00e9ception de l\u2019<u>ensemble<\/u>\u00a0de ces pi\u00e8ces justificatives.<\/strong><\/p>\n<p>[\/vc_column_text][vc_column_text]<\/p>\n<hr \/>\n<p>[\/vc_column_text][\/vc_column][\/vc_row][vc_row][vc_column]<script type=\"text\/javascript\">\n\/* <![CDATA[ *\/\nvar gform;gform||(document.addEventListener(\"gform_main_scripts_loaded\",function(){gform.scriptsLoaded=!0}),document.addEventListener(\"gform\/theme\/scripts_loaded\",function(){gform.themeScriptsLoaded=!0}),window.addEventListener(\"DOMContentLoaded\",function(){gform.domLoaded=!0}),gform={domLoaded:!1,scriptsLoaded:!1,themeScriptsLoaded:!1,isFormEditor:()=>\"function\"==typeof InitializeEditor,callIfLoaded:function(o){return!(!gform.domLoaded||!gform.scriptsLoaded||!gform.themeScriptsLoaded&&!gform.isFormEditor()||(gform.isFormEditor()&&console.warn(\"The use of gform.initializeOnLoaded() is deprecated in the form editor context and will be removed in Gravity Forms 3.1.\"),o(),0))},initializeOnLoaded:function(o){gform.callIfLoaded(o)||(document.addEventListener(\"gform_main_scripts_loaded\",()=>{gform.scriptsLoaded=!0,gform.callIfLoaded(o)}),document.addEventListener(\"gform\/theme\/scripts_loaded\",()=>{gform.themeScriptsLoaded=!0,gform.callIfLoaded(o)}),window.addEventListener(\"DOMContentLoaded\",()=>{gform.domLoaded=!0,gform.callIfLoaded(o)}))},hooks:{action:{},filter:{}},addAction:function(o,r,e,t){gform.addHook(\"action\",o,r,e,t)},addFilter:function(o,r,e,t){gform.addHook(\"filter\",o,r,e,t)},doAction:function(o){gform.doHook(\"action\",o,arguments)},applyFilters:function(o){return gform.doHook(\"filter\",o,arguments)},removeAction:function(o,r){gform.removeHook(\"action\",o,r)},removeFilter:function(o,r,e){gform.removeHook(\"filter\",o,r,e)},addHook:function(o,r,e,t,n){null==gform.hooks[o][r]&&(gform.hooks[o][r]=[]);var d=gform.hooks[o][r];null==n&&(n=r+\"_\"+d.length),gform.hooks[o][r].push({tag:n,callable:e,priority:t=null==t?10:t})},doHook:function(r,o,e){var t;if(e=Array.prototype.slice.call(e,1),null!=gform.hooks[r][o]&&((o=gform.hooks[r][o]).sort(function(o,r){return o.priority-r.priority}),o.forEach(function(o){\"function\"!=typeof(t=o.callable)&&(t=window[t]),\"action\"==r?t.apply(null,e):e[0]=t.apply(null,e)})),\"filter\"==r)return e[0]},removeHook:function(o,r,t,n){var e;null!=gform.hooks[o][r]&&(e=(e=gform.hooks[o][r]).filter(function(o,r,e){return!!(null!=n&&n!=o.tag||null!=t&&t!=o.priority)}),gform.hooks[o][r]=e)}});\n\/* ]]> *\/\n<\/script>\n\n                <div class='gf_browser_gecko gform_wrapper gform_legacy_markup_wrapper gform-theme--no-framework' data-form-theme='legacy' data-form-index='0' id='gform_wrapper_1' >\n                        <div class='gform_heading'>\n                            <h3 class=\"gform_title\">Contact<\/h3>\n                            <p class='gform_description'><\/p>\n                        <\/div><form method='post' enctype='multipart\/form-data'  id='gform_1'  action='\/hautsdeseine\/wp-json\/wp\/v2\/pages\/4' data-formid='1' novalidate>\n                        <div class='gform-body gform_body'><ul id='gform_fields_1' class='gform_fields top_label form_sublabel_below description_below validation_below'><li id=\"field_1_1\" class=\"gfield gfield--type-name field_sublabel_below gfield--no-description field_description_below field_validation_below gfield_visibility_visible\"  ><label class='gfield_label gform-field-label gfield_label_before_complex' >Identit\u00e9<\/label><div class='ginput_complex ginput_container ginput_container--name no_prefix has_first_name no_middle_name has_last_name no_suffix gf_name_has_2 ginput_container_name gform-grid-row' id='input_1_1'>\n                            \n                            <span id='input_1_1_3_container' class='name_first gform-grid-col gform-grid-col--size-auto' >\n                                                    <input type='text' name='input_1.3' id='input_1_1_3' value=''   aria-required='false'     \/>\n                                                    <label for='input_1_1_3' class='gform-field-label gform-field-label--type-sub '>Pr\u00e9nom<\/label>\n                                                <\/span>\n                            \n                            <span id='input_1_1_6_container' class='name_last gform-grid-col gform-grid-col--size-auto' >\n                                                    <input type='text' name='input_1.6' id='input_1_1_6' value=''   aria-required='false'     \/>\n                                                    <label for='input_1_1_6' class='gform-field-label gform-field-label--type-sub '>Nom<\/label>\n                                                <\/span>\n                            \n                        <\/div><\/li><li id=\"field_1_2\" class=\"gfield gfield--type-email gfield_contains_required field_sublabel_below gfield--no-description field_description_below field_validation_below gfield_visibility_visible\"  ><label class='gfield_label gform-field-label' for='input_1_2'>E-mail<span class=\"gfield_required\"><span class=\"gfield_required gfield_required_asterisk\">*<\/span><\/span><\/label><div class='ginput_container ginput_container_email'>\n                            <input name='input_2' id='input_1_2' type='email' value='' class='medium'    aria-required=\"true\" aria-invalid=\"false\"  \/>\n                        <\/div><\/li><li id=\"field_1_3\" class=\"gfield gfield--type-textarea field_sublabel_below gfield--no-description field_description_below field_validation_below gfield_visibility_visible\"  ><label class='gfield_label gform-field-label' for='input_1_3'>Votre message<\/label><div class='ginput_container ginput_container_textarea'><textarea name='input_3' id='input_1_3' class='textarea medium'      aria-invalid=\"false\"   rows='10' cols='50'><\/textarea><\/div><\/li><\/ul><\/div>\n        <div class='gform-footer gform_footer top_label'> <input type='submit' id='gform_submit_button_1' class='gform_button button' onclick='gform.submission.handleButtonClick(this);' data-submission-type='submit' value='Envoyer'  \/> \n            <input type='hidden' class='gform_hidden' name='gform_submission_method' data-js='gform_submission_method_1' value='postback' \/>\n            <input type='hidden' class='gform_hidden' name='gform_theme' data-js='gform_theme_1' id='gform_theme_1' value='legacy' \/>\n            <input type='hidden' class='gform_hidden' name='gform_style_settings' data-js='gform_style_settings_1' id='gform_style_settings_1' value='[]' \/>\n            <input type='hidden' class='gform_hidden' name='is_submit_1' value='1' \/>\n            <input type='hidden' class='gform_hidden' name='gform_submit' value='1' \/>\n            \n            <input type='hidden' class='gform_hidden' name='gform_currency' data-currency='EUR' value='kn30Ojinigr4Fuh0nYH+o23tuZWRS82WQRGvea2rnnWeaDOEZaOodTshd7r6cllfEfEEa23vordTOZKKZvKlSabVPND403LwswE4T7pGg1oHoy4=' \/>\n            <input type='hidden' class='gform_hidden' name='gform_unique_id' value='' \/>\n            <input type='hidden' class='gform_hidden' name='state_1' value='WyJbXSIsIjU3NDUxNjFlOWEyZjczODJmMTVlZDFkZGExMWE5Y2QxIl0=' \/>\n            <input type='hidden' autocomplete='off' class='gform_hidden' name='gform_target_page_number_1' id='gform_target_page_number_1' value='0' \/>\n            <input type='hidden' autocomplete='off' class='gform_hidden' name='gform_source_page_number_1' id='gform_source_page_number_1' value='1' \/>\n            <input type='hidden' name='gform_field_values' value='' \/>\n            \n        <\/div>\n                        <input\n                    class=\"apbct_special_field apbct_email_id__gravity_form\"\n                    name=\"apbct__email_id__gravity_form\"\n                    aria-label=\"apbct__label_id__gravity_form\"\n                    type=\"text\" size=\"30\" maxlength=\"200\" autocomplete=\"off\"\n                    value=\"\"\n                \/><\/form>\n                        <\/div><script type=\"text\/javascript\">\n\/* <![CDATA[ *\/\n gform.initializeOnLoaded( function() {gformInitSpinner( 1, 'https:\/\/sites.ffkarate.fr\/hautsdeseine\/wp-content\/plugins\/gravityforms\/images\/spinner.svg', true );jQuery('#gform_ajax_frame_1').on('load',function(){var contents = jQuery(this).contents().find('*').html();var is_postback = contents.indexOf('GF_AJAX_POSTBACK') >= 0;if(!is_postback){return;}var form_content = jQuery(this).contents().find('#gform_wrapper_1');var is_confirmation = jQuery(this).contents().find('#gform_confirmation_wrapper_1').length > 0;var is_redirect = contents.indexOf('gformRedirect(){') >= 0;var is_form = form_content.length > 0 && ! is_redirect && ! is_confirmation;var mt = parseInt(jQuery('html').css('margin-top'), 10) + parseInt(jQuery('body').css('margin-top'), 10) + 100;if(is_form){jQuery('#gform_wrapper_1').html(form_content.html());if(form_content.hasClass('gform_validation_error')){jQuery('#gform_wrapper_1').addClass('gform_validation_error');} else {jQuery('#gform_wrapper_1').removeClass('gform_validation_error');}setTimeout( function() { \/* delay the scroll by 50 milliseconds to fix a bug in chrome *\/  }, 50 );if(window['gformInitDatepicker']) {gformInitDatepicker();}if(window['gformInitPriceFields']) {gformInitPriceFields();}var current_page = jQuery('#gform_source_page_number_1').val();gformInitSpinner( 1, 'https:\/\/sites.ffkarate.fr\/hautsdeseine\/wp-content\/plugins\/gravityforms\/images\/spinner.svg', true );jQuery(document).trigger('gform_page_loaded', [1, current_page]);window['gf_submitting_1'] = false;}else if(!is_redirect){var confirmation_content = jQuery(this).contents().find('.GF_AJAX_POSTBACK').html();if(!confirmation_content){confirmation_content = contents;}jQuery('#gform_wrapper_1').replaceWith(confirmation_content);jQuery(document).trigger('gform_confirmation_loaded', [1]);window['gf_submitting_1'] = false;wp.a11y.speak(jQuery('#gform_confirmation_message_1').text());}else{jQuery('#gform_1').append(contents);if(window['gformRedirect']) {gformRedirect();}}jQuery(document).trigger(\"gform_pre_post_render\", [{ formId: \"1\", currentPage: \"current_page\", abort: function() { this.preventDefault(); } }]);        if (event && event.defaultPrevented) {                return;        }        const gformWrapperDiv = document.getElementById( \"gform_wrapper_1\" );        if ( gformWrapperDiv ) {            const visibilitySpan = document.createElement( \"span\" );            visibilitySpan.id = \"gform_visibility_test_1\";            gformWrapperDiv.insertAdjacentElement( \"afterend\", visibilitySpan );        }        const visibilityTestDiv = document.getElementById( \"gform_visibility_test_1\" );        let postRenderFired = false;        function triggerPostRender() {            if ( postRenderFired ) {                return;            }            postRenderFired = true;            gform.core.triggerPostRenderEvents( 1, current_page );            if ( visibilityTestDiv ) {                visibilityTestDiv.parentNode.removeChild( visibilityTestDiv );            }        }        function debounce( func, wait, immediate ) {            var timeout;            return function() {                var context = this, args = arguments;                var later = function() {                    timeout = null;                    if ( !immediate ) func.apply( context, args );                };                var callNow = immediate && !timeout;                clearTimeout( timeout );                timeout = setTimeout( later, wait );                if ( callNow ) func.apply( context, args );            };        }        const debouncedTriggerPostRender = debounce( function() {            triggerPostRender();        }, 200 );        if ( visibilityTestDiv && visibilityTestDiv.offsetParent === null ) {            const observer = new MutationObserver( ( mutations ) => {                mutations.forEach( ( mutation ) => {                    if ( mutation.type === 'attributes' && visibilityTestDiv.offsetParent !== null ) {                        debouncedTriggerPostRender();                        observer.disconnect();                    }                });            });            observer.observe( document.body, {                attributes: true,                childList: false,                subtree: true,                attributeFilter: [ 'style', 'class' ],            });        } else {            triggerPostRender();        }    } );} ); \n\/* ]]> *\/\n<\/script>\n[\/vc_column][\/vc_row]<\/p>\n<\/div>","protected":false},"excerpt":{"rendered":"<p>[vc_row full_width=\u00a0\u00bbstretch_row_content\u00a0\u00bb bg_grey=\u00a0\u00bb1&Prime;][vc_column width=\u00a0\u00bb1\/4&Prime;][ffk_peoplecard image=\u00a0\u00bb17649&Prime; title=\u00a0\u00bbGuy LECAPLAIN\u00a0\u00bb subtitle=\u00a0\u00bbPr\u00e9sident\u00a0\u00bb description=\u00a0\u00bbMail : guy.lecaplain@laposte.net T\u00e9l. : 06 80 07 35 15&Prime;][\/vc_column][vc_column width=\u00a0\u00bb3\/4&Prime;][vc_column_text] Bienvenue sur le site officiel du Comit\u00e9 D\u00e9partemental des Hauts-de-Seine de Karat\u00e9 ! Nous sommes ravis de vous accueillir sur le site du Comit\u00e9 D\u00e9partemental des Hauts-de-Seine de Karat\u00e9 (CDK92), votre r\u00e9f\u00e9rence pour suivre l\u2019actualit\u00e9 du [&hellip;]<\/p>\n","protected":false},"author":1,"featured_media":0,"parent":0,"menu_order":0,"comment_status":"closed","ping_status":"closed","template":"page-fullwidth.php","meta":{"footnotes":""},"class_list":["post-4","page","type-page","status-publish","hentry"],"_links":{"self":[{"href":"https:\/\/sites.ffkarate.fr\/hautsdeseine\/wp-json\/wp\/v2\/pages\/4","targetHints":{"allow":["GET"]}}],"collection":[{"href":"https:\/\/sites.ffkarate.fr\/hautsdeseine\/wp-json\/wp\/v2\/pages"}],"about":[{"href":"https:\/\/sites.ffkarate.fr\/hautsdeseine\/wp-json\/wp\/v2\/types\/page"}],"author":[{"embeddable":true,"href":"https:\/\/sites.ffkarate.fr\/hautsdeseine\/wp-json\/wp\/v2\/users\/1"}],"replies":[{"embeddable":true,"href":"https:\/\/sites.ffkarate.fr\/hautsdeseine\/wp-json\/wp\/v2\/comments?post=4"}],"version-history":[{"count":26,"href":"https:\/\/sites.ffkarate.fr\/hautsdeseine\/wp-json\/wp\/v2\/pages\/4\/revisions"}],"predecessor-version":[{"id":17744,"href":"https:\/\/sites.ffkarate.fr\/hautsdeseine\/wp-json\/wp\/v2\/pages\/4\/revisions\/17744"}],"wp:attachment":[{"href":"https:\/\/sites.ffkarate.fr\/hautsdeseine\/wp-json\/wp\/v2\/media?parent=4"}],"curies":[{"name":"wp","href":"https:\/\/api.w.org\/{rel}","templated":true}]}}