{"id":56,"date":"2024-10-07T16:22:52","date_gmt":"2024-10-07T14:22:52","guid":{"rendered":"https:\/\/sites.ffkarate.fr\/testclone\/?page_id=56"},"modified":"2025-11-11T18:51:06","modified_gmt":"2025-11-11T17:51:06","slug":"formations","status":"publish","type":"page","link":"https:\/\/sites.ffkarate.fr\/hautsdeseine\/formations\/","title":{"rendered":"Formations"},"content":{"rendered":"<div class=\"wpb-content-wrapper\"><p>[vc_row][vc_column][ffk_peoplecard image=\u00a0\u00bb5674&Prime; title=\u00a0\u00bbRachid BOUARIF\u00a0\u00bb subtitle=\u00a0\u00bbResponsable de la formation sur le d\u00e9partement des Hauts-De-Seine\u00a0\u00bb description=\u00a0\u00bbM\u00e8l. : rb.cdk92@free.fr\u00a0\u00bb][\/vc_column][\/vc_row][vc_row][vc_column][vc_single_image image=\u00a0\u00bb16706&Prime;][\/vc_column][\/vc_row][vc_row][vc_column][vc_column_text]<\/p>\n<h3><span style=\"color: #1423a0\">Inscriptions<\/span><\/h3>\n<p>[\/vc_column_text][vc_column_text]Les inscriptions sont <span style=\"color: #1423a0\"><strong>d\u00e9mat\u00e9rialis\u00e9es<\/strong><\/span> et se font <span style=\"color: #dc2d5a\"><span style=\"color: #000000\">par le portail <\/span><strong>Sikada Inscriptions<\/strong><\/span> :[\/vc_column_text][vc_pricing_table heading=\u00a0\u00bbInscription et paiement\u00a0\u00bb subheading=\u00a0\u00bbFormations AFA &#8211; DAF &#8211; DIF\u00a0\u00bb currency=\u00a0\u00bb\u00a0\u00bb price=\u00a0\u00bb\u00a0\u00bb period=\u00a0\u00bb\u00a0\u00bb markers_color=\u00a0\u00bb#1423A0&Prime; btn_title=\u00a0\u00bbLien pour les inscriptions\u00a0\u00bb btn_style=\u00a0\u00bb3d\u00a0\u00bb btn_css_animation=\u00a0\u00bbbounceIn\u00a0\u00bb css=\u00a0\u00bb.vc_custom_1732869611879{background-color: #ECECEC !important;}\u00a0\u00bb btn_link=\u00a0\u00bburl:https%3A%2F%2Fwww.sikada.fr%2FsikadaIns%2F|title:Inscriptions|target:_blank\u00a0\u00bb][\/vc_pricing_table][vc_empty_space height=\u00a0\u00bb22px\u00a0\u00bb][vc_column_text]<span style=\"color: #dc2d5a\"><strong>Veuillez utiliser exclusivement le lien ci-dessus pour vous inscrire<\/strong>\u00a0(<em>code : num\u00e9ro de licence \/ MDP : Le m\u00eame que SIKADA<\/em>).<\/span><\/p>\n<p>Cherchez l&rsquo;\u00e9v\u00e9nement portant la r\u00e9f\u00e9rence <span style=\"color: #1423a0\"><strong>F2026.092.001<\/strong><\/span> dans la liste et suivez les instructions pour vous inscrire.<\/p>\n<p>Lors de votre inscription, merci de mettre les documents demand\u00e9s en ligne :<\/p>\n<p>Pour les participants \u00e0 l&rsquo;<span style=\"color: #1423a0\"><strong>AFA<\/strong><\/span> :<\/p>\n<ul>\n<li><span style=\"color: #dc2d5a\"><strong>Onglet autre<\/strong><\/span> : Carte d\u2019identit\u00e9 (<em>recto-verso<\/em>) ou passeport<\/li>\n<li><span style=\"color: #dc2d5a\"><strong>Onglet d\u00e9rogation<\/strong><\/span> : Copie du grade marron sur passeport sportif + historique de licences (<em>se t\u00e9l\u00e9charge sur <span style=\"color: #1423a0\"><strong><a style=\"color: #1423a0\" href=\"https:\/\/www.sikada.fr\/SiKada\/AppLib_Login.aspx\" target=\"_blank\" rel=\"noopener\">Sikada<\/a><\/strong><\/span><\/em>) dans le m\u00eame fichier.<\/li>\n<\/ul>\n<p>Pour les participants au <span style=\"color: #dc2d5a\"><strong>DAF<\/strong><\/span> ou <strong><span style=\"color: #dc2d5a\">DIF<\/span> :<\/strong><\/p>\n<ul>\n<li><span style=\"color: #dc2d5a\"><strong>Onglet autre<\/strong><\/span> : Carte d\u2019identit\u00e9 (<em>recto-verso<\/em>) ou passeport<\/li>\n<li><span style=\"color: #dc2d5a\"><strong>Onglet d\u00e9rogation<\/strong><\/span> : Historique de licences (<em>se t\u00e9l\u00e9charge sur <span style=\"color: #1423a0\"><strong><a style=\"color: #1423a0\" href=\"https:\/\/www.sikada.fr\/SiKada\/AppLib_Login.aspx\" target=\"_blank\" rel=\"noopener\">Sikada<\/a><\/strong><\/span><\/em>)<\/li>\n<li><span style=\"color: #dc2d5a\"><strong>Onglet Attestation\/Diplome Premier secours ou \u00e9quivalent<\/strong><\/span> : PSC1 ou \u00e9quivalent moins de 2 ans (<em>\u00e0 d\u00e9faut, le fournir avant le 12 avril 2026<\/em>)<\/li>\n<\/ul>\n<p>Une fois les documents re\u00e7us, veuillez attendre la validation de votre dossier par le <span style=\"color: #dc2d5a\"><strong>CDK92<\/strong><\/span>. Vous recevrez un e-mail confirmant la validation dans un d\u00e9lai de <span style=\"color: #1423a0\"><strong>24 \u00e0 48 heures<\/strong><\/span>.<\/p>\n<p>Une fois votre dossier valid\u00e9, veuillez retourner sur le m\u00eame lien pour effectuer <span style=\"color: #dc2d5a\"><strong>le paiement<\/strong><\/span> par <span style=\"color: #1423a0\"><strong>carte bleue<\/strong><\/span>.<\/p>\n<p>Merci de bien vouloir v\u00e9rifier que les informations de contact sur votre profil <span style=\"color: #dc2d5a\"><strong>SIKADA<\/strong><\/span> (<em>adresse e-mail et num\u00e9ro de t\u00e9l\u00e9phone<\/em>) sont \u00e0 jour afin que nous puissions vous envoyer votre convocation d\u00e9mat\u00e9rialis\u00e9e.[\/vc_column_text][vc_column_text]<\/p>\n<hr \/>\n<p>[\/vc_column_text][\/vc_column][\/vc_row][vc_row][vc_column][vc_column_text]<\/p>\n<h3>L&rsquo;Attestation F\u00e9d\u00e9rale d&rsquo;Assistant (AFA)<\/h3>\n<p>L\u2019AFA permet de donner une reconnaissance \u00e0 un jeune int\u00e9ress\u00e9 par l\u2019enseignement pour aider et assister un enseignant dipl\u00f4m\u00e9 \u00e0 encadrer des s\u00e9ances de karat\u00e9 et de disciplines associ\u00e9es dans un club affili\u00e9 FFK. Accessible \u00e0 partir de la ceinture marron, cette attestation permet aussi d\u2019inciter les pratiquants \u00e0 s\u2019impliquer dans la vie associative et elle s\u2019int\u00e8gre donc dans la formation sportive citoyenne.<\/p>\n<p><span style=\"color: #dc2d5a\"><strong>Dur\u00e9e :<\/strong><\/span><\/p>\n<p><span style=\"color: #1423a0\"><strong>8 heures<\/strong><\/span> de formation en pr\u00e9sentiel[\/vc_column_text][vc_column_text]<\/p>\n<h4><span style=\"color: #1423a0\">Modalit\u00e9s AFA<\/span><\/h4>\n<p>[\/vc_column_text][vc_column_text]<strong><span style=\"color: #dc2d5a\">Conditions d&rsquo;acc\u00e8s \u00e0 la formation AFA :<\/span><\/strong><\/p>\n<ul>\n<li>A partir de <span style=\"color: #1423a0\"><strong>14 ans<\/strong><\/span><\/li>\n<li>\u00catre <span style=\"color: #1423a0\"><strong>ceinture marron<\/strong><span style=\"color: #000000\"> minimum<\/span><\/span><\/li>\n<li>Avoir <span style=\"color: #1423a0\"><strong>2 timbres de licences<\/strong><\/span> FFKDA dont celle de l\u2019ann\u00e9e en cours<\/li>\n<li>Tarif de <span style=\"color: #1423a0\"><strong>30 \u20ac<\/strong><\/span><\/li>\n<\/ul>\n<p><span style=\"color: #dc2d5a\"><strong>Date (<em><span style=\"color: #dc2d5a\">susceptible<\/span> d&rsquo;\u00eatre modifi\u00e9e selon le nombre de candidat<\/em>) :<\/strong><\/span><\/p>\n<ul>\n<li><span style=\"color: #1423a0\"><strong>Dimanche 22 f\u00e9vrier 2026 <\/strong><\/span>de <span style=\"color: #1423a0\"><strong>9h00<\/strong><\/span> \u00e0 <span style=\"color: #1423a0\"><strong>19h00<\/strong><\/span>.<\/li>\n<\/ul>\n<p><span style=\"color: #dc2d5a\"><strong>Lieu :<\/strong><\/span><br \/>\n<span style=\"color: #000000\">Complexe Sportif Nelson Mandela<\/span><br \/>\n36 rue Paul Prouteau<br \/>\n92250 La Garenne-Colombes<\/p>\n<p><span style=\"color: #dc2d5a\"><strong>Inscriptions :<\/strong><\/span><br \/>\n<span style=\"color: #1423a0\"><span style=\"color: #000000\">Au plus tard pour le<\/span> <strong>mercredi 21 janvier 2026<\/strong><\/span>[\/vc_column_text][vc_column_text]<\/p>\n<hr \/>\n<p>[\/vc_column_text][\/vc_column][\/vc_row][vc_row][vc_column][vc_column_text]<\/p>\n<h3 style=\"text-align: center\"><span style=\"color: #dc2d5a\"><strong>Le CDK92 limite le nombre d&rsquo;inscrit au DAF \u00e0 15 candidats. N&rsquo;attendez pas le dernier jour pour vous inscrire.<\/strong><\/span><\/h3>\n<p>[\/vc_column_text][vc_column_text]<\/p>\n<h3>Le Dipl\u00f4me d&rsquo;Animateur F\u00e9d\u00e9ral (DAF)<\/h3>\n<p>Le Dipl\u00f4me d\u2019Animateur F\u00e9d\u00e9ral (<em>DAF<\/em>) est un dipl\u00f4me assez rapide \u00e0 obtenir, il permet \u00e0 son titulaire d\u2019organiser des entrainements de fa\u00e7on b\u00e9n\u00e9vole au sein des clubs affili\u00e9s FFK et ainsi d\u00e9velopper la pratique du karat\u00e9 et des disciplines associ\u00e9es.<\/p>\n<p><span style=\"color: #dc2d5a\"><strong>Dur\u00e9e :<\/strong><\/span><\/p>\n<p><span style=\"color: #1423a0\"><strong>41 heures<\/strong><\/span> (<em>12h de pr\u00e9formation, 14h de formation en pr\u00e9sentiel, 15h de participation f\u00e9d\u00e9rale<\/em>)<\/p>\n<p>Poursuivre la formation en direction du <span style=\"color: #dc2d5a\"><strong>DIF<\/strong><\/span> est fortement conseill\u00e9 pour avoir une plus grande comp\u00e9tence et d\u00e9velopper un club de fa\u00e7on durable.[\/vc_column_text][vc_column_text]<\/p>\n<h4><span style=\"color: #1423a0\">Modalit\u00e9s DAF<\/span><\/h4>\n<p>[\/vc_column_text][vc_column_text]<strong><span style=\"color: #dc2d5a\">Conditions d&rsquo;acc\u00e8s \u00e0 la formation DAF :<\/span><\/strong><\/p>\n<ul>\n<li>Avoir entre <span style=\"color: #1423a0\"><strong>18 ans<\/strong><span style=\"color: #000000\"> minimum<\/span><\/span><\/li>\n<li>\u00catre <span style=\"color: #1423a0\"><strong>ceinture noire 1er dan, Dang ou Duan<\/strong><span style=\"color: #000000\">\u00a0minimum<\/span><\/span><\/li>\n<li>Avoir la <span style=\"color: #1423a0\"><strong>licence f\u00e9d\u00e9rale<\/strong><\/span> FFKDA de l\u2019ann\u00e9e en cours<\/li>\n<li>Tarif de <span style=\"color: #1423a0\"><strong>100 \u20ac<\/strong><\/span><\/li>\n<\/ul>\n<p><span style=\"color: #dc2d5a\"><strong>Dates :<\/strong><\/span><\/p>\n<ul>\n<li><span style=\"color: #1423a0\"><strong>Dimanche 22 f\u00e9vrier 2026<\/strong><\/span>\u00a0de <span style=\"color: #1423a0\"><strong>9h00<\/strong><\/span> \u00e0 <span style=\"color: #1423a0\"><strong>19h00<\/strong><\/span><\/li>\n<li><span style=\"color: #1423a0\"><strong>Samedi 7 mars 2026<\/strong><\/span>\u00a0de <span style=\"color: #1423a0\"><strong>9h00<\/strong><\/span> \u00e0 <span style=\"color: #1423a0\"><strong>19h00<\/strong><\/span><\/li>\n<\/ul>\n<p><span style=\"color: #dc2d5a\"><strong>Lieu :<\/strong><\/span><br \/>\n<span style=\"color: #000000\">Complexe Sportif Nelson Mandela<\/span><br \/>\n36 rue Paul Prouteau<br \/>\n92250 La Garenne-Colombes<\/p>\n<p><span style=\"color: #000000\">Complexe Sportif Marcel Payen<\/span><br \/>\n113 rue Veuve-Lacroix<br \/>\n9200 Nanterre<\/p>\n<p>Le lieu exact entre les deux adresses vous sera communiqu\u00e9 lors de la formation.<\/p>\n<p><span style=\"color: #dc2d5a\"><strong>Inscriptions :<\/strong><\/span><br \/>\n<span style=\"color: #dc2d5a\"><span style=\"color: #000000\">Au plus tard pour le <\/span><span style=\"color: #1423a0\"><strong>mercredi 21 janvier 2026<\/strong><\/span><\/span><\/p>\n<p><span style=\"color: #dc2d5a\"><strong>Points importants :<\/strong><\/span><\/p>\n<ul>\n<li>Si vous n\u2019avez pas votre <span style=\"color: #1423a0\"><strong>PSC1<\/strong><\/span>, l\u2019obtenir avant le 12 avril 2026.<\/li>\n<li><span style=\"color: #1423a0\"><strong>Anticiper vos heures de participation f\u00e9d\u00e9rale et citoyenne obligatoire<\/strong><\/span> (<em>15 heures<\/em>). Stage d\u2019arbitrage et encadrement d\u2019une comp\u00e9tition ou autres, consulter notre calendrier et contacter par mail le CDKarate92 pour vous y inscrire au plus vite : <strong><span style=\"color: #1423a0\"><a style=\"color: #1423a0\" href=\"mailto:cd92.ffkarate@gmail.com\">cd92.ffkarate@gmail.com<\/a><\/span><\/strong> <strong><strong>ET <span style=\"color: #1423a0\"><a style=\"color: #1423a0\" href=\"mailto:rb.cdk92@free.fr\">rb.cdk92@free.fr<\/a><\/span><\/strong><\/strong><\/li>\n<\/ul>\n<p>[\/vc_column_text][vc_column_text]<\/p>\n<hr \/>\n<p>[\/vc_column_text][\/vc_column][\/vc_row][vc_row][vc_column][vc_column_text]<\/p>\n<h3 style=\"text-align: center\"><span style=\"color: #dc2d5a\"><strong>Attention cette saison, le CDK92 limite le nombre d&rsquo;inscrit au DIF \u00e0 20 candidats. N&rsquo;attendez pas le dernier jour pour vous inscrire.<\/strong><\/span><\/h3>\n<p>[\/vc_column_text][vc_column_text]<\/p>\n<h3>Le Dipl\u00f4me d\u2019Instructeur F\u00e9d\u00e9ral (DIF)<\/h3>\n<p>Le DIF est le dipl\u00f4me de r\u00e9f\u00e9rence pour un enseignant de karat\u00e9, wushu et disciplines associ\u00e9es dans un club affili\u00e9 \u00e0 la FFK.<br \/>\nLe DIF est accessible, avec ou sans le DAF.<br \/>\nLe DIF permet l\u2019acquisition de points de bonification de grades<br \/>\nLe DIF permet\u00a0au coach A n\u2019ayant pas les pr\u00e9requis mais n\u00e9anmoins <span style=\"text-decoration: underline\">engag\u00e9 dans le processus de formation du DIF<\/span> et participant au meeting et formation nationale des coaches d\u2019\u00eatre dispens\u00e9 de la \u00ab participation f\u00e9d\u00e9rale \u00bb lors de la formation du DIF.<\/p>\n<p><span style=\"color: #dc2d5a\"><strong>Dur\u00e9e pour les non titulaires du DAF :<\/strong><\/span><br \/>\n<span style=\"color: #1423a0\"><strong>85 heures<\/strong><\/span> de formation (<em>12h de pr\u00e9formation, 28h de formation en centre, 15h de participation f\u00e9d\u00e9rale et 30 heures de formation en club<\/em>).<\/p>\n<p><span style=\"color: #dc2d5a\"><strong>Dur\u00e9e pour les titulaires du DAF :<\/strong><\/span><br \/>\n<span style=\"color: #1423a0\"><strong>44 heures<\/strong><\/span> de formation (<em>14h de formation en centre, 30 heures de formation en club<\/em>)<\/p>\n<p>Pour les enseignants envisageant de pouvoir poursuivre leur parcours de formation, la prolongation naturelle du DIF est un dipl\u00f4me ou une certification professionnelle.[\/vc_column_text][vc_column_text]<\/p>\n<h4><span style=\"color: #1423a0\">Modalit\u00e9s DIF<\/span><\/h4>\n<p>[\/vc_column_text][vc_column_text]<strong><span style=\"color: #dc2d5a\">Conditions d&rsquo;acc\u00e8s \u00e0 la formation DIF :<\/span><\/strong><\/p>\n<ul>\n<li>Avoir entre <span style=\"color: #1423a0\"><strong>18 ans<\/strong><span style=\"color: #000000\"> minimum<\/span><\/span><\/li>\n<li>\u00catre <span style=\"color: #1423a0\"><strong>ceinture noire 1er dan, Dang ou Duan<\/strong><span style=\"color: #000000\">\u00a0minimum<\/span><\/span><\/li>\n<li>Avoir la <span style=\"color: #1423a0\"><strong>licence f\u00e9d\u00e9rale<\/strong><\/span> FFKDA de l\u2019ann\u00e9e en cours<\/li>\n<li>Poss\u00e9der un <span style=\"color: #1423a0\"><strong>dipl\u00f4me de secourisme<\/strong><\/span> ou \u00e9quivalent type PSC1<\/li>\n<li>Tarifs de <span style=\"color: #1423a0\"><strong>250 \u20ac<\/strong><span style=\"color: #000000\"> (<em>pour les non titulaires du DAF<\/em>) ou <\/span><strong>150 \u20ac<\/strong><span style=\"color: #000000\"> (<em>pour les titulaires du DAF<\/em>)<\/span><\/span><\/li>\n<\/ul>\n<p><span style=\"color: #dc2d5a\"><strong>Dates :<\/strong><\/span><\/p>\n<p><span style=\"color: #1423a0\"><strong>Candidats <span style=\"text-decoration: underline\"><span style=\"color: #ff0000;text-decoration: underline\">sans<\/span><\/span> DAF :<\/strong><\/span><\/p>\n<ul>\n<li><span style=\"color: #1423a0\"><strong>J1 : Samedi 21 f\u00e9vrier 2026<\/strong><span style=\"color: #000000\">\u00a0de <\/span><strong>9h00<\/strong><span style=\"color: #000000\"> \u00e0 <\/span><strong>19h00<\/strong><\/span><\/li>\n<li><span style=\"color: #1423a0\"><strong>J2 : Dimanche 8 mars 2026<\/strong><span style=\"color: #000000\">\u00a0de <\/span><strong>9h00<\/strong><span style=\"color: #000000\"> \u00e0 <\/span><strong>19h00<\/strong><\/span><\/li>\n<li><span style=\"color: #1423a0\"><b>J3 :\u00a0<\/b><\/span><span style=\"color: #1423a0\"><strong>Samedi 18 avril 2026<\/strong><span style=\"color: #000000\">\u00a0de <\/span><strong>9h00<\/strong><span style=\"color: #000000\"> \u00e0 <\/span><strong>19h00<\/strong><\/span><\/li>\n<li><span style=\"color: #1423a0\"><strong>J4 : Samedi 25 avril 2026<\/strong><span style=\"color: #000000\">\u00a0de <\/span><strong>9h00<\/strong><span style=\"color: #000000\"> \u00e0 <\/span><strong>19h00<\/strong><\/span><\/li>\n<\/ul>\n<p><span style=\"color: #1423a0\"><strong>Candidats <span style=\"text-decoration: underline\"><span style=\"color: #ff0000;text-decoration: underline\">avec<\/span><\/span> DAF :<\/strong><\/span><\/p>\n<ul>\n<li><span style=\"color: #1423a0\"><strong>J3<\/strong><b> :\u00a0<\/b><\/span><span style=\"color: #1423a0\"><strong>Samedi 18 avril 2026<\/strong><span style=\"color: #000000\">\u00a0de <\/span><strong>9h00<\/strong><span style=\"color: #000000\"> \u00e0 <\/span><strong>19h00<\/strong><\/span><\/li>\n<li><span style=\"color: #1423a0\"><strong>J4 : Samedi 25 avril 2026<\/strong><span style=\"color: #000000\">\u00a0de <\/span><strong>9h00<\/strong><span style=\"color: #000000\"> \u00e0 <\/span><strong>19h00<\/strong><\/span><\/li>\n<\/ul>\n<p><em>* Sous r\u00e9serve de modi\ufb01cation de la regl\u00e9mentation nationale en 2025.<\/em><\/p>\n<p><strong style=\"color: #dc2d5a\">Lieu :<\/strong><br \/>\nComplexe Sportif Nelson Mandela (<em>J1, J2 et J3<\/em>)<br \/>\n36 rue Paul Prouteau<br \/>\n92250 La Garenne-Colombes<\/p>\n<p><span style=\"color: #000000\">Complexe Sportif Marcel Payen (<em>J4<\/em>)<\/span><br \/>\n113 rue Veuve-Lacroix<br \/>\n9200 Nanterre<\/p>\n<p><strong><span style=\"color: #dc2d5a\">Inscriptions :<\/span><\/strong><br \/>\n<span style=\"color: #000000\">Au plus tard le <\/span><strong><span style=\"color: #1423a0\">mercredi 21 janvier 2026<\/span><\/strong><\/p>\n<p><span style=\"color: #dc2d5a\"><strong>Points importants :<\/strong><\/span><\/p>\n<ul>\n<li>Si vous n\u2019avez pas votre <span style=\"color: #1423a0\"><strong>PSC1<\/strong><\/span>, l\u2019obtenir avant le 12 avril 2026<\/li>\n<li><span style=\"color: #1423a0\"><strong>Anticiper vos heures de formation en club <\/strong><\/span>(30<em>\u00a0heures<\/em>), le rapport de stage devra \u00eatre rendu pour l&rsquo;avant derni\u00e8re journ\u00e9e de formation, <span style=\"text-decoration: underline\">dernier d\u00e9lai<\/span>.<\/li>\n<li><span style=\"color: #1423a0\"><strong>Anticiper vos heures de participation f\u00e9d\u00e9rale et citoyenne obligatoire<\/strong><\/span> (<em>15 heures<\/em>). Stage d\u2019arbitrage et encadrement d\u2019une comp\u00e9tition ou autres, consulter notre calendrier et contacter par mail le CDKarate92 pour vous y inscrire au plus vite : <strong><span style=\"color: #1423a0\"><a style=\"color: #1423a0\" href=\"mailto:cd92.ffkarate@gmail.com\">cd92.ffkarate@gmail.com<\/a><\/span><\/strong> <strong>ET <span style=\"color: #1423a0\"><a style=\"color: #1423a0\" href=\"mailto:rb.cdk92@free.fr\">rb.cdk92@free.fr<\/a><\/span><\/strong><\/li>\n<li>Anticiper vos heures de <span style=\"color: #1423a0\"><strong>Formation en Club obligatoire<\/strong><\/span> (<em>30 heures<\/em>) avant la fin de la formation DIF<\/li>\n<\/ul>\n<p>[\/vc_column_text][vc_column_text]<\/p>\n<hr \/>\n<p>[\/vc_column_text][\/vc_column][\/vc_row][vc_row][vc_column][vc_column_text]<span style=\"color: #1423a0\"><strong>Vie associative<\/strong><\/span>[\/vc_column_text][vc_column_text]Pour les candidats au <span style=\"color: #1423a0\"><strong>DAF<\/strong><\/span> et <span style=\"color: #dc2d5a\"><strong>DIF<\/strong><\/span> (<i>non titulaires <\/i><i>du DAF<\/i>), il est <u>obligatoire<\/u> de r\u00e9aliser <span style=\"color: #1423a0\"><strong><u>15 heures<\/u> <\/strong><\/span>de formation f\u00e9d\u00e9rale.<\/p>\n<p>Ces heures sont d\u00e9compos\u00e9es selon le sch\u00e9ma suivant :<\/p>\n<ul>\n<li><span style=\"color: #dc2d5a\"><strong>10 heures<\/strong><\/span> : Encadrement d&rsquo;une comp\u00e9tition<\/li>\n<li><span style=\"color: #1423a0\"><strong>5 heures<\/strong><\/span> : Participer \u00e0 un stage d&rsquo;arbitrage (<em>selon la discipline<\/em>) d\u00e9partemental<\/li>\n<\/ul>\n<p><strong><span style=\"color: #dc2d5a\">Le Comit\u00e9 D\u00e9partemental vous propose de r\u00e9aliser vos heures sur ses prochaines comp\u00e9titions d\u00e9partementales !!<\/span><\/strong><\/p>\n<p>Nombre de place limit\u00e9e \u00e0 <span style=\"color: #1423a0\"><strong>8 personnes<\/strong><\/span> par manifestation !!<\/p>\n<p><span style=\"color: #dc2d5a\"><strong>N&rsquo;attendez pas le dernier moment et inscivez-vous en cliquant sur le lien ci-dessous :<\/strong><\/span><\/p>\n<p>&nbsp;<\/p>\n<h4 style=\"text-align: center\">=&gt; <a href=\"https:\/\/cutt.ly\/Vie_Assoc_CDK92\" target=\"_blank\" rel=\"noopener\"><span style=\"color: #1423a0\">https:\/\/cutt.ly\/Vie_Assoc_CDK92<\/span><\/a>\u00a0&lt;=<\/h4>\n<p>[\/vc_column_text][vc_single_image image=\u00a0\u00bb17967&Prime;][vc_column_text]<\/p>\n<hr \/>\n<p>[\/vc_column_text][\/vc_column][\/vc_row][vc_row][vc_column][vc_tta_tabs][vc_tta_section title=\u00a0\u00bb2023-2024&Prime; tab_id=\u00a0\u00bb1675785408545-c6d3b892-2237&Prime;][vc_single_image image=\u00a0\u00bb15688&Prime; title=\u00a0\u00bbSamedi 13 avril 2024 : Formation DIF \u00e0 La Garenne-Colombes\u00a0\u00bb][vc_single_image image=\u00a0\u00bb15291&Prime; title=\u00a0\u00bbSamedi 24 f\u00e9vrier 2024 : Formation DIF \u00e0 La Garenne-Colombes\u00a0\u00bb][vc_single_image image=\u00a0\u00bb15146&Prime; title=\u00a0\u00bbSamedi 10 f\u00e9vrier 2024 : Formation AFA &#8211; DAF \u00e0 La Garenne-Colombes\u00a0\u00bb][\/vc_tta_section][vc_tta_section title=\u00a0\u00bb2022-2023&Prime; tab_id=\u00a0\u00bb1707905750032-b3eb0f34-8156&Prime;][vc_single_image image=\u00a0\u00bb13293&Prime; title=\u00a0\u00bbSamedi 26 mars 2023 : Examen du DIF \u00e0 La Garenne-Colombes\u00a0\u00bb][vc_single_image image=\u00a0\u00bb12973&Prime; title=\u00a0\u00bbSamedi 4 mars 2023 : Fomation DIF \u00e0 La Garenne-Colombes\u00a0\u00bb][vc_single_image image=\u00a0\u00bb12973&Prime; title=\u00a0\u00bbSamedi 18 f\u00e9vrier 2023 : Examen pour les DAF \u00e0 La Garenne-Colombes\u00a0\u00bb][vc_single_image image=\u00a0\u00bb12898&Prime; title=\u00a0\u00bbDimanche 5 f\u00e9vrier 2023 : Formation AFA &#8211; DAF \u00e0 La Garenne-Colombes\u00a0\u00bb][\/vc_tta_section][vc_tta_section title=\u00a0\u00bb2021-2022&Prime; tab_id=\u00a0\u00bb1666456260256-d08aae49-16be\u00a0\u00bb][vc_gallery images=\u00a0\u00bb10996,10634,10356,10355,10231,11005&Prime;][\/vc_tta_section][vc_tta_section title=\u00a0\u00bb2020-2021&Prime; tab_id=\u00a0\u00bb1666456245683-67ba66eb-c693&Prime;][vc_gallery images=\u00a0\u00bb9245,9246,9247,9248,8644,8643,8642,8641,8640,8639&Prime; title=\u00a0\u00bbSaison 2020-2021&Prime;][\/vc_tta_section][\/vc_tta_tabs][\/vc_column][\/vc_row][vc_row][vc_column]<script type=\"text\/javascript\">\n\/* <![CDATA[ *\/\nvar gform;gform||(document.addEventListener(\"gform_main_scripts_loaded\",function(){gform.scriptsLoaded=!0}),document.addEventListener(\"gform\/theme\/scripts_loaded\",function(){gform.themeScriptsLoaded=!0}),window.addEventListener(\"DOMContentLoaded\",function(){gform.domLoaded=!0}),gform={domLoaded:!1,scriptsLoaded:!1,themeScriptsLoaded:!1,isFormEditor:()=>\"function\"==typeof InitializeEditor,callIfLoaded:function(o){return!(!gform.domLoaded||!gform.scriptsLoaded||!gform.themeScriptsLoaded&&!gform.isFormEditor()||(gform.isFormEditor()&&console.warn(\"The use of gform.initializeOnLoaded() is deprecated in the form editor context and will be removed in Gravity Forms 3.1.\"),o(),0))},initializeOnLoaded:function(o){gform.callIfLoaded(o)||(document.addEventListener(\"gform_main_scripts_loaded\",()=>{gform.scriptsLoaded=!0,gform.callIfLoaded(o)}),document.addEventListener(\"gform\/theme\/scripts_loaded\",()=>{gform.themeScriptsLoaded=!0,gform.callIfLoaded(o)}),window.addEventListener(\"DOMContentLoaded\",()=>{gform.domLoaded=!0,gform.callIfLoaded(o)}))},hooks:{action:{},filter:{}},addAction:function(o,r,e,t){gform.addHook(\"action\",o,r,e,t)},addFilter:function(o,r,e,t){gform.addHook(\"filter\",o,r,e,t)},doAction:function(o){gform.doHook(\"action\",o,arguments)},applyFilters:function(o){return gform.doHook(\"filter\",o,arguments)},removeAction:function(o,r){gform.removeHook(\"action\",o,r)},removeFilter:function(o,r,e){gform.removeHook(\"filter\",o,r,e)},addHook:function(o,r,e,t,n){null==gform.hooks[o][r]&&(gform.hooks[o][r]=[]);var d=gform.hooks[o][r];null==n&&(n=r+\"_\"+d.length),gform.hooks[o][r].push({tag:n,callable:e,priority:t=null==t?10:t})},doHook:function(r,o,e){var t;if(e=Array.prototype.slice.call(e,1),null!=gform.hooks[r][o]&&((o=gform.hooks[r][o]).sort(function(o,r){return o.priority-r.priority}),o.forEach(function(o){\"function\"!=typeof(t=o.callable)&&(t=window[t]),\"action\"==r?t.apply(null,e):e[0]=t.apply(null,e)})),\"filter\"==r)return e[0]},removeHook:function(o,r,t,n){var e;null!=gform.hooks[o][r]&&(e=(e=gform.hooks[o][r]).filter(function(o,r,e){return!!(null!=n&&n!=o.tag||null!=t&&t!=o.priority)}),gform.hooks[o][r]=e)}});\n\/* ]]> *\/\n<\/script>\n\n                <div class='gf_browser_gecko gform_wrapper gform_legacy_markup_wrapper gform-theme--no-framework' data-form-theme='legacy' data-form-index='0' id='gform_wrapper_1' >\n                        <div class='gform_heading'>\n                            <h3 class=\"gform_title\">Contact<\/h3>\n                            <p class='gform_description'><\/p>\n                        <\/div><form method='post' enctype='multipart\/form-data'  id='gform_1'  action='\/hautsdeseine\/wp-json\/wp\/v2\/pages\/56' data-formid='1' novalidate>\n                        <div class='gform-body gform_body'><ul id='gform_fields_1' class='gform_fields top_label form_sublabel_below description_below validation_below'><li id=\"field_1_1\" class=\"gfield gfield--type-name field_sublabel_below gfield--no-description field_description_below field_validation_below gfield_visibility_visible\"  ><label class='gfield_label gform-field-label gfield_label_before_complex' >Identit\u00e9<\/label><div class='ginput_complex ginput_container ginput_container--name no_prefix has_first_name no_middle_name has_last_name no_suffix gf_name_has_2 ginput_container_name gform-grid-row' id='input_1_1'>\n                            \n                            <span id='input_1_1_3_container' class='name_first gform-grid-col gform-grid-col--size-auto' >\n                                                    <input type='text' name='input_1.3' id='input_1_1_3' value=''   aria-required='false'     \/>\n                                                    <label for='input_1_1_3' class='gform-field-label gform-field-label--type-sub '>Pr\u00e9nom<\/label>\n                                                <\/span>\n                            \n                            <span id='input_1_1_6_container' class='name_last gform-grid-col gform-grid-col--size-auto' >\n                                                    <input type='text' name='input_1.6' id='input_1_1_6' value=''   aria-required='false'     \/>\n                                                    <label for='input_1_1_6' class='gform-field-label gform-field-label--type-sub '>Nom<\/label>\n                                                <\/span>\n                            \n                        <\/div><\/li><li id=\"field_1_2\" class=\"gfield gfield--type-email gfield_contains_required field_sublabel_below gfield--no-description field_description_below field_validation_below gfield_visibility_visible\"  ><label class='gfield_label gform-field-label' for='input_1_2'>E-mail<span class=\"gfield_required\"><span class=\"gfield_required gfield_required_asterisk\">*<\/span><\/span><\/label><div class='ginput_container ginput_container_email'>\n                            <input name='input_2' id='input_1_2' type='email' value='' class='medium'    aria-required=\"true\" aria-invalid=\"false\"  \/>\n                        <\/div><\/li><li id=\"field_1_3\" class=\"gfield gfield--type-textarea field_sublabel_below gfield--no-description field_description_below field_validation_below gfield_visibility_visible\"  ><label class='gfield_label gform-field-label' for='input_1_3'>Votre message<\/label><div class='ginput_container ginput_container_textarea'><textarea name='input_3' id='input_1_3' class='textarea medium'      aria-invalid=\"false\"   rows='10' cols='50'><\/textarea><\/div><\/li><\/ul><\/div>\n        <div class='gform-footer gform_footer top_label'> <input type='submit' id='gform_submit_button_1' class='gform_button button' onclick='gform.submission.handleButtonClick(this);' data-submission-type='submit' value='Envoyer'  \/> \n            <input type='hidden' class='gform_hidden' name='gform_submission_method' data-js='gform_submission_method_1' value='postback' \/>\n            <input type='hidden' class='gform_hidden' name='gform_theme' data-js='gform_theme_1' id='gform_theme_1' value='legacy' \/>\n            <input type='hidden' class='gform_hidden' name='gform_style_settings' data-js='gform_style_settings_1' id='gform_style_settings_1' value='[]' \/>\n            <input type='hidden' class='gform_hidden' name='is_submit_1' value='1' \/>\n            <input type='hidden' class='gform_hidden' name='gform_submit' value='1' \/>\n            \n            <input type='hidden' class='gform_hidden' name='gform_currency' data-currency='EUR' value='DO+7K0yuAcrkeu3XSVuT7IVoBgjSLcOfnXs57W8ro1HBa1ScfTGVTiV2Z7DJXy6+p+DxAujsTNQAVuSWA0oSCeTdWjJgUpt6GN6S3g1chHgThIA=' \/>\n            <input type='hidden' class='gform_hidden' name='gform_unique_id' value='' \/>\n            <input type='hidden' class='gform_hidden' name='state_1' value='WyJbXSIsIjU3NDUxNjFlOWEyZjczODJmMTVlZDFkZGExMWE5Y2QxIl0=' \/>\n            <input type='hidden' autocomplete='off' class='gform_hidden' name='gform_target_page_number_1' id='gform_target_page_number_1' value='0' \/>\n            <input type='hidden' autocomplete='off' class='gform_hidden' name='gform_source_page_number_1' id='gform_source_page_number_1' value='1' \/>\n            <input type='hidden' name='gform_field_values' value='' \/>\n            \n        <\/div>\n                        <input\n                    class=\"apbct_special_field apbct_email_id__gravity_form\"\n                    name=\"apbct__email_id__gravity_form\"\n                    aria-label=\"apbct__label_id__gravity_form\"\n                    type=\"text\" size=\"30\" maxlength=\"200\" autocomplete=\"off\"\n                    value=\"\"\n                \/><\/form>\n                        <\/div><script type=\"text\/javascript\">\n\/* <![CDATA[ *\/\n gform.initializeOnLoaded( function() {gformInitSpinner( 1, 'https:\/\/sites.ffkarate.fr\/hautsdeseine\/wp-content\/plugins\/gravityforms\/images\/spinner.svg', true );jQuery('#gform_ajax_frame_1').on('load',function(){var contents = jQuery(this).contents().find('*').html();var is_postback = contents.indexOf('GF_AJAX_POSTBACK') >= 0;if(!is_postback){return;}var form_content = jQuery(this).contents().find('#gform_wrapper_1');var is_confirmation = jQuery(this).contents().find('#gform_confirmation_wrapper_1').length > 0;var is_redirect = contents.indexOf('gformRedirect(){') >= 0;var is_form = form_content.length > 0 && ! is_redirect && ! is_confirmation;var mt = parseInt(jQuery('html').css('margin-top'), 10) + parseInt(jQuery('body').css('margin-top'), 10) + 100;if(is_form){jQuery('#gform_wrapper_1').html(form_content.html());if(form_content.hasClass('gform_validation_error')){jQuery('#gform_wrapper_1').addClass('gform_validation_error');} else {jQuery('#gform_wrapper_1').removeClass('gform_validation_error');}setTimeout( function() { \/* delay the scroll by 50 milliseconds to fix a bug in chrome *\/  }, 50 );if(window['gformInitDatepicker']) {gformInitDatepicker();}if(window['gformInitPriceFields']) {gformInitPriceFields();}var current_page = jQuery('#gform_source_page_number_1').val();gformInitSpinner( 1, 'https:\/\/sites.ffkarate.fr\/hautsdeseine\/wp-content\/plugins\/gravityforms\/images\/spinner.svg', true );jQuery(document).trigger('gform_page_loaded', [1, current_page]);window['gf_submitting_1'] = false;}else if(!is_redirect){var confirmation_content = jQuery(this).contents().find('.GF_AJAX_POSTBACK').html();if(!confirmation_content){confirmation_content = contents;}jQuery('#gform_wrapper_1').replaceWith(confirmation_content);jQuery(document).trigger('gform_confirmation_loaded', [1]);window['gf_submitting_1'] = false;wp.a11y.speak(jQuery('#gform_confirmation_message_1').text());}else{jQuery('#gform_1').append(contents);if(window['gformRedirect']) {gformRedirect();}}jQuery(document).trigger(\"gform_pre_post_render\", [{ formId: \"1\", currentPage: \"current_page\", abort: function() { this.preventDefault(); } }]);        if (event && event.defaultPrevented) {                return;        }        const gformWrapperDiv = document.getElementById( \"gform_wrapper_1\" );        if ( gformWrapperDiv ) {            const visibilitySpan = document.createElement( \"span\" );            visibilitySpan.id = \"gform_visibility_test_1\";            gformWrapperDiv.insertAdjacentElement( \"afterend\", visibilitySpan );        }        const visibilityTestDiv = document.getElementById( \"gform_visibility_test_1\" );        let postRenderFired = false;        function triggerPostRender() {            if ( postRenderFired ) {                return;            }            postRenderFired = true;            gform.core.triggerPostRenderEvents( 1, current_page );            if ( visibilityTestDiv ) {                visibilityTestDiv.parentNode.removeChild( visibilityTestDiv );            }        }        function debounce( func, wait, immediate ) {            var timeout;            return function() {                var context = this, args = arguments;                var later = function() {                    timeout = null;                    if ( !immediate ) func.apply( context, args );                };                var callNow = immediate && !timeout;                clearTimeout( timeout );                timeout = setTimeout( later, wait );                if ( callNow ) func.apply( context, args );            };        }        const debouncedTriggerPostRender = debounce( function() {            triggerPostRender();        }, 200 );        if ( visibilityTestDiv && visibilityTestDiv.offsetParent === null ) {            const observer = new MutationObserver( ( mutations ) => {                mutations.forEach( ( mutation ) => {                    if ( mutation.type === 'attributes' && visibilityTestDiv.offsetParent !== null ) {                        debouncedTriggerPostRender();                        observer.disconnect();                    }                });            });            observer.observe( document.body, {                attributes: true,                childList: false,                subtree: true,                attributeFilter: [ 'style', 'class' ],            });        } else {            triggerPostRender();        }    } );} ); \n\/* ]]> *\/\n<\/script>\n[\/vc_column][\/vc_row]<\/p>\n<\/div>","protected":false},"excerpt":{"rendered":"<p>[vc_row][vc_column][ffk_peoplecard image=\u00a0\u00bb5674&Prime; title=\u00a0\u00bbRachid BOUARIF\u00a0\u00bb subtitle=\u00a0\u00bbResponsable de la formation sur le d\u00e9partement des Hauts-De-Seine\u00a0\u00bb description=\u00a0\u00bbM\u00e8l. : rb.cdk92@free.fr\u00a0\u00bb][\/vc_column][\/vc_row][vc_row][vc_column][vc_single_image image=\u00a0\u00bb16706&Prime;][\/vc_column][\/vc_row][vc_row][vc_column][vc_column_text] Inscriptions [\/vc_column_text][vc_column_text]Les inscriptions sont d\u00e9mat\u00e9rialis\u00e9es et se font par le portail Sikada Inscriptions :[\/vc_column_text][vc_pricing_table heading=\u00a0\u00bbInscription et paiement\u00a0\u00bb subheading=\u00a0\u00bbFormations AFA &#8211; DAF &#8211; DIF\u00a0\u00bb currency=\u00a0\u00bb\u00a0\u00bb price=\u00a0\u00bb\u00a0\u00bb period=\u00a0\u00bb\u00a0\u00bb markers_color=\u00a0\u00bb#1423A0&Prime; btn_title=\u00a0\u00bbLien pour les inscriptions\u00a0\u00bb btn_style=\u00a0\u00bb3d\u00a0\u00bb btn_css_animation=\u00a0\u00bbbounceIn\u00a0\u00bb css=\u00a0\u00bb.vc_custom_1732869611879{background-color: #ECECEC !important;}\u00a0\u00bb btn_link=\u00a0\u00bburl:https%3A%2F%2Fwww.sikada.fr%2FsikadaIns%2F|title:Inscriptions|target:_blank\u00a0\u00bb][\/vc_pricing_table][vc_empty_space height=\u00a0\u00bb22px\u00a0\u00bb][vc_column_text]Veuillez [&hellip;]<\/p>\n","protected":false},"author":20,"featured_media":0,"parent":0,"menu_order":0,"comment_status":"closed","ping_status":"closed","template":"","meta":{"footnotes":""},"class_list":["post-56","page","type-page","status-publish","hentry"],"_links":{"self":[{"href":"https:\/\/sites.ffkarate.fr\/hautsdeseine\/wp-json\/wp\/v2\/pages\/56","targetHints":{"allow":["GET"]}}],"collection":[{"href":"https:\/\/sites.ffkarate.fr\/hautsdeseine\/wp-json\/wp\/v2\/pages"}],"about":[{"href":"https:\/\/sites.ffkarate.fr\/hautsdeseine\/wp-json\/wp\/v2\/types\/page"}],"author":[{"embeddable":true,"href":"https:\/\/sites.ffkarate.fr\/hautsdeseine\/wp-json\/wp\/v2\/users\/20"}],"replies":[{"embeddable":true,"href":"https:\/\/sites.ffkarate.fr\/hautsdeseine\/wp-json\/wp\/v2\/comments?post=56"}],"version-history":[{"count":17,"href":"https:\/\/sites.ffkarate.fr\/hautsdeseine\/wp-json\/wp\/v2\/pages\/56\/revisions"}],"predecessor-version":[{"id":17991,"href":"https:\/\/sites.ffkarate.fr\/hautsdeseine\/wp-json\/wp\/v2\/pages\/56\/revisions\/17991"}],"wp:attachment":[{"href":"https:\/\/sites.ffkarate.fr\/hautsdeseine\/wp-json\/wp\/v2\/media?parent=56"}],"curies":[{"name":"wp","href":"https:\/\/api.w.org\/{rel}","templated":true}]}}