{"id":5684,"date":"2018-10-07T15:12:32","date_gmt":"2018-10-07T13:12:32","guid":{"rendered":"https:\/\/sites.ffkarate.fr\/hautsdeseine\/?page_id=5684"},"modified":"2024-09-16T11:39:08","modified_gmt":"2024-09-16T09:39:08","slug":"resultats-saison-2017-2018","status":"publish","type":"page","link":"https:\/\/sites.ffkarate.fr\/hautsdeseine\/competitions-2\/resultats\/resultats-saison-2017-2018\/","title":{"rendered":"R\u00e9sultats \/ Saison 2017-2018"},"content":{"rendered":"<div class=\"wpb-content-wrapper\"><p>[vc_row][vc_column][vc_column_text]<\/p>\n<h2>\u00a0R\u00e9sultats saison 2017-2018<\/h2>\n<div style=\"border: 0px solid black;color: white;font-size: 17px;padding: 3px;background-color: #00607c\"><strong>Samedi 23 et dimanche 24 juin 2018 : COUPE DE FRANCE KARAT\u00c9 COMBATS\/KATA DES CORPORATIONS M\/F<\/strong><\/div>\n<p>&nbsp;<\/p>\n<p>Le\u00a0<strong>samedi\u00a023 et dimanche 24 juin 2018,\u00a0<\/strong>avait lieu la\u00a0<strong>Coupe de France de Karat\u00e9 Combats\/Kata des Corporations<\/strong>\u00a0\u00e0 Amiens (60). Encore de tr\u00e8s beaux r\u00e9sultats pour les comp\u00e9titeurs du d\u00e9partement !!<\/p>\n<p><strong>1\u00e8re place :<\/strong><\/p>\n<ul>\n<li><strong>Mathieu ALLAF<\/strong>\u00a0(<em>Courbevoie SK<\/em>)\u00a0 &#8211; Benjamin\u00a0masculin -30 kg<\/li>\n<li><strong>Paul ROULLEAU<\/strong>\u00a0(<i>CourbevoieSK<\/i>) &#8211; Minime masculin -40 kg<\/li>\n<li><strong>Tom DELEHAYE<\/strong>\u00a0(<i>CourbevoieSK<\/i>) &#8211; Minime masculin -45 kg<\/li>\n<li><strong>Nelisa HAFEZAN<\/strong>\u00a0(<em>Courbevoie SK<\/em>)\u00a0 &#8211; Benjamin f\u00e9minin\u00a0-35 kg<\/li>\n<\/ul>\n<p><strong>2\u00e8me place :<\/strong><\/p>\n<ul>\n<li><strong>Enzo DOMANGE<\/strong>\u00a0(<i>CourbevoieSK<\/i>) &#8211; Minimes masculin -40 kg<\/li>\n<li><strong>Antonin RAYNAUD<\/strong>\u00a0(<i>CourbevoieSK<\/i>) &#8211; Cadet masculin -70 kg<\/li>\n<li><strong>Alyssa DARNOIS<\/strong>\u00a0(<i>CourbevoieSK<\/i>) &#8211;\u00a0Cadet f\u00e9minin -47 kg<\/li>\n<\/ul>\n<p><strong>3\u00e8me place :<\/strong><\/p>\n<ul>\n<li><strong>Marissa HAFEZAN<\/strong>\u00a0(<em>Courbevoie SK<\/em>)\u00a0 &#8211; Benjamin f\u00e9minin Kata<\/li>\n<\/ul>\n<p><a href=\"https:\/\/sites.ffkarate.fr\/hautsdeseine\/wp-content\/uploads\/sites\/57\/2018\/06\/20180623-24_Coupe_De_France_Des_Corporations_Resultats_V1.0.pdf\" target=\"_blank\" rel=\"noopener\"><span style=\"color: #1423a0\"><b>Classement complet de la Coupe de France de Karat\u00e9 Combats\/Kata des Corporations du samedi 23 etdimanche 24 juin 2018<\/b><\/span><\/a>\u00a0\u00a0\u2b05\ufe0f\u00a0Cliquez sur ce lien<\/p>\n<div style=\"border: 0px solid black;color: white;font-size: 17px;padding: 3px;background-color: #00607c\"><strong>Samedi\u00a016 juin 2018 :\u00a0COUPE DE FRANCE KARAT\u00c9 COMBATS MIN\/CAD\/JUN ZONE NORD<\/strong><\/div>\n<p>&nbsp;<\/p>\n<p>Le\u00a0<strong>samedi\u00a016\u00a0juin 2018,\u00a0<\/strong>avait lieu la\u00a0<strong>Coupe de France de Karat\u00e9 Combats Zone Nord<\/strong>\u00a0pour les minimes, cadets et juniors \u00e0 Ch\u00e2lons-En-Champagne (50).\u00a0Encore de tr\u00e8s beaux r\u00e9sultats pour les comp\u00e9titeurs du d\u00e9partement !!<\/p>\n<p><strong>1\u00e8re place :<\/strong><\/p>\n<ul>\n<li><strong>Tom DELEHAYE<\/strong>\u00a0(<em>CourbevoieSK<\/em>) &#8211; Minime masculin -45 kg<\/li>\n<li><strong>L\u00e9a DE BARROS\u00a0<\/strong>(<em>AKDLevallois92<\/em>)<strong>\u00a0<\/strong>&#8211; Cadet f\u00e9minin -47kg<\/li>\n<\/ul>\n<p><strong>2\u00e8me place :<\/strong><\/p>\n<ul>\n<li><strong>Adrien GNIZAKO<\/strong>\u00a0(<em>CSMPuteaux<\/em>) &#8211;\u00a0Cadet masculin -63 kg<\/li>\n<li><strong>M\u00e9linda MARMOT<\/strong>\u00a0(<em>CSMPuteaux<\/em>) &#8211;\u00a0Junior f\u00e9minin\u00a0-59 kg<\/li>\n<\/ul>\n<p><strong>3\u00e8me place :<\/strong><\/p>\n<ul>\n<li><strong>Enzo SULPICE<\/strong>\u00a0(<em>IGKDF\u00a0<\/em><i>Vanves<\/i>) &#8211; Minime masculin -55kg<\/li>\n<li><strong>Amir ZOUAOUI<\/strong>\u00a0(<em>Karatenergy CSMG<\/em>)\u00a0&#8211; Minime masculin +65kg<\/li>\n<li><strong>Hamza SAM<\/strong>\u00a0(<em>CSMPuteaux<\/em>) &#8211;\u00a0Cadet masculin +67 kg<\/li>\n<li><strong>Chlo\u00e9 BREUZARD\u00a0<\/strong>(<em>IGDKF Vanves<\/em>) &#8211;\u00a0Cadet f\u00e9minin -47kg<\/li>\n<li><strong>Marjolaine PORCHER\u00a0<\/strong>(<i>CSMPuteaux<\/i>)\u00a0&#8211; Junior\u00a0f\u00e9minin -59kg<\/li>\n<\/ul>\n<p>A noter,\u00a0les\u00a0belles cinqui\u00e8mes places de\u00a0<strong>Enzo DOMANGE<\/strong><strong>\u00a0<\/strong>(<em>Courbevoie SK<\/em>) et\u00a0<strong>Ray RAZAFIMAHERY<\/strong>\u00a0(I<em>GDKF Vanves<\/em>) en minime masculin -40kg,\u00a0<strong>Thibault VOINDROT<\/strong>\u00a0(<em>KCVilleneuve<\/em>) en cadet masculin -52kg,\u00a0\u00a0<strong>Chatveekan\u00a0THIVENDRARAJAH\u00a0<\/strong>(<em>CSMPuteaux<\/em>) et\u00a0\u00a0<strong>Antonin RAYNAUD<\/strong><strong>\u00a0<\/strong>(<em>Courbevoie SK<\/em>)\u00a0 en cadets -70kg,\u00a0<strong>Marissa HAFEZAN<\/strong>\u00a0(<em>Courbevoie SK<\/em>) en mininime f\u00e9minin -35 kg,\u00a0<strong>Safia LAHOU<\/strong>\u00a0(<i>SKC Villeneuve-La-Garenne<\/i>) en minime\u00a0f\u00e9minin -55 kg<\/p>\n<p><span style=\"color: #000000\"><a href=\"https:\/\/sites.ffkarate.fr\/hautsdeseine\/wp-content\/uploads\/sites\/57\/2018\/06\/20180616_Coupe_France_Zone_Nord_Resultats_V1.0.pdf\" target=\"_blank\" rel=\"noopener\"><span style=\"color: #1423a0\"><b>Classement complet de la Coupe de France de Karat\u00e9 Combats Zone Nord du samedi 16 juin 2018<\/b><\/span><\/a>\u00a0\u00a0\u2b05\ufe0f\u00a0Cliquez sur ce lien<\/span><\/p>\n<div style=\"border: 0px solid black;color: white;font-size: 17px;padding: 3px;background-color: #00607c\"><strong>Samedi 9 et dimanche 10 juin 2018 :\u00a0CHALLENGE DES HAUTS-DE-SEINE DU FAIR-PLAY ET DE LA MIXITE<\/strong><\/div>\n<p>&nbsp;<\/p>\n<p>Le\u00a0<strong>samedi 9 et dimanche 10 juin 2018,\u00a0<\/strong>avait lieu le\u00a0Challenge des Hauts-De-Seine du Fair-Play et de la Mixit\u00e9\u00a0organis\u00e9 par le Comit\u00e9 D\u00e9partemental des Hauts-De-Seine au Plessis-Robinson. F\u00e9licitation au club de l&rsquo;<strong>IGDKF Vanves<\/strong>\u00a0qui termine 1er club des Hauts-De-Seine devant le\u00a0<strong>CSMPuteaux<\/strong>\u00a0et le\u00a0<strong>Courbevoie Sports Karate<\/strong>.<\/p>\n<p><span style=\"color: #000000\"><span style=\"color: #1423a0\"><b><a style=\"color: #1423a0\" href=\"https:\/\/sites.ffkarate.fr\/hautsdeseine\/wp-content\/uploads\/sites\/57\/2018\/06\/20180609-10_Challenge_Hauts_De_Seine_Resultalts_V1.0.pdf\" target=\"_blank\" rel=\"noopener\">Classement complet du Challenge des Hauts-De-Seine du Fair-Play et de la Mixit\u00e9 du\u00a0<strong>samedi 9 et dimanche 10 juin 2018<\/strong><\/a><\/b><\/span>\u00a0\u00a0\u2b05\ufe0f\u00a0Cliquez sur ce lien<\/span><\/p>\n<div style=\"border: 0px solid black;color: white;font-size: 17px;padding: 3px;background-color: #00607c\"><strong>Samedi 2 juin 2018 :\u00a0Tournoi des d\u00e9partements de la r\u00e9gion Ile-De-France<\/strong><\/div>\n<p>&nbsp;<\/p>\n<p>La\u00a0<b>Ligue Ile-De-France<\/b>\u00a0organisait le\u00a0<span style=\"color: #1243a0\"><strong>samedi\u00a02 juin 2018<\/strong><\/span>, le<b>\u00a0<\/b><span style=\"color: #dc2d5a\"><b style=\"color: #dc2d5a\">Tournoi des d\u00e9partements de la r\u00e9gion\u00a0<\/b><span style=\"color: #dc2d5a\"><b>\u00cele<\/b><\/span><b style=\"color: #dc2d5a\">-De-France<\/b><\/span>\u00a0en Kumit\u00e9 et Kata pour les benjamins et minimes. Bravo \u00e0 nos deux \u00e9quipes (gar\u00e7on et fille) pour leurs beaux r\u00e9sultats.<\/p>\n<p><strong>3\u00e8me place :<\/strong><\/p>\n<ul>\n<li>Equipe fille compos\u00e9e de Nisrine DHAIBI, Marissa HAFEZAN, Tessnim MAAZOUI, Manel NAJJARI, H\u00e9lo\u00efse PYOT, Chlo\u00e9 BREUZARD, Eva CRIOU, Angelina LIMA et Yasmine HLOU<\/li>\n<\/ul>\n<p><strong>5\u00e8me place :<\/strong><\/p>\n<ul>\n<li>Equipe gar\u00e7on compos\u00e9e de Ray RAZAFIMAHERY, Mathieu ALLAF, Yllian MAHJOUB, Adam AIT JEBLI, Matthias RANAIVOHARY, Abdelatif DAAOUFA, Enzo DOMANGE, Ismaila CISSOKO, Enzo SULPICE, Amir ZOUAOUI<\/li>\n<\/ul>\n<div>\n<div style=\"border: 0px solid black;color: white;font-size: 17px;padding: 3px;background-color: #00607c\">\n<div style=\"border: 0px solid black;color: white;font-size: 17px;padding: 3px;background-color: #00607c\">\n<div style=\"border: 0px solid black;color: white;font-size: 17px;padding: 3px;background-color: #00607c\"><strong>Dimanche 27 mai 2018<\/strong><strong>\u00a0: CHAMPIONNAT DE FRANCE COMBAT CADETS M\/F<\/strong><\/div>\n<\/div>\n<\/div>\n<\/div>\n<p>&nbsp;<\/p>\n<p>Le\u00a0<strong>dimanche 27 mai\u00a0<\/strong><strong>2018<\/strong>\u00a0avait lieu\u00a0le championnat de France combat cadets\u00a0\u00e0\u00a0<b>Villebon<\/b>\u00a0(91).<\/p>\n<p><strong>2\u00e8me\u00a0place :<\/strong><\/p>\n<ul>\n<li><strong>L\u00e9a DE BARROS\u00a0<\/strong>(<em>AKDLevallois92<\/em>)<strong>\u00a0<\/strong>&#8211; Cadet f\u00e9minine -47kg<\/li>\n<\/ul>\n<p><a href=\"https:\/\/sites.ffkarate.fr\/hautsdeseine\/wp-content\/uploads\/sites\/57\/2018\/05\/20180527_Championnat_De_France_Cadets_Resultats_V1.0.pdf\" target=\"_blank\" rel=\"noopener\"><span style=\"color: #1423a0\"><strong>R\u00e9sultats complet du championnat de France combat cadets du dimanche 27<\/strong><\/span><span style=\"color: #1423a0\"><strong>\u00a0mai 2018<\/strong><\/span><\/a>\u00a0\u2b05\ufe0f\u00a0<span style=\"color: #000000\">Cliquez sur ce lien<\/span><\/p>\n<div>\n<div style=\"border: 0px solid black;color: white;font-size: 17px;padding: 3px;background-color: #00607c\">\n<div style=\"border: 0px solid black;color: white;font-size: 17px;padding: 3px;background-color: #00607c\">\n<div style=\"border: 0px solid black;color: white;font-size: 17px;padding: 3px;background-color: #00607c\"><strong>Samedi\u00a026 mai 2018<\/strong><strong>\u00a0: COUPE DE FRANCE COMBATS BENJAMINS M\/F<\/strong><\/div>\n<\/div>\n<\/div>\n<\/div>\n<p>&nbsp;<\/p>\n<p>Le\u00a0<strong>samedi 26<\/strong>\u00a0<strong>mai 2018<\/strong>\u00a0avait lieu la Coupe de France Combats Benjamins \u00e0\u00a0<b>Villebon<\/b>\u00a0(91).<\/p>\n<p><strong>1\u00e8re place\u00a0:<\/strong><\/p>\n<ul>\n<li><strong>Thomas SYLLARD-LASSOURCE<\/strong>\u00a0(<i>Levallois SC<\/i>) &#8211;\u00a0Benjamin\u00a0masculin -55\u00a0kg<\/li>\n<\/ul>\n<p><strong>2\u00e8me\u00a0place :<\/strong><\/p>\n<ul>\n<li><strong>Tessnime MAAZOUZI<\/strong>\u00a0(<i>SKC Villeneuve-La-Garenne<\/i>) &#8211;\u00a0Benjamin f\u00e9minine -40 kg<\/li>\n<li><strong>Safia LAHOU<\/strong>\u00a0(<i>SKC Villeneuve-La-Garenne<\/i>) &#8211;\u00a0Benjamin f\u00e9minine\u00a0+50 kg<\/li>\n<li><strong>Matthias\u00a0RANAIVOHARINDRIAKA<\/strong>\u00a0(I<em>GDKF Vanves<\/em>)<strong>\u00a0<\/strong>&#8211;\u00a0Benjamin\u00a0masculin -55kg<\/li>\n<\/ul>\n<p><strong>3\u00e8me place :<\/strong><\/p>\n<ul>\n<li><strong>Marissa HAFEZAN<\/strong>\u00a0(<em>Courbevoie SK<\/em>) &#8211;\u00a0Benjamin f\u00e9minine -35 kg<\/li>\n<\/ul>\n<p><a href=\"https:\/\/sites.ffkarate.fr\/hautsdeseine\/wp-content\/uploads\/sites\/57\/2018\/05\/20180526_Coupe_France_Benjamins_Resultats_V1.0.pdf\" target=\"_blank\" rel=\"noopener\"><span style=\"color: #1423a0\"><strong>R\u00e9sultats complet de la Coupe de France\u00a0benjamins du\u00a0<strong>sam<\/strong><\/strong><\/span><span style=\"color: #1423a0\"><strong><strong>edi 26<\/strong>\u00a0<strong>mai 2018<\/strong><\/strong><\/span><\/a>\u00a0\u2b05\ufe0f\u00a0<span style=\"color: #000000\">Cliquez sur ce lien<\/span><\/p>\n<div>\n<div style=\"border: 0px solid black;color: white;font-size: 17px;padding: 3px;background-color: #00607c\">\n<div style=\"border: 0px solid black;color: white;font-size: 17px;padding: 3px;background-color: #00607c\">\n<div style=\"border: 0px solid black;color: white;font-size: 17px;padding: 3px;background-color: #00607c\"><strong>Samedi\u00a026 mai 2018<\/strong><strong>\u00a0: COUPE DE FRANCE KOBUDO SPORTIF<\/strong><\/div>\n<\/div>\n<\/div>\n<\/div>\n<p>&nbsp;<\/p>\n<p>Le\u00a0<strong>samedi 26<\/strong>\u00a0<strong>mai 2018<\/strong>\u00a0avait lieu la Coupe de France Kobudo Sportif au\u00a0<strong>gymnase Didot<\/strong>\u00a0(Paris 14\u00e8me).<\/p>\n<p><strong>1\u00e8re place\u00a0:<\/strong><\/p>\n<ul>\n<li><strong>Ineam OUARAG\u00a0<\/strong>(<i>Levallois SC<\/i>) &#8211;\u00a0Junior f\u00e9minin\u00a0kata<\/li>\n<\/ul>\n<p><strong>2\u00e8me\u00a0place :<\/strong><\/p>\n<ul>\n<li><strong>Raffaele\u00a0RIGHESCHI\u00a0<\/strong>(<i>Levallois SC<\/i>) &#8211;\u00a0Minime\u00a0masculin kata<\/li>\n<\/ul>\n<p><strong>3\u00e8me place :<\/strong><\/p>\n<ul>\n<li><strong>Loan LU CHI VANG<\/strong>\u00a0(<i>Levallois SC<\/i>) &#8211;\u00a0Minime\u00a0masculin kata<\/li>\n<li><strong>Mathis BAIL<\/strong>\u00a0(<i>Levallois SC<\/i>) &#8211;\u00a0Minime\u00a0masculin kata<\/li>\n<li><strong>Agathe LECHAUDEL<\/strong>\u00a0(<i>Levallois SC<\/i>) &#8211;\u00a0Minime\u00a0f\u00e9minine\u00a0kata<\/li>\n<\/ul>\n<p><a href=\"https:\/\/sites.ffkarate.fr\/hautsdeseine\/wp-content\/uploads\/sites\/57\/2018\/05\/20180526_Coupe_France_Kobudo_Sportif_Resultat_V1.0.pdf\" target=\"_blank\" rel=\"noopener\"><span style=\"color: #1423a0\"><strong>R\u00e9sultats complet de la Coupe de France de Kobudo sportif du\u00a0<strong>sam<\/strong><\/strong><\/span><span style=\"color: #1423a0\"><strong><strong>edi 26<\/strong>\u00a0<strong>mai 2018<\/strong><\/strong><\/span><\/a>\u00a0\u2b05\ufe0f\u00a0<span style=\"color: #000000\">Cliquez sur ce lien<\/span><\/p>\n<div>\n<div style=\"border: 0px solid black;color: white;font-size: 17px;padding: 3px;background-color: #00607c\">\n<div style=\"border: 0px solid black;color: white;font-size: 17px;padding: 3px;background-color: #00607c\">\n<div style=\"border: 0px solid black;color: white;font-size: 17px;padding: 3px;background-color: #00607c\"><strong>Vendredi 25, samedi 26 et dimanche 27\u00a0<\/strong><strong>2018 : KARATE 1 YOUTH LEAGUE<\/strong><\/div>\n<\/div>\n<\/div>\n<\/div>\n<p>&nbsp;<\/p>\n<p>Le\u00a0<strong>vendredi 25<\/strong>,<strong>\u00a0samedi 26<\/strong>\u00a0et\u00a0<strong>dimanche\u00a027\u00a0mai 2018<\/strong>\u00a0avait lieu\u00a0la Karate1 Youth League \u00e0\u00a0<strong>Sofia<\/strong>\u00a0(Bulgarie).<\/p>\n<p><strong>1\u00e8re\u00a0place :<\/strong><\/p>\n<ul>\n<li><strong>Rabie HOULLICH\u00a0<\/strong>(<em>CSMPuteaux<\/em>) &#8211; Cadets masculin +76kg<\/li>\n<\/ul>\n<p><span style=\"color: #1423a0\"><strong><a style=\"color: #1423a0\" href=\"https:\/\/www.sportdata.org\/wkf\/ausschreibungen\/170\/Results.pdf\" target=\"_blank\" rel=\"noopener\">R\u00e9sultats complet de la Karate1 Youth League du vendredi 25,<strong>\u00a0samedi 26<\/strong>\u00a0et\u00a0<strong>dimanche\u00a027\u00a0mai 2018<\/strong><\/a><\/strong><\/span>\u00a0\u2b05\ufe0f\u00a0<span style=\"color: #000000\">Cliquez sur ce lien<\/span><\/p>\n<div>\n<div style=\"border: 0px solid black;color: white;font-size: 17px;padding: 3px;background-color: #00607c\">\n<div style=\"border: 0px solid black;color: white;font-size: 17px;padding: 3px;background-color: #00607c\">\n<div style=\"border: 0px solid black;color: white;font-size: 17px;padding: 3px;background-color: #00607c\"><strong>Samedi\u00a019 et\u00a0 dimanche 20 mai<\/strong><strong>\u00a02018 : COUPE DE FRANCE COMBATS PUPILLES M\/F<\/strong><\/div>\n<\/div>\n<\/div>\n<\/div>\n<p>&nbsp;<\/p>\n<p>Le\u00a0<strong>samedi 19<\/strong>\u00a0et\u00a0<strong>dimanche 20 mai 2018<\/strong>\u00a0avait lieu la Coupe de France Combats\u00a0Pupilles \u00e0\u00a0<strong>Reims<\/strong>\u00a0(51).<\/p>\n<p><strong>2\u00e8me place :<\/strong><\/p>\n<ul>\n<li><strong>Dalia AJMIL<\/strong>\u00a0(<i>IFCH<\/i>) &#8211; Pupille f\u00e9minine -30kg<\/li>\n<\/ul>\n<p>A noter,\u00a0les\u00a0belles cinqui\u00e8mes places de\u00a0<strong>Eryne MARSEILLE\u00a0<\/strong>(<em>KC Colombes<\/em>)\u00a0en pupille\u00a0f\u00e9minine -35kg et de\u00a0<strong>Ilyes MANSAR\u00a0<\/strong>(<em>Courbevoie SK<\/em>) en pupille masculin -45kg.<\/p>\n<p><span style=\"color: #1423a0\"><strong><a style=\"color: #1423a0\" href=\"https:\/\/sites.ffkarate.fr\/hautsdeseine\/wp-content\/uploads\/sites\/57\/2018\/05\/20180519-20_Coupe_De_France_Pupilles_Resultats_V1.0.pdf\" target=\"_blank\" rel=\"noopener\">R\u00e9sultats complet de la Coupe de France Combats\u00a0Pupilles du samedi 19 et dimanche\u00a020 mai 2018<\/a><\/strong><\/span>\u00a0\u2b05\ufe0f\u00a0<span style=\"color: #000000\">Cliquez sur ce lien<\/span><\/p>\n<div>\n<div style=\"border: 0px solid black;color: white;font-size: 17px;padding: 3px;background-color: #00607c\">\n<div style=\"border: 0px solid black;color: white;font-size: 17px;padding: 3px;background-color: #00607c\">\n<div style=\"border: 0px solid black;color: white;font-size: 17px;padding: 3px;background-color: #00607c\"><strong>Samedi\u00a028 et\u00a0 dimanche\u00a029\u00a0avril<\/strong><strong>\u00a02018 : CHAMPIONNATS DE FRANCE COMBATS MINIMES M\/F IND<\/strong><\/div>\n<\/div>\n<\/div>\n<\/div>\n<p>&nbsp;<\/p>\n<p>Le\u00a0<strong>samedi 28<\/strong>\u00a0et\u00a0<strong>dimanche 29 avril 2018<\/strong>\u00a0avait lieu le championnat de France Combats Minimes \u00e0 Clermont-Ferrand\u00a0(63).<\/p>\n<p><strong>1\u00e8re place\u00a0:<\/strong><\/p>\n<ul>\n<li><strong>Djihane MENACER\u00a0<\/strong>(<i>CSMPuteaux<\/i>) &#8211;\u00a0\u00a0Minime\u00a0f\u00e9minine -55\u00a0kg<\/li>\n<\/ul>\n<p><strong>2\u00e8me place :<\/strong><\/p>\n<ul>\n<li><strong>Angelina LIMA<\/strong>\u00a0(<i>AMGarennois<\/i>) &#8211; Minime f\u00e9minine -45kg<\/li>\n<\/ul>\n<p><strong>3\u00e8me place :<\/strong><\/p>\n<ul>\n<li><strong>Chlo\u00e9 BREUZARD\u00a0<\/strong>(<em>IGDKF Vanves<\/em>) &#8211; Minime f\u00e9minine -40kg<\/li>\n<\/ul>\n<p><span style=\"color: #1423a0\"><strong><a style=\"color: #1423a0\" href=\"https:\/\/sites.ffkarate.fr\/hautsdeseine\/wp-content\/uploads\/sites\/57\/2018\/04\/20180428-29_Championnat_France_Combats_Minimes_Resultats_V1.0.pdf\" target=\"_blank\" rel=\"noopener\">R\u00e9sultats complet\u00a0du Championnat de France Combats Minimes du samedi 28 et dimanche 29 avril 2018<\/a><\/strong><\/span>\u00a0\u2b05\ufe0f\u00a0<span style=\"color: #000000\">Cliquez sur ce lien<\/span><\/p>\n<div>\n<div style=\"border: 0px solid black;color: white;font-size: 17px;padding: 3px;background-color: #00607c\">\n<div style=\"border: 0px solid black;color: white;font-size: 17px;padding: 3px;background-color: #00607c\">\n<div style=\"border: 0px solid black;color: white;font-size: 17px;padding: 3px;background-color: #00607c\"><strong>Samedi\u00a028 et\u00a0 dimanche\u00a029\u00a0avril<\/strong><strong>\u00a02018 : CHAMPIONNAT DE FRANCE KARAT\u00c9 LIGHT CONTACT<\/strong><\/div>\n<\/div>\n<\/div>\n<\/div>\n<p>&nbsp;<\/p>\n<p>Le\u00a0<strong>samedi 28<\/strong>\u00a0et\u00a0<strong>dimanche 29 avril 2018<\/strong>\u00a0avait lieu le championnat de France Karat\u00e9 Light Contact\u00a0\u00e0 Valenciennes (59).<\/p>\n<p><strong>1\u00e8re place\u00a0:<\/strong><\/p>\n<ul>\n<li><strong>Abdallah BOURAS<\/strong>\u00a0(<em>Fight Club Asni\u00e8res<\/em>) &#8211;\u00a0Minime masculin -60kg<\/li>\n<li><strong>Paul CARBONNIER<\/strong>\u00a0(<em>KBC Garches<\/em>) &#8211; S\u00e9nior masculin +90 kg<\/li>\n<\/ul>\n<p><b>3\u00e8me place\u00a0:<\/b><\/p>\n<ul>\n<li><strong>Salaheddin BOUAZA<\/strong>\u00a0(<em>Fight Club Asni\u00e8res<\/em>) &#8211;\u00a0Minime masculin -40kg<\/li>\n<\/ul>\n<p><span style=\"color: #1423a0\"><strong><a style=\"color: #1423a0\" href=\"https:\/\/sites.ffkarate.fr\/hautsdeseine\/wp-content\/uploads\/sites\/57\/2018\/04\/20180428-29_Championnat_France_Karate_Light_Contact_Resultats_V1.0.pdf\" target=\"_blank\" rel=\"noopener\">R\u00e9sultats complet\u00a0du Championnat de France\u00a0Karat\u00e9 Light Contact\u00a0du samedi 28 et dimanche 29 avril 2018<\/a><\/strong><\/span>\u00a0\u2b05\ufe0f\u00a0<span style=\"color: #000000\">Cliquez sur ce lien<\/span><\/p>\n<div>\n<div style=\"border: 0px solid black;color: white;font-size: 17px;padding: 3px;background-color: #00607c\">\n<div style=\"border: 0px solid black;color: white;font-size: 17px;padding: 3px;background-color: #00607c\">\n<div style=\"border: 0px solid black;color: white;font-size: 17px;padding: 3px;background-color: #00607c\"><strong>Samedi 14 et\u00a0 dimanche 15 avril<\/strong><strong>\u00a02018 : CHAMPIONNAT DE FRANCE COMBATS S\u00c9NIORS INDIVIDUELS EQUIPES M\/F<\/strong><\/div>\n<\/div>\n<\/div>\n<\/div>\n<p>&nbsp;<\/p>\n<p>Le\u00a0<strong>samedi 14<\/strong>\u00a0et\u00a0<strong>dimanche 15 avril 2018<\/strong>\u00a0avait lieu de France Combats s\u00e9niors individuels et par \u00e9quipe \u00e0 Reims (51).\u00a0Bravo aux comp\u00e9titeurs des Hauts-De-Seine\u00a0 notamment \u00e0 notre entra\u00eeneur d\u00e9partemental\u00a0<strong>Johan LOPES<\/strong>\u00a0qui remporte une nouvelle fois le titre. F\u00e9licitation \u00e9galement \u00e0\u00a0<strong>Ilyes<\/strong>\u00a0(<em>CSMPuteaux<\/em>) qui termine second.\u00a0<strong>Sally<\/strong>\u00a0(<em>CSMPuteaux<\/em>) et l&rsquo;\u00e9quipe du CSMPuteaux terminent sur la troisi\u00e8me marche du podium.<\/p>\n<p><strong>1\u00e8re place\u00a0:<\/strong><\/p>\n<ul>\n<li><strong>Johan LOPES\u00a0<\/strong>(<em>CSHARueil<\/em>) &#8211;\u00a0S\u00e9nior masculin -60kg<\/li>\n<\/ul>\n<p><strong>2\u00e8me place :<\/strong><\/p>\n<ul>\n<li><strong>Ilyes KLOUZ\u00a0<\/strong>(<em>CSMPuteaux<\/em>)\u00a0&#8211; S\u00e9nior masculin +84kg<\/li>\n<\/ul>\n<p><b>3\u00e8me place\u00a0:<\/b><\/p>\n<ul>\n<li>Equipe du\u00a0<em>CSMPUteaux<\/em><\/li>\n<li><strong>Sally DIOP\u00a0<\/strong>(<em>CSMPuteaux<\/em>) &#8211; S\u00e9nior masculin -84kg<\/li>\n<\/ul>\n<p><span style=\"color: #1423a0\"><strong><a style=\"color: #1423a0\" href=\"https:\/\/sites.ffkarate.fr\/hautsdeseine\/wp-content\/uploads\/sites\/57\/2018\/04\/20180414-15_Championnat_Combat_Senior_Resultat_V1.0.pdf\" target=\"_blank\" rel=\"noopener\">R\u00e9sultats complet\u00a0du Championnat de France Combats s\u00e9niors individuels et par \u00e9quipe du samedi 14 et dimanche 15 avril 2018<\/a><\/strong><\/span>\u00a0\u2b05\ufe0f\u00a0<span style=\"color: #000000\">Cliquez sur ce lien<\/span><\/p>\n<div>\n<div style=\"border: 0px solid black;color: white;font-size: 17px;padding: 3px;background-color: #00607c\">\n<div style=\"border: 0px solid black;color: white;font-size: 17px;padding: 3px;background-color: #00607c\">\n<div style=\"border: 0px solid black;color: white;font-size: 17px;padding: 3px;background-color: #00607c\"><strong>Dimanche 18<\/strong><strong>\u00a0mars 2018 : CHAMPIONNAT IDF COMBAT MINIMES\u00a0IND<\/strong><\/div>\n<\/div>\n<\/div>\n<\/div>\n<p>&nbsp;<\/p>\n<p>Le\u00a0<strong>dimanche\u00a018 mars 2018<\/strong>\u00a0avait lieu le\u00a0<strong>Championnat IDF Combat<\/strong>\u00a0pour les\u00a0minines\u00a0en individuels. Ce championnat permettait de d\u00e9crocher sa place pour les championnats de France. Bravo aux comp\u00e9titeurs des Hauts-De-Seine qui remportent<strong>\u00a02 m\u00e9dailles d&rsquo;or,<\/strong>\u00a0<strong>2\u00a0m\u00e9dailles d&rsquo;argent<\/strong>\u00a0et\u00a0<strong>1\u00a0m\u00e9daille de bronze<\/strong>.<\/p>\n<p><strong>1er :<\/strong><\/p>\n<ul>\n<li><strong>Tom DELEHAYE<\/strong>\u00a0(<em>CourbevoieSK<\/em>) &#8211; Minime masculin -45 kg<\/li>\n<li><strong>Eva CRIOU<\/strong>\u00a0(<em>KCVilleneuve<\/em>) en minime\u00a0f\u00e9minine -50kg<\/li>\n<\/ul>\n<p><strong>2\u00e8me place :<\/strong><\/p>\n<ul>\n<li><strong>Emmy ETACKI\u00a0<\/strong>(<i>CSMGennevilliers<\/i>) &#8211;\u00a0\u00a0Minime\u00a0f\u00e9minine -35\u00a0kg<\/li>\n<li><strong>Djihane MENACER\u00a0<\/strong>(<i>CSMPuteaux<\/i>) &#8211;\u00a0\u00a0Minime\u00a0f\u00e9minine -55\u00a0kg<\/li>\n<\/ul>\n<p><b>3\u00e8me place\u00a0:<\/b><\/p>\n<ul>\n<li><strong>Amir ZOUAOUI\u00a0<\/strong>(<i>CSMGennevilliers<\/i>) &#8211;\u00a0 Minime\u00a0masculin +65 kg<\/li>\n<\/ul>\n<p>A noter,\u00a0les\u00a0belles cinqui\u00e8mes places de\u00a0<strong>Paul ROULLEAU\u00a0<\/strong>(<em>CourbevoieSK<\/em>) en\u00a0minime masculin\u00a0-40 kg, de\u00a0<strong>Tidiane GONZAGUE\u00a0<\/strong>(<em>Vanves<\/em>) en minime masculin\u00a0-45 kg,\u00a0<strong>Dari BOUGHERA<\/strong>\u00a0(<em>KCColombes<\/em>) et\u00a0<strong>Thibault VOINDROT<\/strong>\u00a0(<em>KCVilleneuve<\/em>) en minime masculin -50kg,\u00a0<b>Ma\u00eblys\u00a0HAMET<\/b>\u00a0(<em>IFC<\/em>) et\u00a0<strong>Chlo\u00e9 BREUZARD<\/strong>\u00a0(<em>Vanves<\/em>)\u00a0 en\u00a0minime\u00a0f\u00e9minine -40kg,\u00a0<strong>Angelina LIMA<\/strong>\u00a0(<em>AMGarennois<\/em>) en\u00a0minime\u00a0f\u00e9minine\u00a0-45kg.<\/p>\n<p><span style=\"color: #1423a0\"><strong><a style=\"color: #1423a0\" href=\"https:\/\/sites.ffkarate.fr\/hautsdeseine\/wp-content\/uploads\/sites\/57\/2018\/03\/20180318_Championnat_IDF_Minimes_Resultats_V1.0.pdf\" target=\"_blank\" rel=\"noopener\">R\u00e9sultats complet\u00a0du Championnat\u00a0IDF combat minimes individuel\u00a0du\u00a0dimanche\u00a018 mars\u00a02018<\/a><\/strong><\/span>\u00a0\u2b05\ufe0f\u00a0<span style=\"color: #000000\">Cliquez sur ce lien<\/span><\/p>\n<div>\n<div style=\"border: 0px solid black;color: white;font-size: 17px;padding: 3px;background-color: #00607c\">\n<div style=\"border: 0px solid black;color: white;font-size: 17px;padding: 3px;background-color: #00607c\">\n<div style=\"border: 0px solid black;color: white;font-size: 17px;padding: 3px;background-color: #00607c\"><strong>Dimanche 4<\/strong><strong>\u00a0mars 2018 : CHAMPIONNAT IDF COMBAT SENIOR IND<\/strong><\/div>\n<\/div>\n<\/div>\n<\/div>\n<p>&nbsp;<\/p>\n<p>Le\u00a0<strong>dimanche 4\u00a0mars 2018<\/strong>\u00a0avait lieu le\u00a0<strong>Championnat IDF Combat<\/strong>\u00a0pour les\u00a0s\u00e9niors\u00a0en individuels. Ce championnat permettait de d\u00e9crocher sa place pour les championnats de France. Bravo aux comp\u00e9titeurs des Hauts-De-Seine qui remportent<strong>\u00a01\u00a0m\u00e9daille d&rsquo;or,<\/strong>\u00a0<strong>1\u00a0m\u00e9daille d&rsquo;argent<\/strong>\u00a0et\u00a0<strong>2 m\u00e9dailles de bronze<\/strong>.<\/p>\n<p><strong>1er :<\/strong><\/p>\n<ul>\n<li><strong>Toky\u00a0RANDRIANJANAKA<\/strong>\u00a0(<em>CSMPuteaux<\/em>) &#8211;\u00a0S\u00e9nior\u00a0masculin -68 kg<\/li>\n<\/ul>\n<p><strong>2\u00e8me place :<\/strong><\/p>\n<ul>\n<li><strong>Sana SAHLI<\/strong>\u00a0(<i>CSMPuteaux<\/i>) &#8211; S\u00e9nior f\u00e9minine +68kg<\/li>\n<\/ul>\n<p><strong>3\u00e8me :<\/strong><\/p>\n<ul>\n<li><strong>Medhi OULMANE\u00a0<\/strong>(<i>KISS<\/i>) &#8211; S\u00e9niors masculin\u00a0-60 kg<\/li>\n<li><strong>Maxence DANIEL\u00a0<\/strong>(<i>CSMPuteaux<\/i>)\u00a0&#8211; S\u00e9niors masculin\u00a0-67 kg<\/li>\n<\/ul>\n<p>A noter,\u00a0les belles cinqui\u00e8mes places de\u00a0<strong>Tahar BROURI\u00a0<\/strong>(<em>CSMPuteaux<\/em>) en\u00a0s\u00e9niors masculin\u00a0-67\u00a0kg, de\u00a0<strong>Kamel BEN KHALIFA\u00a0<\/strong>(<em>CSMPuteaux<\/em>) en\u00a0s\u00e9niors masculin\u00a0-84 kg\u00a0 et de\u00a0\u00a0<strong>Yacine ECH CHAD<\/strong><b>\u00a0<\/b>(<i>KISS<\/i>) en s\u00e9niors masculin\u00a0+84 kg<\/p>\n<p><span style=\"color: #1423a0\"><strong><a style=\"color: #1423a0\" href=\"https:\/\/sites.ffkarate.fr\/hautsdeseine\/wp-content\/uploads\/sites\/57\/2018\/03\/20180404_Championnat_IDF_Seniors_Resultats_V1.0.pdf\" target=\"_blank\" rel=\"noopener\">R\u00e9sultats complet\u00a0du Championnat\u00a0IDF combat\u00a0s\u00e9nior individuel\u00a0du\u00a0dimanche 4 mars\u00a02018<\/a><\/strong><\/span>\u00a0\u2b05\ufe0f\u00a0<span style=\"color: #000000\">Cliquez sur ce lien<\/span><\/p>\n<div>\n<div style=\"border: 0px solid black;color: white;font-size: 17px;padding: 3px;background-color: #00607c\">\n<div style=\"border: 0px solid black;color: white;font-size: 17px;padding: 3px;background-color: #00607c\">\n<div style=\"border: 0px solid black;color: white;font-size: 17px;padding: 3px;background-color: #00607c\"><strong>Samedi\u00a03 mars 2018 : CHAMPIONNAT IDF COMBAT CADET \/ JUNIOR IND<\/strong><\/div>\n<\/div>\n<\/div>\n<\/div>\n<p>&nbsp;<\/p>\n<p>Le\u00a0<strong>samedi 3 mars 2018<\/strong>\u00a0avait lieu le\u00a0<strong>Championnat IDF Combat<\/strong>\u00a0pour les cadets et juniors en individuels. Ce championnat permettait de d\u00e9crocher sa place pour les championnats de France. Bravo aux comp\u00e9titeurs des Hauts-De-Seine qui remportent\u00a0<strong>3 m\u00e9dailles d&rsquo;or<\/strong>\u00a0et\u00a0<strong>2 m\u00e9dailles d&rsquo;argent<\/strong>.<\/p>\n<p><strong>1er :<\/strong><\/p>\n<ul>\n<li><strong>Adrien GNIZAKO<\/strong>\u00a0(<em>CSMPuteaux<\/em>) &#8211;\u00a0Cadet masculin -57 kg<\/li>\n<li><strong>L\u00e9a DE BARROS\u00a0<\/strong>(<em>AKDLevallois92<\/em>)<strong>\u00a0<\/strong>&#8211; Cadet f\u00e9minine -47kg<\/li>\n<li><strong>M\u00e9linda MARMOT<\/strong>\u00a0(<em>CSMPuteaux<\/em>) &#8211;\u00a0Junior f\u00e9minin\u00a0-59 kg<\/li>\n<\/ul>\n<p><strong>2\u00e8me :<\/strong><\/p>\n<ul>\n<li><strong>Nora AKRATI\u00a0<\/strong>(<i>KC Colombes<\/i>) &#8211; Junior f\u00e9minine -53 kg<\/li>\n<li><strong>Marjolaine PORCHER\u00a0<\/strong>(<i>CSMPuteaux<\/i>)\u00a0&#8211; Junior\u00a0f\u00e9minine -59kg<\/li>\n<\/ul>\n<p>A noter,\u00a0la belle cinqui\u00e8me place de\u00a0<strong>Chatveekan\u00a0THIVENDRARAJAH\u00a0<\/strong>(<em>CSMPuteaux<\/em>) en cadets -70kg et de\u00a0<strong>Lina CHAKROUN<\/strong>\u00a0(<em>CSMPuteaux<\/em>) en cadets f\u00e9minine +54kg.<\/p>\n<p><span style=\"color: #003366\"><strong><a style=\"color: #003366\" href=\"https:\/\/sites.ffkarate.fr\/hautsdeseine\/wp-content\/uploads\/sites\/57\/2018\/03\/20180303_Championnat_IDF_Combats_Cadets_Juniors_Resultats_V1.0.pdf\" target=\"_blank\" rel=\"noopener\">R\u00e9sultats complet\u00a0du Championnat\u00a0IDF combat cadet et junior individuel\u00a0du samedi\u00a03 mars\u00a02018<\/a><\/strong><\/span>\u00a0\u2b05\ufe0f\u00a0<span style=\"color: #000000\">Cliquez sur ce lien<\/span><\/p>\n<div>\n<div style=\"border: 0px solid black;color: white;font-size: 17px;padding: 3px;background-color: #00607c\">\n<div style=\"border: 0px solid black;color: white;font-size: 17px;padding: 3px;background-color: #00607c\">\n<div style=\"border: 0px solid black;color: white;font-size: 17px;padding: 3px;background-color: #00607c\"><strong>Samedi 17 f\u00e9vrier 2018 : CHAMPIONNAT DE FRANCE DES LIGUES KATA COMBATS M\/C\/J\/S M\/F<\/strong><\/div>\n<\/div>\n<\/div>\n<\/div>\n<p>&nbsp;<\/p>\n<p>Le\u00a0<strong>samedi 17 f\u00e9vrier 2018<\/strong>\u00a0avait lieu le\u00a0<b>Championnat\u00a0de France des Ligues Kata et Combats<\/b>\u00a0de Minimes \u00e0 S\u00e9niors \u00e0 Ch\u00e2lons-En-Champagne (51).\u00a0F\u00e9licitation \u00e0 l&rsquo;\u00e9quipe de l&rsquo;\u00efle de France qui remporte les 3 cat\u00e9gories.\u00a0Les comp\u00e9titeurs du\u00a0<em>CSMPuteaux<\/em>\u00a0ont port\u00e9 hautes les couleurs des Hauts-De-Seine,\u00a0<strong>Chatveekan<\/strong>\u00a0\u00e9tait s\u00e9lectionn\u00e9 dans l&rsquo;\u00e9quipe minimes cadets juniors masculins en kata,\u00a0<strong>Lina<\/strong>\u00a0dans\u00a0l&rsquo;\u00e9quipe minimes cadets juniors\u00a0f\u00e9minins dans la cat\u00e9gorie des cadets f\u00e9minines +54kg et\u00a0<strong>Ilyes<\/strong>\u00a0dans l&rsquo;\u00e9quipe s\u00e9niors mixte.<\/p>\n<p><span style=\"color: #003366\"><strong><a style=\"color: #003366\" href=\"https:\/\/sites.ffkarate.fr\/hautsdeseine\/wp-content\/uploads\/sites\/57\/2018\/02\/20170217_Championnat_France_Ligues_Regionales_Resultats_V1.0.pdf\" target=\"_blank\" rel=\"noopener\">R\u00e9sultats complet\u00a0du Championnat de France des Ligues Katas \/ Combats du samedi 17\u00a0f\u00e9vrier 2018<\/a><\/strong><\/span>\u00a0\u2b05\ufe0f\u00a0<span style=\"color: #000000\">Cliquez sur ce lien<\/span><\/p>\n<div>\n<div style=\"border: 0px solid black;color: white;font-size: 17px;padding: 3px;background-color: #00607c\">\n<div style=\"border: 0px solid black;color: white;font-size: 17px;padding: 3px;background-color: #00607c\">\n<div style=\"border: 0px solid black;color: white;font-size: 17px;padding: 3px;background-color: #00607c\"><strong>Samedi 10 f\u00e9vrier 2018 : COUPE DE FRANCE KARAT\u00c9 COMBIN\u00c9 KATA \/ COMBATS<\/strong><\/div>\n<\/div>\n<\/div>\n<\/div>\n<p>&nbsp;<\/p>\n<p>Le\u00a0<strong>samedi 10<\/strong>\u00a0<strong>f\u00e9vrier 2018<\/strong>\u00a0avait lieu la\u00a0<strong>Coupe de France Karat\u00e9 Combin\u00e9 Kata \/ Combats<\/strong>.\u00a0Encore une moisson de m\u00e9daille remport\u00e9e par les comp\u00e9titeurs des Hauts-De-Seine. Une belle\u00a0<strong>1\u00e8re place<\/strong>\u00a0pour\u00a0<strong>Eva<\/strong>\u00a0du\u00a0<em>SKC Villeneuve<\/em>,\u00a0<strong>3 m\u00e9dailles d&rsquo;argent<\/strong>\u00a0pour l&rsquo;\u00e9quipe mixte du<strong>\u00a0SKC VIlleneuve<\/strong>,\u00a0<strong>Nesrine<\/strong>\u00a0du\u00a0<em>SKC Villeneuve<\/em>,\u00a0<strong>Alyssa<\/strong>\u00a0du<em>\u00a0Courbevoie SK<\/em>.\u00a0<strong>2 m\u00e9dailles de bronze<\/strong>\u00a0pour<strong>\u00a0Chatveekan<\/strong>\u00a0du\u00a0<em>CSMPuteaux<\/em>\u00a0et\u00a0<strong>Nora<\/strong>\u00a0du\u00a0<em>KC Colombes<\/em>.<\/p>\n<p><strong>1er :<\/strong><\/p>\n<ul>\n<li><strong>Eva CRIOU\u00a0<\/strong>(<em>SKC Villeneuve<\/em>) &#8211;\u00a0Minime\u00a0f\u00e9minine-50kg<\/li>\n<\/ul>\n<p><strong>2\u00e8me :<\/strong><\/p>\n<ul>\n<li><strong>SKC Villeneuve<\/strong>\u00a0&#8211;\u00a0Equipe mixte<\/li>\n<li><strong>Nesrine OUNADJELA\u00a0<\/strong>(<em>SKC Villeneuve<\/em>) &#8211;\u00a0Minime f\u00e9minine-45kg<\/li>\n<li><strong>AlyssaDARNOIS\u00a0<\/strong>(<em>Courbevoie SK<\/em>) &#8211;\u00a0Cadet f\u00e9minine-47kg<\/li>\n<\/ul>\n<p><strong>3\u00e8me :<\/strong><\/p>\n<ul>\n<li><strong>Chatveekan\u00a0THIVENDRARAJAH<\/strong>\u00a0(<em>CSMPuteaux<\/em>) &#8211;\u00a0Cadet masculin<\/li>\n<li><strong>Nora AKRATI\u00a0<\/strong>(<i>KC Colombes<\/i>) &#8211; U18 Open f\u00e9minine<\/li>\n<\/ul>\n<p>A noter,\u00a0la belle cinqui\u00e8me place de\u00a0<strong>Thibault VOINDROT<\/strong>\u00a0(<em>SKC Villeneuve<\/em>)\u00a0en minimes masculin -55 kg.<\/p>\n<p><span style=\"color: #003366\"><strong><a style=\"color: #003366\" href=\"https:\/\/sites.ffkarate.fr\/hautsdeseine\/wp-content\/uploads\/sites\/57\/2018\/02\/20180210_Coupe_France_Combine_Resultats_V1.0.pdf\" target=\"_blank\" rel=\"noopener\">R\u00e9sultats complet de la Coupe de France Karat\u00e9 Combin\u00e9 Kata \/ Combats du samedi 10 f\u00e9vrier 2018<\/a><\/strong><\/span>\u00a0\u2b05\ufe0f\u00a0<span style=\"color: #000000\">Cliquez sur ce lien<\/span><\/p>\n<div>\n<div style=\"border: 0px solid black;color: white;font-size: 17px;padding: 3px;background-color: #00607c\">\n<div style=\"border: 0px solid black;color: white;font-size: 17px;padding: 3px;background-color: #00607c\">\n<div style=\"border: 0px solid black;color: white;font-size: 17px;padding: 3px;background-color: #00607c\"><strong>Samedi 3 et dimanche 4 f\u00e9vrier 2018 : CHAMPIONNAT DEPARTEMENTAL KUMITE &amp; COUPE DEPARTEMENTALE HONNEUR KATA &amp; KUMITE<\/strong><\/div>\n<\/div>\n<\/div>\n<\/div>\n<p>&nbsp;<\/p>\n<p>Le\u00a0<strong>samedi 3<\/strong>\u00a0et\u00a0<strong>dimanche 4 f\u00e9vrier 2018<\/strong>\u00a0avait lieu le\u00a0<strong>championnat d\u00e9partemental\u00a0kumite<\/strong>\u00a0pour les minimes \u00e0 s\u00e9niors et la\u00a0<strong>coupe d\u00e9partementale honneur kata et kumite<\/strong>\u00a0pour les poussins, pupilles et benjamins\u00a0\u00e0\u00a0<strong>Villeneuve-La-Garenne<\/strong>. Bravo \u00e0 tous les comp\u00e9titeurs du d\u00e9partement pour leur participation.<\/p>\n<p><span style=\"color: #003366\"><strong><a style=\"color: #003366\" href=\"https:\/\/sites.ffkarate.fr\/hautsdeseine\/wp-content\/uploads\/sites\/57\/2018\/02\/20180203_COUPE_DEP_HONNEUR_KATA_POUS_PUP_BENJ_Resultats_V1.0.pdf\" target=\"_blank\" rel=\"noopener\">R\u00e9sultats\u00a0de la Coupe\u00a0Honneurs Kata Poussins, Pupilles &amp; Benjamins<\/a><\/strong><\/span><\/p>\n<p><span style=\"color: #003366\"><strong><a style=\"color: #003366\" href=\"https:\/\/sites.ffkarate.fr\/hautsdeseine\/wp-content\/uploads\/sites\/57\/2018\/02\/20180203_COUPE_DEP_HONNEUR_KUMITE_POUS_PUP_BENJ_Resultats_V1.0.pdf\" target=\"_blank\" rel=\"noopener\">R\u00e9sultats\u00a0de la Coupe Honneur Kumite Poussins, Pupille &amp; Benjamins<\/a><\/strong><\/span><\/p>\n<p><span style=\"color: #003366\"><strong><a style=\"color: #003366\" href=\"https:\/\/sites.ffkarate.fr\/hautsdeseine\/wp-content\/uploads\/sites\/57\/2018\/02\/20180204_CHAMPIONNAT_DEP_KUMITE_MIN_CAD_JUN_SEN_Resultats_V1.1.pdf\" target=\"_blank\" rel=\"noopener\">R\u00e9sultats du Championnat D\u00e9partemental\u00a0Kumite &#8211; Minimes, Cadets, Juniors et S\u00e9niors<\/a><\/strong><\/span><\/p>\n<div>\n<div style=\"border: 0px solid black;color: white;font-size: 17px;padding: 3px;background-color: #00607c\"><strong>Samedi\u00a0\u00a03 f\u00e9vrier 2018 : COUPE DE FRANCE SHITO RYU<\/strong><\/div>\n<\/div>\n<p>&nbsp;<\/p>\n<p>Le\u00a0<strong>samedi 3 f\u00e9vrier 2018<\/strong>\u00a0avait lieu la<strong>\u00a0Coupe de France Shito Ryu<\/strong>\u00a0au gymnase Elizabeth (<em>Paris 4\u00e8me<\/em>). Bravo au\u00a0<em>CSMPuteaux<\/em>\u00a0qui ram\u00e8ne\u00a0<strong>20 m\u00e9dailles<\/strong>\u00a0dont\u00a0<strong>8 m\u00e9dailles d&rsquo;or<\/strong>, au\u00a0<em>Courbevoie Sports Karat\u00e9<\/em>\u00a0avec\u00a0<strong>2 m\u00e9dailles<\/strong>\u00a0dont\u00a0<strong>une en or<\/strong>, aux clubs de\u00a0<em>Vaucresson<\/em>\u00a0et de\u00a0<em>Nanterre<\/em>\u00a0avec une\u00a0<strong>m\u00e9daille de bronze<\/strong>\u00a0chacun. F\u00e9licitation aux clubs pour leurs tr\u00e8s beaux r\u00e9sultats.<\/p>\n<p><strong>1er :<\/strong><\/p>\n<ul>\n<li><strong>Chatveekan\u00a0THIVENDRARAJAH<\/strong>\u00a0(<em>CSMPuteaux<\/em>) &#8211;\u00a0Cadet masculin kata<\/li>\n<li><strong>Nada FERCHACH<\/strong>\u00a0(<em>CSMPuteaux<\/em>) &#8211;\u00a0Pupille f\u00e9minin kata<\/li>\n<li><strong>Sanaa AIT BELLA<\/strong>\u00a0(<em>CSMPuteaux<\/em>) &#8211;\u00a0Cadet f\u00e9minin\u00a0kata<\/li>\n<li><strong>Adrien GNIZAKO<\/strong>\u00a0(<em>CSMPuteaux<\/em>) &#8211;\u00a0Cadet masculin -57 kg<\/li>\n<li><strong>Hamza SAM<\/strong>\u00a0(<em>CSMPuteaux<\/em>) &#8211;\u00a0Cadet masculin +67 kg<\/li>\n<li><strong>Tahar BROURI<\/strong>\u00a0(<em>CSMPuteaux<\/em>) &#8211;\u00a0S\u00e9nior masculin -68 kg<\/li>\n<li><strong>Marissa HAFEZAN<\/strong>\u00a0(<em>Courbevoie Sports Karate<\/em>)\u00a0-Benjamin\u00a0f\u00e9minin\u00a0-40 kg<\/li>\n<li><strong>Djihane MENACER<\/strong>\u00a0(<em>CSMPuteaux<\/em>) &#8211;\u00a0Minime f\u00e9minin\u00a0-52 kg<\/li>\n<li><strong>Melinda MARMOT<\/strong>\u00a0(<em>CSMPuteaux<\/em>) &#8211;\u00a0Junior f\u00e9minin +55 kg<\/li>\n<\/ul>\n<p><strong>2\u00e8me :<\/strong><\/p>\n<ul>\n<li><strong>Tim\u00e9o TARTROU<\/strong>\u00a0(<em>CSMPuteaux<\/em>) &#8211;\u00a0Pupille masculin kata<\/li>\n<li><strong>Dharmeegan\u00a0THIVENDRARAJAH<\/strong>\u00a0(<em>CSMPuteaux<\/em>) &#8211;\u00a0Minime\u00a0masculin kata<\/li>\n<li><strong>Marie NID BOUBKER SALOUA<\/strong>\u00a0(<em>CSMPuteaux<\/em>) &#8211; Junior f\u00e9minin kata<\/li>\n<li><strong>Yeiquine\u00a0BEN HASSINE<\/strong>\u00a0(<em>CSMPuteaux<\/em>) &#8211;\u00a0Minime f\u00e9minin\u00a0kata<\/li>\n<li><strong>Dharmeegan\u00a0THIVENDRARAJAH<\/strong>\u00a0(<em>CSMPuteaux<\/em>) &#8211;\u00a0Minime\u00a0masculin-58 kg<\/li>\n<li><strong>Chatveekan\u00a0THIVENDRARAJAH<\/strong>\u00a0(<em>CSMPuteaux<\/em>) &#8211;\u00a0Cadet masculin\u00a0-67 kg<\/li>\n<li><strong>Toky\u00a0RANDRIANJANAKA<\/strong>\u00a0(<em>CSMPuteaux<\/em>) &#8211;\u00a0S\u00e9nior\u00a0masculin -68 kg<\/li>\n<li><strong>Sofiane ILLILTEN<\/strong>\u00a0(<em>CSMPuteaux<\/em>) &#8211;\u00a0S\u00e9nior\u00a0masculin -78 kg<\/li>\n<li><strong>Nada FERCHACH<\/strong>\u00a0(<em>CSMPuteaux<\/em>) &#8211;\u00a0Pupille f\u00e9minin\u00a0-28 kg<\/li>\n<li><strong>Nelissa HAFEZAN<\/strong>\u00a0(<em>Courbevoie Sports Karate<\/em>) -Benjamin\u00a0f\u00e9minin\u00a0-33\u00a0kg<\/li>\n<\/ul>\n<p><strong>3\u00e8me :<\/strong><\/p>\n<ul>\n<li><strong>Eissile BEN HASSINE<\/strong>\u00a0(<em>CSMPuteaux<\/em>) &#8211;\u00a0Pupille f\u00e9minin\u00a0kata<\/li>\n<li><strong>Salma EL HASSANI<\/strong>\u00a0(<em>CSMPuteaux<\/em>) &#8211;\u00a0Cadet\u00a0f\u00e9minin\u00a0kata<\/li>\n<li><strong>Philippine DORDAIN<\/strong>\u00a0(<i>KC Vaucresson<\/i>) &#8211; S\u00e9nior f\u00e9minin\u00a0kata<\/li>\n<li><strong>Mathias MARION<\/strong>\u00a0(<em>CSMPuteaux<\/em>) &#8211;\u00a0S\u00e9nior\u00a0masculin +78 kg<\/li>\n<li><strong>Anh Lys RAVAINE<\/strong>\u00a0(<em>Nanterre<\/em>) &#8211;\u00a0Junior\u00a0f\u00e9minin +55 kg<\/li>\n<\/ul>\n<p>A noter, les belles cinqui\u00e8me place de\u00a0<strong>Marissa HAEZAN<\/strong>\u00a0(<em>Courbevoie Sports Karat\u00e9<\/em>) en benjamin f\u00e9minin kata,\u00a0<strong>Reizene<\/strong>\u00a0<strong>BEN HASSINE<\/strong>\u00a0(<em>CSMPuteaux<\/em>)\u00a0en cadet\u00a0f\u00e9minin kata,\u00a0<strong>Teresa MARRERO<\/strong>\u00a0(<em>CSMPuteaux<\/em>)\u00a0en s\u00e9nior\u00a0f\u00e9minin kata.<\/p>\n<p><span style=\"color: #003366\"><strong><a style=\"color: #003366\" href=\"https:\/\/sites.ffkarate.fr\/hautsdeseine\/wp-content\/uploads\/sites\/57\/2018\/02\/20180203_Coupe_De_France_Shito_Ryu_Resultats_V1.0.pdf\" target=\"_blank\" rel=\"noopener\">R\u00e9sultats complet de la Coupe de France Shito-Ryu du samedi 3 f\u00e9vrier 2018<\/a><\/strong><\/span>\u00a0\u2b05\ufe0f\u00a0<span style=\"color: #000000\">Cliquez sur ce lien<\/span><\/p>\n<div>\n<div style=\"border: 0px solid black;color: white;font-size: 17px;padding: 3px;background-color: #00607c\"><strong>Vendredi 2 au\u00a0dimanche 4 f\u00e9vrier<\/strong><strong>\u00a02018\u00a0: CHAMPIONNATS D&rsquo;EUROPE CAD\/JUN\/ESP<\/strong><\/div>\n<\/div>\n<p>&nbsp;<\/p>\n<p>Du\u00a0<strong>vendredi 2<\/strong>\u00a0au\u00a0<strong>dimanche 4 f\u00e9vrier 2018<\/strong>\u00a0avait lieu les\u00a0<strong>Championnats d&rsquo;Europe Cadets<\/strong>,\u00a0<strong>Juniors<\/strong>\u00a0et\u00a0<strong>Espoirs<\/strong>\u00a0\u00e0\u00a0<strong>Sotchi<\/strong>\u00a0(<em>Russie<\/em>). F\u00e9licitation \u00e0\u00a0<strong>Rabie<\/strong>, licenci\u00e9 au\u00a0<em>CSM Puteaux<\/em>\u00a0qui remporte la\u00a0<strong>m\u00e9daille de bronze<\/strong>\u00a0dans la cat\u00e9gorie des cadets +76 kg et \u00e0\u00a0<strong>L\u00e9a<\/strong>\u00a0de l&rsquo;<em>AKDLevallois92<\/em>\u00a0qui remporte \u00e9galement la\u00a0<strong>m\u00e9daille de bronze<\/strong>\u00a0dans la cat\u00e9gorie des cadets-47 kg. Une tr\u00e8s belle performance pour ces deux comp\u00e9titeurs des Hauts-De-Seine.<\/p>\n<p><strong>3\u00e8me\u00a0place :<\/strong><\/p>\n<ul>\n<li><strong>Rabie HOULLICH\u00a0<\/strong>(<em>CSMPuteaux<\/em>) &#8211; Cadets masculin +76kg<\/li>\n<li><strong>L\u00e9a DE BARROS\u00a0<\/strong>(<em>AKDLevallois92<\/em>)<strong>\u00a0<\/strong>&#8211; Cadet f\u00e9minine -47kg<\/li>\n<\/ul>\n<div>\n<div style=\"border: 0px solid black;color: white;font-size: 17px;padding: 3px;background-color: #00607c\"><strong>Vendredi 27\u00a0au\u00a0dimanche 29 janvier 2018\u00a0: OPEN DE KARATE DE PARIS<\/strong><\/div>\n<\/div>\n<p>&nbsp;<\/p>\n<p>Le\u00a0<strong>vendredi 27<\/strong>,\u00a0<strong>samedi 28<\/strong>\u00a0et\u00a0<strong>dimanche 29 janvier 2018<\/strong>\u00a0avait lieu l&rsquo;<strong>Open de Paris de Karat\u00e9<\/strong>\u00a0\u00e0 Paris (75).\u00a0<strong>Johan<\/strong>\u00a0ram\u00e8ne une nouvelle m\u00e9daille internationale en se classant 3\u00e8me. Le comit\u00e9 d\u00e9partemental f\u00e9licite\u00a0Johan pour sa tr\u00e8s belle\u00a0comp\u00e9tition !!<\/p>\n<p><strong>3\u00e8me\u00a0place :<\/strong><\/p>\n<ul>\n<li><strong>Johan LOPES\u00a0<\/strong>(<em>CSHARueil<\/em>) &#8211;\u00a0S\u00e9nior masculin -60kg<\/li>\n<\/ul>\n<p><span style=\"color: #003366\"><strong><a style=\"color: #003366\" href=\"https:\/\/www.openpariskarate.com\/fr\/actualites\/2018-01-28\/les-resultats\" target=\"_blank\" rel=\"noopener\">R\u00e9sultats complet de l&rsquo;Open de Paris de Karat\u00e9 du vendredi 27 au dimanche 29 janvier 2018<\/a><\/strong><\/span>\u00a0\u2b05\ufe0f\u00a0<span style=\"color: #000000\">Cliquez sur ce lien<\/span><\/p>\n<div>\n<div style=\"border: 0px solid black;color: white;font-size: 17px;padding: 3px;background-color: #00607c\"><strong>Samedi 20 et dimanche 21 janvier 2018 : COUPE DE FRANCE COMBATS\u00a0MINIMES\u00a0M\/F<\/strong><\/div>\n<\/div>\n<p>&nbsp;<\/p>\n<p>Le\u00a0<strong>samedi 20 et dimanche 21 janvier\u00a02018<\/strong>\u00a0avait lieu la\u00a0<strong>Coupe de France Combats\u00a0Minimes<\/strong>\u00a0\u00e0 Marseille (13). Superbe comp\u00e9tition de\u00a0<strong>Chlo\u00e9<\/strong>,\u00a0du club de\u00a0<em>IGDKF Vanves<\/em>\u00a0et de\u00a0<strong>Ahmed Sy<\/strong>, du club du\u00a0<em>SKC Villeneuve<\/em>\u00a0qui terminent \u00e0 la\u00a0<strong>3\u00e8me<\/strong>\u00a0place.<\/p>\n<p><strong>3\u00e8me\u00a0place :<\/strong><\/p>\n<ul>\n<li><strong>Chlo\u00e9 BREUZARD\u00a0<\/strong>(<em>IGDKF Vanves<\/em>) &#8211; Minime f\u00e9minine -40kg<\/li>\n<li><strong>Ahmed\u00a0Sy SAVANE\u00a0<\/strong>(<em>SKC Villeneuve<\/em>) &#8211;\u00a0Minime masculin-45kg<\/li>\n<\/ul>\n<p>A noter les belles cinqui\u00e8mes places de Djihane MENACER (<i>CSMPuteaux<\/i>) en minimes f\u00e9minines -50 kg et de\u00a0<strong>Paul ROULLEAU<\/strong>\u00a0(<i>CourbevoieSK<\/i>) en minimes -40 kg.<\/p>\n<p><span style=\"color: #003366\"><strong><a style=\"color: #003366\" href=\"https:\/\/sites.ffkarate.fr\/hautsdeseine\/wp-content\/uploads\/sites\/57\/2018\/01\/20180120-21_Coupe_De_France_Minimes_Resultats.pdf\" target=\"_blank\" rel=\"noopener\"><strong style=\"color: #000080\">R\u00e9sultats\u00a0de\u00a0la Coupe de France combats en minimes du samedi 20 et dimanche 21 janvier 2018<\/strong><\/a><\/strong><\/span>\u00a0\u2b05\ufe0f\u00a0<span style=\"color: #000000\">Cliquez sur ce lien<\/span><\/p>\n<div>\n<div style=\"border: 0px solid black;color: white;font-size: 17px;padding: 3px;background-color: #00607c\"><strong>Dimanche 14 janvier 2018 : COUPE DE FRANCE COMBATS ESPOIRS M\/F<\/strong><\/div>\n<\/div>\n<p>&nbsp;<\/p>\n<p>Le\u00a0<strong>dimanche 14\u00a0janvier 2018<\/strong>\u00a0avait lieu la\u00a0<strong>Coupe de France Combats Espoirs<\/strong>\u00a0\u00e0 Amiens (80). Tr\u00e8s belle performance de\u00a0<strong>Flavie<\/strong>\u00a0du\u00a0<em>CSMPuteaux<\/em>,\u00a0<strong>Yassine<\/strong>\u00a0et\u00a0<strong>Abraham<\/strong>\u00a0du\u00a0<em>KISS<\/em>\u00a0qui montent tous les trois sur la troisi\u00e8me marche du podium.<\/p>\n<p><strong>3\u00e8me\u00a0place :<\/strong><\/p>\n<ul>\n<li><b>Flavie ROSSI<\/b>\u00a0(<i>CSMPuteaux<\/i>) \u2013 Espoir f\u00e9minine -50kg<\/li>\n<li><strong>Yassine ECH-CHAD<\/strong>\u00a0(<em>KISS<\/em>) \u2013\u00a0Espoir masculin +84kg<\/li>\n<li><strong>Abraham DESTY<\/strong>\u00a0(<em>KISS<\/em>)\u00a0\u2013\u00a0Espoir\u00a0masculin\u00a0+84kg<\/li>\n<\/ul>\n<div>\n<div style=\"border: 0px solid black;color: white;font-size: 17px;padding: 3px;background-color: #00607c\"><strong>Samedi 13 janvier 2018 : OPEN DE FRANCE CADETS JUNIORS M\/F<\/strong><\/div>\n<\/div>\n<p>&nbsp;<\/p>\n<p>Le\u00a0<strong>samedi 13 janvier 2018<\/strong>\u00a0avait lieu l&rsquo;<strong>Open de France<\/strong>\u00a0en cadets et juniors \u00e0 Amiens (80).\u00a0 Tr\u00e8s belle performance de nos comp\u00e9titeurs qui reviennent avec 4 podiums dont 2 titres !!\u00a0<strong>Rabie<\/strong>\u00a0et\u00a0<strong>Hamza<\/strong>\u00a0du\u00a0<em>CSMPuteaux<\/em>\u00a0terminent 1er.\u00a0<strong>L\u00e9a<\/strong>\u00a0de l&rsquo;<em>AKDLevallois92<\/em>\u00a0termine seconde et\u00a0<strong>Adrien<\/strong>\u00a0du\u00a0<em>CSMPuteaux<\/em>\u00a0termine sur la troisi\u00e8me marche du podium. F\u00e9licitation \u00e0 tous pour leurs beaux r\u00e9sultats.<\/p>\n<p><strong>1\u00e8re place :<\/strong><\/p>\n<ul>\n<li><strong>Hamza SAM\u00a0<\/strong>(<em>CSMPuteaux<\/em>)\u00a0&#8211;\u00a0Cadet masculin\u00a0-70kg<\/li>\n<li><strong>Rabie HOULLICH\u00a0<\/strong>(<em>CSMPuteaux<\/em>)\u00a0&#8211;\u00a0Junior\u00a0masculin +76g<\/li>\n<\/ul>\n<p><strong>2\u00e8me place :<\/strong><\/p>\n<ul>\n<li><strong>L\u00e9a BARROS\u00a0<\/strong>(<em>AKDLevallois92<\/em>)<strong>\u00a0<\/strong>&#8211; Cadet f\u00e9minine -47kg<\/li>\n<\/ul>\n<p><strong>3\u00e8me\u00a0place :<\/strong><\/p>\n<ul>\n<li><strong>Adrien GNIZAKO\u00a0<\/strong>(<em>CSMPuteaux<\/em>)\u00a0&#8211;\u00a0Cadet masculin\u00a0-57kg<\/li>\n<\/ul>\n<p>A noter les belles cinqui\u00e8mes places de\u00a0<strong>Lina CHAKROUN<\/strong>\u00a0(<i>CSMPuteaux<\/i>) et de\u00a0<strong>Katia SI SALEM<\/strong>\u00a0(<em>KCColombes<\/em>) en cadet f\u00e9minine +54kg,\u00a0<strong>Nora AKRATI<\/strong>\u00a0(<em>KCColombes<\/em>)\u00a0en\u00a0junior f\u00e9minine -53kg et de\u00a0<strong>Florian POIGNANT<\/strong>\u00a0(<em>IGKDFVanves<\/em>) en\u00a0junior\u00a0masculin +76g.<\/p>\n<p><span style=\"color: #003366\"><strong><a style=\"color: #003366\" href=\"https:\/\/sites.ffkarate.fr\/hautsdeseine\/wp-content\/uploads\/sites\/57\/2018\/01\/20180113_Open_France_Cadets_Junior_Resultats_V1.0.pdf\" target=\"_blank\" rel=\"noopener\"><strong style=\"color: #000080\">R\u00e9sultats\u00a0de l&rsquo;Open de France cadets &#8211; juniors du samedi 13 janvier\u00a02018<\/strong><\/a><\/strong><\/span>\u00a0\u2b05\ufe0f\u00a0<span style=\"color: #000000\">Cliquez sur ce lien<\/span><\/p>\n<div style=\"border: 0px solid black;color: white;font-size: 17px;padding: 3px;background-color: #00607c\"><strong>Samedi 6 et dimanche 7 janvier\u00a0:\u00a0CHAMPIONNAT DEPARTEMENTAL KATA ET COUPE DEPARTEMENTAL KATA ET KUMITE<\/strong><\/div>\n<p>&nbsp;<\/p>\n<p>Le\u00a0<strong>samedi 6<\/strong>\u00a0et\u00a0<strong>dimanche 7 janvier 2018<\/strong>\u00a0\u00e0\u00a0<strong>Villeneuve-La-Garenne<\/strong>, avait lieu le\u00a0<strong>championnat d\u00e9part\u00e9mental kata<\/strong>\u00a0pour les minimes \u00e0 s\u00e9niors et la\u00a0<strong>coupe d\u00e9partementale kata et kumit\u00e9<\/strong>\u00a0pour les poussins, pupilles et benjamins. Bravo \u00e0 tous les comp\u00e9titeurs du d\u00e9partement pour leur participation.<\/p>\n<p><strong><span style=\"color: #003366\"><a style=\"color: #003366\" href=\"https:\/\/sites.ffkarate.fr\/hautsdeseine\/wp-content\/uploads\/sites\/57\/2018\/02\/20180106_Championnat_Departemental_Min_Cad_Jun_Sen_Kata_Resultats_V1.1.pdf\" target=\"_blank\" rel=\"noopener\">R\u00e9sultats du Championnat D\u00e9partemental\u00a0Kata &#8211; Minimes, Cadets, Juniors et S\u00e9niors<\/a><\/span><\/strong><\/p>\n<p><strong><span style=\"color: #003366\"><a style=\"color: #003366\" href=\"https:\/\/sites.ffkarate.fr\/hautsdeseine\/wp-content\/uploads\/sites\/57\/2018\/01\/20180106_Coupe_Elite_Benjamins_Kata_Resultats_V1.0..pdf\" target=\"_blank\" rel=\"noopener\">R\u00e9sultats\u00a0de la Coupe Elite\u00a0Kata Benjamins<\/a><\/span><\/strong><\/p>\n<p><strong><span style=\"color: #003366\"><a style=\"color: #003366\" href=\"https:\/\/sites.ffkarate.fr\/hautsdeseine\/wp-content\/uploads\/sites\/57\/2018\/01\/20180106_Coupe_Elite_Benjamins_Kumite_Resultats_V1.0.pdf\" target=\"_blank\" rel=\"noopener\">R\u00e9sultats\u00a0de la Coupe Elite\u00a0Kumite Benjamins<\/a><\/span><\/strong><\/p>\n<p><strong><span style=\"color: #003366\"><a style=\"color: #003366\" href=\"https:\/\/sites.ffkarate.fr\/hautsdeseine\/wp-content\/uploads\/sites\/57\/2018\/01\/20180107_Coupe_Elite_Poussins_Pupilles_Kata_Resultats_V1.0..pdf\" target=\"_blank\" rel=\"noopener\">R\u00e9sultats\u00a0de la Coupe Elite\u00a0Kata\u00a0Poussins et Pupilles<\/a><\/span><\/strong><\/p>\n<p><strong><span style=\"color: #003366\"><a style=\"color: #003366\" href=\"https:\/\/sites.ffkarate.fr\/hautsdeseine\/wp-content\/uploads\/sites\/57\/2018\/01\/20180107_Coupe_Elite_Poussins_Pupilles_Kumte_Resultats_V1.0..pdf\" target=\"_blank\" rel=\"noopener\">R\u00e9sultats\u00a0de la Coupe Elite Kumite Poussins et Pupilles<\/a><\/span><\/strong><\/p>\n<div style=\"border: 0px solid black;color: white;font-size: 17px;padding: 3px;background-color: #00607c\"><strong>Dimanche\u00a010 d\u00e9cembre\u00a02017 : TOURNOI DES 36 COMMUNES<\/strong><\/div>\n<p>&nbsp;<\/p>\n<p>Le\u00a0<strong>dimanche\u00a010 d\u00e9cembre 2017,\u00a0<\/strong>avait lieu le tournoi des 36 Communes organis\u00e9 par le Comit\u00e9 D\u00e9partemental des Hauts-De-Seine \u00e0 Vaucresson. F\u00e9licitation au club de l&rsquo;<strong>IGDKF Vanves<\/strong>\u00a0qui termine 1er club des Hauts-De-Seine devant le\u00a0<strong>CSMPuteaux<\/strong>\u00a0et le\u00a0<strong>SKC Villeneuve-La-Garenne<\/strong>. La ville de\u00a0<strong>Courbevoie<\/strong>\u00a0forte de ses 3 clubs termine 1\u00e8re commune des Hauts-De-Seine devant\u00a0<strong>Vanves<\/strong>\u00a0et\u00a0<strong>Puteaux<\/strong>.<\/p>\n<p><span style=\"color: #000000\"><span style=\"color: #003366\"><b><a style=\"color: #003366\" href=\"https:\/\/sites.ffkarate.fr\/hautsdeseine\/wp-content\/uploads\/sites\/57\/2018\/01\/20171210_Tournoi_Des_36_Communes_Resultats_V1.0.pdf\" target=\"_blank\" rel=\"noopener\">Classement complet du tournoi des 36 communes du dimanche 10 d\u00e9cembre 2017<\/a><\/b><\/span>\u00a0\u00a0\u2b05\ufe0f\u00a0Cliquez sur ce lien<\/span><\/p>\n<div style=\"border: 0px solid black;color: white;font-size: 17px;padding: 3px;background-color: #00607c\"><strong>Dimanche 3 d\u00e9cembre\u00a02017 : CHALLENGE IDF COMBAT PUPILLE \/ BENJAMIN<\/strong><\/div>\n<p>&nbsp;<\/p>\n<p>Le<strong>\u00a0dimanche 3 d\u00e9cembre<\/strong><strong>\u00a02017<\/strong>\u00a0avait lieu le\u00a0<strong>Challenge IDF combat en pupille et benjamin<\/strong>\u00a0\u00e0 la Halle Carpentier (75). Tr\u00e8s belle performance pour nos jeunes du d\u00e9partement avec\u00a0<strong>quatre premi\u00e8res places<\/strong>\u00a0(dont trois r\u00e9alis\u00e9es par le club de Villeneuve-La-Garenne),\u00a0<strong>trois deuxi\u00e8mes places<\/strong>\u00a0et\u00a0<strong>dix troisi\u00e8me places<\/strong>\u00a0!! Le comit\u00e9 d\u00e9partemental f\u00e9licite tous ces jeunes\u00a0 pour leur excellente comp\u00e9tition !!<\/p>\n<p><strong>1\u00e8re place :<\/strong><\/p>\n<ul>\n<li><strong>Eddy ZHENG<\/strong>\u00a0(<em>IFC Hamour<\/em>)\u00a0\u00a0&#8211;\u00a0Benjamin masculin -40kg<\/li>\n<li><strong>Youssra RACHDI<\/strong>\u00a0(<em>SKC Villeneuve<\/em>) &#8211; Benjamin\u00a0f\u00e9minine -30kg<\/li>\n<li><strong>Tesmine MAAZOUZI<\/strong>\u00a0(<em>SKC Villeneuve<\/em>) &#8211; Benjamin\u00a0f\u00e9minine -40kg<\/li>\n<li><strong>Safia LAHOU<\/strong>\u00a0(<em>SKC Villeneuve<\/em>) &#8211; Benjamin\u00a0f\u00e9minine -50kg<\/li>\n<\/ul>\n<p><strong>2\u00e8me place :<\/strong><\/p>\n<ul>\n<li><strong>Camil PERINI\u00a0<\/strong>(<em>IGDKF Vanves<\/em>)<strong>\u00a0<\/strong>&#8211; Pupille masculin -30kg<\/li>\n<li><strong>Ray RAZAFIMAHERY<\/strong>\u00a0(<em>IGDKF Vanves<\/em>)<strong>\u00a0<\/strong>&#8211; Benjamin\u00a0masculin -40kg<\/li>\n<li><strong>Marissa\u00a0HAFEZAN<\/strong>\u00a0(<em>Courbevoie SK<\/em>)\u00a0&#8211;\u00a0Benjamin\u00a0f\u00e9minine -35kg<\/li>\n<\/ul>\n<p><strong>3\u00e8me\u00a0place :<\/strong><\/p>\n<ul>\n<li><strong>Dalia AJMIL\u00a0<\/strong>(<em>IFC Hamour<\/em>)\u00a0&#8211;\u00a0Pupille f\u00e9minine -30kg<\/li>\n<li><strong>Sirine BENBACCAR<\/strong>\u00a0(<em>SKC Villeneuve<\/em>) &#8211; Pupille f\u00e9minine -35kg<\/li>\n<li><strong>Khadya SAVANE<\/strong>\u00a0\u00a0(<em>SKC Villeneuve<\/em>) &#8211; Pupille f\u00e9minine -40kg<\/li>\n<li><strong>L\u00e9a NAPASEUT<\/strong>\u00a0(<em>KC Colombes<\/em>) &#8211; Pupille f\u00e9minine -45kg<\/li>\n<li><strong>Rayan QUETELOT<\/strong>\u00a0(<em>KC Colombes<\/em>)<strong>\u00a0<\/strong>&#8211; Benjamin\u00a0masculin -35kg<\/li>\n<li><strong>Raphael DESPUJOL<\/strong>\u00a0(I<em>GDKF Vanves<\/em>)<strong>\u00a0<\/strong>&#8211;\u00a0Benjamin\u00a0masculin -45kg<\/li>\n<li><strong>Matthias\u00a0RANAIVOHARINDRIAKA<\/strong>\u00a0(I<em>GDKF Vanves<\/em>)<strong>\u00a0<\/strong>&#8211;\u00a0Benjamin\u00a0masculin -55kg<\/li>\n<li><strong>N\u00e9lissa HAFEZAN<\/strong>\u00a0(<em>Courbevoie SK<\/em>)\u00a0&#8211;\u00a0Benjamin\u00a0f\u00e9minine -30kg<\/li>\n<li><strong>Joumana BOUALAOUI<\/strong>\u00a0 (<em>SKC Villeneuve<\/em>)\u00a0&#8211;\u00a0Benjamin\u00a0f\u00e9minine -35kg<\/li>\n<li><strong>C\u00e9lia RETORY\u00a0<\/strong>(<em>Courbevoie SK<\/em>)\u00a0&#8211; Benjamin\u00a0f\u00e9minine -40kg<\/li>\n<\/ul>\n<p>A noter les belles cinqui\u00e8me place de\u00a0<strong>Manael HAMET<\/strong>\u00a0(<em>IFC Hamour<\/em>) et\u00a0<strong>Pierre BARBEROUSSE<\/strong>\u00a0(<em>IGDKF Vanves<\/em>) en pupille masculin -30kg,\u00a0\u00a0<strong>Mina ESSAYED<\/strong>\u00a0(<em>Courbevoie SK<\/em>) en pupille\u00a0 f\u00e9minine -25kg,\u00a0<strong>Aymane HIRACHE\u00a0<\/strong>(<em>Courbevoie SK<\/em>) en benjamin\u00a0masculin -40kg,\u00a0<strong>Badys BAKOUR<\/strong>\u00a0(<em>KISS<\/em>) en\u00a0en benjamin\u00a0masculin -45kg,\u00a0<strong>Florian ZARBO<\/strong>\u00a0(<em>KISS<\/em>) en\u00a0en benjamin\u00a0masculin 50kg, Grace DESTY (KISS) en benjamin\u00a0f\u00e9minine -35kg<\/p>\n<p><span style=\"color: #000080\"><strong><a href=\"https:\/\/sites.ffkarate.fr\/hautsdeseine\/wp-content\/uploads\/sites\/57\/2017\/12\/20171203_Challenge_IDF_Resultat_V1.0.pdf\" target=\"_blank\" rel=\"noopener\"><span style=\"color: #003366\"><strong style=\"color: #000080\">R\u00e9sultats\u00a0du challenge IDF combat Pupilles\/Benjamin\u00a0du dimanche\u00a03 d\u00e9cembre 2017<\/strong><\/span><\/a><\/strong><\/span>\u00a0\u2b05\ufe0f\u00a0<span style=\"color: #000000\">Cliquez sur ce lien<\/span><\/p>\n<div style=\"border: 0px solid black;color: white;font-size: 17px;padding: 3px;background-color: #00607c\"><strong>Samedi 2\u00a0d\u00e9cembre\u00a02017 : COUPE DE FRANCE COMBATS CADETS \/ JUNIORS INDIVIDUELS M\/F<\/strong><\/div>\n<p>&nbsp;<\/p>\n<p>Le<strong>\u00a0samedi 2 d\u00e9cembre<\/strong><strong>\u00a02017<\/strong>\u00a0avait lieu la\u00a0<strong>Coupe de France combats Cadets et Juniors individuels<\/strong>\u00a0\u00e0 Orl\u00e9ans (45).\u00a0<strong>Rabie<\/strong>\u00a0(<em>CSMPuteaux<\/em>) fait une belle comp\u00e9tition et remporte la coupe de France dans la cat\u00e9gorie des cadets masculin +70 kg.\u00a0<strong>Hamza<\/strong>\u00a0(<em>CSMPuteaux<\/em>) quant \u00e0 lui apr\u00e8s avoir fait second \u00e0 l&rsquo;Open Adidas, monte sur la troisi\u00e8me marche du podium\u00a0!! Le comit\u00e9 d\u00e9partemental f\u00e9licite\u00a0Rabie et Hamza pour leur podium\u00a0!!<\/p>\n<p><strong>1\u00e8re place :<\/strong><\/p>\n<ul>\n<li><strong>Rabie HOULICH<\/strong><strong>\u00a0<\/strong>(<i>CSMPuteaux<\/i>) &#8211; Cadet masculin +70kg<\/li>\n<\/ul>\n<p><strong>2\u00e8me place :<\/strong><\/p>\n<ul>\n<li><strong>Hamza SAM\u00a0<\/strong>(<i>CSMPuteaux<\/i>) &#8211; Cadet masculin -70kg<\/li>\n<\/ul>\n<p><span style=\"color: #000080\"><strong><a href=\"https:\/\/sites.ffkarate.fr\/hautsdeseine\/wp-content\/uploads\/sites\/57\/2017\/12\/20171202_Coupe_France_Combats_Juniors_Cadets.pdf\" target=\"_blank\" rel=\"noopener\"><span style=\"color: #003366\"><strong style=\"color: #000080\">R\u00e9sultats\u00a0de la coupe de France combats en cadets et juniors individuels du samedi 2 d\u00e9cembre 2017<\/strong><\/span><\/a><\/strong><\/span>\u00a0\u2b05\ufe0f\u00a0<span style=\"color: #000000\">Cliquez sur ce lien<\/span><\/p>\n<div style=\"border: 0px solid black;color: white;font-size: 17px;padding: 3px;background-color: #00607c\"><strong>Samedi\u00a0 26 novembre 2017 : COUPE DE FRANCE KATA M\/C\/J\/S IND + EQ\u00a0 M\/F<\/strong><\/div>\n<p>&nbsp;<\/p>\n<p>Le<strong>\u00a0samedi 26\u00a0<\/strong><strong>novembre 2017<\/strong>\u00a0avait lieu la\u00a0<strong>Coupe de France\u00a0Kata<\/strong>\u00a0Minimes, Cadets, Juniors et S\u00e9niors individuels et en \u00e9quipes \u00e0 Lormont (33)<strong>.<\/strong>\u00a0F\u00e9licitation \u00e0\u00a0<strong>Chathveekan THIVENDRARAJAH<\/strong>\u00a0(<em>CSM Puteaux<\/em>) qui termine\u00a0<strong>3\u00e8me<\/strong>\u00a0dans la cat\u00e9gorie des Cadets masculins.<\/p>\n<p><strong>3\u00e8me\u00a0place :<\/strong><\/p>\n<ul>\n<li><strong>Chathveekan THIVENDRARAJAH<\/strong>\u00a0(<em>CSM Puteaux<\/em>) &#8211;\u00a0Cadets masculin<\/li>\n<\/ul>\n<div style=\"border: 0px solid black;color: white;font-size: 17px;padding: 3px;background-color: #00607c\"><strong>Samedi\u00a018 et dimanche 19 novembre 2017 : COUPE DE FRANCE COMBATS S\u00c9NIORS INDIVIDUELS \/ EQUIPES\u00a0 M\/F<\/strong><\/div>\n<p>&nbsp;<\/p>\n<p>Le<strong>\u00a0samedi 18<\/strong>\u00a0et<strong>\u00a0dimanche 19 novembre 2017<\/strong>\u00a0avait lieu la Coupe de France Combats s\u00e9niors individuels et en \u00e9quipes<strong>.<\/strong>\u00a0F\u00e9licitation \u00e0\u00a0<strong>Johan<\/strong>\u00a0(<em>CSA Hauts de Rueil<\/em>) qui remporte la Coupe de France dans la cat\u00e9gorie des -60 kg.\u00a0<b>Micka\u00ebl\u00a0<\/b>(<em>CSM Puteaux<\/em>) termine\u00a0<strong>3\u00e8me<\/strong>\u00a0dans la cat\u00e9gorie des +84 kg. Le dimanche, l&rsquo;<strong>\u00e9quipe f\u00e9minine<\/strong>\u00a0du\u00a0<em>CSM Puteaux<\/em>\u00a0termine\u00a0<strong>2\u00e8me<\/strong>\u00a0et l&rsquo;<strong>\u00e9quipe\u00a0<\/strong><b>masculine<\/b>\u00a0termine\u00a0<strong>3\u00e8me<\/strong>. F\u00e9licitation \u00e0 tous les comp\u00e9titeurs pour leurs supers r\u00e9sultats !!<\/p>\n<p><strong>1\u00e8re place :<\/strong><\/p>\n<ul>\n<li><strong>Johan LOPES<\/strong>\u00a0(<em>CSA Hauts de Rueil<\/em>)\u00a0\u00a0&#8211; S\u00e9nior masculin -60kg<\/li>\n<\/ul>\n<p><strong>2\u00e8me place :<\/strong><\/p>\n<ul>\n<li><strong>Equipe\u00a0f\u00e9minine\u00a0<\/strong>(<em>CSMPuteaux<\/em>)<\/li>\n<\/ul>\n<p><strong>3\u00e8me\u00a0place :<\/strong><\/p>\n<ul>\n<li><strong>Mickael SERFATI\u00a0<\/strong>(<em>CSMPuteaux<\/em>)\u00a0&#8211; S\u00e9nior masculin +84kg<\/li>\n<li><strong>Equipe masculine\u00a0<\/strong>(<em>CSMPuteaux<\/em>)<\/li>\n<\/ul>\n<div style=\"border: 0px solid black;color: white;font-size: 17px;padding: 3px;background-color: #00607c\"><strong>Samedi 4\u00a0et dimanche 5 novembre 2017 :\u00a0Open International de Belgique<\/strong><\/div>\n<p>&nbsp;<\/p>\n<p>Le<strong>\u00a0samedi 4<\/strong>\u00a0et<strong>\u00a0dimanche 5 novembre 2017<\/strong>\u00a0avait lieu l&rsquo;<strong>Open International de Belgique.<\/strong>\u00a0F\u00e9licitation \u00e0\u00a0<strong>Nora<\/strong>\u00a0(<em>Karate Club Colombes<\/em>) qui termine 2\u00e8me dans la cat\u00e9gorie \u00a0U18 Open \u00a0et\u00a0<strong>Tessmine<\/strong>\u00a0(<em>SKC Villeneuve<\/em>) qui termine\u00a0<strong>3\u00e8me<\/strong>\u00a0dans la c\u00e9tagorie des U12 f\u00e9minine -34 kg. F\u00e9licitation aux deux comp\u00e9titrices.<\/p>\n<p><strong>2\u00e8me place :<\/strong><\/p>\n<ul>\n<li><strong>Nora AKRATI\u00a0<\/strong>(<i>KC Colombes<\/i>) &#8211; U18 Open f\u00e9minine<\/li>\n<\/ul>\n<p><strong>3\u00e8me\u00a0place :<\/strong><\/p>\n<ul>\n<li><strong>Tessmine MAAZOUZI<\/strong>\u00a0(<em>SKC Villeneuve<\/em>) &#8211; U12 f\u00e9minine -34 kg<\/li>\n<\/ul>\n<p><span style=\"color: #000080\"><strong><a href=\"https:\/\/sites.ffkarate.fr\/hautsdeseine\/wp-content\/uploads\/sites\/57\/2017\/11\/20171104-05_International_Belgium_Open_Kumite_Resultat_V1.0.pdf\" target=\"_blank\" rel=\"noopener\"><span style=\"color: #003366\"><strong style=\"color: #000080\">R\u00e9sultats de l&rsquo;Open de Belgique du\u00a0samedi 4 et dimanche 5 novembre 2017<\/strong><\/span><\/a><\/strong><\/span>\u00a0\u2b05\ufe0f\u00a0<span style=\"color: #000000\">Cliquez sur ce lien<\/span><\/p>\n<div style=\"border: 0px solid black;color: white;font-size: 17px;padding: 3px;background-color: #00607c\"><strong>Samedi 28\u00a0et dimanche 29 octobre 2017 : Open Adidas<\/strong><\/div>\n<p>&nbsp;<\/p>\n<p>Le<strong>\u00a0samedi 28<\/strong>\u00a0et<strong>\u00a0dimanche 29\u00a0<\/strong><strong>octobre\u00a02017<\/strong>\u00a0avaient lieu l&rsquo;<strong>Open Adidas.<\/strong><strong>\u00a0Bravo \u00e0 Ilyes\u00a0<\/strong>(<em>CSMPuteaux<\/em>) qui remporte la comp\u00e9tition en s\u00e9nior masculin +84 kg. Pour la seconde place, 4 comp\u00e9titeurs du\u00a0<em>CSMPuteaux<\/em>\u00a0montent sur le podium\u00a0<strong>Cynthia<\/strong>\u00a0en\u00a0S\u00e9nior\u00a0f\u00e9minine -68kg,\u00a0<strong>Sana<\/strong>\u00a0en s\u00e9nior f\u00e9minine +68kg,\u00a0<strong>Hamza\u00a0<\/strong>en cadet masculin -70kg et\u00a0<strong>Jordan<\/strong>\u00a0en s\u00e9nior masculin +84kg. Cinq comp\u00e9titeurs montent sur la troisi\u00e8me marche du podium,\u00a0<strong>Nora\u00a0<\/strong>(<i>KC Colombes<\/i>) en Junior f\u00e9minine -53kg,\u00a0<strong>Marjolaine\u00a0<\/strong>(<i>CSMPuteaux<\/i>) en Junior\u00a0f\u00e9minine -59kg,\u00a0<strong>Khalil\u00a0<\/strong>(<i>KISS<\/i>) en Minime masculin +65kg,\u00a0<b>Micka\u00ebl<\/b>\u00a0(<i>CSMPuteaux<\/i>) en S\u00e9nior masculin +84kg et\u00a0<strong>Willman\u00a0<\/strong>(<em>CSMPuteaux<\/em>) en S\u00e9nior masculin +84kg.<\/p>\n<p><strong>1\u00e8re place :<\/strong><\/p>\n<ul>\n<li><strong>Ilyes KLOUZ\u00a0<\/strong>(<em>CSMPuteaux<\/em>)\u00a0&#8211; S\u00e9nior masculin +84kg<\/li>\n<\/ul>\n<p><strong>2\u00e8me place :<\/strong><\/p>\n<ul>\n<li><strong>Cynthia\u00a0BONTE\u00a0<\/strong>(<em>CSMPuteaux<\/em>) &#8211; S\u00e9nior\u00a0f\u00e9minine -68kg<\/li>\n<li><strong>Sana SAHLI<\/strong>\u00a0(<i>CSMPuteaux<\/i>) &#8211; S\u00e9nior f\u00e9minine +68kg<\/li>\n<li><strong>Hamza SAM\u00a0<\/strong>(<i>CSMPuteaux<\/i>) &#8211; Cadet masculin -70kg<\/li>\n<li><strong>Jordan LAUGIER\u00a0<\/strong>(<em>CSMPuteaux<\/em>)\u00a0&#8211; S\u00e9nior masculin +84kg<\/li>\n<\/ul>\n<p><strong>3\u00e8me\u00a0place :<\/strong><\/p>\n<ul>\n<li><strong>Nora AKRATI\u00a0<\/strong>(<i>KC Colombes<\/i>) &#8211; Junior f\u00e9minine -53kg<\/li>\n<li><strong>Marjolaine PORCHER\u00a0<\/strong>(<i>CSMPuteaux<\/i>)\u00a0&#8211; Junior\u00a0f\u00e9minine -59kg<\/li>\n<li><strong>Khalil BEN HAJ LARBI\u00a0<\/strong>(<i>KISS<\/i>)\u00a0&#8211;\u00a0Minime masculin +65kg<\/li>\n<li><strong>Micka\u00ebl SERFATI<\/strong>\u00a0(<i>CSMPuteaux<\/i>) &#8211; S\u00e9nior masculin +84kg<\/li>\n<li><strong>Willman MALONGA\u00a0<\/strong>(<em>CSMPuteaux<\/em>)\u00a0&#8211; S\u00e9nior masculin +84kg<\/li>\n<\/ul>\n<p>A noter, les belles 5\u00e8me place de\u00a0<strong>Chlo\u00e9 BREUZARD<\/strong>\u00a0(<em>IGKDF\u00a0<\/em><i>Vanves<\/i>) en\u00a0minime f\u00e9minine +40kg,\u00a0<strong>Angelina LIMA<\/strong>\u00a0(<i>Arts Martiaux Garennois<\/i>) &#8211; en\u00a0minime f\u00e9minine -45kg,\u00a0<strong>M\u00e9linda MARMOT\u00a0<\/strong>(<em>CSMPuteaux<\/em>) en\u00a0junior\u00a0f\u00e9minine -59kg, \u00a0<strong>Enzo SULPICE<\/strong>\u00a0(<em>IGKDF\u00a0<\/em><i>Vanves<\/i>) en\u00a0minime masculin -50kg,\u00a0<strong>Francky RAMPANA<\/strong><b>\u00a0<\/b>(IGDKF Vanves) et\u00a0<strong>Mathias MARION<\/strong>\u00a0(<em>CSMPuteaux<\/em>) en s\u00e9nior masculin +84kg<\/p>\n<p><span style=\"color: #000080\"><strong><a href=\"https:\/\/sites.ffkarate.fr\/hautsdeseine\/wp-content\/uploads\/sites\/57\/2017\/11\/20171028-29_Open_Adidas_Resultats_V1.0.pdf\" target=\"_blank\" rel=\"noopener\"><span style=\"color: #003366\"><strong style=\"color: #000080\">R\u00e9sultats de l&rsquo;Open Adidas du\u00a0samedi 28 et dimanche \u00a029 octobre 2017<\/strong><\/span><\/a><\/strong><\/span>\u00a0\u2b05\ufe0f\u00a0<span style=\"color: #000000\">Cliquez sur ce lien<\/span><\/p>\n<div style=\"border: 0px solid black;color: white;font-size: 17px;padding: 3px;background-color: #00607c\"><strong>Samedi\u00a016 et dimanche 17 septembre 2017 :\u00a0International Basel Open Masters &#8211; Suisse<\/strong><\/div>\n<p>&nbsp;<\/p>\n<p>Le<strong>\u00a0samedi 16<\/strong>\u00a0et<strong>\u00a0dimanche 17 septembre<\/strong><strong>\u00a02017<\/strong>\u00a0avaient lieu l&rsquo;<strong>Open international de Suisse<\/strong><strong>.\u00a0<\/strong>Moisson de m\u00e9daille pour le club du\u00a0<em>CSMPuteaux<\/em>\u00a0avec la victoire pour\u00a0<strong>M\u00e9linda\u00a0<\/strong>(<em>CSMPuteaux<\/em>)\u00a0en junior f\u00e9minine +48kg,\u00a0<strong>Sally<\/strong>\u00a0termine second en s\u00e9nior masculin -75 kg.\u00a0<strong>Marjolaine<\/strong>,\u00a0<strong>Sana<\/strong>,\u00a0<b>Micka\u00ebl<\/b>\u00a0et\u00a0<strong>Sofiane<\/strong>\u00a0terminent troisi\u00e8me de leur cat\u00e9gorie !!<\/p>\n<p><strong>1\u00e8re place :<\/strong><\/p>\n<ul>\n<li><strong>M\u00e9linda MARMOT\u00a0<\/strong>(<em>CSMPuteaux<\/em>) &#8211; Junior\u00a0f\u00e9minine +48kg<\/li>\n<\/ul>\n<p><strong>2\u00e8me place :<\/strong><\/p>\n<ul>\n<li><strong>Sally DIOP\u00a0<\/strong>(<em>CSMPuteaux<\/em>) &#8211; S\u00e9nior masculin -75kg<\/li>\n<\/ul>\n<p><strong>3\u00e8me\u00a0place :<\/strong><\/p>\n<ul>\n<li><strong>Marjolaine PORCHER\u00a0<\/strong>(<i>CSMPuteaux<\/i>) &#8211; U18\u00a0f\u00e9minine &#8211; Open<\/li>\n<li><strong>Marjolaine PORCHER\u00a0<\/strong>(<i>CSMPuteaux<\/i>)\u00a0&#8211; Junior\u00a0f\u00e9minine +48kg<\/li>\n<li><strong>Sana SAHLI<\/strong>\u00a0(<i>CSMPuteaux<\/i>) &#8211; S\u00e9nior f\u00e9minine +68kg<\/li>\n<li><strong>Mickael SERFATI<\/strong>\u00a0(<i>CSMPuteaux<\/i>) &#8211; S\u00e9nior masculin +84kg<\/li>\n<li><strong>Sofiane ILLITEN\u00a0<\/strong>(<i>CSMPuteaux<\/i>) &#8211; S\u00e9nior masculin -75kg<\/li>\n<\/ul>\n<p>A noter, la belle 5\u00e8me place de\u00a0<strong>Sana SAHLI<\/strong>\u00a0(<i>CSMPuteaux<\/i>) &#8211; Open f\u00e9minine,\u00a0<strong>Enzo RATISTO<\/strong>\u00a0(<i>CSMPuteaux<\/i>) &#8211; S\u00e9nior masculin -60kg,<strong>\u00a0Daniel MAXENCE<\/strong>\u00a0(<i>CSMPuteaux<\/i>) &#8211; S\u00e9nior masculin -67kg et de\u00a0<strong>Flavie ROSSI<\/strong>\u00a0(<i>CSMPuteaux<\/i>) &#8211; Open Masters f\u00e9minine qui terminent 5\u00e8me et de\u00a0<strong>M\u00e9linda MARMOT\u00a0<\/strong>(<i>CSMPuteaux<\/i>)\u00a0qui termine 7\u00e8me dans la cat\u00e9gorie des U18 Open.<\/p>\n<p><span style=\"color: #000080\"><strong><a href=\"https:\/\/sites.ffkarate.fr\/hautsdeseine\/wp-content\/uploads\/sites\/57\/2017\/09\/2017091-17_International_Basel_Open_Masters_Resultats_V1.0.pdf\" target=\"_blank\" rel=\"noopener\"><span style=\"color: #003366\"><strong style=\"color: #000080\">R\u00e9sultats de l&rsquo;International Basel Open Masters du\u00a0samedi 16 et dimanche 17 septembre\u00a02017<\/strong><\/span><\/a><\/strong><\/span>\u00a0\u2b05\ufe0f\u00a0<span style=\"color: #000000\">Cliquez sur ce lien<\/span><\/p>\n<div style=\"border: 0px solid black;color: white;font-size: 17px;padding: 3px;background-color: #00607c\"><strong>Samedi 16 et dimanche 17 septembre 2017 : Lions Cup &#8211; Luxembourg<\/strong><\/div>\n<p>&nbsp;<\/p>\n<p>Le<strong>\u00a0samedi 16<\/strong>\u00a0et<strong>\u00a0dimanche 17 septembre<\/strong><strong>\u00a02017<\/strong>\u00a0avaient lieu\u00a0<strong>la Lions Cup<\/strong>\u00a0au<strong>\u00a0Luxembourg.\u00a0<\/strong>F\u00e9licitation \u00e0\u00a0<strong>Chlo\u00e9<\/strong>\u00a0de l&rsquo;<em>IGKDF Vanves<\/em>\u00a0qui\u00a0termine sur la troisi\u00e8me marche du podium en U14 f\u00e9minine -40kg.<\/p>\n<p><strong>1\u00e8re place :<\/strong><\/p>\n<ul>\n<li><strong>Chlo\u00e9 BREUZARD\u00a0<\/strong>(<em>IGDKF Vanves<\/em>) &#8211; U14 f\u00e9minine -40kg<\/li>\n<\/ul>\n<p>A noter, la belle 7\u00e8me place de\u00a0<strong>Florian POIGNANT<\/strong>\u00a0(<em>IGKDF Vanves<\/em>) qui termine 7\u00e8me dans la cat\u00e9gorie des U18 +76kg.<\/p>\n<p><span style=\"color: #000080\"><strong><a href=\"https:\/\/sites.ffkarate.fr\/hautsdeseine\/wp-content\/uploads\/sites\/57\/2017\/09\/20170916-17_Lions_Cup_Luxembourg_Resultats.pdf\" target=\"_blank\" rel=\"noopener\"><span style=\"color: #003366\"><strong style=\"color: #000080\">R\u00e9sultats de la Lions Cup &#8211; Luxembourg du samedi 16 et dimanche 17 septembre 2017<\/strong><\/span><\/a><\/strong><\/span>\u00a0\u2b05\ufe0f\u00a0<span style=\"color: #000000\">Cliquez sur ce lien<\/span><\/p>\n<h2><\/h2>\n<p>[\/vc_column_text][\/vc_column][\/vc_row]<\/p>\n<\/div>","protected":false},"excerpt":{"rendered":"<p>[vc_row][vc_column][vc_column_text] \u00a0R\u00e9sultats saison 2017-2018 Samedi 23 et dimanche 24 juin 2018 : COUPE DE FRANCE KARAT\u00c9 COMBATS\/KATA DES CORPORATIONS M\/F &nbsp; Le\u00a0samedi\u00a023 et dimanche 24 juin 2018,\u00a0avait lieu la\u00a0Coupe de France de Karat\u00e9 Combats\/Kata des Corporations\u00a0\u00e0 Amiens (60). Encore de tr\u00e8s beaux r\u00e9sultats pour les comp\u00e9titeurs du d\u00e9partement !! 1\u00e8re place : Mathieu ALLAF\u00a0(Courbevoie SK)\u00a0 [&hellip;]<\/p>\n","protected":false},"author":87,"featured_media":0,"parent":13963,"menu_order":0,"comment_status":"closed","ping_status":"closed","template":"","meta":{"footnotes":""},"class_list":["post-5684","page","type-page","status-publish","hentry"],"_links":{"self":[{"href":"https:\/\/sites.ffkarate.fr\/hautsdeseine\/wp-json\/wp\/v2\/pages\/5684","targetHints":{"allow":["GET"]}}],"collection":[{"href":"https:\/\/sites.ffkarate.fr\/hautsdeseine\/wp-json\/wp\/v2\/pages"}],"about":[{"href":"https:\/\/sites.ffkarate.fr\/hautsdeseine\/wp-json\/wp\/v2\/types\/page"}],"author":[{"embeddable":true,"href":"https:\/\/sites.ffkarate.fr\/hautsdeseine\/wp-json\/wp\/v2\/users\/87"}],"replies":[{"embeddable":true,"href":"https:\/\/sites.ffkarate.fr\/hautsdeseine\/wp-json\/wp\/v2\/comments?post=5684"}],"version-history":[{"count":1,"href":"https:\/\/sites.ffkarate.fr\/hautsdeseine\/wp-json\/wp\/v2\/pages\/5684\/revisions"}],"predecessor-version":[{"id":9517,"href":"https:\/\/sites.ffkarate.fr\/hautsdeseine\/wp-json\/wp\/v2\/pages\/5684\/revisions\/9517"}],"up":[{"embeddable":true,"href":"https:\/\/sites.ffkarate.fr\/hautsdeseine\/wp-json\/wp\/v2\/pages\/13963"}],"wp:attachment":[{"href":"https:\/\/sites.ffkarate.fr\/hautsdeseine\/wp-json\/wp\/v2\/media?parent=5684"}],"curies":[{"name":"wp","href":"https:\/\/api.w.org\/{rel}","templated":true}]}}