{"id":719,"date":"2015-08-11T16:08:50","date_gmt":"2015-08-11T14:08:50","guid":{"rendered":"https:\/\/sites.ffkarate.fr\/liguehautsdeseine\/?page_id=719"},"modified":"2024-09-16T11:39:27","modified_gmt":"2024-09-16T09:39:27","slug":"resultats-saison-2016-2017","status":"publish","type":"page","link":"https:\/\/sites.ffkarate.fr\/hautsdeseine\/competitions-2\/resultats\/resultats-saison-2016-2017\/","title":{"rendered":"R\u00e9sultats \/ Saison 2016-2017"},"content":{"rendered":"<div class=\"wpb-content-wrapper\"><p>[vc_row][vc_column][vc_column_text]<\/p>\n<h2>R\u00e9sultats des comp\u00e9titions sur le Comit\u00e9 D\u00e9partemental des Hauts de Seine<\/h2>\n<p><span style=\"color: #003366\"><strong><span style=\"font-size: x-large\">Saison 2016-2017<\/span><\/strong><\/span><\/p>\n<div style=\"border: 0px solid black;color: white;font-size: 17px;padding: 3px;background-color: #00607c\"><strong>Mardi 11\u00a0et mercredi 12 juillet 2017 : 20th Maccabiah Karate Games<\/strong><\/div>\n<p>&nbsp;<\/p>\n<p>Le<strong>\u00a0mardi 11 et mercredi 12 juillet<\/strong><strong>\u00a02017<\/strong>\u00a0avaient lieu les <strong>20\u00e8me Maccabiades<\/strong> \u00e0 <strong>J\u00e9rusalem<\/strong>.F\u00e9licitation \u00e0 <strong>Micka\u00ebl<\/strong> du <em>CSMPuteaux<\/em> qui d\u00e9croche l&rsquo;or durant ces jeux !!<\/p>\n<p><strong>1\u00e8re place :<\/strong><\/p>\n<ul>\n<li><strong>Micka\u00ebl SERFATI\u00a0<\/strong>(<em>CSM Puteaux<\/em>) &#8211; S\u00e9nior masculin +84kg<\/li>\n<\/ul>\n<p><span style=\"color: #000080\"><strong><a href=\"https:\/\/sites.ffkarate.fr\/hautsdeseine\/wp-content\/uploads\/sites\/57\/2017\/07\/20170711-12_20th_Maccabiah_Karate_Games_Resultats_V1.0.pdf\" target=\"_blank\" rel=\"noopener\"><span style=\"color: #003366\"><strong style=\"color: #000080\">R\u00e9sultats des Maccabiah Karate Games du \u00a0mardi 11 et mercredi 12 juillet 2017<\/strong><\/span><\/a><\/strong><\/span>\u00a0\u2b05\ufe0f\u00a0<span style=\"color: #000000\">Cliquez sur ce lien<\/span><\/p>\n<div style=\"border: 0px solid black;color: white;font-size: 17px;padding: 3px;background-color: #00607c\"><strong>Dimanche 25\u00a0juin 2017 :\u00a0CHALLENGE DES HAUTS-DE-SEINE DU FAIR PLAY ET DE LA MIXITE<\/strong><\/div>\n<p>&nbsp;<\/p>\n<p>Le<strong> dimanche\u00a025<\/strong><strong>\u00a0juin 2017<\/strong> avaient lieu le <strong>Challenge des Hauts-De-Seine du Fair Play et de la Mixit\u00e9<\/strong> \u00e0 Nanterre. Merci \u00e0 tous les clubs qui ont particip\u00e9 \u00e0 cette comp\u00e9tition de fin d&rsquo;ann\u00e9e. Entre le club vainqueur de ce Challenge <strong>Institut de Gojuryu Kankyukai de France<\/strong>\u00a0de Vanves et le club du <strong>CSMPuteaux<\/strong>, 8 points seulement les s\u00e9parent !! F\u00e9licitation \u00e9galement au <strong>Courbevoie Sports Karat\u00e9<\/strong>\u00a0qui compl\u00e8te le podium.<\/p>\n<p>Merci \u00e0 la ville de Nanterre pour leur accueil.<\/p>\n<p><a href=\"https:\/\/sites.ffkarate.fr\/hautsdeseine\/wp-content\/uploads\/sites\/4\/2017\/06\/20170625_Challenge_Hauts_De_Seine_Resultats_V1.0.png\"><img decoding=\"async\" class=\"aligncenter wp-image-4069\" src=\"https:\/\/sites.ffkarate.fr\/hautsdeseine\/wp-content\/uploads\/sites\/4\/2017\/06\/20170625_Challenge_Hauts_De_Seine_Resultats_V1.0.png\" alt=\"20170625_Challenge_Hauts_De_Seine_Resultats_V1.0\" width=\"600\" height=\"511\" \/><\/a><\/p>\n<p><span style=\"color: #000080\"><strong><a href=\"https:\/\/sites.ffkarate.fr\/hautsdeseine\/wp-content\/uploads\/sites\/57\/2017\/06\/20170625_Challenge_Hauts_De_Seine_Resultats_V1.0.pdf\" target=\"_blank\" rel=\"noopener\"><span style=\"color: #003366\"><strong style=\"color: #000080\">R\u00e9sultats du Challenge des Hauts-De-Seine du Fair Play et de la Mixit\u00e9 du dimanche\u00a025 juin\u00a02017<\/strong><\/span><\/a><\/strong><\/span>\u00a0\u2b05\ufe0f <span style=\"color: #000000\">Cliquez sur ce lien<\/span><\/p>\n<div style=\"border: 0px solid black;color: white;font-size: 17px;padding: 3px;background-color: #00607c\"><strong>Samedi 17\u00a0et dimanche 18 juin 2017 : CHAMPIONNAT DE FRANCE KARAT\u00c9 COMBAT\/KATA V\u00c9T\u00c9RANS<\/strong><\/div>\n<p>&nbsp;<\/p>\n<p>Le <strong>samedi 17 <\/strong>et<strong> dimanche 18 juin 2017<\/strong> avaient lieu les<strong>\u00a0Championnats de France de Karat\u00e9 Combat\/Kata V\u00e9t\u00e9rans<\/strong>\u00a0\u00e0 Coubertin (75). F\u00e9licitation \u00e0 <strong>Bernard<\/strong><b>\u00a0<\/b>(<i>Villeneuve<em> La Garenne<\/em><\/i>) et <strong>Karim<\/strong> (<i>CSM Puteaux<\/i>)\u00a0qui remportent le titre en Combat\u00a0!! F\u00e9licitation \u00e9galement \u00e0\u00a0<strong>Marguerite<\/strong> (<em>Villeneuve La Garenne<\/em>)\u00a0qui termine\u00a0\u00e0 la 3\u00e8me place.<\/p>\n<p><strong>1\u00e8re place :<\/strong><\/p>\n<ul>\n<li><b>Bernard BLONDEL<\/b>\u00a0(<em>Villeneuve La Garenne<\/em>)\u00a0&#8211;\u00a0V\u00e9t\u00e9rans 3 masculins -67kg<\/li>\n<li><b>Karim BADIANE <\/b>(<em>CSM Puteaux<\/em>)\u00a0&#8211;\u00a0V\u00e9t\u00e9rans 3 masculins -84kg<\/li>\n<\/ul>\n<p><strong>3\u00e8me place :<\/strong><\/p>\n<ul>\n<li><strong>Marguerite AGUIRRE EXPOSITO\u00a0<\/strong>(<em>Villeneuve La Garenne<\/em>) &#8211; V\u00e9t\u00e9rans 2 Kata f\u00e9minins<\/li>\n<\/ul>\n<p><span style=\"color: #000080\"><strong><a href=\"https:\/\/sites.ffkarate.fr\/hautsdeseine\/wp-content\/uploads\/sites\/57\/2017\/06\/201700617-18_Championnats_De_France_Veterans_Combats_Kata_Resultats_V1.0.pdf\" target=\"_blank\" rel=\"noopener\"><span style=\"color: #003366\"><strong style=\"color: #000080\">R\u00e9sultats du\u00a0Championnat de France de Karat\u00e9 Combat\/Kata V\u00e9t\u00e9rans\u00a0du samedi 17 et dimanche 18 juin\u00a02017<\/strong><\/span><\/a><\/strong><\/span>\u00a0\u2b05\ufe0f <span style=\"color: #000000\">Cliquez sur ce lien<\/span><\/p>\n<div style=\"border: 0px solid black;color: white;font-size: 17px;padding: 3px;background-color: #00607c\"><strong>Samedi 17\u00a0juin 2017 : TOURNOI DES D\u00c9PARTEMENTS IDF BENJAMIN\/MINIME<\/strong><\/div>\n<p>&nbsp;<\/p>\n<p>Le <strong>samedi 17\u00a0juin 2017<\/strong> avait lieu le <strong>tournoi des d\u00e9partements IDF Benjamin\/<\/strong><b>Minime<\/b>\u00a0\u00e0 l&rsquo;INJ (75). F\u00e9licitation\u00a0\u00e0 nos deux \u00e9quipes masculines et f\u00e9minines qui ont repr\u00e9sent\u00e9 fi\u00e8rement le d\u00e9partement en terminant \u00e0 la troisi\u00e8me place de l&rsquo;\u00e9preuve.<\/p>\n<p><strong>3\u00e8me place :<\/strong><\/p>\n<ul>\n<li><b>Equipe masculine\u00a0du 92 &#8211; Hauts-De-Seine<\/b><\/li>\n<li><b>Equipe f\u00e9minine\u00a0du 92 &#8211; Hauts-De-Seine<\/b><\/li>\n<\/ul>\n<p><strong><a href=\"https:\/\/sites.ffkarate.fr\/hautsdeseine\/wp-content\/uploads\/sites\/57\/2017\/06\/20170617_Tournoi_Des_Departements_IDF_BEN_MIN_Resultats_V1.0.pdf\" target=\"_blank\" rel=\"noopener\"><span style=\"color: #003366\"><strong style=\"color: #000080\">R\u00e9sultats du <strong>tournoi des d\u00e9partements IDF Benjamin\/<\/strong><b>Minimes<\/b> du samedi 17 juin\u00a02017<\/strong><\/span><\/a><\/strong>\u00a0\u2b05\ufe0f <span style=\"color: #000000\">Cliquez sur ce lien<\/span><\/p>\n<div style=\"border: 0px solid black;color: white;font-size: 17px;padding: 3px;background-color: #00607c\"><strong>Samedi 10 et dimanche 11 juin 2017 : COUPE DE FRANCE KARAT\u00c9 COMBAT MIN\/CAD\/JUN ZONE NORD<\/strong><\/div>\n<p>&nbsp;<\/p>\n<p>Le <strong>samedi 10\u00a0et dimanche 11\u00a0juin 2017<\/strong> avait lieu la<strong> Coupe de France Karat\u00e9 Combat de la zone Nord<\/strong> \u00e0 Amiens (80). F\u00e9licitation \u00e0 <strong>A<\/strong><b>drien\u00a0<\/b>(<i>AMGarennois<\/i>),\u00a0<b>Angelina\u00a0<\/b>(<i>AMGarennois<\/i>), <strong>Lina <\/strong>(<em>CSM Puteaux<\/em>)\u00a0et\u00a0<b>Melinda<\/b>\u00a0<b><\/b>(<i>CSMPuteaux<\/i>)qui reviennent avec le titre !! F\u00e9licitation \u00e9galement \u00e0 Youn\u00e8s (<em>Clichy<\/em>) qui termine second.\u00a0<strong>Karl<\/strong>\u00a0(<em>Levallois<\/em>), <strong>Toky <\/strong>(<em>CSM Puteaux<\/em>),\u00a0<strong>Djihane<\/strong> (<em>Courbevoie SK<\/em>) et <strong>Marjolaine\u00a0<\/strong>(<em>CSM Puteaux<\/em>) terminent \u00e0 la 3\u00e8me place.<\/p>\n<p><strong>1\u00e8re place :<\/strong><\/p>\n<ul>\n<li><b>Adrien GNIZAKO<\/b>\u00a0(<i>AMGarennois<\/i>) &#8211; Minime\u00a0masculin -55kg<\/li>\n<li><b>Angelina LIMA<\/b> (<i>AMGarennois<\/i>)\u00a0&#8211; Minime f\u00e9minine -40kg<\/li>\n<li><strong>Lina CHAKROUN<\/strong><b>\u00a0<\/b>(<em>CSM Puteaux<\/em>) &#8211; Minime\u00a0f\u00e9minine +55kg<\/li>\n<li><b>Melinda MARMOT<\/b>\u00a0<b><\/b>(<i>CSMPuteaux<\/i>)\u00a0&#8211; Junior\u00a0f\u00e9minine -59kg<\/li>\n<\/ul>\n<p><strong>2\u00e8me place :<\/strong><\/p>\n<ul>\n<li><strong>Younes SABBAR\u00a0<\/strong>(<em>Clichy<\/em>) &#8211; Minime masculin\u00a0-35kg<\/li>\n<\/ul>\n<p><strong>3\u00e8me place :<\/strong><\/p>\n<ul>\n<li><strong><strong>Karl DA ROCHA<\/strong><\/strong>\u00a0(<em>Levallois<\/em>) &#8211; Minime masculin -45kg<\/li>\n<li><strong>Toky\u00a0RANDRIANJANAKA\u00a0<\/strong>(<em>CSM Puteaux<\/em>) &#8211; Junior\u00a0masculin -61kg<\/li>\n<li><strong>Djihane MENACER<\/strong> (<em>Courbevoie SK<\/em>) &#8211;\u00a0Minime f\u00e9minine -50 kg<\/li>\n<li><b>Marjolaine PORCHER<\/b>\u00a0<b><\/b>(<i>CSMPuteaux<\/i>)\u00a0&#8211; Junior\u00a0f\u00e9minine -59kg<\/li>\n<\/ul>\n<p>A noter, les belles cinqui\u00e8mes places de <strong>Thibault VOINDROT<\/strong>\u00a0(<em>Villeneuve La Garenne<\/em>), <strong>Tany Mael\u00a0RAZAFIMAHERY<\/strong>\u00a0(<em>Vanves<\/em>).<\/p>\n<p><span style=\"color: #000080\"><strong><a href=\"https:\/\/sites.ffkarate.fr\/hautsdeseine\/wp-content\/uploads\/sites\/57\/2017\/06\/20170610-11_Coupe_De_France_Zone_Nord_Resultats.pdf\" target=\"_blank\" rel=\"noopener\"><span style=\"color: #003366\"><strong style=\"color: #000080\">R\u00e9sultats de la Coupe\u00a0de France de Combats\u00a0de la Zone Nord du samedi 10 et dimanche 11 juin\u00a02017<\/strong><\/span><\/a><\/strong><\/span>\u00a0\u2b05\ufe0f <span style=\"color: #000000\">Cliquez sur ce lien<\/span><\/p>\n<div style=\"border: 0px solid black;color: white;font-size: 17px;padding: 3px;background-color: #00607c\"><strong>Samedi 3\u00a0et dimanche 4 juin 2017 :\u00a0COUPE\u00a0DE FRANCE DES CORPORATIONS KATAS\/COMBATS<\/strong><\/div>\n<p>&nbsp;<\/p>\n<p>Le <strong>samedi 3 et dimanche 4 juin 2017<\/strong>\u00a0avait lieu\u00a0la <strong>Coupe\u00a0de France des Corporations Combats \/ Katas <\/strong>\u00e0 Ch\u00e2lons en Champagne\u00a0(50). Le comit\u00e9 d\u00e9partemental des Hauts-De-Seine f\u00e9licite <strong>Marguerite<\/strong> (<em>Villeneuve La Garenne<\/em>) et\u00a0<strong>Alyssa <\/strong>(<em>CourbevoieSK<\/em>) qui montent sur la troisi\u00e8me marche du podium.<\/p>\n<p><strong>3\u00e8me place :<\/strong><\/p>\n<ul>\n<li><strong>Marguerite AGUIRRE EXPOSITO<\/strong>\u00a0<b><\/b>(<em>Villeneuve La Garenne<\/em>) &#8211; V\u00e9t\u00e9ran 2\u00a0f\u00e9minine kata<\/li>\n<li><strong>Alyssa DARNOIS<\/strong> (<em>Courbevoie SK<\/em>) &#8211; Minime f\u00e9minine -40kg<\/li>\n<\/ul>\n<p>A noter, les belles cinqui\u00e8mes places de <strong>Farid BEDAR<\/strong>\u00a0(<em>Clichy<\/em>)\u00a0et <strong>Antonin RAYNAUD<\/strong> (<em>Courbevoie SK<\/em>).<\/p>\n<p><span style=\"color: #000080\"><strong><a href=\"https:\/\/sites.ffkarate.fr\/hautsdeseine\/wp-content\/uploads\/sites\/57\/2017\/06\/20170603-04_Coupe_France_Corpo_Resultats.pdf\" target=\"_blank\" rel=\"noopener\"><span style=\"color: #003366\"><strong style=\"color: #000080\">R\u00e9sultats de la Coupe\u00a0de France des Corporations Katas \/ Combats du samedi 3\u00a0et dimanche 4 juin\u00a02017<\/strong><\/span><\/a><\/strong><\/span>\u00a0\u2b05\ufe0f <span style=\"color: #000000\">Cliquez sur ce lien<\/span><\/p>\n<div style=\"border: 0px solid black;color: white;font-size: 17px;padding: 3px;background-color: #00607c\"><strong>Samedi 27\u00a0et dimanche 28\u00a0mai\u00a02017 : COUPE\u00a0DE FRANCE COMBATS \u00a0Benjamins<\/strong><\/div>\n<p>&nbsp;<\/p>\n<p>Le <strong>samedi 27 et dimanche 28 mai 2017<\/strong>\u00a0avait lieu\u00a0la <strong>Coupe\u00a0de France Combats Benjamins\u00a0<\/strong>\u00e0 Ceyrat (63). Le comit\u00e9 d\u00e9partemental des Hauts-De-Seine remporte deux titres avec <strong>Djihane<\/strong> (<em>CSK<\/em>) et <strong>Ray<\/strong> (<em>IGKDF<\/em>). <strong>Tessnime<\/strong> &amp; \u00a0<strong>Safia<\/strong> (<em>Villeneuve La Garenne<\/em>)\u00a0terminent \u00e0 la seconde place tandis qu&rsquo;<strong>Enzo<\/strong> (<em>IGKDF<\/em>) monte sur la troisi\u00e8me marche du podium. Le Comit\u00e9 d\u00e9partemental f\u00e9licite les comp\u00e9titeurs ainsi que leur professeur pour ces tr\u00e8s beaux r\u00e9sultats.<\/p>\n<p><strong>1\u00e8re\u00a0place :<\/strong><\/p>\n<ul>\n<li><strong>Djihane MENACER<\/strong> (<em>CSK<\/em>) &#8211; Benjamin f\u00e9minine -50 kg<\/li>\n<li><strong>Ray RAZAFIMAHERY<\/strong>\u00a0(<em>IGDKF<\/em>) &#8211; Benjamin masculin -35kg<\/li>\n<\/ul>\n<p><strong>2\u00e8me place :<\/strong><\/p>\n<ul>\n<li><strong>Tessnime MAAZOUZI<\/strong>\u00a0<b><\/b>(<em>Villeneuve La Garenne<\/em>) &#8211; Benjamin f\u00e9minine -35 kg<\/li>\n<li><strong>Safia LAHOU<\/strong>\u00a0(<em>Villeneuve La Garenne<\/em>) &#8211; Benjamin f\u00e9minine -45kg<\/li>\n<\/ul>\n<p><strong>3\u00e8me place :<\/strong><\/p>\n<ul>\n<li><strong>Enzo SULPICE<\/strong> (<em>IGDKF<\/em>)\u00a0&#8211; Benjamin masculin -45kg<\/li>\n<\/ul>\n<p>A noter, les belles cinqui\u00e8mes places d&rsquo;<strong>Eddy ZHENG<\/strong>\u00a0(<em>IFCH<\/em>)\u00a0et\u00a0<strong>Tom DELEHAYE<\/strong> (<em>CSK<\/em>).<\/p>\n<p><span style=\"color: #000080\"><strong><a href=\"https:\/\/sites.ffkarate.fr\/hautsdeseine\/wp-content\/uploads\/sites\/57\/2017\/05\/20170527-28_Coupe_France_Combats_Benjamins_Resultats.pdf\" target=\"_blank\" rel=\"noopener\"><span style=\"color: #003366\"><strong style=\"color: #000080\">R\u00e9sultats de la Coupe\u00a0de France Combats Pupilles\u00a0du samedi 27 et dimanche 28 mai 2017<\/strong><\/span><\/a><\/strong><\/span>\u00a0\u2b05\ufe0f <span style=\"color: #000000\">Cliquez sur ce lien<\/span><\/p>\n<div style=\"border: 0px solid black;color: white;font-size: 17px;padding: 3px;background-color: #00607c\"><strong>Samedi 20 et dimanche 21 mai\u00a02017 : COUPE\u00a0DE FRANCE COMBATS \u00a0Pupilles<\/strong><\/div>\n<p>&nbsp;<\/p>\n<p>Le <strong>samedi 20\u00a0et dimanche 21\u00a0mai 2017<\/strong>\u00a0avait lieu\u00a0la <strong>Coupe\u00a0de France Combats Pupilles<\/strong>\u00a0\u00e0 \u00a0Paris Coubertin (75). Le comit\u00e9 d\u00e9partemental f\u00e9licite Matthias du club de Vanves pour sa belle seconde place et Maissem, du club de Puteaux pour sa belle troisi\u00e8me place !!<\/p>\n<p><strong>2\u00e8me place :<\/strong><\/p>\n<ul>\n<li><strong>Matthias RANAIVOHARINDRIAKA<\/strong> (<em>IGKDF<\/em>) &#8211; Pupilles masculin -50 kg<\/li>\n<\/ul>\n<p><strong>3\u00e8me place :<\/strong><\/p>\n<ul>\n<li><strong>Maissem FERCHAH\u00a0<\/strong>(<em>CSMPuteaux<\/em>) &#8211; Pupilles\u00a0f\u00e9minine -45kg<\/li>\n<\/ul>\n<p>A noter, la belle cinqui\u00e8me place de <strong>Calvin BOUM<\/strong> (<em>CSK<\/em>).<\/p>\n<p><a href=\"https:\/\/sites.ffkarate.fr\/hautsdeseine\/wp-content\/uploads\/sites\/57\/2017\/05\/20170520-21_Coupe_France_Combats_Pupilles_Resultats.pdf\" target=\"_blank\" rel=\"noopener\"><span style=\"color: #003366\"><strong style=\"color: #000080\">R\u00e9sultats de la Coupe\u00a0de France Combats Pupilles\u00a0du samedi 20 et dimanche 21 mai 2017<\/strong><\/span><\/a>\u00a0\u2b05\ufe0f <span style=\"color: #000000\">Cliquez sur ce lien<\/span><\/p>\n<div style=\"border: 0px solid black;color: white;font-size: 17px;padding: 3px;background-color: #00607c\"><strong>Samedi 13\u00a0et dimanche 14 mai\u00a02017 : CHAMPIONNATS DE FRANCE COMBATS \u00a0Juniors<\/strong><\/div>\n<p>&nbsp;<\/p>\n<p>Le <strong>samedi 13 et dimanche 14 mai 2017<\/strong>\u00a0avait lieu les <strong>Championnats de France Combats Juniors<\/strong>\u00a0\u00e0 Reims\u00a0(51). Le comit\u00e9 d\u00e9partemental f\u00e9licite\u00a0Nora pour sa belle troisi\u00e8me place !!<\/p>\n<p><strong>3\u00e8me place :<\/strong><\/p>\n<ul>\n<li><strong>Nora AKRATI\u00a0<\/strong>(<i>Karate Club Colombes<\/i>) &#8211;\u00a0Junior f\u00e9minine -53kg<\/li>\n<\/ul>\n<p><a href=\"https:\/\/sites.ffkarate.fr\/hautsdeseine\/wp-content\/uploads\/sites\/57\/2017\/05\/20170513-14_Championnats_France_Combats_Juniors_Resultats.pdf\" target=\"_blank\" rel=\"noopener\"><span style=\"color: #003366\"><strong style=\"color: #000080\">R\u00e9sultats des Championnats de France Combats Juniors\u00a0du samedi 13 et dimanche 14 mai 2017<\/strong><\/span><\/a>\u00a0\u2b05\ufe0f <span style=\"color: #000000\">Cliquez sur ce lien<\/span><\/p>\n<div style=\"border: 0px solid black;color: white;font-size: 17px;padding: 3px;background-color: #00607c\"><strong>Samedi 6 et dimanche 7 mai\u00a02017 : CHAMPIONNATS DE FRANCE COMBATS MINIMES<\/strong><\/div>\n<p>&nbsp;<\/p>\n<p>Le <strong>samedi 6 et dimanche 7 mai\u00a02017<\/strong>\u00a0avait lieu les <strong>Championnats de France Combats Minimes<\/strong>\u00a0\u00e0\u00a0S\u00e9lestat\u00a0(67). Les comp\u00e9titeurs du d\u00e9partement ont ramen\u00e9 trois nouveaux\u00a0podiums pour le comit\u00e9 d\u00e9partemental des Hauts-De-Seine !! Le comit\u00e9 d\u00e9partemental f\u00e9licite les m\u00e9daill\u00e9s pour leurs performances !!<\/p>\n<p><strong>3\u00e8me place :<\/strong><\/p>\n<ul>\n<li><b>Angelina LIMA<\/b> (<i>AMGarennois<\/i>)\u00a0&#8211; Minime f\u00e9minine -40kg<\/li>\n<li><strong>L\u00e9a DE BARROS<\/strong> <b><\/b>(<i>AKDLevallois<\/i>)\u00a0&#8211; Minime f\u00e9minine -45kg<\/li>\n<li><b>Adrien GNIZAKO<\/b>\u00a0(<i>AMGarennois<\/i>) &#8211; Minime\u00a0masculin -55kg<\/li>\n<\/ul>\n<p>A noter les belles cinqui\u00e8mes places de <strong>Lina CHAKROUN<\/strong> (<em>CSMPuteaux<\/em>), <strong>Chlo\u00e9 BREUZARD<\/strong> (<em>IGKF<\/em>) et <strong>Eva CRIOU<\/strong> (<em>Villeneuve-La-Garenne<\/em>).<\/p>\n<p><a href=\"https:\/\/sites.ffkarate.fr\/hautsdeseine\/wp-content\/uploads\/sites\/57\/2017\/05\/20170506-07_Championnat_France_Combats_Minimes_Resultats.pdf\" target=\"_blank\" rel=\"noopener\"><span style=\"color: #003366\"><strong style=\"color: #000080\">R\u00e9sultats des Championnats de France Combats Minimes du samedi 6 et dimanche 7 mai 2017<\/strong><\/span><\/a>\u00a0\u2b05\ufe0f <span style=\"color: #000000\">Cliquez sur ce lien<\/span><\/p>\n<div style=\"border: 0px solid black;color: white;font-size: 17px;padding: 3px;background-color: #00607c\"><strong>Dimanche 29 avril 2017 : CHAMPIONNATS DE FRANCE COMBATS\u00a0CADETS<\/strong><\/div>\n<p>&nbsp;<\/p>\n<p>Le <strong>dimanche 29 avril 2017<\/strong>\u00a0avait lieu les <strong>Championnats de France Combats Cadets<\/strong>\u00a0\u00e0 Vannes\u00a0(56). Deux nouveaux podiums pour le comit\u00e9 d\u00e9partemental des Hauts-De-Seine dont un titre pour Rabie HOULLICH.<\/p>\n<p><strong>1\u00e8re\u00a0place :<\/strong><\/p>\n<ul>\n<li><strong>Rabie HOULLICH<\/strong> (<em>CSM Puteaux<\/em>) &#8211; Cadet\u00a0masculin\u00a0+70kg<\/li>\n<\/ul>\n<p><strong>2\u00e8me place :<\/strong><\/p>\n<ul>\n<li><strong>Tania\u00a0DE BARROS<\/strong> <b><\/b>(<i>AKDLevallois<\/i>)\u00a0&#8211; Cadet\u00a0f\u00e9minine -54kg<\/li>\n<\/ul>\n<p><span style=\"color: #000080\"><a style=\"color: #000080\" href=\"https:\/\/sites.ffkarate.fr\/hautsdeseine\/wp-content\/uploads\/sites\/57\/2017\/05\/20170429_Championnats_France_Combats_Cadets_Resultats.pdf\" target=\"_blank\" rel=\"noopener\"><strong>R\u00e9sultats des Championnats de France Combats Cadets\u00a0du 29 avril 2017<\/strong><\/a><\/span>\u00a0\u2b05\ufe0f <span style=\"color: #000000\">Cliquez sur ce lien<\/span><\/p>\n<div style=\"border: 0px solid black;color: white;font-size: 17px;padding: 3px;background-color: #00607c\"><strong>Dimanche 23\u00a0avril 2017 : CHAMPIONNATS DE FRANCE COMBATS ESPOIRS<\/strong><\/div>\n<p>&nbsp;<\/p>\n<p>Le <strong>dimanche 23\u00a0avril 2017<\/strong> avait lieu les <strong>Championnats de France Combats Espoirs<\/strong> \u00e0 Saint Quentin (02). Encore de tr\u00e8s bons r\u00e9sultats gr\u00e2ce au club de Puteaux qui a port\u00e9 haut les couleurs du d\u00e9partement.<\/p>\n<p><strong>2\u00e8me place :<\/strong><\/p>\n<ul>\n<li><strong>Ilyes KLOUZ\u00a0<\/strong>(<i>CSMPuteaux<\/i>) &#8211; Espoir\u00a0masculin +84kg<\/li>\n<\/ul>\n<p><strong>3\u00e8me place :<\/strong><\/p>\n<ul>\n<li><strong>Enzo RATSITO\u00a0<\/strong>(<i>CSMPuteaux<\/i>) &#8211; Espoir\u00a0masculin -60kg<\/li>\n<\/ul>\n<p><span style=\"color: #000080\"><a style=\"color: #000080\" href=\"https:\/\/sites.ffkarate.fr\/hautsdeseine\/wp-content\/uploads\/sites\/57\/2017\/05\/20170423_Championnats_France_Combats_Espoirs_Resultats1.pdf\" target=\"_blank\" rel=\"noopener\"><strong>R\u00e9sultats des Championnats de France Combats Espoirs du 23 avril 2017<\/strong><\/a><\/span>\u00a0\u2b05\ufe0f <span style=\"color: #000000\">Cliquez sur ce lien<\/span><\/p>\n<div style=\"border: 0px solid black;color: white;font-size: 17px;padding: 3px;background-color: #00607c\"><strong>Samedi 8 et dimanche 9\u00a0avril 2017 : CHAMPIONNATS DE FRANCE COMBATS SENIORS<\/strong><\/div>\n<p>&nbsp;<\/p>\n<p>Le <strong>samedi 8<\/strong> et <strong>dimanche 9 avril 2017<\/strong> avait lieu les <strong>Championnats de France Combats s\u00e9niors<\/strong> \u00e0 Orl\u00e9ans. Encore de tr\u00e8s bons r\u00e9sultats gr\u00e2ce au club de Puteaux qui a port\u00e9 haut les couleurs du d\u00e9partement.<\/p>\n<p><strong>3\u00e8me place :<\/strong><\/p>\n<ul>\n<li><b>Flavie ROSSI<\/b> (<i>CSMPuteaux<\/i>) &#8211; S\u00e9nior f\u00e9minine -50kg<\/li>\n<li><strong>Cynthia BONTE <\/strong>(<i>CSMPuteaux<\/i>) &#8211; S\u00e9nior f\u00e9minine -68kg<\/li>\n<li><strong>Sana SALHI<\/strong>\u00a0(<i>CSMPuteaux<\/i>) &#8211; S\u00e9nior f\u00e9minine +68kg<\/li>\n<li><strong>Sally DIOP<\/strong>\u00a0(<i>CSMPuteaux<\/i>) &#8211; S\u00e9nior masculin -84kg<\/li>\n<\/ul>\n<p><span style=\"color: #000080\"><a style=\"color: #000080\" href=\"https:\/\/sites.ffkarate.fr\/hautsdeseine\/wp-content\/uploads\/sites\/57\/2017\/04\/20170408-09_Championnats_France_Combats_Seniors_Resultats.pdf\" target=\"_blank\" rel=\"noopener\"><strong>R\u00e9sultats des Championnats de France Combats S\u00e9nior des 8 et 9 avril\u00a02017<\/strong><\/a><\/span>\u00a0\u2b05\ufe0f <span style=\"color: #000000\">Cliquez sur ce lien<\/span><\/p>\n<div style=\"border: 0px solid black;color: white;font-size: 17px;padding: 3px;background-color: #00607c\"><strong>Dimanche 2 avril 2017 : OPEN IDF COMBAT\u00a0MINIMES\/CADETS<\/strong><\/div>\n<p>&nbsp;<\/p>\n<p>Le\u00a0<strong>dimanche 2 avril\u00a02017<\/strong> avait lieu l&rsquo;<strong>Open IDF en Combats<\/strong> pour les <strong>minimes<\/strong> et<strong> cadets<\/strong><strong>, comp\u00e9tition qualificative\u00a0<\/strong>pour les Championnat\u00a0de France Minimes\u00a0(6\u00a0et 7 mai 2017) et Cadets (29 avril\u00a02017). Une nouvelle fois nos comp\u00e9titeurs n&rsquo;ont pas d\u00e9m\u00e9rit\u00e9 accrochant de nombreux podiums !!<\/p>\n<p><strong>1\u00e8re place :<\/strong><\/p>\n<ul>\n<li><b>Adrien GNIZAKO<\/b>\u00a0(<i>AMGarennois<\/i>) &#8211; Minime\u00a0masculin -55kg<\/li>\n<li><strong>L\u00e9a DE BARROS<\/strong> <b> <\/b>(<i>AKDLevallois<\/i>)\u00a0&#8211; Minime f\u00e9minine -45kg<\/li>\n<li><strong>Tania\u00a0DE BARROS<\/strong> <b><\/b>(<i>AKDLevallois<\/i>)\u00a0&#8211; Cadet\u00a0f\u00e9minine -54kg<\/li>\n<\/ul>\n<p><strong>3\u00e8me place :<\/strong><\/p>\n<ul>\n<li><b>Thibault VOINDROT<\/b>\u00a0(<i>Villeneuve<\/i>) &#8211; Minime\u00a0masculin -45kg<\/li>\n<li><strong>Chatveekan THIVENDRARAJAH<\/strong>\u00a0(<em>CSMPuteaux<\/em>) &#8211; Minime masculin -60kg<\/li>\n<li><b>Angelina LIMA<\/b> (<i>AMGarennois<\/i>)\u00a0&#8211; Minime f\u00e9minine -40kg<\/li>\n<li><b>Chlo\u00e9 BREUZARD <\/b>(<em>Vanves<\/em>)\u00a0&#8211; Minime f\u00e9minine -40kg<\/li>\n<li><b>Eva CRIOU<\/b>\u00a0<b><\/b>(<i>Villeneuve<\/i>)\u00a0&#8211; Minime f\u00e9minine -45kg<\/li>\n<li><b>Wissem RACHDI<\/b>\u00a0<b><\/b>(<i>Villeneuve<\/i>)\u00a0&#8211; Cadet\u00a0f\u00e9minine -54kg<\/li>\n<li><b>Melinda MARMOT<\/b>\u00a0<b><\/b>(<i>CSMPuteaux<\/i>)\u00a0&#8211; Cadet\u00a0f\u00e9minine +54kg<\/li>\n<\/ul>\n<p><a href=\"https:\/\/sites.ffkarate.fr\/hautsdeseine\/wp-content\/uploads\/sites\/57\/2017\/04\/20170402_Open_Ligue_IDF_Combat_Min_Cad_Resultats.pdf\" target=\"_blank\" rel=\"noopener\"><span style=\"color: #000080\"><strong style=\"color: #000080\">R\u00e9sultats de l&rsquo;Open IDF Combats minimes et cadets<\/strong><\/span><\/a>\u00a0\u2b05\ufe0f <span style=\"color: #000000\">Cliquez sur ce lien<\/span><\/p>\n<div style=\"border: 0px solid black;color: white;font-size: 17px;padding: 3px;background-color: #00607c\"><strong>Samedi 1er avril 2017 : OPEN IDF COMBAT PUPILLES\/BENJAMINS<\/strong><\/div>\n<p>&nbsp;<\/p>\n<p>Le <strong>samedi 1er avril 2017<\/strong> avait lieu l&rsquo;<strong>Open IDF en Combats<\/strong> pour les <strong>pupilles<\/strong> et <strong>benjamins, comp\u00e9tition qualificative\u00a0<\/strong>pour les Coupes de France Pupilles (20 et 21 mai 2017) et Benjamins (27 et 28 mai 2017). Une nouvelle fois nos comp\u00e9titeurs n&rsquo;ont pas d\u00e9m\u00e9rit\u00e9 accrochant de nombreux podiums !!<\/p>\n<p><strong>1\u00e8re\u00a0place :<\/strong><\/p>\n<ul>\n<li><strong>Mathias RANAIVOHARINDRIAKA<\/strong>\u00a0(Vanves) &#8211; Pupille masculin -50kg<\/li>\n<li><strong>Ray RAZAFIMAHERY<\/strong>\u00a0(Vanves) &#8211; Benjamin masculin -35kg<\/li>\n<li><strong>Tom DELEHAYE<\/strong> (<em>CSK<\/em>) &#8211; Benjamin masculin -40kg<\/li>\n<li><strong>Karl DA ROCHA<\/strong>\u00a0(<em>Levallois<\/em>) &#8211; Benjamin masculin -45kg<\/li>\n<li><strong>Youssra RACHDI<\/strong>\u00a0(<em>Villeneuve<\/em>) &#8211; Benjamin f\u00e9minine -30kg<\/li>\n<li><strong>Djihane MENACER<\/strong> (<em>CSK<\/em>) &#8211; Benjamin f\u00e9minine -50 kg<\/li>\n<\/ul>\n<p><strong>2\u00e8me place :<\/strong><\/p>\n<ul>\n<li><strong>C\u00e9lya RETORI\u00a0<\/strong>(<em>CSK<\/em>) &#8211;\u00a0Pupille\u00a0f\u00e9minine -35kg<\/li>\n<li><strong>Paul ROULLEAU<\/strong> (<em>CSK<\/em>) &#8211; Benjamin masculin -35kg<\/li>\n<\/ul>\n<p><strong>3\u00e8me place :<\/strong><\/p>\n<ul>\n<li><strong>Calvin BOUM<\/strong>\u00a0(<em>CSK<\/em>) &#8211;\u00a0Pupille masculin -30kg<\/li>\n<li><strong>Nelisa HAFEZAN<\/strong> (<em>CSMPuteaux<\/em>) &#8211; Pupille f\u00e9minine -30kg<\/li>\n<li><strong>Enzo SULPICE<\/strong> (<em>Vanves<\/em>) &#8211; Benjamin masculin -45kg<\/li>\n<li><strong>Alexandre GUYONNET<\/strong>\u00a0(<i>CSAH Rueil<\/i>) -Benjamin masculin -50kg<\/li>\n<li><strong>Yanis RAHMANI<\/strong>\u00a0(<i>Asni\u00e8res<\/i>) -Benjamin masculin -55kg<\/li>\n<li><strong>Marissa HAFEZAN<\/strong> (<em>CSMPuteaux<\/em>) &#8211; Benjamins\u00a0f\u00e9minine -35kg<\/li>\n<\/ul>\n<p><span class=\"m_626013844210887098gmail-text_exposed_show\"><a href=\"https:\/\/sites.ffkarate.fr\/hautsdeseine\/wp-content\/uploads\/sites\/57\/2017\/04\/20170401_Open_Ligue_IDF_Combat_Pup_Ben_Resultats.pdf\" target=\"_blank\" rel=\"noopener\"><span style=\"color: #000080\"><strong style=\"color: #000080\">R\u00e9sultats de l&rsquo;Open IDF Combats pupilles et benjamins<\/strong><\/span><\/a>\u00a0\u2b05\ufe0f <span style=\"color: #000000\">Cliquez sur ce lien<\/span><\/span><\/p>\n<div style=\"border: 0px solid black;color: white;font-size: 17px;padding: 3px;background-color: #00607c\"><strong>Samedi\u00a01er avril 2017 :\u00a0OPEN LIGHT CONTACT &#8211; Seine et\u00a0Marne<\/strong><\/div>\n<p>&nbsp;<\/p>\n<p>Le club de Karat\u00e9 Contact \u00e0 Issy Les Moulineaux a repr\u00e9sent\u00e9 les Hauts de Seine au cours de l&rsquo;<strong>Open Light Contact<\/strong> de Seine et Marne, le <strong>samedi 1er avril 2017<\/strong>, \u00e0 La Fert\u00e9 sous Jouarre. Deux tr\u00e8s beaux podiums ont \u00e9t\u00e9 r\u00e9alis\u00e9:<\/p>\n<p><strong>1\u00e8re\u00a0place :<\/strong><\/p>\n<ul>\n<li><strong>Fabien PARSEGHIAN<\/strong> (<em>CSLG PRISMA<\/em>) &#8211; S\u00e9nior +76kg<\/li>\n<\/ul>\n<p><strong>2\u00e8me place :<\/strong><\/p>\n<ul>\n<li><strong>S\u00e9bastien DUPORGNE<\/strong>\u00a0(<em>CSLG PRISMA<\/em>) &#8211;\u00a0V\u00e9t\u00e9ran 1 -76kg<\/li>\n<\/ul>\n<p><span class=\"m_626013844210887098gmail-text_exposed_show\"><span style=\"color: #000080\"><a style=\"color: #000080\" href=\"https:\/\/sites.ffkarate.fr\/hautsdeseine\/wp-content\/uploads\/sites\/57\/2017\/04\/20170401_Open_Light_Contact_Seine_Marne_Resultats.pdf\" target=\"_blank\" rel=\"noopener\"><strong>R\u00e9sultats de l&rsquo;open light contact<\/strong><\/a><\/span>\u00a0\u2b05\ufe0f <span style=\"color: #000000\">Cliquez sur ce lien<\/span><\/span><\/p>\n<div style=\"border: 0px solid black;color: white;font-size: 17px;padding: 3px;background-color: #00607c\"><strong>Samedi 25 et dimanche 26\u00a0mars\u00a02017 : OPEN NATIONAL JEUNES DE LA R\u00c9GION CENTRE<\/strong><\/div>\n<p>&nbsp;<\/p>\n<p>Le <strong>samedi 25<\/strong> et <strong>dimanche 26 mars 2017<\/strong> avait lieu l&rsquo;<strong>Open National de la R\u00e9gion Centre \u00e0 Orl\u00e9ans<\/strong>, comp\u00e9tition qui regroupe des athl\u00e8tes fran\u00e7ais et \u00e9trangers.\u00a0Encore de\u00a0tr\u00e8s beaux nombreux podiums\u00a0ont \u00e9t\u00e9 r\u00e9alis\u00e9:<\/p>\n<p><strong>1\u00e8re\u00a0place :<\/strong><\/p>\n<ul>\n<li><strong>Amir ZOUAOUI<\/strong>\u00a0(<em>Gennevilliers<\/em>) &#8211; Benjamin\u00a0masculin +55kg<\/li>\n<li><strong>Safia LAHOU<\/strong>\u00a0(<em>Villeneuve La Garenne<\/em>) &#8211; Benjamin f\u00e9minine -45kg<\/li>\n<li><strong>Djihane MENACER<\/strong>\u00a0(<i>Courbevoie Sports Karate<\/i>) &#8211; Benjamin f\u00e9minine -50kg<\/li>\n<\/ul>\n<p><strong>2\u00e8me place :<\/strong><\/p>\n<ul>\n<li><b>Manael HAMET<\/b> (<em>International Fighting Club Hamour<\/em>) &#8211;\u00a0Pupille masculin -25kg<\/li>\n<li><strong>Matthias RANAIVOHARINDRIAKA<\/strong> (<em>Vanves<\/em>)\u00a0 &#8211;\u00a0Pupille masculin -45kg<\/li>\n<li><b>Karl DA ROCHA<\/b>\u00a0(<em>International Fighting Club Hamour<\/em>) &#8211; Benjamin\u00a0masculin -45kg<\/li>\n<li><b>Darmeeghan\u00a0THIVENDRARAJAH <\/b>\u00a0(<em>CSM Puteaux<\/em>) &#8211; Benjamin\u00a0masculin -50kg<\/li>\n<li><strong>Lina CHAKROUN<\/strong><b>\u00a0<\/b>(<em>CSM Puteaux<\/em>) &#8211; Minime\u00a0f\u00e9minine+55kg<\/li>\n<\/ul>\n<p><strong>3\u00e8me place :<\/strong><\/p>\n<ul>\n<li><b>Aymane HIRACHE<\/b>\u00a0(<i>Courbevoie Sports Karate<\/i>) &#8211;\u00a0Pupille masculin -35kg<\/li>\n<li><strong>Ray\u00a0RAZAFIMAHERY<\/strong>\u00a0(<em>Vanves<\/em>)\u00a0 &#8211; Benjamin\u00a0masculin -35kg<\/li>\n<li><b>Maissem\u00a0FERCHACH\u00a0<\/b>(<em>CSM Puteaux<\/em>) &#8211; Pupille\u00a0f\u00e9minine -40kg<\/li>\n<li><b>Marissa HAFEZAN\u00a0<\/b>(<em>CSM Puteaux<\/em>) &#8211; Benjamin\u00a0f\u00e9minine -30kg<\/li>\n<li><b>Chlo\u00e9 BREUZARD\u00a0<\/b>(<em>Vanves<\/em>) &#8211; Minime\u00a0f\u00e9minine -40kg<\/li>\n<li><strong>Melinda MARMOT\u00a0<\/strong>(<em>CSM Puteaux<\/em>) &#8211; Cadet\u00a0f\u00e9minine +54kg<\/li>\n<\/ul>\n<p><span class=\"m_626013844210887098gmail-text_exposed_show\"><span style=\"color: #000080\"><a style=\"color: #000080\" href=\"http:\/\/www.ffkarate.fr\/wp-content\/uploads\/2017\/04\/10EME-OPEN-JEUNES-ORLEANS-Pupilles-Benjamins-resultats.pdf\" target=\"_blank\" rel=\"noopener\"><strong>R\u00e9sultats de l&rsquo;Open National Jeunes de la R\u00e9gion Centre<\/strong><\/a><\/span>\u00a0\u2b05\ufe0f <span style=\"color: #000000\">Cliquez sur ce lien<\/span><\/span><\/p>\n<div style=\"border: 0px solid black;color: white;font-size: 17px;padding: 3px;background-color: #00607c\"><strong>Samedi 25 mars 2017 : COUPE DE FRANCE KARAT\u00c9 GOJU-RYU \/ KOBUDO<\/strong><\/div>\n<p>&nbsp;<\/p>\n<p>Le <strong>samedi 25 mars 2017<\/strong> avait lieu la <strong>Coupe de France Karat\u00e9 Gojo-Ryu \/ Kobudo<\/strong> en kata. De tr\u00e8s beaux r\u00e9sultats pour le comit\u00e9 d\u00e9partemental des Hauts-De-Seine et pour les clubs de Vanves et de Levallois.<\/p>\n<p><strong>1\u00e8re\u00a0place :<\/strong><\/p>\n<ul>\n<li><strong>Kamil EL CRDATE<\/strong>\u00a0(<i>Vanves<\/i>) &#8211; Pupille\u00a0masculin kata<\/li>\n<li><strong>Ray RAZAFIMAHERY<\/strong>\u00a0(<i>Vanves<\/i>) &#8211; Benjamin\u00a0masculin kata<\/li>\n<li><strong>Marie GAGLIARDI\u00a0<\/strong>(<i>Vanves<\/i>) &#8211;\u00a0Pupille f\u00e9minin kata<\/li>\n<li><strong>Claire PIRAT<\/strong>\u00a0(<i>Vanves<\/i>) &#8211; Junior\u00a0f\u00e9minin kata<\/li>\n<\/ul>\n<p><strong>2\u00e8me place :<\/strong><\/p>\n<ul>\n<li><strong>Evan CARRILES<\/strong>\u00a0(<i>Vanves<\/i>) &#8211; Benjamin\u00a0masculin kata<\/li>\n<\/ul>\n<p><strong>3\u00e8me place :<\/strong><\/p>\n<ul>\n<li><strong>Tidiane GONZAGUE<\/strong>\u00a0(<i>Vanves<\/i>) &#8211; Benjamin\u00a0masculin kata<\/li>\n<li><strong>idiane GONZAGUE<\/strong>\u00a0(<i>Vanves<\/i>) &#8211; Benjamin\u00a0masculin kata<\/li>\n<li><strong>Manon LEONACHE\u00a0<\/strong>(<i>Vanves<\/i>) &#8211;\u00a0Pupille f\u00e9minin kata<\/li>\n<li><strong>Pablo CRUZ LARA<\/strong> (<em>Levallois<\/em>) &#8211; Adulte Bo masculin<\/li>\n<li><strong>Julie ROUCHON<\/strong>\u00a0(<em>Levallois<\/em>) &#8211; Adultes Sai Tonfa F\u00e9minin<\/li>\n<\/ul>\n<p><a href=\"https:\/\/sites.ffkarate.fr\/hautsdeseine\/wp-content\/uploads\/sites\/57\/2017\/04\/20170325_Coupe_De_France_Gojo_Ryu_Resulatts.pdf\" target=\"_blank\" rel=\"noopener\"><span style=\"color: #000080\"><strong>R\u00e9sultats de\u00a0la Coupe de France de Karat\u00e9 Gojo Ryu \/ Kobudo<\/strong><\/span>\u00a0<\/a>\u2b05\ufe0f <span style=\"color: #000000\">Cliquez sur ce lien<\/span><\/p>\n<div style=\"border: 0px solid black;color: white;font-size: 17px;padding: 3px;background-color: #00607c\"><strong>Samedi 11 et dimanche 12\u00a0mars\u00a02017 :\u00a0COUPE DE FRANCE DE NIHON TA\u00cf JITSU<\/strong><\/div>\n<p>&nbsp;<\/p>\n<p>La coupe de France de Nihon Ta\u00ef Jistu a eu lieu \u00e0 Courcouronnes les 11 et 12 mars 2017. Le club de Clamart pr\u00e9sentait 7 \u00e9l\u00e8ves dans la cat\u00e9gorie enfants et 5 \u00e9l\u00e8ves dans la cat\u00e9gorie adultes. Huit d\u2019entre eux se sont illustr\u00e9s dans l\u2019\u00e9preuve du goshin (combat) et\/ou du kata et ont d\u00e9croch\u00e9 des m\u00e9dailles, deux finissant en 4\u00e8me position.<\/p>\n<p><span style=\"color: #003366\"><strong><a style=\"color: #003366\" href=\"https:\/\/sites.ffkarate.fr\/hautsdeseine\/wp-content\/uploads\/sites\/57\/2017\/03\/20170311-12_Coupe_De_France_Nihon_Tai_Jitsu_Resultats.pdf\" target=\"_blank\" rel=\"noopener\">R\u00e9sultats et compte rendu du club de Clamart<\/a><\/strong><\/span> \u00a0\u2b05\ufe0f <span style=\"color: #000000\">Cliquez sur ce lien<\/span><\/p>\n<div style=\"border: 0px solid black;color: white;font-size: 17px;padding: 3px;background-color: #00607c\"><strong>Dimanche 5 mars\u00a02017 : CHAMPIONNAT IDF COMBAT JUNIOR-SENIOR<\/strong><\/div>\n<p>&nbsp;<\/p>\n<p>Le<strong>\u00a0dimanche 5 mars 2017\u00a0<\/strong>avait lieu le Championnat de Ligue IDF\u00a0Combat pour les juniors et s\u00e9niors. Encore de nombreux podiums pour le comit\u00e9 d\u00e9partemental des Hauts-De-Seine.<\/p>\n<p><strong>1\u00e8re\u00a0place :<\/strong><\/p>\n<ul>\n<li><strong>Flavie ROSSI\u00a0<\/strong>(<i>CSMPuteaux<\/i>) &#8211; S\u00e9nior f\u00e9minine -50kg<\/li>\n<li><strong>Cynthia BONTE\u00a0<\/strong>(<i>CSMPuteaux<\/i>) &#8211; S\u00e9nior f\u00e9minine -68kg<\/li>\n<li><strong>Sally DIOP\u00a0<\/strong>(<i>CSMPuteaux<\/i>) &#8211; S\u00e9nior masculin -84kg<\/li>\n<li><strong>Ilyes KLOUZ\u00a0<\/strong>(<i>CSMPuteaux<\/i>) &#8211; S\u00e9nior masculin +84kg<\/li>\n<\/ul>\n<p><strong>2\u00e8me place :<\/strong><\/p>\n<ul>\n<li><strong>Nora AKRATI\u00a0<\/strong>(<i>Karate Club Colombes<\/i>) &#8211;\u00a0Junior f\u00e9minine -53kg<\/li>\n<li><strong>Toky\u00a0RANDRIANJANAKA\u00a0<\/strong>(<em>CSM Puteaux<\/em>) &#8211; Junior\u00a0masculin -61kg<\/li>\n<li><strong>Laurianne BAL DIT SOLLIER\u00a0<\/strong>(<i>CSMPuteaux<\/i>) &#8211; S\u00e9nior f\u00e9minine -68kg<\/li>\n<li><strong>Sana SALHI\u00a0<\/strong>(<i>CSMPuteaux<\/i>) &#8211; S\u00e9nior f\u00e9minine +68kg<\/li>\n<\/ul>\n<p><strong>3\u00e8me place :<\/strong><\/p>\n<ul>\n<li><strong>Yassine ECH CHAD\u00a0<\/strong>(<em>KISS<\/em>) &#8211; Junior\u00a0masculin +76kg<\/li>\n<li><strong>Enzo RATSITO\u00a0<\/strong>(<i>CSMPuteaux<\/i>) &#8211; S\u00e9nior masculin -60kg<\/li>\n<li><strong>Alan DESPOIS\u00a0<\/strong>(<i>CSMPuteaux<\/i>) &#8211; S\u00e9nior masculin -67kg<\/li>\n<\/ul>\n<p><span style=\"color: #003366\"><strong><a style=\"color: #003366\" href=\"https:\/\/sites.ffkarate.fr\/hautsdeseine\/wp-content\/uploads\/sites\/57\/2017\/03\/20170305_Championnats_IDF_Combat_Jun_Sen.pdf\" target=\"_blank\" rel=\"noopener\">R\u00e9sultats du championnat IDF Combat Junior et s\u00e9nior du dimanche 5 mars 2017<\/a><\/strong><\/span>\u00a0\u2b05\ufe0f <span style=\"color: #000000\">Cliquez sur ce lien<\/span><\/p>\n<div style=\"border: 0px solid black;color: white;font-size: 17px;padding: 3px;background-color: #00607c\"><strong>Samedi 4 mars\u00a02017 : CHAMPIONNAT LIGUE IDF KATA MIN\/CAD\/JUN\/SEN<\/strong><\/div>\n<p>&nbsp;<\/p>\n<p>Le<strong> samedi 4 mars 2017\u00a0<\/strong>avait lieu le Championnat de Ligue IDF KATA pour les minimes, cadets, juniors et s\u00e9niors.<\/p>\n<p><strong>3\u00e8me\u00a0place :<\/strong><\/p>\n<ul>\n<li><strong>Chatveekan THIVENDRARAJAH\u00a0<\/strong>(<em>CSM Puteaux<\/em>) &#8211; Minime masculin<\/li>\n<\/ul>\n<p><span style=\"color: #000080\"><span style=\"color: #003366\"><strong style=\"color: #003366\"><a style=\"color: #003366\" href=\"https:\/\/sites.ffkarate.fr\/hautsdeseine\/wp-content\/uploads\/sites\/57\/2017\/03\/20170304_Championnats_IDF_Katas_Min_Cad_Jun_Sen_Resultats.pdf\" target=\"_blank\" rel=\"noopener\">R\u00e9sultats\u00a0du Championnat de Ligue IDF KATA Minimes, cadets, juniors et s\u00e9niors<\/a><\/strong><\/span>\u00a0\u2b05\ufe0f <span style=\"color: #000000\">Cliquez sur ce lien<\/span><\/span><\/p>\n<div style=\"border: 0px solid black;color: white;font-size: 17px;padding: 3px;background-color: #00607c\"><strong>Samedi 4 mars\u00a02017 : OPEN IDF KATA PUPILLES\/BENJAMINS<\/strong><\/div>\n<p>&nbsp;<\/p>\n<p>Le<strong> samedi 4 mars 2017\u00a0<\/strong>avait lieu l&rsquo;Open IDF Kata en Pupilles et Benjamins \u00e0 Coubertin (75)<\/p>\n<p><strong>2\u00e8me place :<\/strong><\/p>\n<ul>\n<li><strong>Emma DE BARROS\u00a0<\/strong>(<i>AKDLevallois<\/i>) &#8211; Benjamin f\u00e9minine<\/li>\n<\/ul>\n<p><span style=\"color: #000080\"><strong style=\"color: #003366\"><a style=\"color: #000080\" href=\"https:\/\/sites.ffkarate.fr\/hautsdeseine\/wp-content\/uploads\/sites\/57\/2017\/03\/20170304_Open_IDF_Katas_Pup_Ben.pdf\" target=\"_blank\" rel=\"noopener\">R\u00e9sultats\u00a0l&rsquo;Open IDF Kata Pupilles\/Benjamins<\/a>\u00a0\u2b05\ufe0f <\/strong><span style=\"color: #000000\">Cliquez sur ce lien<\/span><\/span><\/p>\n<div style=\"border: 0px solid black;color: white;font-size: 17px;padding: 3px;background-color: #00607c\"><strong>Samedi 25 et dimanche 26 f\u00e9vrier 2017 : COUPE DE FRANCE KARAT\u00c9 LIGHT CONTACT<\/strong><\/div>\n<p>&nbsp;<\/p>\n<p>Le<strong> samedi\u00a025 et dimanche 26 f\u00e9vrier 2017\u00a0<\/strong>avait lieu la coupe de France de karat\u00e9 Light Contact \u00e0 la Halle Carpentier de Paris.<\/p>\n<p><strong>1\u00e8re\u00a0place :<\/strong><\/p>\n<ul>\n<li><strong>Rayan JEMAA <\/strong>(<em>Kempo Club Gennevilliers<\/em>) &#8211; Cadet\u00a0masculin +75kg<\/li>\n<li><strong>Wissem RACHDI\u00a0<\/strong>(<i>Villeneuve-La-Garenne<\/i>) &#8211;\u00a0Cadet f\u00e9minine -54kg<\/li>\n<li><strong>Stephen LOISEAU<\/strong> (<em>KBC Garches<\/em>)\u00a0&#8211; V\u00e9t\u00e9ran\u00a0masculin\u00a0-68kg<\/li>\n<\/ul>\n<p><strong>2\u00e8me place :<\/strong><\/p>\n<ul>\n<li><strong>Anas BOUKHACHEM <\/strong>(<em>Karat\u00e9 Contact Gennevilliers<\/em>) &#8211; Pupille\u00a0masculin\u00a0-35kg<\/li>\n<li><strong>Paul MOREAU <\/strong>(<em>Bushido Club Vaucresson<\/em>) &#8211; Junior\u00a0masculin\u00a0-75kg<\/li>\n<li><strong>Lia PIRES SAME\u00a0<\/strong>(<em>Kempo Club Gennevilliers<\/em>) &#8211; Pupille f\u00e9minin -25kg<\/li>\n<\/ul>\n<p><strong>3\u00e8me place :<\/strong><\/p>\n<ul>\n<li><strong>Ismael JAHRLING\u00a0<\/strong>(<em>Kempo Club Gennevilliers<\/em>) &#8211; Benjamin\u00a0masculin\u00a0-50kg<\/li>\n<li><strong>Chabane JAHRLING\u00a0<\/strong>(<em>Kempo Club Gennevilliers<\/em>) &#8211; Minime masculin\u00a0-60kg<\/li>\n<li><strong>Jacques PAUL<\/strong> (<em>KBC Garches<\/em>)\u00a0&#8211; Cadet masculin\u00a0-75kg<\/li>\n<li><strong>Ilyes BOUKHACHEM <\/strong>(<em>Kempo Club Gennevilliers<\/em>) &#8211;\u00a0Junior masculin\u00a0-65kg<\/li>\n<li><strong>Zaineb JEMAA\u00a0<\/strong>(<em>Kempo Club Gennevilliers<\/em>) &#8211; Minime f\u00e9minin +55kg<\/li>\n<\/ul>\n<p><span style=\"color: #003366\"><strong style=\"color: #003366\"><span style=\"color: #003366\"><a style=\"color: #003366\" href=\"https:\/\/sites.ffkarate.fr\/hautsdeseine\/wp-content\/uploads\/sites\/57\/2017\/03\/20170225-26_Coupe_De_France_Light_Contact_Resultats.pdf\" target=\"_blank\" rel=\"noopener\">R\u00e9sultats<\/a><\/span><span style=\"color: #000080\"><span style=\"color: #003366\"><a style=\"color: #003366\" href=\"https:\/\/sites.ffkarate.fr\/hautsdeseine\/wp-content\/uploads\/sites\/57\/2017\/03\/20170225-26_Coupe_De_France_Light_Contact_Resultats.pdf\" target=\"_blank\" rel=\"noopener\">\u00a0de la coupe de France Karat\u00e9\u00a0Light Contact du samedi 25 et dimanche 26 f\u00e9vrier 2017<\/a>\u00a0\u2b05\ufe0f<\/span><\/span><\/strong><\/span> Cliquez sur ce lien<\/p>\n<div style=\"border: 0px solid black;color: white;font-size: 17px;padding: 3px;background-color: #00607c\"><strong>Samedi 18 f\u00e9vrier\u00a02017 : COUPE DE FRANCE KARAT\u00c9 COMBIN\u00c9 KATA \/ COMBAT<\/strong><\/div>\n<p>&nbsp;<\/p>\n<p>Le<strong> samedi\u00a018 f\u00e9vrier 2017\u00a0<\/strong>avait lieu la coupe de France combin\u00e9 en Kata et Combat au gymnase L\u00e9o Lagrange de Paris.<\/p>\n<p><strong>1\u00e8re\u00a0place :<\/strong><\/p>\n<ul>\n<li><strong>Chatveek THIVENDRARAJAH\u00a0<\/strong>(<em>CSM Puteaux<\/em>) &#8211; Minime masculin\u00a0-65kg<\/li>\n<li><strong>Wissem RACHDI\u00a0<\/strong>(<i>Villeneuve-La-Garenne<\/i>) &#8211;\u00a0Cadet f\u00e9minine -54kg<\/li>\n<\/ul>\n<p><strong>3\u00e8me place :<\/strong><\/p>\n<ul>\n<li><strong>Thibault VOINDROT\u00a0<\/strong>(<i>Villeneuve-La-Garenne<\/i>) &#8211; Minime masculin\u00a0-45kg<\/li>\n<li><strong>Elisa BOEHM\u00a0<\/strong>(<i>Arts Martiaux Garennois<\/i>) &#8211; Minime f\u00e9minine\u00a0-45kg<\/li>\n<li><strong>Nora AKRATI<\/strong> (<em>KC Colombes<\/em>) &#8211; Junior f\u00e9minine Open<\/li>\n<\/ul>\n<p><span style=\"color: #003366\"><strong style=\"color: #003366\"><a style=\"color: #003366\" href=\"https:\/\/sites.ffkarate.fr\/hautsdeseine\/wp-content\/uploads\/sites\/57\/2017\/02\/20170218_Coupe_De_France_Combine_Resultats.pdf\" target=\"_blank\" rel=\"noopener\">R\u00e9sultats<span style=\"color: #000080\">\u00a0de la coupe de France Karat\u00e9 Combin\u00e9 Kata et Combat du samedi 18 f\u00e9vrier\u00a02017<\/span><\/a>\u00a0<span style=\"color: #000080\">\u2b05\ufe0f<\/span><\/strong><\/span> Cliquez sur ce lien<\/p>\n<div style=\"border: 0px solid black;color: white;font-size: 17px;padding: 3px;background-color: #00607c\"><strong>Samedi 11\u00a0et dimanche 12 f\u00e9vrier janvier\u00a02017 : CHAMPIONNAT DEPARTEMENTAL KUMITE &amp; \u00a0COUPE HONNEUR KATA &amp; KUMITE<\/strong><\/div>\n<p>&nbsp;<\/p>\n<p>Le<strong> samedi 11\u00a0et dimanche\u00a012 f\u00e9vrier 2017\u00a0<\/strong>avait lieu le championnat d\u00e9partemental Kumit\u00e9 et la coupe honneur\u00a0Kata et Kumite organis\u00e9 par le Comit\u00e9 d\u00e9partemental des Hauts-De-Seine :<\/p>\n<p><a href=\"https:\/\/sites.ffkarate.fr\/hautsdeseine\/wp-content\/uploads\/sites\/57\/2017\/02\/20170211_Coupe_Depart_Honneur_Kata_Resultats.pdf\" target=\"_blank\" rel=\"noopener\"><span style=\"color: #003366\"><strong>Coupe\u00a0Honneur Kata Poussins &#8211; Pupilles &#8211; Benjamins\u00a0&#8211; 11 f\u00e9vrier 2017<\/strong><\/span><\/a><br \/>\n<a href=\"https:\/\/sites.ffkarate.fr\/hautsdeseine\/wp-content\/uploads\/sites\/57\/2017\/02\/20170211_Coupe_Depart_Honneur_Kumite_Resultats.pdf\" target=\"_blank\" rel=\"noopener\"><span style=\"color: #003366\"><strong>Coupe\u00a0Honneur Kumite\u00a0Poussins &#8211; Pupilles &#8211; Benjamins\u00a0&#8211; 11 f\u00e9vrier 2017<\/strong><\/span><\/a><br \/>\n<span style=\"color: #003366\"><strong><a style=\"color: #003366\" href=\"https:\/\/sites.ffkarate.fr\/hautsdeseine\/wp-content\/uploads\/sites\/57\/2017\/02\/20170212_Chpt_Depart_Kumite_Resultats_V1.1.pdf\" target=\"_blank\" rel=\"noopener\">Championnat d\u00e9partemental Kumite\u00a0Minimes &#8211; Cadets &#8211; Juniors et S\u00e9niors\u00a0&#8211; 12 f\u00e9vrier 2017<\/a>\u00a0<strong style=\"color: #003366\"><span style=\"color: #000080\">\u2b05\ufe0f<\/span><\/strong> <\/strong><\/span>Cliquez sur ce lien<\/p>\n<div style=\"border: 0px solid black;color: white;font-size: 17px;padding: 3px;background-color: #00607c\"><strong>Samedi 21 et dimanche 22 janvier\u00a02017 : CHAMPIONNAT DEPARTEMENTAL KATA &amp; \u00a0COUPE DEPARTEMENTALE ELITE KATA &amp; KUMITE<\/strong><\/div>\n<p>&nbsp;<\/p>\n<p>Le<strong> samedi 21 et dimanche 22 janvier 2017\u00a0<\/strong>avait lieu le championnat d\u00e9partemental Kata et la coupe d\u00e9partementale Elite Kata et Kumite organis\u00e9 par le Comit\u00e9 d\u00e9partemental des Hauts-De-Seine :<\/p>\n<p><strong><span style=\"color: #003366\"> <a style=\"color: #003366\" href=\"https:\/\/sites.ffkarate.fr\/hautsdeseine\/wp-content\/uploads\/sites\/57\/2017\/01\/20170121-22_RESULTATS-CHPT-DEPART-KATA-J-S-C-M-IND.pdf\" target=\"_blank\" rel=\"noopener\">Championnat D\u00e9partemental Kata Minimes &#8211; Cadets &#8211; Juniors et S\u00e9niors<\/a><\/span><\/strong><br \/>\n<strong><span style=\"color: #003366\"> <a style=\"color: #003366\" href=\"https:\/\/sites.ffkarate.fr\/hautsdeseine\/wp-content\/uploads\/sites\/57\/2017\/01\/20170121-22_RESULTATS-CPE-ELITE-KATA-BENJAMINS-M-F.pdf\" target=\"_blank\" rel=\"noopener\">Coupe Elite Kata Benjamins Masculins et F\u00e9minins<\/a><\/span><\/strong><br \/>\n<strong><span style=\"color: #003366\"> <a style=\"color: #003366\" href=\"https:\/\/sites.ffkarate.fr\/hautsdeseine\/wp-content\/uploads\/sites\/57\/2017\/01\/20170121-22_RESULTATS-CPE-ELITE-KATA-PUPILLES-M-F.pdf\" target=\"_blank\" rel=\"noopener\">Coupe Elite Kata Pupilles\u00a0Masculins et F\u00e9minins<\/a><\/span><\/strong><br \/>\n<strong><span style=\"color: #003366\"> <a style=\"color: #003366\" href=\"https:\/\/sites.ffkarate.fr\/hautsdeseine\/wp-content\/uploads\/sites\/57\/2017\/01\/20170121-22_RESULTATS-CPE-ELITE-KUMITE-POUSSINS-FEM.pdf\" target=\"_blank\" rel=\"noopener\">Coupe Elite Kumite Poussins\u00a0F\u00e9minins<\/a><\/span><\/strong><br \/>\n<strong><span style=\"color: #003366\"> <a style=\"color: #003366\" href=\"https:\/\/sites.ffkarate.fr\/hautsdeseine\/wp-content\/uploads\/sites\/57\/2017\/01\/20170121-22_RESULTATS-CPE-ELITE-KUMITE-POUSSINS-MASC.pdf\" target=\"_blank\" rel=\"noopener\">Coupe Elite Kumite Poussins\u00a0Masculins<\/a><\/span><\/strong><br \/>\n<strong><span style=\"color: #003366\"> <a style=\"color: #003366\" href=\"https:\/\/sites.ffkarate.fr\/hautsdeseine\/wp-content\/uploads\/sites\/57\/2017\/01\/20170121-22_RESULTATS-CPE-ELITE-KUMITE-PUPILLES-FEM.pdf\" target=\"_blank\" rel=\"noopener\">Coupe Elite Kumite\u00a0Pupilles F\u00e9minins<\/a><\/span><\/strong><br \/>\n<strong><span style=\"color: #003366\"> <a style=\"color: #003366\" href=\"https:\/\/sites.ffkarate.fr\/hautsdeseine\/wp-content\/uploads\/sites\/57\/2017\/01\/20170121-22_RESULTATS-CPE-ELITE-KUMITE-PUPILLES-MASC.pdf\" target=\"_blank\" rel=\"noopener\">Coupe Elite Kumite Pupilles\u00a0Masculins<\/a><\/span><\/strong><br \/>\n<strong><span style=\"color: #003366\"> <a style=\"color: #003366\" href=\"https:\/\/sites.ffkarate.fr\/hautsdeseine\/wp-content\/uploads\/sites\/57\/2017\/01\/20170121-22_RESULTATS-CPE-ELITE-KUMITE-BENJAMINS-FEMININS.pdf\" target=\"_blank\" rel=\"noopener\">Coupe Elite Kumite\u00a0Benjamins F\u00e9minins<\/a><\/span><\/strong><br \/>\n<strong><span style=\"color: #003366\"> <a style=\"color: #003366\" href=\"https:\/\/sites.ffkarate.fr\/hautsdeseine\/wp-content\/uploads\/sites\/57\/2017\/01\/20170121-22_RESULTATS-CPE-ELITE-KUMITE-BENJAMINS-MASC.pdf\" target=\"_blank\" rel=\"noopener\">Coupe Elite Kumite\u00a0Benjamins\u00a0Masculins<\/a><\/span><\/strong><\/p>\n<div style=\"border: 0px solid black;color: white;font-size: 17px;padding: 3px;background-color: #00607c\"><strong>Samedi 14 et dimanche 15 \u00a0janvier\u00a02017 : COUPE DE FRANCE SHITO RYU<\/strong><\/div>\n<p>&nbsp;<\/p>\n<p>Le\u00a0<strong>samedi 14 et dimanche 15 janvier 2017\u00a0<\/strong>avait lieu la Coupe de France Shito Ryu en kata &#8211; combats \u00e0 Saint Pierre d&rsquo;Ol\u00e9ron. Le comit\u00e9 d\u00e9partemental d\u00e9croche quatre nouveaux\u00a0podiums\u00a0lors de cette comp\u00e9tition.<\/p>\n<p><strong>1\u00e8re\u00a0place :<\/strong><\/p>\n<ul>\n<li><strong>Marissa HAFEZAN\u00a0<\/strong>(<em>CSM Puteaux<\/em>) &#8211; Benjamin f\u00e9minine kata<\/li>\n<li><strong>Marissa HAFEZAN\u00a0<\/strong>(<em>CSM Puteaux<\/em>) &#8211; Benjamin f\u00e9minine\u00a0-35 kg<\/li>\n<li><strong>Anne NGUYEN<\/strong>\u00a0(<em>CSM Puteaux<\/em>) &#8211;\u00a0S\u00e9nior f\u00e9minine kata<\/li>\n<\/ul>\n<p><strong>2\u00e8me place :<\/strong><\/p>\n<ul>\n<li><strong>N\u00e9lissa\u00a0HAFEZAN\u00a0<\/strong>(<em>CSM Puteaux<\/em>) &#8211;\u00a0Pupille f\u00e9minine\u00a0-30kg<\/li>\n<\/ul>\n<p><a href=\"https:\/\/sites.ffkarate.fr\/hautsdeseine\/wp-content\/uploads\/sites\/57\/2017\/01\/20170114-15_Coupe_De_France_ShitoRyu_Resultats.pdf\" target=\"_blank\" rel=\"noopener\"><strong><span style=\"color: #000080\">R\u00e9sultats complets de la Coupe de France\u00a0Shito Ryu du samedi 14 et dimanche 15 janvier 2017<\/span><\/strong><\/a><\/p>\n<div style=\"border: 0px solid black;color: white;font-size: 17px;padding: 3px;background-color: #00607c\"><strong>Dimanche 8 janvier\u00a02017 : COUPE DE FRANCE KATA &#8211; COMBATS ESPOIRS<\/strong><\/div>\n<p>&nbsp;<\/p>\n<p>Le\u00a0<strong>dimanche 8 janvier 2017\u00a0<\/strong>avait lieu la Coupe de France kata &#8211; combats en espoirs \u00e0 Amiens. Le comit\u00e9 d\u00e9partemental d\u00e9croche trois\u00a0podiums\u00a0lors de cette comp\u00e9tition.<\/p>\n<p><strong>3\u00e8me place :<\/strong><\/p>\n<ul>\n<li><strong>Flavie ROSSI<\/strong>\u00a0(<em>CSM Puteaux<\/em>) &#8211; Espoir\u00a0f\u00e9minine -50k<\/li>\n<li><strong>Alan DESPOIS<\/strong>\u00a0(<em>CSM Puteaux<\/em>) &#8211; Espoir\u00a0masculin -67kg<\/li>\n<li><strong>Ilyes KLOUZ<\/strong>\u00a0(<em>CSM Puteaux<\/em>)\u00a0&#8211; Espoir\u00a0masculin +84kg<\/li>\n<\/ul>\n<p><strong><span style=\"color: #000080\"><a style=\"color: #000080\" href=\"https:\/\/sites.ffkarate.fr\/hautsdeseine\/wp-content\/uploads\/sites\/57\/2017\/01\/20170108_Coupe_De_France_Kata_Combats_Espoirs_Resultats.pdf\" target=\"_blank\" rel=\"noopener\">R\u00e9sultats complets de la Coupe de France Kata &#8211; Combats espoirs\u00a0du dimanche 8 janvier 2017<\/a><\/span><\/strong><\/p>\n<div style=\"border: 0px solid black;color: white;font-size: 17px;padding: 3px;background-color: #00607c\"><strong>Samedi 7 janvier 2017 : OPEN DE FRANCE COMBATS CADETS &#8211; JUNIORS<\/strong><\/div>\n<p>&nbsp;<\/p>\n<p>Le\u00a0<strong>samedi\u00a07 janvier 2017\u00a0<\/strong>avait lieu l&rsquo;Open de France combats en cadets et juniors \u00e0 Amiens. Le comit\u00e9 d\u00e9partemental d\u00e9croche trois\u00a0podiums\u00a0lors de cette comp\u00e9tition.<\/p>\n<p><strong>2\u00e8me\u00a0place :<\/strong><\/p>\n<ul>\n<li><strong>Rabie HOULLICH<\/strong> (<em>CSM Puteaux<\/em>) &#8211; Cadet\u00a0masculin\u00a0+70kg<\/li>\n<\/ul>\n<p><strong>3\u00e8me place :<\/strong><\/p>\n<ul>\n<li><strong>Wissem RACHDI<\/strong> (<em>SKC Villeneuve<\/em>) &#8211; Cadet f\u00e9minine -54kg<\/li>\n<li><strong>Melinda MERMOT<\/strong>\u00a0(<em>CSM Puteaux<\/em>) &#8211; Cadet f\u00e9minine +54kg<\/li>\n<\/ul>\n<p><strong><span style=\"color: #000080\"><a style=\"color: #000080\" href=\"https:\/\/sites.ffkarate.fr\/hautsdeseine\/wp-content\/uploads\/sites\/57\/2017\/01\/20170107_Open_De_France_Cad_Jun_Resultats.pdf\" target=\"_blank\" rel=\"noopener\">R\u00e9sultats complets de l&rsquo;Open de France du samedi 7 janvier 2017<\/a><\/span><\/strong><\/p>\n<div style=\"border: 0px solid black;color: white;font-size: 17px;padding: 3px;background-color: #00607c\"><strong>Dimanche 18 d\u00e9cembre\u00a02016 :\u00a0TOURNOI DES 36 COMMUNES<\/strong><\/div>\n<p>&nbsp;<\/p>\n<p>Le <strong>dimanche 18 d\u00e9cembre 2016,\u00a0<\/strong>avait lieu le tournoi des 36 Communes organis\u00e9 par le Comit\u00e9 D\u00e9partemental des Hauts-De-Seine. F\u00e9licitation \u00e0 la ville de <strong>Puteaux<\/strong> qui remporte le tournoi des 36 communes 2016-2017 devant <strong>Courbevoie<\/strong> et <strong>Villeneuve-La-Garenne<\/strong>.<\/p>\n<p><span style=\"color: #003366\"><b><a style=\"color: #003366\" href=\"https:\/\/sites.ffkarate.fr\/hautsdeseine\/wp-content\/uploads\/sites\/57\/2017\/01\/20161218_Tournoi_Des_36_Communes_Resultats.pdf\" target=\"_blank\" rel=\"noopener\">Classement complet du tournoi des 36 communes du dimanche 18 d\u00e9cembre 2016<\/a><\/b><\/span><\/p>\n<div style=\"border: 0px solid black;color: white;font-size: 17px;padding: 3px;background-color: #00607c\"><strong>Samedi 10\u00a0et dimanche 11 d\u00e9cembre\u00a02016 : COUPE DE FRANCE COMBATS\u00a0CADETS &#8211; JUNIORS IND. ET PAR EQUIPE<\/strong><\/div>\n<p>&nbsp;<\/p>\n<p>Le <strong>samedi 10<\/strong>\u00a0et <strong>dimanche\u00a011 d\u00e9cembre 2016<\/strong> avait lieu la Coupe de France Combats en cadets &#8211; juniors\u00a0individuel et par \u00e9quipe. Le comit\u00e9 d\u00e9partemental d\u00e9croche deux podiums dont une victoire de <strong>Rabbie HOULLICH<\/strong> (CSMP).<\/p>\n<p><strong>1\u00e8re place :<\/strong><\/p>\n<ul>\n<li><strong>Rabie HOULLICH<\/strong> (<em>CSM Puteaux<\/em>) &#8211; Cadet\u00a0masculin\u00a0+70kg<\/li>\n<\/ul>\n<p><strong>3\u00e8me place :<\/strong><\/p>\n<ul>\n<li><strong>Toky\u00a0RANDRIANJANAKA\u00a0<\/strong>(<em>CSM Puteaux<\/em>) &#8211; Junior\u00a0masculin -61kg<\/li>\n<\/ul>\n<p><strong>5\u00e8me place :<\/strong><\/p>\n<ul>\n<li><strong>Wissem RACHDI<\/strong> (<em>SKC Villeneuve<\/em>) &#8211; Cadet f\u00e9minine -54kg<\/li>\n<\/ul>\n<div style=\"border: 0px solid black;color: white;font-size: 17px;padding: 3px;background-color: #00607c\"><strong>Samedi 3 et dimanche 4 d\u00e9cembre\u00a02016 : COUPE DE FRANCE COMBATS SENIORS IND. ET PAR EQUIPE<\/strong><\/div>\n<p>&nbsp;<\/p>\n<p>Le <strong>samedi 3<\/strong> et <strong>dimanche 4 d\u00e9cembre 2016<\/strong> avait lieu la Coupe de France Combats en s\u00e9niors individuel et par \u00e9quipe. Le comit\u00e9 d\u00e9partemental revient encore avec de bon r\u00e9sultats notamment la victoire pour notre entra\u00eeneur d\u00e9partemental <strong>Johan LOPES<\/strong> en individuel -60 kg.<\/p>\n<p><strong>1\u00e8re place :<\/strong><\/p>\n<ul>\n<li><strong>Johan LOPES<\/strong>\u00a0(<em>CSA Hauts de Rueil<\/em>) &#8211; S\u00e9nior masculin -60kg<\/li>\n<\/ul>\n<p><strong>2\u00e8me\u00a0place :<\/strong><\/p>\n<ul>\n<li><strong>Equipe f\u00e9minine<\/strong>\u00a0(<em>CSM Puteaux<\/em>) compos\u00e9e de\u00a0<strong>Sonia FROMAGER<\/strong>, <strong>Sana SALHI<\/strong> , <strong>Laurianne BAL DIT SOLLIER<\/strong> , <strong>Emeline JOUJOU<\/strong>,<strong>\u00a0<\/strong>(<strong>Cynthia BONTE<\/strong> &#8211; Coach)<\/li>\n<\/ul>\n<p><strong>3\u00e8me place :<\/strong><\/p>\n<ul>\n<li><strong>Nabil BOUSSAADI<\/strong>\u00a0(<em>CSM Puteaux<\/em>) &#8211; S\u00e9nior masculin -67kg<\/li>\n<li><strong>Micka\u00ebl SERFATI\u00a0<\/strong>(<em>CSM Puteaux<\/em>) &#8211; S\u00e9nior masculin +84kg<\/li>\n<li><strong>Sana SAHLI<\/strong>\u00a0(<em>CSM Puteaux<\/em>) &#8211; S\u00e9nior f\u00e9minin\u00a0+68kg<\/li>\n<\/ul>\n<p><strong>5\u00e8me place :<\/strong><\/p>\n<ul>\n<li><strong>Equipe masculine<\/strong>\u00a0(<em>CSM Puteaux<\/em>) compos\u00e9e de\u00a0<strong>Adrien GAUTHIER<\/strong>\u00a0, <strong>Kamal EL BOURI<\/strong>, <strong>Nabil BOUSSAADI<\/strong>, <strong>Samir BENALI<\/strong>,\u00a0<strong>Micka\u00ebl\u00a0SERFATI<\/strong>, <strong>Ilyes KLOUZ<\/strong>, <strong>Sally DIOP<\/strong>,<strong>(Abdelkader TOUIMER<\/strong> &#8211; Coach)<\/li>\n<\/ul>\n<p>Vous pouvez retrouver toutes les photos sur la page <span style=\"color: #003366\"><strong><a style=\"color: #003366\" href=\"https:\/\/sites.ffkarate.fr\/liguehautsdeseine\/competitions\/podiums\/\">Podiums<\/a><\/strong><\/span>.<\/p>\n<div style=\"border: 0px solid black;color: white;font-size: 17px;padding: 3px;background-color: #00607c\"><strong>Dimanche\u00a020\u00a0Novembre 2016 :\u00a0COUPE DE FRANCE MINIMES<\/strong><\/div>\n<p>Le <strong>dimanche 20<\/strong><strong>\u00a0Novembre 2016<\/strong> avait lieu la Coupe de France pour les minimes \u00e0 Coubertin (Paris). Encore de tr\u00e8s beaux r\u00e9sultats pour la Ligue des Hauts-De-Seine puisque 3\u00a0comp\u00e9titeurs du d\u00e9partement montent sur la troisi\u00e8me\u00a0marche du\u00a0podium.<\/p>\n<p><strong>\u00e8me place3\u00e8me place :<\/strong><\/p>\n<ul>\n<li><strong>Angelina LIMA<\/strong> (<em>AMG<\/em>) &#8211;\u00a0Minime f\u00e9minine -40kg<\/li>\n<li><strong>L\u00e9a DE BARROS<\/strong>\u00a0(<i>AKDL<\/i>) &#8211;\u00a0Minime f\u00e9minine -45kg<\/li>\n<li><strong>Chathveekan\u00a0THIVENDRARAJAH<\/strong> (<em>CSMP<\/em>)\u00a0&#8211;\u00a0Minime masculin\u00a0-40kg<\/li>\n<\/ul>\n<p><strong>5\u00e8me place :<\/strong><\/p>\n<ul>\n<li><strong>Thibault VOINDROT\u00a0<\/strong>(<em>Karate Villeneuve-La-Garenne<\/em>) &#8211; Minime masculin\u00a0-40kg<\/li>\n<\/ul>\n<p><strong>7\u00e8me place :<\/strong><\/p>\n<ul>\n<li><strong>Alyssa DARNOIS<\/strong> (<em>CSK<\/em>) &#8211; Minime f\u00e9minine -40kg<\/li>\n<li><strong>Eva CRIOU<\/strong> (<em>Karate Villeneuve-La-Garenne<\/em>) &#8211; Minime f\u00e9minine -40kg<\/li>\n<\/ul>\n<p>Vous pouvez retrouver toutes les photos sur la page <span style=\"color: #003366\"><strong><a style=\"color: #003366\" href=\"https:\/\/sites.ffkarate.fr\/liguehautsdeseine\/competitions\/podiums\/\">Podiums<\/a><\/strong><\/span>.<\/p>\n<p><span style=\"color: #003366\"><strong><a style=\"color: #003366\" href=\"https:\/\/sites.ffkarate.fr\/hautsdeseine\/wp-content\/uploads\/sites\/57\/2016\/11\/20161120_Coupe_De_France_Minimes_Resultats.pdf\" target=\"_blank\" rel=\"noopener\">R\u00e9sultats complets de\u00a0la Coupe de France du dimanche 20\u00a0novembre 2016<\/a><\/strong><\/span><\/p>\n<div style=\"border: 0px solid black;color: white;font-size: 17px;padding: 3px;background-color: #00607c\"><strong>Samedi 5 et dimanche 6 Novembre 2016 : OPEN ADIDAS COMBATS MIN\/CAD\/JUN\/SEN<\/strong><\/div>\n<p>Le <strong>samedi 5<\/strong> et <strong>dimanche 6 Novembre 2016<\/strong> avait lieu l&rsquo;Open Adidas combats pour les minimes, cadets, juniors et s\u00e9niors \u00e0 la Halle Carpentier de Paris. Encore de tr\u00e8s beaux r\u00e9sultats pour la Ligue des Hauts-De-Seine puisque 8 comp\u00e9titeurs du d\u00e9partement montent sur un podium.<\/p>\n<p><strong>1\u00e8re place :<\/strong><\/p>\n<ul>\n<li><strong>Rabie HOULLICH<\/strong> (<em>CSMP<\/em>) &#8211; Cadet\u00a0masculin\u00a0+70kg<\/li>\n<li><strong>Micka\u00ebl\u00a0SERFATI<\/strong>\u00a0(<em>CSMP<\/em>)\u00a0&#8211; S\u00e9nior masculin +84kg<\/li>\n<\/ul>\n<p><strong>3\u00e8me place :<\/strong><\/p>\n<ul>\n<li><strong>Flavie ROSSI<\/strong> (<em>CSMP<\/em>) &#8211; S\u00e9nior f\u00e9minine -50kg<\/li>\n<li><strong>Sana SALHI<\/strong> (<em>CSMP<\/em>) &#8211; S\u00e9nior f\u00e9minine +68kg<\/li>\n<li><strong>Chathveekan\u00a0THIVENDRARAJAH<\/strong> (<em>CSMP<\/em>)\u00a0&#8211;\u00a0Minime masculin\u00a0-60kg<\/li>\n<li><strong>Tany Mael\u00a0RAZAFIMAHERY<\/strong>\u00a0(<em>Vanves<\/em>) &#8211; Cadet\u00a0masculin\u00a0+70kg<\/li>\n<li><strong>Nabil BOUSAADI<\/strong> (<em>CSMP<\/em>)\u00a0&#8211; S\u00e9nior masculin\u00a0-67kg<\/li>\n<li><strong>Ilyes KLOUZ<\/strong>\u00a0(<em>CSMP<\/em>)\u00a0&#8211; S\u00e9nior masculin +84kg<\/li>\n<\/ul>\n<p><strong>5\u00e8me place :<\/strong><\/p>\n<ul>\n<li><strong>Alyssa DARNOIS<\/strong> (<em>CSK<\/em>) &#8211; Minime f\u00e9minine -35kg<\/li>\n<li><strong>Angelina LIMA<\/strong> (<em>AMG<\/em>) &#8211;\u00a0Minime f\u00e9minine -40kg<\/li>\n<li><strong>Lina CHAKROUN<\/strong> (<em>CSMP<\/em>) &#8211;\u00a0Minime f\u00e9minine -55kg<\/li>\n<li><strong>Wissem RACHDI<\/strong> (<em>Karate Villeneuve-La-Garenne<\/em>) &#8211; Cadette -54 kg<\/li>\n<li><strong>Thibault VOINDROT<\/strong> (<em>Karate Villeneuve-La-Garenne<\/em>) &#8211;\u00a0Minime masculin\u00a0-40kg<\/li>\n<li><strong>Hamza SAM<\/strong> (<em>CSMP<\/em>) &#8211;\u00a0Cadet\u00a0masculin\u00a0-63kg<\/li>\n<li><strong>Maxence DANIEL<\/strong> (<em>CSMP<\/em>)\u00a0&#8211; S\u00e9nior masculin\u00a0-67kg<\/li>\n<\/ul>\n<p>Vous pouvez retrouver toutes les photos sur la page <span style=\"color: #003366\"><strong><a style=\"color: #003366\" href=\"https:\/\/sites.ffkarate.fr\/liguehautsdeseine\/competitions\/podiums\/\">Podiums<\/a><\/strong><\/span>.<\/p>\n<p><span style=\"color: #003366\"><strong><a style=\"color: #003366\" href=\"https:\/\/sites.ffkarate.fr\/hautsdeseine\/wp-content\/uploads\/sites\/57\/2016\/11\/20161105-06_Open_Adidas_Resultats.pdf\" target=\"_blank\" rel=\"noopener\">R\u00e9sultats complets de l&rsquo;open Adidas-l du samedi 5 et dimanche 6 novembre 2016<\/a><\/strong><\/span>.[\/vc_column_text][\/vc_column][\/vc_row]<\/p>\n<\/div>","protected":false},"excerpt":{"rendered":"<p>[vc_row][vc_column][vc_column_text] R\u00e9sultats des comp\u00e9titions sur le Comit\u00e9 D\u00e9partemental des Hauts de Seine Saison 2016-2017 Mardi 11\u00a0et mercredi 12 juillet 2017 : 20th Maccabiah Karate Games &nbsp; Le\u00a0mardi 11 et mercredi 12 juillet\u00a02017\u00a0avaient lieu les 20\u00e8me Maccabiades \u00e0 J\u00e9rusalem.F\u00e9licitation \u00e0 Micka\u00ebl du CSMPuteaux qui d\u00e9croche l&rsquo;or durant ces jeux !! 1\u00e8re place : Micka\u00ebl SERFATI\u00a0(CSM Puteaux) [&hellip;]<\/p>\n","protected":false},"author":87,"featured_media":0,"parent":13963,"menu_order":0,"comment_status":"closed","ping_status":"closed","template":"","meta":{"footnotes":""},"class_list":["post-719","page","type-page","status-publish","hentry"],"_links":{"self":[{"href":"https:\/\/sites.ffkarate.fr\/hautsdeseine\/wp-json\/wp\/v2\/pages\/719","targetHints":{"allow":["GET"]}}],"collection":[{"href":"https:\/\/sites.ffkarate.fr\/hautsdeseine\/wp-json\/wp\/v2\/pages"}],"about":[{"href":"https:\/\/sites.ffkarate.fr\/hautsdeseine\/wp-json\/wp\/v2\/types\/page"}],"author":[{"embeddable":true,"href":"https:\/\/sites.ffkarate.fr\/hautsdeseine\/wp-json\/wp\/v2\/users\/87"}],"replies":[{"embeddable":true,"href":"https:\/\/sites.ffkarate.fr\/hautsdeseine\/wp-json\/wp\/v2\/comments?post=719"}],"version-history":[{"count":2,"href":"https:\/\/sites.ffkarate.fr\/hautsdeseine\/wp-json\/wp\/v2\/pages\/719\/revisions"}],"predecessor-version":[{"id":16210,"href":"https:\/\/sites.ffkarate.fr\/hautsdeseine\/wp-json\/wp\/v2\/pages\/719\/revisions\/16210"}],"up":[{"embeddable":true,"href":"https:\/\/sites.ffkarate.fr\/hautsdeseine\/wp-json\/wp\/v2\/pages\/13963"}],"wp:attachment":[{"href":"https:\/\/sites.ffkarate.fr\/hautsdeseine\/wp-json\/wp\/v2\/media?parent=719"}],"curies":[{"name":"wp","href":"https:\/\/api.w.org\/{rel}","templated":true}]}}