{"id":275,"date":"2015-10-29T21:55:56","date_gmt":"2015-10-29T20:55:56","guid":{"rendered":"https:\/\/sites.ffkarate.fr\/liguereunion\/?page_id=275"},"modified":"2021-06-07T18:16:36","modified_gmt":"2021-06-07T16:16:36","slug":"vovinam-viet-vo-dao","status":"publish","type":"page","link":"https:\/\/sites.ffkarate.fr\/liguereunion\/disciplines-associees\/vovinam-viet-vo-dao\/","title":{"rendered":"Vovinam &#8211; Viet Vo Dao"},"content":{"rendered":"<div class=\"wpb-content-wrapper\"><p>[vc_row][vc_column width=\u00a0\u00bb1\/2&Prime;][vc_column_text]<img decoding=\"async\" class=\"alignleft wp-image-1194 size-full\" src=\"https:\/\/sites.ffkarate.fr\/liguereunion\/wp-content\/uploads\/sites\/122\/2015\/11\/Vovinam-flyer-index.jpg\" alt=\"\" width=\"275\" height=\"400\" \/>[\/vc_column_text][\/vc_column][vc_column width=\u00a0\u00bb1\/2&Prime; bg_grey=\u00a0\u00bb1&Prime;][ffk_peoplecard image=\u00a0\u00bb13121&Prime; title=\u00a0\u00bbChristian FAVEL\u00a0\u00bb subtitle=\u00a0\u00bbResponsable\u00a0\u00bb description=\u00a0\u00bbContact : T\u00e9l 06 92 00 23 89<br \/>\nM\u00e9l : elg974@wanadoo.fr\u00a0\u00bb][\/vc_column][\/vc_row][vc_row][vc_column][vc_column_text]<\/p>\n<hr \/>\n<p><strong><a href=\"https:\/\/sites.ffkarate.fr\/liguereunion\/wp-content\/uploads\/sites\/27\/2020\/08\/Calendrier-Fede-AMV-2020-2021.pdf\" target=\"_blank\" rel=\"noopener\">Calendrier F\u00e9d\u00e9ral AMV 2020-2021<\/a><\/strong><\/p>\n<h4><a href=\"https:\/\/sites.ffkarate.fr\/liguereunion\/calendrier\/\" target=\"_blank\" rel=\"noopener\"><strong>CALENDRIER LIGUE 2020-2021 <\/strong><strong>(doc en pdf)<\/strong><\/a><strong>\u00a0\u00a0\u00a0<\/strong><\/h4>\n<p>[\/vc_column_text][vc_column_text]<\/p>\n<hr \/>\n<p><strong>Les clubs : <\/strong><\/p>\n<p><strong><a href=\"https:\/\/sites.ffkarate.fr\/liguereunion\/clubs-et-licences\/les-clubs-affilies\/9740668-vovinam-sud-ouest-reunion\/\" target=\"_blank\" rel=\"noopener\">9740668 : Vovinam Sud Ouest R\u00e9union aux Avirons &#8211; Contact : Charles CLAIRAMBAULT 0692789105<\/a>\u00a0 <\/strong><br \/>\n<strong><a href=\"https:\/\/sites.ffkarate.fr\/liguereunion\/clubs-et-licences\/les-clubs-affilies\/9740728-association-qwan-ki-do-de-lest\/\" target=\"_blank\" rel=\"noopener\">9740728 : Qwan Ki Do de l&rsquo;Est \u00e0 St Denis &#8211; Contact : Christian FAVEL 0692002389<\/a>\u00a0 <\/strong><br \/>\n<strong><a href=\"https:\/\/sites.ffkarate.fr\/liguereunion\/clubs-et-licences\/les-clubs-affilies\/9740746-vovinam-viet-vo-dao-reunion\/\" target=\"_blank\" rel=\"noopener\">9740746 : Vovinam Viet Vo Dao R\u00e9union \u00e0 St Fran\u00e7ois &#8211; Contact : Ren\u00e9 DIJOUX 0692070101<\/a>\u00a0 <\/strong><\/p>\n<hr \/>\n<p>[\/vc_column_text][vc_column_text]<a href=\"https:\/\/sites.ffkarate.fr\/liguereunion\/actualites\/championnat-de-la-reunion-vovinam-viet-vo-dao-le-24-mars\/\" target=\"_blank\" rel=\"noopener\"><strong>Championnat de La R\u00e9union le 24 mars 2019<\/strong><\/a><strong>\u00a0\u00a0\u00a0\u00a0\u00a0<\/strong>[\/vc_column_text][\/vc_column][\/vc_row]<\/p>\n<\/div>","protected":false},"excerpt":{"rendered":"<p>[vc_row][vc_column width=\u00a0\u00bb1\/2&Prime;][vc_column_text][\/vc_column_text][\/vc_column][vc_column width=\u00a0\u00bb1\/2&Prime; bg_grey=\u00a0\u00bb1&Prime;][ffk_peoplecard image=\u00a0\u00bb13121&Prime; title=\u00a0\u00bbChristian FAVEL\u00a0\u00bb subtitle=\u00a0\u00bbResponsable\u00a0\u00bb description=\u00a0\u00bbContact : T\u00e9l 06 92 00 23 89 M\u00e9l : elg974@wanadoo.fr\u00a0\u00bb][\/vc_column][\/vc_row][vc_row][vc_column][vc_column_text] Calendrier F\u00e9d\u00e9ral AMV 2020-2021 CALENDRIER LIGUE 2020-2021 (doc en pdf)\u00a0\u00a0\u00a0 [\/vc_column_text][vc_column_text] Les clubs : 9740668 : Vovinam Sud Ouest R\u00e9union aux Avirons &#8211; Contact : Charles CLAIRAMBAULT 0692789105\u00a0 9740728 : Qwan Ki Do de l&rsquo;Est \u00e0 [&hellip;]<\/p>\n","protected":false},"author":142,"featured_media":0,"parent":54,"menu_order":0,"comment_status":"closed","ping_status":"closed","template":"","meta":{"footnotes":""},"class_list":["post-275","page","type-page","status-publish","hentry"],"_links":{"self":[{"href":"https:\/\/sites.ffkarate.fr\/liguereunion\/wp-json\/wp\/v2\/pages\/275","targetHints":{"allow":["GET"]}}],"collection":[{"href":"https:\/\/sites.ffkarate.fr\/liguereunion\/wp-json\/wp\/v2\/pages"}],"about":[{"href":"https:\/\/sites.ffkarate.fr\/liguereunion\/wp-json\/wp\/v2\/types\/page"}],"author":[{"embeddable":true,"href":"https:\/\/sites.ffkarate.fr\/liguereunion\/wp-json\/wp\/v2\/users\/142"}],"replies":[{"embeddable":true,"href":"https:\/\/sites.ffkarate.fr\/liguereunion\/wp-json\/wp\/v2\/comments?post=275"}],"version-history":[{"count":10,"href":"https:\/\/sites.ffkarate.fr\/liguereunion\/wp-json\/wp\/v2\/pages\/275\/revisions"}],"predecessor-version":[{"id":13255,"href":"https:\/\/sites.ffkarate.fr\/liguereunion\/wp-json\/wp\/v2\/pages\/275\/revisions\/13255"}],"up":[{"embeddable":true,"href":"https:\/\/sites.ffkarate.fr\/liguereunion\/wp-json\/wp\/v2\/pages\/54"}],"wp:attachment":[{"href":"https:\/\/sites.ffkarate.fr\/liguereunion\/wp-json\/wp\/v2\/media?parent=275"}],"curies":[{"name":"wp","href":"https:\/\/api.w.org\/{rel}","templated":true}]}}