{"id":1502,"date":"2015-01-08T11:33:20","date_gmt":"2015-01-08T11:33:20","guid":{"rendered":"https:\/\/sites.ffkarate.fr\/testclone\/?page_id=58"},"modified":"2026-03-25T09:38:12","modified_gmt":"2026-03-25T08:38:12","slug":"competitions-2","status":"publish","type":"page","link":"https:\/\/sites.ffkarate.fr\/maineetloire\/competitions-2\/","title":{"rendered":"Comp\u00e9titions"},"content":{"rendered":"<div class=\"wpb-content-wrapper\"><p>[vc_row][vc_column][vc_column_text]<\/p>\n<div id=\"attachment_107\" style=\"width: 310px\" class=\"wp-caption alignnone\"><a href=\"https:\/\/sites.ffkarate.fr\/maineetloire\/wp-content\/uploads\/sites\/115\/2015\/01\/OpenFrance_cadetjunior_2014-2.jpg\"><img decoding=\"async\" aria-describedby=\"caption-attachment-107\" class=\"size-medium wp-image-107\" src=\"https:\/\/sites.ffkarate.fr\/maineetloire\/wp-content\/uploads\/sites\/115\/2015\/01\/OpenFrance_cadetjunior_2014-2-300x200.jpg\" alt=\"\u00a9 Denis Boulanger \/ FFKDA\" width=\"300\" height=\"200\" \/><\/a><p id=\"caption-attachment-107\" class=\"wp-caption-text\">\u00a9 Denis Boulanger \/ FFKDA<\/p><\/div>\n<p>Le comit\u00e9 d\u00e9partemental organise trois comp\u00e9titions officielles dans la saison. La participation \u00e0 celles-ci est obligatoire si le comp\u00e9titeur souhaite poursuivre son championnat au niveau r\u00e9gional. Nous rappelons que m\u00eame \u00e0 ce niveau de la comp\u00e9tition (d\u00e9partemental), chaque participant doit se conformer au r\u00e8glement f\u00e9d\u00e9ral. Il est donc demand\u00e9 de se munir des documents administratifs obligatoires (passeport \u00e0 jour, certificat m\u00e9dical, autorisation parentale pour les mineurs) et de veiller \u00e0 sa tenue de combat respectueuse des caract\u00e9ristiques impos\u00e9es par le r\u00e8glement de la f\u00e9d\u00e9ration.<br \/>\nNous comptons sur la bienveillance de chacun dans un esprit d&rsquo;\u00e9quit\u00e9 et de respect des valeurs de nos disciplines pour que nos manifestations sportives soient des moments de plaisirs pour tous.<\/p>\n<p>Les d\u00e9partements les ligues, les inter-r\u00e9gions et la F\u00e9d\u00e9ration Fran\u00e7aise de Karat\u00e9 et Disciplines Associ\u00e9es organisent de nombreuses comp\u00e9titions destin\u00e9es \u00e0 tous les publics et aux diff\u00e9rentes disciplines, tout au long de la saison. Bonne pr\u00e9paration pour vos futurs championnats.<\/p>\n<p><strong>REGLEMENT FEDERAL DES COMPETITIONS 2025\/2026<\/strong>\u00a0:<\/p>\n<p><strong><a href=\"https:\/\/sites.ffkarate.fr\/maineetloire\/wp-content\/uploads\/sites\/72\/2025\/09\/REGLEMENT-COMPETITION-KARATE-2025.2026.pdf\">REGLEMENT-COMPETITION-KARATE-2025.2026<\/a><\/strong><\/p>\n<p><strong><a href=\"https:\/\/sites.ffkarate.fr\/maineetloire\/wp-content\/uploads\/sites\/72\/2025\/09\/Reglement-KATA-VFJSS-2025-2026_V2.pdf\">Reglement-KATA-VFJSS-2025-2026_V2<\/a><\/strong><\/p>\n<p><strong><a href=\"https:\/\/sites.ffkarate.fr\/maineetloire\/wp-content\/uploads\/sites\/72\/2025\/09\/Reglement-Kumite-VF-JSS08072025_pdf.pdf\">Reglement-Kumite-VF-JSS08072025_pdf<\/a><\/strong><\/p>\n<p><strong><a href=\"https:\/\/sites.ffkarate.fr\/maineetloire\/wp-content\/uploads\/sites\/72\/2025\/09\/Synthese-des-modifications-du-reglement-sportif-2025-2026.pdf\">Synthese-des-modifications-du-reglement-sportif-2025-2026<\/a><\/strong><\/p>\n<p><strong><a href=\"https:\/\/sites.ffkarate.fr\/maineetloire\/wp-content\/uploads\/sites\/72\/2025\/09\/Syntheses-des-modifications-reglementaire-2025-1.pdf\">Syntheses-des-modifications-reglementaire-2025-1<\/a><\/strong><\/p>\n<p><strong><a href=\"https:\/\/sites.ffkarate.fr\/maineetloire\/wp-content\/uploads\/sites\/72\/2025\/09\/Syntheses-des-modifications-reglementaire-2025-V2.pdf\">Syntheses-des-modifications-reglementaire-2025-V2<\/a><\/strong><\/p>\n<p><strong>Cat\u00e9gorie de d&rsquo;\u00e2ges et de poids saison 2024-2025 :<\/strong><\/p>\n<p><a href=\"https:\/\/sites.ffkarate.fr\/maineetloire\/wp-content\/uploads\/sites\/72\/2025\/09\/categorie_age_poids_2025-2026.pdf\">categorie_age_poids_2025-2026<\/a><\/p>\n<p>&nbsp;<\/p>\n<p><strong>ARBITRAGE <\/strong><\/p>\n<p>La commission d&rsquo;arbitrage recrute et organise chaque saison des stages de formation pour \u00e9lever le niveau de chaque juge ou arbitre. La pr\u00e9sence de tous ces b\u00e9n\u00e9voles qui s&rsquo;engagent dans ce domaine favorise sans conteste le bon d\u00e9roulement de nos comp\u00e9titions sportives. Nous le r\u00e9p\u00e9tons, <span style=\"text-decoration: underline\"><strong>sans arbitre pas de comp\u00e9tition<\/strong><\/span>. La commission d&rsquo;arbitrage est \u00e0 votre \u00e9coute tout au long de la saison pour vous aider \u00e0 progresser et vous accompagner dans votre \u00e9volution. Par ailleurs, nous mettons \u00e0 disposition des clubs des informations permettant de sensibiliser les jeunes mais aussi les adultes \u00e0 respecter le r\u00f4le de l&rsquo;arbitre dans sa mission.<\/p>\n<p><a href=\"https:\/\/sites.ffkarate.fr\/maineetloire\/wp-content\/uploads\/sites\/115\/2018\/10\/Deviens-arbitre.jpg\"><img decoding=\"async\" class=\"alignnone size-medium wp-image-500\" src=\"https:\/\/sites.ffkarate.fr\/maineetloire\/wp-content\/uploads\/sites\/115\/2018\/10\/Deviens-arbitre-210x300.jpg\" alt=\"Deviens arbitre\" width=\"210\" height=\"300\" \/><\/a><\/p>\n<p><span style=\"text-decoration: underline\">Informations<\/span> : (R\u00e9gis ONILLON) regis.oni@orange.fr<\/p>\n<p><a href=\"https:\/\/sites.ffkarate.fr\/maineetloire\/wp-content\/uploads\/sites\/115\/2018\/09\/affiche-promotion-arbitrage.pdf\">affiche promotion arbitrage<\/a><\/p>\n<p><a href=\"https:\/\/sites.ffkarate.fr\/maineetloire\/wp-content\/uploads\/sites\/115\/2018\/09\/Un-arbitre-\u00e7a-se-respecte.pdf\">Un arbitre \u00e7a se respecte<\/a><\/p>\n<p>&nbsp;<\/p>\n<h3><span style=\"text-decoration: underline;color: #800000\"><strong>Le Calendrier des comp\u00e9titions d\u00e9partementales 2025-2026 :<\/strong><\/span><\/h3>\n<ul>\n<li>DIMANCHE 12 OCTOBRE 2025 : 1er COMBINE JEUNES KATA\/COMBAT PUPILLES \u00e0 CADETS<\/li>\n<\/ul>\n<ul>\n<li style=\"list-style-type: none\">\n<ul>\n<li><strong><a href=\"https:\/\/sites.ffkarate.fr\/maineetloire\/wp-content\/uploads\/sites\/72\/2025\/09\/Reglement-COMBINE-JEUNES-12.10.2025.pdf\">R\u00e9glement COMBINE JEUNES 12.10.2025<\/a><\/strong><\/li>\n<\/ul>\n<\/li>\n<\/ul>\n<p><img decoding=\"async\" class=\"alignnone size-medium wp-image-3318\" src=\"https:\/\/sites.ffkarate.fr\/maineetloire\/wp-content\/uploads\/sites\/72\/2025\/09\/Affiche-COMBINE-12.10.2025-211x300.jpg\" alt=\"\" width=\"211\" height=\"300\" srcset=\"https:\/\/sites.ffkarate.fr\/maineetloire\/wp-content\/uploads\/sites\/72\/2025\/09\/Affiche-COMBINE-12.10.2025-211x300.jpg 211w, https:\/\/sites.ffkarate.fr\/maineetloire\/wp-content\/uploads\/sites\/72\/2025\/09\/Affiche-COMBINE-12.10.2025.jpg 622w\" sizes=\"(max-width: 211px) 100vw, 211px\" \/><\/p>\n<p>&nbsp;<\/p>\n<ul>\n<li style=\"list-style-type: none\">\n<ul>\n<li><strong>DIMANCHE 7 DECEMBRE 2025 : COUPE DEPARTEMENTALE KUMITE PUPILLES ET BENJAMINS<\/strong><\/li>\n<li><strong>DIMANCHE 7 DECEMBRE 2025 : CHAMPIONNAT DEPARTEMENTAL KUMITE DE MINIMES A VETERANS\u00a0<\/strong><\/li>\n<li><a href=\"https:\/\/sites.ffkarate.fr\/maineetloire\/wp-content\/uploads\/sites\/72\/2025\/10\/Affiche-Kumite-adultes-7.12.2025.pdf\">Affiche Kumit\u00e9 adultes 7.12.2025<\/a><\/li>\n<li><a href=\"https:\/\/sites.ffkarate.fr\/maineetloire\/wp-content\/uploads\/sites\/72\/2025\/10\/Affiche-coupe-kumite-7.12.2025.pdf\">Affiche coupe kumit\u00e9 7.12.2025<\/a><\/li>\n<li><img decoding=\"async\" class=\"alignnone size-medium wp-image-3375\" src=\"https:\/\/sites.ffkarate.fr\/maineetloire\/wp-content\/uploads\/sites\/72\/2025\/10\/Affiche-Kumite-adultes-7.12.2025-212x300.png\" alt=\"\" width=\"212\" height=\"300\" srcset=\"https:\/\/sites.ffkarate.fr\/maineetloire\/wp-content\/uploads\/sites\/72\/2025\/10\/Affiche-Kumite-adultes-7.12.2025-212x300.png 212w, https:\/\/sites.ffkarate.fr\/maineetloire\/wp-content\/uploads\/sites\/72\/2025\/10\/Affiche-Kumite-adultes-7.12.2025.png 645w\" sizes=\"(max-width: 212px) 100vw, 212px\" \/><\/li>\n<li><img decoding=\"async\" class=\"alignnone size-medium wp-image-3374\" src=\"https:\/\/sites.ffkarate.fr\/maineetloire\/wp-content\/uploads\/sites\/72\/2025\/10\/Affiche-coupe-kumite-7.12.2025-212x300.png\" alt=\"\" width=\"212\" height=\"300\" srcset=\"https:\/\/sites.ffkarate.fr\/maineetloire\/wp-content\/uploads\/sites\/72\/2025\/10\/Affiche-coupe-kumite-7.12.2025-212x300.png 212w, https:\/\/sites.ffkarate.fr\/maineetloire\/wp-content\/uploads\/sites\/72\/2025\/10\/Affiche-coupe-kumite-7.12.2025.png 647w\" sizes=\"(max-width: 212px) 100vw, 212px\" \/><\/li>\n<li>\n<ul>\n<li><strong>DIMANCHE 11 JANVIER 2026 : CHAMPIONNAT DEPARTEMENTAL KATA DE MINIMES A SENIORS A VETERANS<\/strong><\/li>\n<li><strong>DIMANCHE 11 JANVIER 2026 : COUPE DEPARTEMENTALE KATA PUPILLES ET BENJAMINS<\/strong><\/li>\n<\/ul>\n<\/li>\n<\/ul>\n<\/li>\n<\/ul>\n<p><span style=\"text-decoration: underline;color: #800000\"><strong><a href=\"https:\/\/sites.ffkarate.fr\/maineetloire\/wp-content\/uploads\/sites\/72\/2025\/11\/Affiche-coupe-kata-11-janvier.pdf\">Affiche coupe kata 11 janvier<\/a><\/strong><\/span><\/p>\n<p><span style=\"text-decoration: underline;color: #800000\"><strong><a href=\"https:\/\/sites.ffkarate.fr\/maineetloire\/wp-content\/uploads\/sites\/72\/2025\/11\/Affiche-chpt-kata-11-janvier.pdf\">Affiche chpt kata 11 janvier<\/a><\/strong><\/span><\/p>\n<p><img decoding=\"async\" class=\"alignnone size-medium wp-image-3412\" src=\"https:\/\/sites.ffkarate.fr\/maineetloire\/wp-content\/uploads\/sites\/72\/2025\/11\/Affiche-coupe-kata-11-janvier-212x300.png\" alt=\"\" width=\"212\" height=\"300\" srcset=\"https:\/\/sites.ffkarate.fr\/maineetloire\/wp-content\/uploads\/sites\/72\/2025\/11\/Affiche-coupe-kata-11-janvier-212x300.png 212w, https:\/\/sites.ffkarate.fr\/maineetloire\/wp-content\/uploads\/sites\/72\/2025\/11\/Affiche-coupe-kata-11-janvier.png 645w\" sizes=\"(max-width: 212px) 100vw, 212px\" \/><\/p>\n<p><img decoding=\"async\" class=\"alignnone size-medium wp-image-3410\" src=\"https:\/\/sites.ffkarate.fr\/maineetloire\/wp-content\/uploads\/sites\/72\/2025\/11\/Affiche-chpt-kata-11-janvier-210x300.png\" alt=\"\" width=\"210\" height=\"300\" srcset=\"https:\/\/sites.ffkarate.fr\/maineetloire\/wp-content\/uploads\/sites\/72\/2025\/11\/Affiche-chpt-kata-11-janvier-210x300.png 210w, https:\/\/sites.ffkarate.fr\/maineetloire\/wp-content\/uploads\/sites\/72\/2025\/11\/Affiche-chpt-kata-11-janvier.png 642w\" sizes=\"(max-width: 210px) 100vw, 210px\" \/><\/p>\n<p>&nbsp;<\/p>\n<p><span style=\"text-decoration: underline;color: #800000\"><strong>LES DOCUMENTS A FOURNIR LORS DES COMP\u00c9TITIONS D\u00c9PARTEMENTALES OFFICIELLES :\u00a0<\/strong><\/span><\/p>\n<p style=\"text-align: justify\">&#8211; <strong><em>PASSEPORT SPORTIF<\/em><\/strong> \u00e0 jour avec deux justificatifs de licence dont celui de la saison en cours<\/p>\n<p style=\"text-align: justify\">&#8211; <em><strong>AUTORISATION PARENTALE<\/strong><\/em> pour les mineurs<\/p>\n<p style=\"text-align: justify\">&#8211; <em><strong>PI\u00c8CE\u00a0<\/strong><\/em><b><i>IDENTIT\u00c9<\/i><\/b>\u00a0\u00e0 partir de la cat\u00e9gorie minime<\/p>\n<p><span style=\"text-decoration: underline\"><span style=\"color: #800000\"><strong>MODALIT\u00c9S D&rsquo;INSCRIPTION AUX COMP\u00c9TITIONS D\u00c9PARTEMENTALES :<\/strong><\/span><\/span><\/p>\n<p>Depuis cette saison, toutes les comp\u00e9titions d\u00e9partementales officielles font l&rsquo;objet d&rsquo;un droit d&rsquo;engagement par comp\u00e9titeur de 3 \u20ac .<\/p>\n<p>Les clubs devront r\u00e9gler le montant global de leurs comp\u00e9titeurs engag\u00e9s le jour de la comp\u00e9tition.<\/p>\n<p>&nbsp;<\/p>\n<p><strong>Stages de pr\u00e9paration aux comp\u00e9titions kumit\u00e9<\/strong> :<\/p>\n<p>Les entrainements d\u00e9partementaux seront encadr\u00e9es par Hamza KAHLOUL 3\u00e8me dan ancien athl\u00e8te de haut niveau :<\/p>\n<p>Stages :<\/p>\n<p>le dimanche 22 mars de 9h45 \u00e0 16h30<\/p>\n<p>le dimanche 24 mai de 9h45 \u00e0 16h30<\/p>\n<p>Les stage auront lieu aux PONTS DE CE<\/p>\n<p><img decoding=\"async\" class=\"alignnone size-medium wp-image-3516\" src=\"https:\/\/sites.ffkarate.fr\/maineetloire\/wp-content\/uploads\/sites\/72\/2026\/03\/Stage-departemental-Hamza-K-213x300.png\" alt=\"\" width=\"213\" height=\"300\" srcset=\"https:\/\/sites.ffkarate.fr\/maineetloire\/wp-content\/uploads\/sites\/72\/2026\/03\/Stage-departemental-Hamza-K-213x300.png 213w, https:\/\/sites.ffkarate.fr\/maineetloire\/wp-content\/uploads\/sites\/72\/2026\/03\/Stage-departemental-Hamza-K.png 568w\" sizes=\"(max-width: 213px) 100vw, 213px\" \/><\/p>\n<p>&nbsp;<\/p>\n<h2><strong><span style=\"text-decoration: underline\"><span style=\"color: #800000;text-decoration: underline\">COACHING<\/span><\/span> :<\/strong><\/h2>\n<p>R\u00e9glement COACHING 2025\/2026 :<\/p>\n<p><a href=\"https:\/\/sites.ffkarate.fr\/maineetloire\/wp-content\/uploads\/sites\/72\/2025\/09\/Reglement-coaching-2025-2026-VF.pdf\">Reglement-coaching-2025-2026-VF<\/a><\/p>\n<p>Remise des cartes COACH :<\/p>\n<div>Dans le cadre du coaching lors de nos comp\u00e9titions d\u00e9partementales kumit\u00e9, nous vous informons que le comit\u00e9 remettra les cartes d\u00e9partementales aux personnes habilit\u00e9es lors du championnat d\u00e9partemental kumit\u00e9 enfants et adultes qui aura lieu le dimanche 7 d\u00e9cembre \u00e0 Angers<\/div>\n<div><\/div>\n<div><strong><span style=\"font-size: large\">Les cartes coach seront remises le matin vers 10h00 par le DTD Eric GARNIER\u00a0\u00a0<\/span><\/strong><\/div>\n<div><\/div>\n<div>Nous rappelons que les personnes doivent respecter les conditions f\u00e9d\u00e9rales d&rsquo;habilitation pour l&rsquo;attribution de la carte.<\/div>\n<h3><a href=\"https:\/\/sites.ffkarate.fr\/maineetloire\/wp-content\/uploads\/sites\/72\/2021\/10\/Reglement-national-et-territorial-du-dispositf-de-coaching.pdf\">Reglement-national-et-territorial-du-dispositf-de-coaching<\/a><\/h3>\n<h4>Demande de carte COACH TERRITORIAL pour les saisons 2025\/2026 et 2026\/2027 :<\/h4>\n<h2><strong><a href=\"https:\/\/sites.ffkarate.fr\/maineetloire\/wp-content\/uploads\/sites\/72\/2025\/10\/FORMULAIRE-DEMANDE-DE-CARTE-COACH-2025.pdf\">FORMULAIRE DEMANDE DE CARTE COACH 2025<\/a><\/strong><\/h2>\n<h4>Demande de carte JEUNE COACH Territorial 2025\/2026 et 2026\/2027<\/h4>\n<h2><strong><a href=\"https:\/\/sites.ffkarate.fr\/maineetloire\/wp-content\/uploads\/sites\/72\/2025\/10\/FORMULAIRE-DEMANDE-CARTE-JEUNE-COACH-2025.pdf\">FORMULAIRE DEMANDE CARTE JEUNE COACH 2025<\/a><\/strong><\/h2>\n<h2><strong>AFFICHES et INFORMATIONS DES COMPETITIONS<\/strong> :<\/h2>\n<h3><\/h3>\n<h3><span style=\"color: #993300\"><strong>RESULTATS DES COMPETITIONS DEPARTEMENTALES 2025\/2026 :<\/strong><\/span><\/h3>\n<p>R\u00e9sultats COUPE KATA ENFANTS<\/p>\n<p>&nbsp;<\/p>\n<p>R\u00e9sultats COUPE KUMITE BENJAMINS<\/p>\n<p>R\u00e9sultats kumit\u00e9 benjamins 07.12.2025<\/p>\n<p><a href=\"https:\/\/sites.ffkarate.fr\/maineetloire\/wp-content\/uploads\/sites\/72\/2025\/12\/Resultats-kumite-pupilles-07.12.2025.pdf\">R\u00e9sultats kumit\u00e9 pupilles 07.12.2025<\/a><\/p>\n<p>R\u00e9sultats CHAMPIONNAT KATA ADULTES ET JEUNES<\/p>\n<p><a href=\"https:\/\/sites.ffkarate.fr\/maineetloire\/wp-content\/uploads\/sites\/72\/2026\/01\/Resultats-KATA-11-janvier-2026.pdf\">R\u00e9sultats KATA 11 janvier 2026<\/a><\/p>\n<p>R\u00e9sultats CHAMPIONNAT VETERANS KUMITE<\/p>\n<p><a href=\"https:\/\/sites.ffkarate.fr\/maineetloire\/wp-content\/uploads\/sites\/72\/2025\/12\/Resultats-kumite-veterans-07.12.2025.pdf\">R\u00e9sultats kumit\u00e9 v\u00e9t\u00e9rans 07.12.2025<\/a><\/p>\n<p>R\u00e9sultats CHAMPIONNAT KUMITE M\/C\/J\/S<\/p>\n<p><a href=\"https:\/\/sites.ffkarate.fr\/maineetloire\/wp-content\/uploads\/sites\/72\/2025\/12\/Resultats-kumite-minimes-07.12.2025.pdf\">R\u00e9sultats kumit\u00e9 minimes 07.12.2025<\/a><\/p>\n<p><a href=\"https:\/\/sites.ffkarate.fr\/maineetloire\/wp-content\/uploads\/sites\/72\/2025\/12\/Resultats-kumite-cadets-07.12.2025.pdf\">R\u00e9sultats kumit\u00e9 cadets 07.12.2025<\/a><\/p>\n<p><a href=\"https:\/\/sites.ffkarate.fr\/maineetloire\/wp-content\/uploads\/sites\/72\/2025\/12\/Resultats-kumite-juniors-07.12.2025.pdf\">R\u00e9sultats kumit\u00e9 juniors 07.12.2025<\/a><\/p>\n<p><a href=\"https:\/\/sites.ffkarate.fr\/maineetloire\/wp-content\/uploads\/sites\/72\/2025\/12\/Resultats-kumite-seniors-07.12.2025.pdf\">R\u00e9sultats kumit\u00e9 seniors 07.12.2025<\/a><\/p>\n<p><a href=\"https:\/\/sites.ffkarate.fr\/maineetloire\/wp-content\/uploads\/sites\/72\/2025\/12\/Resultats-kumite-equipes-07.12.2025.pdf\">R\u00e9sultats kumit\u00e9 \u00e9quipes 07.12.2025<\/a>[\/vc_column_text][\/vc_column][\/vc_row]<\/p>\n<\/div>","protected":false},"excerpt":{"rendered":"<p>[vc_row][vc_column][vc_column_text] Le comit\u00e9 d\u00e9partemental organise trois comp\u00e9titions officielles dans la saison. La participation \u00e0 celles-ci est obligatoire si le comp\u00e9titeur souhaite poursuivre son championnat au niveau r\u00e9gional. Nous rappelons que m\u00eame \u00e0 ce niveau de la comp\u00e9tition (d\u00e9partemental), chaque participant doit se conformer au r\u00e8glement f\u00e9d\u00e9ral. Il est donc demand\u00e9 de se munir des documents [&hellip;]<\/p>\n","protected":false},"author":20,"featured_media":0,"parent":0,"menu_order":0,"comment_status":"closed","ping_status":"closed","template":"","meta":{"footnotes":""},"class_list":["post-1502","page","type-page","status-publish","hentry"],"_links":{"self":[{"href":"https:\/\/sites.ffkarate.fr\/maineetloire\/wp-json\/wp\/v2\/pages\/1502","targetHints":{"allow":["GET"]}}],"collection":[{"href":"https:\/\/sites.ffkarate.fr\/maineetloire\/wp-json\/wp\/v2\/pages"}],"about":[{"href":"https:\/\/sites.ffkarate.fr\/maineetloire\/wp-json\/wp\/v2\/types\/page"}],"author":[{"embeddable":true,"href":"https:\/\/sites.ffkarate.fr\/maineetloire\/wp-json\/wp\/v2\/users\/20"}],"replies":[{"embeddable":true,"href":"https:\/\/sites.ffkarate.fr\/maineetloire\/wp-json\/wp\/v2\/comments?post=1502"}],"version-history":[{"count":25,"href":"https:\/\/sites.ffkarate.fr\/maineetloire\/wp-json\/wp\/v2\/pages\/1502\/revisions"}],"predecessor-version":[{"id":3537,"href":"https:\/\/sites.ffkarate.fr\/maineetloire\/wp-json\/wp\/v2\/pages\/1502\/revisions\/3537"}],"wp:attachment":[{"href":"https:\/\/sites.ffkarate.fr\/maineetloire\/wp-json\/wp\/v2\/media?parent=1502"}],"curies":[{"name":"wp","href":"https:\/\/api.w.org\/{rel}","templated":true}]}}