{"id":4535,"date":"2021-05-31T18:38:39","date_gmt":"2021-05-31T16:38:39","guid":{"rendered":"https:\/\/sites.ffkarate.fr\/normandie\/?page_id=4535"},"modified":"2022-12-10T15:29:12","modified_gmt":"2022-12-10T14:29:12","slug":"certificat-body-karate-cbk","status":"publish","type":"page","link":"https:\/\/sites.ffkarate.fr\/normandie\/certificat-body-karate-cbk\/","title":{"rendered":"Certificat Body karat\u00e9 (CBK)"},"content":{"rendered":"<div class=\"wpb-content-wrapper\"><p>[vc_row][vc_column][ffk_peoplecard subtitle=\u00a0\u00bbRESPONSABLE DE LA FORMATION \u2013 CERTIFICAT DE BODY KARAT\u00c9\u00a0\u00bb image=\u00a0\u00bb5773&Prime; title=\u00a0\u00bbLEVIELS James\u00a0\u00bb][vc_column_text]<\/p>\n<h2>Objectif<\/h2>\n<p>La ligue R\u00e9gionale propose une certification qui permet \u00e0 tout licenci\u00e9, titulaire ou non du 1er Dan, Duan ou Dang, d\u2019animer cette activit\u00e9, au sein d\u2019un club affili\u00e9 \u00e0 la FFK et en conformit\u00e9 avec les statuts f\u00e9d\u00e9raux.<br \/>\nL\u2019enseignant titulaire du CBK agit en pleine autonomie pour enseigner uniquement le BK et pour une dur\u00e9e illimit\u00e9e au sein d\u2019un club affili\u00e9 \u00e0 la FFK.<br \/>\nL\u2019obtention du DEBK, ne permet pas l\u2019ouverture d\u2019un club affili\u00e9 \u00e0 la FFK.<\/p>\n<h2>Conditions d\u2019acc\u00e8s \u00e0 la formation<\/h2>\n<p>Pour s\u2019inscrire \u00e0 la formation, le candidat(e) doit :<\/p>\n<ul>\n<li>Avoir 3 ann\u00e9es de licence ;<\/li>\n<li>Avoir au moins 18 ans ;<\/li>\n<li>\u00catre titulaire d\u2019un dipl\u00f4me de secourisme.<\/li>\n<\/ul>\n<p>Aucun pr\u00e9-requis en terme de grade.<\/p>\n<h2>Organisation\u00a0de la formation<\/h2>\n<p>Ce dipl\u00f4me s\u2019obtient suite \u00e0 une formation organis\u00e9e par la ligue r\u00e9gionale<\/p>\n<ul>\n<li>Dur\u00e9e : 32 heures<\/li>\n<li>Tarif : 200 euros<\/li>\n<\/ul>\n<h2>\u00c9valuation et validation<\/h2>\n<p>Afin d\u2019obtenir le CBK, le candidat doit suivre int\u00e9gralement la formation. Le d\u00e9partement formation de la FFK \u00e9tablit les dipl\u00f4mes apr\u00e8s validation du Pr\u00e9sident et du DTN.<\/p>\n<h2>R\u00e8glement des formations<\/h2>\n<p><a class=\"bouton\" href=\"https:\/\/sites.ffkarate.fr\/normandie\/wp-content\/uploads\/sites\/117\/2022\/03\/Reglement-des-formations-2021-2022-licencies_v4.pdf\"><img decoding=\"async\" class=\"alignnone size-full wp-image-5636\" src=\"https:\/\/sites.ffkarate.fr\/normandie\/wp-content\/uploads\/sites\/117\/2022\/01\/vignette-symbole-te\u0301le\u0301chargement-bleu-1-e1643451120248.png\" alt=\"\" width=\"50\" height=\"50\" \/>T\u00e9l\u00e9charger<\/a>[\/vc_column_text][\/vc_column][\/vc_row]<\/p>\n<\/div>","protected":false},"excerpt":{"rendered":"<p>[vc_row][vc_column][ffk_peoplecard subtitle=\u00a0\u00bbRESPONSABLE DE LA FORMATION \u2013 CERTIFICAT DE BODY KARAT\u00c9\u00a0\u00bb image=\u00a0\u00bb5773&Prime; title=\u00a0\u00bbLEVIELS James\u00a0\u00bb][vc_column_text] Objectif La ligue R\u00e9gionale propose une certification qui permet \u00e0 tout licenci\u00e9, titulaire ou non du 1er Dan, Duan ou Dang, d\u2019animer cette activit\u00e9, au sein d\u2019un club affili\u00e9 \u00e0 la FFK et en conformit\u00e9 avec les statuts f\u00e9d\u00e9raux. L\u2019enseignant titulaire du [&hellip;]<\/p>\n","protected":false},"author":57,"featured_media":0,"parent":0,"menu_order":0,"comment_status":"closed","ping_status":"closed","template":"","meta":{"footnotes":""},"class_list":["post-4535","page","type-page","status-publish","hentry"],"_links":{"self":[{"href":"https:\/\/sites.ffkarate.fr\/normandie\/wp-json\/wp\/v2\/pages\/4535","targetHints":{"allow":["GET"]}}],"collection":[{"href":"https:\/\/sites.ffkarate.fr\/normandie\/wp-json\/wp\/v2\/pages"}],"about":[{"href":"https:\/\/sites.ffkarate.fr\/normandie\/wp-json\/wp\/v2\/types\/page"}],"author":[{"embeddable":true,"href":"https:\/\/sites.ffkarate.fr\/normandie\/wp-json\/wp\/v2\/users\/57"}],"replies":[{"embeddable":true,"href":"https:\/\/sites.ffkarate.fr\/normandie\/wp-json\/wp\/v2\/comments?post=4535"}],"version-history":[{"count":6,"href":"https:\/\/sites.ffkarate.fr\/normandie\/wp-json\/wp\/v2\/pages\/4535\/revisions"}],"predecessor-version":[{"id":6704,"href":"https:\/\/sites.ffkarate.fr\/normandie\/wp-json\/wp\/v2\/pages\/4535\/revisions\/6704"}],"wp:attachment":[{"href":"https:\/\/sites.ffkarate.fr\/normandie\/wp-json\/wp\/v2\/media?parent=4535"}],"curies":[{"name":"wp","href":"https:\/\/api.w.org\/{rel}","templated":true}]}}