{"id":50,"date":"2015-01-08T11:31:53","date_gmt":"2015-01-08T11:31:53","guid":{"rendered":"https:\/\/sites.ffkarate.fr\/testclone\/?page_id=50"},"modified":"2021-05-27T13:53:05","modified_gmt":"2021-05-27T11:53:05","slug":"la-ligue","status":"publish","type":"page","link":"https:\/\/sites.ffkarate.fr\/normandie\/la-ligue\/","title":{"rendered":"La Ligue"},"content":{"rendered":"<div class=\"wpb-content-wrapper\"><p>[vc_row][vc_column][vc_column_text]Bienvenue sur le site officiel de la Ligue de Normandie !<\/p>\n<p>Vous trouverez sur ce site toute l&rsquo;actualit\u00e9 du karat\u00e9 et de ses disciplines associ\u00e9es en Normandie :<br \/>\nles calendriers des diff\u00e9rentes comp\u00e9titions, passages de grade, stages et autres manifestations, mais aussi toutes les informations<br \/>\net documents n\u00e9cessaires aux dirigeants de club ainsi qu&rsquo;aux licenci\u00e9s.<\/p>\n<p>Sur le lien ci-apr\u00e8s, nous vous invitons \u00e0 d\u00e9couvrir une brochure dans laquelle figurent de nombreuses et riches informations sur la Ligue R\u00e9gionale, les comit\u00e9s d\u00e9partementaux, les clubs et ses licenci\u00e9s :<\/p>\n<p>Bonne visite.<\/p>\n<p><em>Le Pr\u00e9sident de la Ligue<\/em><\/p>\n<p><span style=\"color: #ff0000\"><strong><a style=\"color: #ff0000\" href=\"https:\/\/sites.ffkarate.fr\/normandie\/wp-content\/uploads\/sites\/117\/2021\/05\/organigramme-admin-03-05-2021.pdf\">Organigramme-admin-03-05-2021<\/a><\/strong><\/span><\/p>\n<p>&nbsp;<\/p>\n<h2>Nos coordonn\u00e9es<\/h2>\n<p><strong>Ligue de Normandie et D.A<\/strong><br \/>\n8 avenue John Fitzg\u00e9rald Kennedy \u2013 B.P 104<br \/>\n76122 Le Grand-Quevilly Cedex<\/p>\n<p><strong>T\u00e9l : 02.35.67.62.61<\/strong><\/p>\n<p><span style=\"color: #000000\"><strong>Courriel :<a style=\"color: #000000\" href=\"mailto:ffkarate.normandie@orange.fr\" target=\"_blank\" rel=\"noopener\">ffkarate.normandie@orange.fr<\/a><\/strong><\/span><br \/>\n<span style=\"color: #000000\"><strong> Site :<a style=\"color: #000000\" href=\"https:\/\/sites.ffkarate.fr\/normandie\/\"> http:\/\/www.ffkarate.fr\/normandie\/<\/a><\/strong><\/span><\/p>\n<h2>Permanences<\/h2>\n<p><a href=\"https:\/\/sites.ffkarate.fr\/normandie\/wp-content\/uploads\/sites\/117\/2021\/03\/Horaires-douverture-2-avec-detourage.png\"><img decoding=\"async\" class=\"alignleft wp-image-3654\" src=\"https:\/\/sites.ffkarate.fr\/normandie\/wp-content\/uploads\/sites\/117\/2021\/03\/Horaires-douverture-2-avec-detourage.png\" alt=\"Horaires-douverture-2-avec-d\u00e9tourage\" width=\"139\" height=\"139\" srcset=\"https:\/\/sites.ffkarate.fr\/normandie\/wp-content\/uploads\/sites\/117\/2021\/03\/Horaires-douverture-2-avec-detourage.png 225w, https:\/\/sites.ffkarate.fr\/normandie\/wp-content\/uploads\/sites\/117\/2021\/03\/Horaires-douverture-2-avec-detourage-176x176.png 176w\" sizes=\"(max-width: 139px) 100vw, 139px\" \/><\/a><\/p>\n<p><strong>Lundi : 8h30\/12h00 \u2013 13h30\/17h30<\/strong><br \/>\n<strong>Mardi : 8h30\/12h00 \u2013 13h30\/17h30<\/strong><br \/>\n<strong>Mercredi : Ferm\u00e9<\/strong><br \/>\n<strong>Jeudi : 8h30\/12h00 \u2013 13h30\/17h30<\/strong><br \/>\n<strong>Vendredi : 8h30\/12h00 \u2013 13h30\/17h30<\/strong><\/p>\n<h2><\/h2>\n<h2>\u00a0<img decoding=\"async\" class=\"size-full wp-image-3632 alignleft\" src=\"https:\/\/sites.ffkarate.fr\/normandie\/wp-content\/uploads\/sites\/117\/2015\/01\/160508778_3795049580593266_2006370944295092926_n-e1615630078330.jpg\" alt=\"160508778_3795049580593266_2006370944295092926_n\" width=\"150\" height=\"226\" \/><strong style=\"font-size: 16px\"> Corinne Beneito Secr\u00e9taire<\/strong><\/h2>\n<p><em><span style=\"text-decoration: underline\"><strong>Sites des Comit\u00e9s d\u00e9partementaux de Normandie<\/strong><\/span><\/em><\/p>\n<p><span style=\"color: #000000\">&#8211; <strong><a style=\"color: #000000\" href=\"https:\/\/sites.ffkarate.fr\/calvados\/\">Comit\u00e9 d\u00e9partemental du Calvados<\/a><\/strong><\/span><br \/>\n<span style=\"color: #000000\"> <strong> &#8211; <a style=\"color: #000000\" href=\"http:\/\/ffkama27.free.fr\/\" target=\"_blank\" rel=\"noopener\">Comit\u00e9 d\u00e9partemental de l&rsquo;Eure<\/a><\/strong><\/span><br \/>\n<span style=\"color: #000000\"> <strong> &#8211; <a style=\"color: #000000\" href=\"https:\/\/www.cdk50.fr\/\" target=\"_blank\" rel=\"noopener\">Comit\u00e9 d\u00e9partemental de la Manche<\/a><\/strong><\/span><br \/>\n<span style=\"color: #000000\"> <strong> &#8211; <a style=\"color: #000000\" href=\"http:\/\/lopesdavid86.wixsite.com\/cdo-karate\" target=\"_blank\" rel=\"noopener\">Comit\u00e9 d\u00e9partemental de l&rsquo;Orne<\/a><\/strong><\/span><br \/>\n<span style=\"color: #000000\"> <strong> <a style=\"color: #000000\" href=\"https:\/\/sites.ffkarate.fr\/seinemaritime\/\">&#8211; <span style=\"text-decoration: underline\">Comit\u00e9 d\u00e9partemental de la Seine-Maritime<\/span><\/a><\/strong><\/span>[\/vc_column_text][\/vc_column][\/vc_row]<\/p>\n<\/div>","protected":false},"excerpt":{"rendered":"<p>[vc_row][vc_column][vc_column_text]Bienvenue sur le site officiel de la Ligue de Normandie ! Vous trouverez sur ce site toute l&rsquo;actualit\u00e9 du karat\u00e9 et de ses disciplines associ\u00e9es en Normandie : les calendriers des diff\u00e9rentes comp\u00e9titions, passages de grade, stages et autres manifestations, mais aussi toutes les informations et documents n\u00e9cessaires aux dirigeants de club ainsi qu&rsquo;aux licenci\u00e9s. [&hellip;]<\/p>\n","protected":false},"author":20,"featured_media":0,"parent":0,"menu_order":0,"comment_status":"closed","ping_status":"closed","template":"","meta":{"footnotes":""},"class_list":["post-50","page","type-page","status-publish","hentry"],"_links":{"self":[{"href":"https:\/\/sites.ffkarate.fr\/normandie\/wp-json\/wp\/v2\/pages\/50","targetHints":{"allow":["GET"]}}],"collection":[{"href":"https:\/\/sites.ffkarate.fr\/normandie\/wp-json\/wp\/v2\/pages"}],"about":[{"href":"https:\/\/sites.ffkarate.fr\/normandie\/wp-json\/wp\/v2\/types\/page"}],"author":[{"embeddable":true,"href":"https:\/\/sites.ffkarate.fr\/normandie\/wp-json\/wp\/v2\/users\/20"}],"replies":[{"embeddable":true,"href":"https:\/\/sites.ffkarate.fr\/normandie\/wp-json\/wp\/v2\/comments?post=50"}],"version-history":[{"count":2,"href":"https:\/\/sites.ffkarate.fr\/normandie\/wp-json\/wp\/v2\/pages\/50\/revisions"}],"predecessor-version":[{"id":4413,"href":"https:\/\/sites.ffkarate.fr\/normandie\/wp-json\/wp\/v2\/pages\/50\/revisions\/4413"}],"wp:attachment":[{"href":"https:\/\/sites.ffkarate.fr\/normandie\/wp-json\/wp\/v2\/media?parent=50"}],"curies":[{"name":"wp","href":"https:\/\/api.w.org\/{rel}","templated":true}]}}