{"id":27,"date":"2021-05-07T15:56:14","date_gmt":"2021-05-07T13:56:14","guid":{"rendered":"https:\/\/sites.ffkarate.fr\/pasdecalais\/?page_id=27"},"modified":"2025-09-23T12:11:51","modified_gmt":"2025-09-23T10:11:51","slug":"formations","status":"publish","type":"page","link":"https:\/\/sites.ffkarate.fr\/pasdecalais\/formations\/","title":{"rendered":"Formations d\u00e9partementales"},"content":{"rendered":"<div class=\"wpb-content-wrapper\"><p>[vc_row][vc_column][vc_single_image image=\u00a0\u00bb366&Prime; img_size=\u00a0\u00bbfull\u00a0\u00bb add_caption=\u00a0\u00bbyes\u00a0\u00bb][vc_empty_space height=\u00a0\u00bb10&Prime;][\/vc_column][\/vc_row][vc_row gap=\u00a0\u00bb15&Prime;][vc_column css_animation=\u00a0\u00bbnone\u00a0\u00bb][vc_column_text]<\/p>\n<h4 style=\"text-align: center\"><span style=\"text-decoration: underline\">Responsable d\u00e9partemental formation<\/span><\/h4>\n<p style=\"text-align: center\"><img decoding=\"async\" class=\"alignnone wp-image-3532 size-thumbnail\" src=\"https:\/\/sites.ffkarate.fr\/pasdecalais\/wp-content\/uploads\/sites\/83\/2024\/10\/IMG_5883-176x176.jpg\" alt=\"\" width=\"176\" height=\"176\" srcset=\"https:\/\/sites.ffkarate.fr\/pasdecalais\/wp-content\/uploads\/sites\/83\/2024\/10\/IMG_5883-176x176.jpg 176w, https:\/\/sites.ffkarate.fr\/pasdecalais\/wp-content\/uploads\/sites\/83\/2024\/10\/IMG_5883-150x150.jpg 150w\" sizes=\"(max-width: 176px) 100vw, 176px\" \/><\/p>\n<p style=\"text-align: center\"><strong>Mehdi Mimoune<\/strong><\/p>\n<p style=\"text-align: center\"><a href=\"mailto:formation.cdkda62@gmail.com\" target=\"_blank\" rel=\"noopener\">formation.cdkda62@gmail.com<\/a><\/p>\n<p style=\"text-align: center\">Le lieu des formations AFA\/DAF et DIF est\u00a0:<\/p>\n<p style=\"text-align: center\"><em><strong>Espace sportif et culturel Les Palombes<\/strong><\/em><br \/>\n<em><strong>5002F Rue L\u00e9on Gambetta, 62119 Dourges<\/strong><\/em><\/p>\n<p>&nbsp;<\/p>\n<p><strong>Attention :\u00a0<\/strong><\/p>\n<ul>\n<li><strong>Le nombre de candidats est limit\u00e9 \u00e0 <span style=\"text-decoration: underline\"><em>25 par session de formation<\/em><\/span><\/strong><\/li>\n<li><em><strong>Le co\u00fbt de la formation est \u00e0 r\u00e9gler <span style=\"text-decoration: underline\">par ch\u00e8que \u00e0 l\u2019ordre du CDKDA62<\/span><\/strong><\/em><\/li>\n<li><strong>Toute personne qui n\u2019est pas \u00e0 jour des pr\u00e9requis (grade, \u00e2ge, dipl\u00f4me de secourisme) au premier jour de la formation ne pourra pr\u00e9tendre \u00e0 son inscription cette saison.<\/strong><\/li>\n<li><strong>Vous pouvez d\u00e8s \u00e0 pr\u00e9sent transmettre votre candidature \u00e0 l\u2019adresse postale indiqu\u00e9e sur le formulaire (ainsi qu\u2019une copie scann\u00e9e par mail) \u00e0 <a href=\"mailto:formation.cdkda62@gmail.com\">formation.cdkda62@gmail.com<\/a><\/strong><\/li>\n<\/ul>\n<p>&nbsp;<\/p>\n<hr \/>\n<p>&nbsp;<\/p>\n<h3 style=\"text-align: center\">Les prochaines sessions pr\u00e9vues sont :<\/h3>\n<h4 style=\"text-align: left\"><span style=\"text-decoration: underline;color: #ff0000\">Session d&rsquo;informati<\/span><span style=\"text-decoration: underline\"><span style=\"color: #ff0000;text-decoration: underline\">on<\/span><span style=\"color: #ff0000;text-decoration: underline\"> AFA \/ DAF \/ DIF<\/span><\/span><\/h4>\n<p><strong><strong>Samedi 11 octobre 2025 entre 10h et 12h,<\/strong><\/strong><\/p>\n<p><span style=\"color: #0000ff\">Salle VIP du Complexe sportif Raoul Briquet<\/span><\/p>\n<p><span style=\"color: #0000ff\">Rue Hoche<\/span><\/p>\n<p><span style=\"color: #0000ff\">62119 DOURGES<\/span><\/p>\n<p>&nbsp;<\/p>\n<h4 style=\"text-align: left\"><span style=\"text-decoration: underline;color: #ff0000\">Journ\u00e9es de formation\u00a0<\/span><\/h4>\n<ul>\n<li style=\"list-style-type: none\">\n<ul>\n<li>\n<h5>AFA<\/h5>\n<ul>\n<li>\n<h5>Samedi 29 novembre 2025, de 9h00 \u00e0 17h00<\/h5>\n<\/li>\n<\/ul>\n<\/li>\n<\/ul>\n<\/li>\n<\/ul>\n<p>&nbsp;<\/p>\n<ul>\n<li style=\"list-style-type: none\">\n<ul>\n<li>\n<h5>DAF<\/h5>\n<ul>\n<li>\n<h5>Samedi 29 novembre 2025, de 9h00 \u00e0 17h00<\/h5>\n<\/li>\n<li>\n<h5>Dimanche 30 novembre 2025, de 9h00 \u00e0 17h00<\/h5>\n<\/li>\n<\/ul>\n<\/li>\n<\/ul>\n<\/li>\n<\/ul>\n<p>&nbsp;<\/p>\n<ul>\n<li style=\"list-style-type: none\">\n<ul>\n<li>\n<h5>DIF<\/h5>\n<ul>\n<li>\n<h5>Samedi 17 janvier 2026, de 9h00 \u00e0 17h00<\/h5>\n<\/li>\n<li>\n<h5>Dimanche 18 janvier 2026, de 9h00 \u00e0 17h00<\/h5>\n<\/li>\n<li>\n<h5>Samedi 31 janvier 2026, de 9h00 \u00e0 17h00<\/h5>\n<\/li>\n<li>\n<h5>Dimanche 1<sup>er<\/sup> f\u00e9vrier 2026, de 9h00 \u00e0 17h00<\/h5>\n<\/li>\n<\/ul>\n<\/li>\n<\/ul>\n<\/li>\n<\/ul>\n<p>&nbsp;<\/p>\n<h4 style=\"text-align: left\"><span style=\"text-decoration: underline;color: #ff0000\">Examens<\/span><\/h4>\n<ul>\n<li style=\"list-style-type: none\">\n<ul>\n<li><strong>Les dates vous seront communiqu\u00e9es prochainement.<\/strong><\/li>\n<\/ul>\n<\/li>\n<\/ul>\n<p>[\/vc_column_text][vc_column_text]<\/p>\n<hr \/>\n<h1 style=\"text-align: center\"><span style=\"color: #0000ff\"><strong>AFA<\/strong><\/span><\/h1>\n<p><strong>\u00a0<\/strong><strong>\u00a0<\/strong><\/p>\n<h3 style=\"text-align: center\"><span style=\"color: #0000ff\">L\u2019ATTESTATION F\u00c9D\u00c9RALE D\u2019ASSISTANT<\/span><\/h3>\n<p>&nbsp;<\/p>\n<p style=\"text-align: center\"><em><strong>L\u2019AFA permet de donner une reconnaissance \u00e0 un jeune int\u00e9ress\u00e9 par l\u2019enseignement pour aider et assister un enseignant dipl\u00f4m\u00e9 durant les s\u00e9ances de karat\u00e9, wushu, et disciplines associ\u00e9es dans un club affili\u00e9 \u00e0 la FFK.<\/strong><\/em><\/p>\n<p><strong>\u00a0<\/strong><\/p>\n<p><span style=\"text-decoration: underline\"><em><strong>Objectifs:<\/strong><\/em><\/span><\/p>\n<p>. Assister un enseignant dipl\u00f4m\u00e9 \u00e0 encadrer des s\u00e9ances de karat\u00e9 et disciplines associ\u00e9es<\/p>\n<p>. Participer au fonctionnement du club<\/p>\n<p>.\u00a0Participer \u00e0 la pr\u00e9servation de la s\u00e9curit\u00e9 des pratiquants lors des s\u00e9ances<\/p>\n<p>&nbsp;<\/p>\n<p><span style=\"text-decoration: underline\"><em><strong>Volumes et contenus :<\/strong><\/em><\/span><\/p>\n<p>. Le volume total de la formation est de <span style=\"text-decoration: underline\"><strong>8 heures<\/strong><\/span><\/p>\n<p>&nbsp;<\/p>\n<table>\n<tbody>\n<tr>\n<td width=\"224\">BC1 Enseignement et animation<\/td>\n<td width=\"224\">BC2 Environnement associatif et f\u00e9d\u00e9ral<\/td>\n<td width=\"224\">BC3 Participation f\u00e9d\u00e9rale<\/td>\n<\/tr>\n<tr>\n<td width=\"224\"><strong>4 heures<\/strong><\/td>\n<td width=\"224\"><strong>3 heures<\/strong><\/td>\n<td width=\"224\"><strong>1 heure<\/strong><\/td>\n<\/tr>\n<\/tbody>\n<\/table>\n<p>&nbsp;<\/p>\n<p>L\u2019AFA permet un premier acc\u00e8s aux activit\u00e9s d\u2019enseignement b\u00e9n\u00e9vole. Elle est la premi\u00e8re \u00e9tape dans une logique de formation permettant l\u2019enseignement b\u00e9n\u00e9vole.<\/p>\n<p>&nbsp;<\/p>\n<p><span style=\"text-decoration: underline\"><em><strong>Pr\u00e9requis :<\/strong><\/em><\/span><\/p>\n<p>. A partir de 14 ans (il n&rsquo;y a plus de limite d&rsquo;\u00e2ge)<\/p>\n<p>. \u00catre ceinture marron<\/p>\n<p>. Avoir 2 timbres de licences FFK dont celle de l\u2019ann\u00e9e en cours<\/p>\n<p>&nbsp;<\/p>\n<p><span style=\"text-decoration: underline\"><em><strong>Prix <\/strong><\/em><\/span>: 30 \u20ac<\/p>\n<p>&nbsp;<\/p>\n<p style=\"text-align: center\"><span style=\"text-decoration: underline\"><em><strong>Date des prochaines sessions de formations AFA<\/strong><\/em><\/span><\/p>\n<p>&nbsp;<\/p>\n<h4 style=\"text-align: center\"><span style=\"color: #ff0000\">Samedi 29 Novembre 2025 de 09h \u00e0 17h<\/span><\/h4>\n<p>[\/vc_column_text][\/vc_column][\/vc_row][vc_row gap=\u00a0\u00bb15&Prime;][vc_column css_animation=\u00a0\u00bbnone\u00a0\u00bb][vc_column_text]<\/p>\n<hr \/>\n<h1 style=\"text-align: center\"><span style=\"color: #0000ff\"><strong>DAF<\/strong><\/span><\/h1>\n<p><strong>\u00a0<\/strong><strong>\u00a0<\/strong><\/p>\n<h3 style=\"text-align: center\"><span style=\"color: #0000ff\">LE DIPL\u00d4ME D&rsquo;ANIMATEUR FEDERAL<\/span><\/h3>\n<p>&nbsp;<\/p>\n<p style=\"text-align: center\"><em><strong>Le Dipl\u00f4me d\u2019Animateur F\u00e9d\u00e9ral (DAF) est un dipl\u00f4me accessible avec un temps de formation adapt\u00e9 pour un professeur de karat\u00e9, wushu <\/strong><strong>et disciplines associ\u00e9es dans un club affili\u00e9 \u00e0 la FFK. Il permet de poursuivre sa formation en direction du DIF.<\/strong><\/em><\/p>\n<p><strong>\u00a0<\/strong><\/p>\n<p><em><span style=\"text-decoration: underline\"><strong>Objectifs :\u00a0<\/strong><\/span><\/em><\/p>\n<p>. Ouvrir un club<\/p>\n<p>. Planifier des cours pour diff\u00e9rents publics<\/p>\n<p>. Animer des cours en toute s\u00e9curit\u00e9 et en pleine autonomie<\/p>\n<p>&nbsp;<\/p>\n<p><span style=\"text-decoration: underline\"><strong><em>Volumes et contenus :<\/em><\/strong><\/span><\/p>\n<p>.\u00a0Le volume total de la formation est de 41 heures<\/p>\n<p>&nbsp;<\/p>\n<table>\n<tbody>\n<tr>\n<td width=\"224\">Travail en pr\u00e9formation<\/td>\n<td width=\"224\">Formation en centre<\/td>\n<td width=\"224\">Participation f\u00e9d\u00e9rale<\/td>\n<\/tr>\n<tr>\n<td width=\"224\"><strong>A red\u00e9finir<\/strong><\/td>\n<td width=\"224\"><strong>14 heures<\/strong><\/td>\n<td width=\"224\"><strong>15 heures<\/strong><\/td>\n<\/tr>\n<\/tbody>\n<\/table>\n<p>&nbsp;<\/p>\n<p><span style=\"text-decoration: underline\"><strong><em>3 unit\u00e9s de formation \u00e0 valider:<\/em><\/strong><\/span><\/p>\n<p>BC1 : Enseignement et animation<\/p>\n<p>BC2 : Environnement associatif et f\u00e9d\u00e9ral<\/p>\n<p>BC3 : Participation \u00e0 la vie f\u00e9d\u00e9rale et citoyenne<\/p>\n<p>&nbsp;<\/p>\n<p><span style=\"text-decoration: underline\"><strong><em>Pr\u00e9requis :<\/em><\/strong><\/span><\/p>\n<p>. Avoir 18 ans minimum<\/p>\n<p>. \u00catre ceinture noire 1er Dan minimum<\/p>\n<p>. Avoir la licence f\u00e9d\u00e9rale FFK de l\u2019ann\u00e9e en cours<\/p>\n<p>. Poss\u00e9der un dipl\u00f4me de secourisme ou \u00e9quivalent (les dipl\u00f4mes \u00e9trangers ne sont pas accept\u00e9s)<\/p>\n<p>&nbsp;<\/p>\n<p><strong><span style=\"text-decoration: underline\"><em>Prix<\/em><\/span>: <\/strong>100 \u20ac<\/p>\n<p><strong><span style=\"text-decoration: underline\"><em>Modalit\u00e9s de d\u00e9livrance :<\/em><\/span>\u00a0<\/strong><\/p>\n<p>Le DAF est d\u00e9livr\u00e9 par le service formation de la FFK apr\u00e8s r\u00e9ception du bordereau de r\u00e9sultat envoy\u00e9 par la Comit\u00e9 D\u00e9partemental de Karat\u00e9<\/p>\n<p>&nbsp;<\/p>\n<p><span style=\"text-decoration: underline\"><em><strong>Modalit\u00e9s \u00a0d\u2019\u00e9valuation :<\/strong><\/em><\/span><\/p>\n<ul>\n<li>1 \u00e9preuve orale : un expos\u00e9 et un entretien concernant le BC2.<\/li>\n<li>1 \u00e9preuve p\u00e9dagogique : une mise en situation p\u00e9dagogique \u00e0 partir de la r\u00e9daction d\u2019un plan de s\u00e9ance suivie d\u2019un entretien concernant les BC1 et BC3.<\/li>\n<\/ul>\n<p>&nbsp;<\/p>\n<p style=\"text-align: center\"><em><span style=\"text-decoration: underline\"><strong>Dates des prochaines sessions DAF<\/strong><\/span><\/em><\/p>\n<p>&nbsp;<\/p>\n<h4 style=\"text-align: center\"><span style=\"color: #ff0000\">Samedi 29 et Dimanche 30 Novembre 2025 de 09h \u00e0 17h<\/span><\/h4>\n<p>&nbsp;<\/p>\n<hr \/>\n<h1 style=\"text-align: center\"><span style=\"color: #0000ff\"><strong>DIF<\/strong><\/span><\/h1>\n<p><strong>\u00a0<\/strong><strong>\u00a0<\/strong><\/p>\n<h3 style=\"text-align: center\"><span style=\"color: #0000ff\">LE DIPL\u00d4ME D&rsquo;INSTRUCTEUR FEDERAL<\/span><\/h3>\n<p>&nbsp;<\/p>\n<p style=\"text-align: center\"><strong>Le DIF est le dipl\u00f4me de r\u00e9f\u00e9rence pour un enseignant de karat\u00e9, wushu et disciplines associ\u00e9es dans un club affili\u00e9 \u00e0 la FFK.<\/strong><\/p>\n<p><strong>\u00a0<\/strong><\/p>\n<p><em><span style=\"text-decoration: underline\"><strong>Objectifs :<\/strong><\/span><\/em><\/p>\n<p>. Ouvrir un club<\/p>\n<p>.\u00a0Planifier des cours pour diff\u00e9rents publics sp\u00e9cifiques (enfants, ados, adultes, seniors, para etc.)<\/p>\n<p>. Apporter des comp\u00e9tences pour la progression et le perfectionnement des pratiquants<\/p>\n<p>. Animer des cours en toute s\u00e9curit\u00e9 et en pleine autonomie<\/p>\n<p>. \u00c9largir son enseignement au-del\u00e0 du club.<\/p>\n<p>&nbsp;<\/p>\n<h4><em><span style=\"text-decoration: underline\"><strong>Volumes et contenus :<\/strong><\/span><\/em><\/h4>\n<p>. Le volume total de la formation est de 85 heures (sans le DAF)<\/p>\n<p>&nbsp;<\/p>\n<table>\n<tbody>\n<tr>\n<td width=\"211\">Travail en pr\u00e9formation (r\u00e9serv\u00e9 aux non titulaires du DAF)<\/td>\n<td width=\"161\">Formation en centre (14 heures r\u00e9serv\u00e9 aux titulaires du DAF )<\/td>\n<td width=\"145\">Participation f\u00e9d\u00e9rale (r\u00e9serv\u00e9 aux non titulaires du DAF )<\/td>\n<td width=\"153\">Formation en club<\/td>\n<\/tr>\n<tr>\n<td width=\"211\"><strong>A red\u00e9finir<\/strong><\/td>\n<td width=\"161\"><strong>28 heures<\/strong><\/td>\n<td width=\"145\"><strong>15 heures<\/strong><\/td>\n<td width=\"153\"><strong>30 heures<\/strong><\/td>\n<\/tr>\n<\/tbody>\n<\/table>\n<p>&nbsp;<\/p>\n<p><em><span style=\"text-decoration: underline\"><strong>3 unit\u00e9s de formation \u00e0 valider :<\/strong><\/span><\/em><strong>\u00a0\u00a0\u00a0<\/strong><\/p>\n<p>BC1 : Enseignement et animation<\/p>\n<p>BC2 : Environnement administratif, juridique et comptable<\/p>\n<p>BC3 : Participation \u00e0 la vie f\u00e9d\u00e9rale et citoyenne<\/p>\n<p>&nbsp;<\/p>\n<p><em><span style=\"text-decoration: underline\"><strong>Pr\u00e9requis :<\/strong><\/span><\/em><\/p>\n<p>. Avoir 18 ans minimum<\/p>\n<p>. \u00catre ceinture noire 1er Dan minimum<\/p>\n<p>. Avoir la licence f\u00e9d\u00e9rale FFK de l\u2019ann\u00e9e en cours<\/p>\n<p>. Poss\u00e9der un dipl\u00f4me de secourisme ou \u00e9quivalent (les dipl\u00f4mes \u00e9trangers ne sont pas accept\u00e9s)<\/p>\n<p>&nbsp;<\/p>\n<p><strong><em><span style=\"text-decoration: underline\">Prix <\/span><\/em>: <\/strong><\/p>\n<ul>\n<li>250\u20ac pour les candidats non-titulaires du DAF<\/li>\n<li>150\u20ac pour les titulaires du DAF<\/li>\n<\/ul>\n<p><strong>\u00a0<\/strong><\/p>\n<p><strong><em><span style=\"text-decoration: underline\">Modalit\u00e9s de d\u00e9livrance <\/span><\/em>: <\/strong><\/p>\n<p>Le DIF est d\u00e9livr\u00e9 par le service formation de la FFK apr\u00e8s r\u00e9ception du bordereau de r\u00e9sultat envoy\u00e9 par le Comit\u00e9 D\u00e9partemental de Karat\u00e9.<\/p>\n<p>&nbsp;<\/p>\n<p><strong><em><span style=\"text-decoration: underline\">Modalit\u00e9s d&rsquo;\u00e9valuation :<\/span><\/em><\/strong><\/p>\n<ul>\n<li>1 \u00e9preuve orale : un expos\u00e9 et un entretien concernant le BC2.<\/li>\n<li>1 \u00e9preuve p\u00e9dagogique : une mise en situation p\u00e9dagogique \u00e0 partir de la r\u00e9daction d\u2019un plan de s\u00e9ance suivie d\u2019un entretien concernant les BC1 et BC3<\/li>\n<\/ul>\n<p>&nbsp;<\/p>\n<p style=\"text-align: center\"><strong><em><span style=\"text-decoration: underline\">Dates des prochaines sessions DIF<\/span><\/em><\/strong><\/p>\n<p>&nbsp;<\/p>\n<h4 style=\"text-align: center\"><span style=\"color: #ff0000\">\u00a0Samedi 17 et Dimanche 18 Janvier 2026 de 09h \u00e0 17h<\/span><\/h4>\n<h4 style=\"text-align: center\"><span style=\"color: #ff0000\">\u00a0Samedi 31 Janvier et Dimanche 1er F\u00e9vrier 2026 de 09h \u00e0 17h<\/span><\/h4>\n<p>[\/vc_column_text][\/vc_column][\/vc_row]<\/p>\n<\/div>","protected":false},"excerpt":{"rendered":"<p>La formation AFA\/DAF pour le d\u00e9partement de la Gironde se d\u00e9roulera les 09 et 10\/01\/2021 au Gymnase \u00e0 VERAC (33).<\/p>\n","protected":false},"author":1,"featured_media":537,"parent":0,"menu_order":0,"comment_status":"closed","ping_status":"closed","template":"","meta":{"footnotes":""},"class_list":["post-27","page","type-page","status-publish","hentry"],"_links":{"self":[{"href":"https:\/\/sites.ffkarate.fr\/pasdecalais\/wp-json\/wp\/v2\/pages\/27","targetHints":{"allow":["GET"]}}],"collection":[{"href":"https:\/\/sites.ffkarate.fr\/pasdecalais\/wp-json\/wp\/v2\/pages"}],"about":[{"href":"https:\/\/sites.ffkarate.fr\/pasdecalais\/wp-json\/wp\/v2\/types\/page"}],"author":[{"embeddable":true,"href":"https:\/\/sites.ffkarate.fr\/pasdecalais\/wp-json\/wp\/v2\/users\/1"}],"replies":[{"embeddable":true,"href":"https:\/\/sites.ffkarate.fr\/pasdecalais\/wp-json\/wp\/v2\/comments?post=27"}],"version-history":[{"count":14,"href":"https:\/\/sites.ffkarate.fr\/pasdecalais\/wp-json\/wp\/v2\/pages\/27\/revisions"}],"predecessor-version":[{"id":3476,"href":"https:\/\/sites.ffkarate.fr\/pasdecalais\/wp-json\/wp\/v2\/pages\/27\/revisions\/3476"}],"wp:featuredmedia":[{"embeddable":true,"href":"https:\/\/sites.ffkarate.fr\/pasdecalais\/wp-json\/wp\/v2\/media\/537"}],"wp:attachment":[{"href":"https:\/\/sites.ffkarate.fr\/pasdecalais\/wp-json\/wp\/v2\/media?parent=27"}],"curies":[{"name":"wp","href":"https:\/\/api.w.org\/{rel}","templated":true}]}}