{"id":4099,"date":"2018-09-03T15:58:36","date_gmt":"2018-09-03T13:58:36","guid":{"rendered":"https:\/\/sites.ffkarate.fr\/paysdelaloire\/?page_id=4099"},"modified":"2018-09-03T15:58:36","modified_gmt":"2018-09-03T13:58:36","slug":"partenaires-2","status":"publish","type":"page","link":"https:\/\/sites.ffkarate.fr\/paysdelaloire\/partenaires-2\/","title":{"rendered":"Partenaires"},"content":{"rendered":"<div class=\"wpb-content-wrapper\"><p>[vc_row][vc_column][vc_column_text]Voici la liste des partenaires de la ligue r\u00e9gionale de Karat\u00e9 et Disciplines Associ\u00e9es des Pays de la loire.<\/p>\n<h2>PARTENAIRES INSTITUTIONNELS<\/h2>\n<p><a href=\"http:\/\/www.ffkarate.fr\/\" target=\"_blank\" rel=\"attachment wp-att-4117 noopener\"><img decoding=\"async\" class=\"alignnone size-full wp-image-4117\" src=\"https:\/\/sites.ffkarate.fr\/paysdelaloire\/wp-content\/uploads\/sites\/120\/2018\/09\/FFK-235X181.jpg\" alt=\"FFK 235X181\" width=\"181\" height=\"235\" \/><\/a><\/p>\n<p><a href=\"http:\/\/www.paysdelaloire.fr\/politiques-regionales\/sports\/\" target=\"_blank\" rel=\"noopener\"><img decoding=\"async\" class=\"alignnone size-medium wp-image-4101\" src=\"https:\/\/sites.ffkarate.fr\/paysdelaloire\/wp-content\/uploads\/sites\/120\/2018\/09\/640px-Region_Pays-de-la-Loire-300x95.png\" alt=\"640px-R\u00e9gion_Pays-de-la-Loire\" width=\"300\" height=\"95\" \/><\/a><\/p>\n<p><a href=\"http:\/\/pays-de-la-loire.drdjscs.gouv.fr\/spip.php?rubrique47\" target=\"_blank\" rel=\"attachment wp-att-4102 noopener\"><img decoding=\"async\" class=\"alignnone size-full wp-image-4102\" src=\"https:\/\/sites.ffkarate.fr\/paysdelaloire\/wp-content\/uploads\/sites\/120\/2018\/09\/ministere-cnds.jpg\" alt=\"ministere-cnds\" width=\"172\" height=\"119\" \/><\/a><a href=\"https:\/\/sites.ffkarate.fr\/paysdelaloire\/partenaires-2\/bm_reg-loire-petit\/\" rel=\"attachment wp-att-4111\"><img decoding=\"async\" class=\"alignnone size-full wp-image-4111\" src=\"https:\/\/sites.ffkarate.fr\/paysdelaloire\/wp-content\/uploads\/sites\/120\/2018\/09\/BM_REG-LOIRE-petit.jpg\" alt=\"BM_REG-LOIRE-petit\" width=\"84\" height=\"107\" \/><\/a><\/p>\n<p>&nbsp;<\/p>\n<hr \/>\n<p>&nbsp;<\/p>\n<h2>DOSSIER DE SPONSORING POUR NOS PARTENAIRES<\/h2>\n<p>Si vous souhaitez devenir partenaire ou m\u00e9c\u00e8ne de la ligue, vous pouvez consulter le <a href=\"https:\/\/sites.ffkarate.fr\/paysdelaloire\/wp-content\/uploads\/sites\/120\/2018\/09\/Ligue_Regionale_presentation-partenariat_2018-8.pdf\" target=\"_blank\" rel=\"noopener\">dossier de sponsoring<\/a>.[\/vc_column_text][\/vc_column][\/vc_row]<\/p>\n<\/div>","protected":false},"excerpt":{"rendered":"<p>[vc_row][vc_column][vc_column_text]Voici la liste des partenaires de la ligue r\u00e9gionale de Karat\u00e9 et Disciplines Associ\u00e9es des Pays de la loire. PARTENAIRES INSTITUTIONNELS &nbsp; &nbsp; DOSSIER DE SPONSORING POUR NOS PARTENAIRES Si vous souhaitez devenir partenaire ou m\u00e9c\u00e8ne de la ligue, vous pouvez consulter le dossier de sponsoring.[\/vc_column_text][\/vc_column][\/vc_row]<\/p>\n","protected":false},"author":132,"featured_media":0,"parent":0,"menu_order":0,"comment_status":"closed","ping_status":"closed","template":"","meta":{"footnotes":""},"class_list":["post-4099","page","type-page","status-publish","hentry"],"_links":{"self":[{"href":"https:\/\/sites.ffkarate.fr\/paysdelaloire\/wp-json\/wp\/v2\/pages\/4099","targetHints":{"allow":["GET"]}}],"collection":[{"href":"https:\/\/sites.ffkarate.fr\/paysdelaloire\/wp-json\/wp\/v2\/pages"}],"about":[{"href":"https:\/\/sites.ffkarate.fr\/paysdelaloire\/wp-json\/wp\/v2\/types\/page"}],"author":[{"embeddable":true,"href":"https:\/\/sites.ffkarate.fr\/paysdelaloire\/wp-json\/wp\/v2\/users\/132"}],"replies":[{"embeddable":true,"href":"https:\/\/sites.ffkarate.fr\/paysdelaloire\/wp-json\/wp\/v2\/comments?post=4099"}],"version-history":[{"count":1,"href":"https:\/\/sites.ffkarate.fr\/paysdelaloire\/wp-json\/wp\/v2\/pages\/4099\/revisions"}],"predecessor-version":[{"id":9686,"href":"https:\/\/sites.ffkarate.fr\/paysdelaloire\/wp-json\/wp\/v2\/pages\/4099\/revisions\/9686"}],"wp:attachment":[{"href":"https:\/\/sites.ffkarate.fr\/paysdelaloire\/wp-json\/wp\/v2\/media?parent=4099"}],"curies":[{"name":"wp","href":"https:\/\/api.w.org\/{rel}","templated":true}]}}