{"id":2308,"date":"2015-01-08T11:33:20","date_gmt":"2015-01-08T11:33:20","guid":{"rendered":"https:\/\/sites.ffkarate.fr\/testclone\/?page_id=58"},"modified":"2026-01-26T17:50:30","modified_gmt":"2026-01-26T16:50:30","slug":"competitions-2","status":"publish","type":"page","link":"https:\/\/sites.ffkarate.fr\/pyreneesatlantiques\/competitions-2\/","title":{"rendered":"Comp\u00e9titions (O)"},"content":{"rendered":"<div class=\"wpb-content-wrapper\"><p>[vc_row][vc_column][vc_column_text]<\/p>\n<h3><b>Le Comit\u00e9 D\u00e9partemental organise des comp\u00e9titions destin\u00e9es \u00e0 tous les publics, <\/b><b>tout au long de la saison.<\/b><\/h3>\n<p>&nbsp;<\/p>\n<p style=\"text-align: center\">\u00a0<strong>Les inscriptions pour les comp\u00e9titions d\u00e9partementales se font en ligne !!!!!<\/strong><\/p>\n<div style=\"text-align: center\">Tout simplement en cliquant sur :<\/div>\n<p>&nbsp;<\/p>\n<div style=\"text-align: center\"><\/div>\n<div style=\"text-align: center\"><a href=\"http:\/\/www.ffkcompetition.fr\/\" target=\"_blank\" rel=\"noopener\"><img decoding=\"async\" class=\"alignnone size-full wp-image-187\" src=\"https:\/\/sites.ffkarate.fr\/pyreneesatlantiques\/wp-content\/uploads\/sites\/86\/2015\/01\/bouton-inscription-competition.jpg\" alt=\"bouton-inscription-competition\" width=\"230\" height=\"40\" \/><\/a><\/div>\n<p>&nbsp;<\/p>\n<div style=\"text-align: left\">\n<p>Une fiche annexe au calendrier fixe les modalit\u00e9s horaires des convocations et pes\u00e9es pour toutes les comp\u00e9titions de la saison.<\/p>\n<p>Depuis la saison 2018 \/ 2019, <strong>l&rsquo;inscription de vos licenci\u00e9s aux Comp\u00e9titions D\u00e9partementales = Championnats KATA \/ KUMITE &#8211;\u00a0 MCJSV\u00a0 et en Coupes pour les Pupilles\/Benjamins<\/strong> <strong>est soumise \u00e0 un droit d&rsquo;inscription de :<\/strong><\/p>\n<ul>\n<li><strong>3 \u20acuros en individuel<\/strong><\/li>\n<li><strong>6 \u20acuros par \u00e9quipe.<\/strong><\/li>\n<\/ul>\n<p>&nbsp;<\/p>\n<div dir=\"ltr\">Le r\u00e8glement par ch\u00e8que ou <a href=\"https:\/\/sites.ffkarate.fr\/pyreneesatlantiques\/wp-content\/uploads\/sites\/86\/2023\/11\/RIB-CDK64.pdf\">virement bancaire<\/a> devra <strong>imp\u00e9rativement<\/strong> <strong>\u00eatre <span style=\"text-decoration: underline\">re\u00e7u<\/span><\/strong> par le COMITE DEPARTEMENTAL , <strong>4 JOURS avant la comp\u00e9tition<\/strong>.<\/div>\n<div dir=\"ltr\"><\/div>\n<div dir=\"ltr\"><\/div>\n<div dir=\"ltr\"><\/div>\n<p>&nbsp;<\/p>\n<div dir=\"ltr\">Si le r\u00e8glement n&rsquo;est pas re\u00e7u \u00e0 temps , le comp\u00e9titeur se verra refuser l&rsquo;acc\u00e8s \u00e0 la comp\u00e9tition.<\/div>\n<div dir=\"ltr\"><\/div>\n<div dir=\"ltr\"><\/div>\n<div dir=\"ltr\"><\/div>\n<p>&nbsp;<\/p>\n<div dir=\"ltr\"><strong><span style=\"text-decoration: underline\">Cette disposition ne s&rsquo;applique pas au Challenge D\u00e9partemental des Jeunes ni \u00e0 l&rsquo;Open Enfants PPB.<\/span><\/strong><\/div>\n<p>&nbsp;<\/p>\n<div dir=\"ltr\"><\/div>\n<div dir=\"ltr\"><\/div>\n<div><\/div>\n<div style=\"text-align: left\">Tous les comp\u00e9titeurs (minimes, cadets, juniors, s\u00e9niors), quelque soit leur r\u00e9sultat, ayant particip\u00e9 au Championnat du D\u00e9partement pourront participer au Championnat de Ligue.<\/div>\n<div><\/div>\n<div><\/div>\n<p>&nbsp;<\/p>\n<div style=\"text-align: left\"><strong>Toutefois, une confirmation par inscription en ligne devra \u00eatre faite par les responsables des Clubs, au moins 8 jours avant la comp\u00e9tition.<\/strong><\/div>\n<p>&nbsp;<\/p>\n<div style=\"text-align: left\">Pour les pupilles et benjamins, reconduite du syst\u00e8me Elite \/ Honneur (Combat\/Kata).<\/div>\n<div style=\"text-align: left\">Les enfants doivent avoir effectu\u00e9 la Coupe D\u00e9partementale pour pouvoir participer \u00e0 la Coupe Elite.<\/div>\n<div><\/div>\n<div><\/div>\n<div style=\"text-align: left\"><strong>La liste sera transmise \u00e0 la Ligue par le D\u00e9partement pour v\u00e9rification, mais une confirmation d&rsquo;inscription doit \u00eatre faite en ligne par les Clubs.<\/strong><\/div>\n<p><b>\u00a0<\/b><\/p>\n<\/div>\n<p>[\/vc_column_text][vc_column_text]<\/p>\n<h3>Demandes de passeports<\/h3>\n<p>Les passeports sont vendus par les comit\u00e9s d\u00e9partementaux au prix de 25\u20ac, tarif unique qui s\u2019applique aux adultes et aux enfants (la f\u00e9d\u00e9ration ne d\u00e9livre plus de passeports enfants).<\/p>\n<p>Les commandes de passeports sont faites <strong>uniquement par les clubs<\/strong>.<\/p>\n<p>Vous devez adresser votre commande au moyen du formulaire ci-contre, avec un ch\u00e8que correspondant \u00e0 25 \u20ac X nombre de passeports, plus les frais de port.[\/vc_column_text][\/vc_column][\/vc_row][vc_row][vc_column][vc_single_image image=\u00a0\u00bb105&Prime;][\/vc_column][\/vc_row][vc_row][vc_column][vc_column_text]<\/p>\n<p>[\/vc_column_text][\/vc_column][\/vc_row]<\/p>\n<\/div>","protected":false},"excerpt":{"rendered":"<p>[vc_row][vc_column][vc_column_text] Le Comit\u00e9 D\u00e9partemental organise des comp\u00e9titions destin\u00e9es \u00e0 tous les publics, tout au long de la saison. &nbsp; \u00a0Les inscriptions pour les comp\u00e9titions d\u00e9partementales se font en ligne !!!!! Tout simplement en cliquant sur : &nbsp; &nbsp; Une fiche annexe au calendrier fixe les modalit\u00e9s horaires des convocations et pes\u00e9es pour toutes les comp\u00e9titions [&hellip;]<\/p>\n","protected":false},"author":20,"featured_media":0,"parent":0,"menu_order":0,"comment_status":"closed","ping_status":"closed","template":"","meta":{"footnotes":""},"class_list":["post-2308","page","type-page","status-publish","hentry"],"_links":{"self":[{"href":"https:\/\/sites.ffkarate.fr\/pyreneesatlantiques\/wp-json\/wp\/v2\/pages\/2308","targetHints":{"allow":["GET"]}}],"collection":[{"href":"https:\/\/sites.ffkarate.fr\/pyreneesatlantiques\/wp-json\/wp\/v2\/pages"}],"about":[{"href":"https:\/\/sites.ffkarate.fr\/pyreneesatlantiques\/wp-json\/wp\/v2\/types\/page"}],"author":[{"embeddable":true,"href":"https:\/\/sites.ffkarate.fr\/pyreneesatlantiques\/wp-json\/wp\/v2\/users\/20"}],"replies":[{"embeddable":true,"href":"https:\/\/sites.ffkarate.fr\/pyreneesatlantiques\/wp-json\/wp\/v2\/comments?post=2308"}],"version-history":[{"count":9,"href":"https:\/\/sites.ffkarate.fr\/pyreneesatlantiques\/wp-json\/wp\/v2\/pages\/2308\/revisions"}],"predecessor-version":[{"id":3790,"href":"https:\/\/sites.ffkarate.fr\/pyreneesatlantiques\/wp-json\/wp\/v2\/pages\/2308\/revisions\/3790"}],"wp:attachment":[{"href":"https:\/\/sites.ffkarate.fr\/pyreneesatlantiques\/wp-json\/wp\/v2\/media?parent=2308"}],"curies":[{"name":"wp","href":"https:\/\/api.w.org\/{rel}","templated":true}]}}