{"id":27,"date":"2021-05-07T15:56:14","date_gmt":"2021-05-07T13:56:14","guid":{"rendered":"https:\/\/sites.ffkarate.fr\/rhonemetropoledelyon\/?page_id=27"},"modified":"2025-07-23T10:51:32","modified_gmt":"2025-07-23T08:51:32","slug":"formations","status":"publish","type":"page","link":"https:\/\/sites.ffkarate.fr\/rhonemetropoledelyon\/formations\/","title":{"rendered":"Formations"},"content":{"rendered":"<div class=\"wpb-content-wrapper\"><p>[vc_row][vc_column][vc_single_image image=\u00a0\u00bb4075&Prime; img_size=\u00a0\u00bbfull\u00a0\u00bb add_caption=\u00a0\u00bbyes\u00a0\u00bb link=\u00a0\u00bbhttp:\/\/: https:\/\/sites.ffkarate.fr\/rhonemetropoledelyon\/fiche-inscription-daf2_2023-2024\/\u00a0\u00bb onclick=\u00a0\u00bbcustom_link\u00a0\u00bb][vc_empty_space height=\u00a0\u00bb10&Prime;][\/vc_column][\/vc_row][vc_row gap=\u00a0\u00bb15&Prime;][vc_column css_animation=\u00a0\u00bbnone\u00a0\u00bb][vc_column_text]<\/p>\n<h4>Responsable d\u00e9partemental formation<\/h4>\n<p><strong>Eric NUGUES<\/strong><\/p>\n<p>&nbsp;<\/p>\n<h2>Saison 2025-2026 : formation AFA, DAF et DIF<\/h2>\n<p><em><strong>DATES ET LIEU DES FORMATIONS saison 2025-2026 dans le document en bas de cette page.<\/strong><\/em><\/p>\n<p>&nbsp;<\/p>\n<p><strong><em>Pour celles\u00a0 et ceux qui le souhaitent le DAF et le DIF peuvent \u00eatre enchain\u00e9s dans la m\u00eame saison sportive.<\/em><\/strong><\/p>\n<p>En cas de poursuite du DAF vers le DIF, il n&rsquo;y aura que 150 euros suppl\u00e9mentaire au prix du DAF.<\/p>\n<p><strong><em>\u00a0<\/em><\/strong><\/p>\n<p><em><u>Vous pouvez r\u00e9servez votre place d\u00e8s maintenant en contactant le responsable des formations<\/u><\/em><\/p>\n<p><em><u>Mr Eric NUGUES \u00e0 l\u2019adresse suivante<\/u><\/em><em>\u00a0: ericnugues@hotmail.com<\/em><\/p>\n<p><strong><em>\u00a0<\/em><\/strong><\/p>\n<p><strong>Formations dispens\u00e9es<\/strong><\/p>\n<p><strong><u>Le dipl\u00f4me d\u2019animateur f\u00e9d\u00e9ral<\/u><\/strong><strong> (DAF)<\/strong><\/p>\n<p>Le DAF permet <u>l\u2019animation b\u00e9n\u00e9vole<\/u> en pleine autonomie. Le DAF est la porte d\u2019acc\u00e8s \u00e0 l\u2019enseignement b\u00e9n\u00e9vole autonome du karat\u00e9 et de ses disciplines associ\u00e9es, dans tout club affili\u00e9 \u00e0 la FFKDA. Il est adapt\u00e9 \u00e0 l\u2019enseignement dans des petites structures associatives limit\u00e9es en nombre d\u2019adh\u00e9rents avec des niveaux de pratique allant de l\u2019initiation jusqu\u2019\u00e0 la ceinture noire 1er dan et favorisant la pr\u00e9paration sportive de comp\u00e9titeurs d\u00e9butants.<\/p>\n<ul>\n<li><a href=\"https:\/\/www.ffkarate.fr\/espace-licencies\/formations\/diplome-animateur-federal-daf\/\" target=\"_blank\" rel=\"noopener\">Le DAF sur le site f\u00e9d\u00e9ral<\/a><\/li>\n<\/ul>\n<p>&nbsp;<\/p>\n<p><strong><u>Le dipl\u00f4me d\u2019instructeur f\u00e9d\u00e9ral<\/u><\/strong><strong> (DIF)<\/strong><\/p>\n<p>Le DIF permet :<\/p>\n<ul>\n<li>Ouvrir un club<\/li>\n<li>Planifier des cours pour diff\u00e9rents publics sp\u00e9cifiques (enfants, ados, adultes, seniors, para etc.)<\/li>\n<li>Apporter des comp\u00e9tences pour la progression et le perfectionnement des pratiquants<\/li>\n<li>Animer des cours en toute s\u00e9curit\u00e9 et en pleine autonomie<br \/>\n\u00c9largir son enseignement au-del\u00e0 du club.<\/li>\n<\/ul>\n<ul>\n<li><a href=\"https:\/\/www.ffkarate.fr\/espace-licencies\/formations\/diplome-instructeur-federal-dif\/\" target=\"_blank\" rel=\"noopener\">Le DIF sur le site f\u00e9d\u00e9ral<\/a><\/li>\n<\/ul>\n<p>[\/vc_column_text][vc_column_text]<\/p>\n<h3>L&rsquo;attestation f\u00e9d\u00e9rale d&rsquo;assistant (AFA)<\/h3>\n<p>L\u2019AFA permet de donner une reconnaissance \u00e0 un intervenant b\u00e9n\u00e9vole qui aide occasionnellement un enseignant dipl\u00f4m\u00e9 minimum du DAF, \u00e0 encadrer des s\u00e9ances de karat\u00e9 ou d\u2019une discipline associ\u00e9e dans un club affili\u00e9 FFKDA. Il ne s\u2019agit pas d\u2019un dipl\u00f4me d\u2019enseignant autonome. Le responsable de la s\u00e9ance doit \u00eatre titulaire au minimum du DAF et \u00eatre pr\u00e9sent dans la salle pendant l\u2019intervention d\u2019un assistant titulaire de l\u2019AFA. En incitant des jeunes pratiquants \u00e0 s\u2019impliquer dans la vie associative, cette attestation accessible \u00e0 partir de la ceinture marron et de 14 \u00e0 18 ans, s\u2019int\u00e8gre donc dans la formation sportive citoyenne.<\/p>\n<p><a href=\"https:\/\/www.ffkarate.fr\/espace-licencies\/formations\/attestation-federale-assistant-afa\/\" target=\"_blank\" rel=\"noopener\">L\u2019AFA sur le site f\u00e9d\u00e9ral<\/a>[\/vc_column_text][\/vc_column][\/vc_row]<\/p>\n<\/div>","protected":false},"excerpt":{"rendered":"<p>La formation AFA\/DAF pour le d\u00e9partement de la Gironde se d\u00e9roulera les 09 et 10\/01\/2021 au Gymnase \u00e0 VERAC (33).<\/p>\n","protected":false},"author":1,"featured_media":0,"parent":0,"menu_order":0,"comment_status":"closed","ping_status":"closed","template":"","meta":{"footnotes":""},"class_list":["post-27","page","type-page","status-publish","hentry"],"_links":{"self":[{"href":"https:\/\/sites.ffkarate.fr\/rhonemetropoledelyon\/wp-json\/wp\/v2\/pages\/27","targetHints":{"allow":["GET"]}}],"collection":[{"href":"https:\/\/sites.ffkarate.fr\/rhonemetropoledelyon\/wp-json\/wp\/v2\/pages"}],"about":[{"href":"https:\/\/sites.ffkarate.fr\/rhonemetropoledelyon\/wp-json\/wp\/v2\/types\/page"}],"author":[{"embeddable":true,"href":"https:\/\/sites.ffkarate.fr\/rhonemetropoledelyon\/wp-json\/wp\/v2\/users\/1"}],"replies":[{"embeddable":true,"href":"https:\/\/sites.ffkarate.fr\/rhonemetropoledelyon\/wp-json\/wp\/v2\/comments?post=27"}],"version-history":[{"count":13,"href":"https:\/\/sites.ffkarate.fr\/rhonemetropoledelyon\/wp-json\/wp\/v2\/pages\/27\/revisions"}],"predecessor-version":[{"id":4545,"href":"https:\/\/sites.ffkarate.fr\/rhonemetropoledelyon\/wp-json\/wp\/v2\/pages\/27\/revisions\/4545"}],"wp:attachment":[{"href":"https:\/\/sites.ffkarate.fr\/rhonemetropoledelyon\/wp-json\/wp\/v2\/media?parent=27"}],"curies":[{"name":"wp","href":"https:\/\/api.w.org\/{rel}","templated":true}]}}