{"id":588,"date":"2016-12-19T15:46:12","date_gmt":"2016-12-19T14:46:12","guid":{"rendered":"https:\/\/sites.ffkarate.fr\/savoie\/?page_id=588"},"modified":"2026-09-01T14:35:09","modified_gmt":"2026-09-01T12:35:09","slug":"arbitrage","status":"publish","type":"page","link":"https:\/\/sites.ffkarate.fr\/savoie\/competitions-2\/arbitrage\/","title":{"rendered":"Arbitrage"},"content":{"rendered":"<div class=\"wpb-content-wrapper\"><p>[vc_row][vc_column][vc_message message_box_style=\u00a0\u00bbclassic\u00a0\u00bb message_box_color=\u00a0\u00bbalert-info\u00a0\u00bb style=\u00a0\u00bbrounded\u00a0\u00bb]<a href=\"https:\/\/sites.ffkarate.fr\/savoie\/wp-content\/uploads\/sites\/89\/2025\/09\/Reglement-Kumite-VF-JSS08072025_pdf.pdf\">R\u00e8glement d&rsquo;arbitrage Kumit\u00e9 2025-2026<\/a><\/p>\n<p><a href=\"https:\/\/sites.ffkarate.fr\/savoie\/wp-content\/uploads\/sites\/89\/2025\/09\/Reglement-KATA-VFJSS-2025-2026_V2.pdf\">R\u00e8glement d&rsquo;arbitrage Kata 2025-2026<\/a>[\/vc_message][vc_column_text]<\/p>\n<h2>Le mot du Responsable &#8211; 2026\/2027<\/h2>\n<p>&nbsp;<\/p>\n<h4><span class=\"fontstyle0\">L\u2019ARBITRAGE : UNE AUTRE FACON DE VIVRE SON KARAT\u00c9 !<\/span><\/h4>\n<p><span class=\"fontstyle0\">Chers dirigeants, enseignants, licenci\u00e9s et parents,<\/span><\/p>\n<p><span class=\"fontstyle0\">Une nouvelle saison sportive d\u00e9bute, je tiens \u00e0 vous souhaiter \u00e0 toutes et \u00e0 tous une excellente rentr\u00e9e sportive, riche en r\u00e9ussite, nouveaux projets, d\u00e9fis et en passion partag\u00e9e.<\/span><\/p>\n<p><span class=\"fontstyle0\">A ce titre, \u00e0 l\u2019aube de cette nouvelle saison, pour continuer \u00e0 organiser des comp\u00e9titions de qualit\u00e9 et faire vivre notre discipline nous souhaitons lancer un appel \u00e0 toutes les forces vives, de tout \u00e2ge, de notre d\u00e9partement afin de renforcer notre \u00e9quipe arbitrale pour tous les licenci\u00e9s <\/span><span class=\"fontstyle2\">\u00e0 partir de 14 ans.<\/span><\/p>\n<p>&nbsp;<\/p>\n<h4><span class=\"fontstyle0\">LES JEUNES ARBITRES : UN \u00c9L\u00c9MENT ESSENTIEL POUR L\u2019AVENIR<\/span><\/h4>\n<p><span class=\"fontstyle0\">\u00catre arbitre, ce n\u2019est pas seulement appliquer un r\u00e8glement. C\u2019est \u00eatre au c\u0153ur de l\u2019action, participer \u00e0 la r\u00e9ussite des comp\u00e9titions et contribuer au respect des valeurs qui nous rassemblent.<\/span><\/p>\n<p><span class=\"fontstyle2\">L\u2019arbitre occupe une place importante au m\u00eame titre que les comp\u00e9titeurs<\/span><span class=\"fontstyle0\">. Il garantit le bon d\u00e9roulement des comp\u00e9titions, le respect des r\u00e8gles, et incarne les valeurs fondamentales de notre discipline : le <\/span><span class=\"fontstyle2\">respect<\/span><span class=\"fontstyle0\">, la <\/span><span class=\"fontstyle2\">responsabilit\u00e9<\/span><span class=\"fontstyle0\">, l\u2019<\/span><span class=\"fontstyle2\">impartialit\u00e9<\/span><span class=\"fontstyle0\">.<\/span><\/p>\n<p><span class=\"fontstyle2\">Devenir arbitre, c\u2019est aussi :<\/span><\/p>\n<p><span class=\"fontstyle3\">\u2022 <\/span><span class=\"fontstyle4\">Continuer \u00e0 vivre sa passion autrement ;<\/span><\/p>\n<p><span class=\"fontstyle3\">\u2022 <\/span><span class=\"fontstyle4\">Contribuer activement \u00e0 la vie de sa discipline sur le territoire ;<\/span><\/p>\n<p><span class=\"fontstyle3\">\u2022 <\/span><span class=\"fontstyle4\">D\u00e9velopper son sens des responsabilit\u00e9s, la confiance en soi, sa capacit\u00e9 de decision, \u2026 ;<\/span><\/p>\n<p><span class=\"fontstyle3\">\u2022 <\/span><span class=\"fontstyle4\">Partager des moments conviviaux avec une \u00e9quipe passionn\u00e9e, engag\u00e9e et solidaire ;<\/span><\/p>\n<p><span class=\"fontstyle3\">\u2022 <\/span><span class=\"fontstyle4\">Vivre les comp\u00e9titions de l\u2019int\u00e9rieur.<\/span><\/p>\n<p>&nbsp;<\/p>\n<h4><span class=\"fontstyle0\">UN ACCOMPAGNEMENT, UNE FORMATION CONTINUE ET INDIVIDUALIS\u00c9S<\/span><\/h4>\n<p><span class=\"fontstyle0\">Chaque nouvelle personne souhaitant d\u00e9couvrir l\u2019arbitrage fera alors partie int\u00e9grante de l\u2019\u00e9quipe d\u00e8s le stage d\u2019arbitrage de rentr\u00e9e !<\/span><\/p>\n<p><span class=\"fontstyle0\">Nous vous formerons, vous accompagnerons et vous encadrerons tout au long de votre parcours. Gr\u00e2ce \u00e0 un apprentissage progressif th\u00e9orique et pratique sur les diff\u00e9rents postes. Vous ferez vos premiers pas dans l\u2019arbitrage sereinement et sans pression. Il en sera de m\u00eame lors des premi\u00e8res comp\u00e9titions o\u00f9 vous serez guid\u00e9s et accompagn\u00e9s afin de mettre en pratique vos connaissances.<\/span><\/p>\n<p><span class=\"fontstyle0\">Les jeunes arbitres d\u00e8s 14 ans : Tu aimes le karat\u00e9 et tu souhaites t\u2019investir davantage dans ton sport ? L\u2019arbitrage est fait pour toi !<\/span><\/p>\n<p><span class=\"fontstyle0\">C\u2019est l\u2019occasion de d\u00e9couvrir les comp\u00e9titions sous un autre angle, de gagner en assurance, de d\u00e9velopper ton sens de l\u2019observation et de prendre des responsabilit\u00e9s dans un cadre encadr\u00e9 et bienveillant.<\/span><\/p>\n<p><span class=\"fontstyle0\">Les arbitres de demain sont parmi vous !<\/span><\/p>\n<p><span class=\"fontstyle0\">Rejoignez-nous !<\/span><\/p>\n<p><span class=\"fontstyle0\">Que vous soyez comp\u00e9titeur, pratiquant loisir ou enseignant, chacun peut trouver sa place !<\/span><\/p>\n<p><span class=\"fontstyle0\">Dans chaque club, nous avons pratiquants, des passionn\u00e9s et d\u2019anciens comp\u00e9titeurs, qui peuvent s\u2019investir, <\/span><span class=\"fontstyle2\">d\u00e9couvrir une autre facette de la comp\u00e9tition<\/span><span class=\"fontstyle0\">, et contribuer activement \u00e0 leur bon d\u00e9roulement mais \u00e9galement apporter un <\/span><span class=\"fontstyle2\">contenu d\u2019enseignement <\/span><span class=\"fontstyle0\">sup\u00e9rieur au sein de leur club.<\/span><\/p>\n<p><span class=\"fontstyle0\">Aussi, nous vous invitons, \u00e0 <\/span><span class=\"fontstyle2\">identifier et encourager les vocations <\/span><span class=\"fontstyle0\">: parlez-en lors des entra\u00eenements, lors des r\u00e9unions de d\u00e9but de saison, proposez des modules d\u2019initiation, accompagnez les premiers pas de vos arbitres en devenir.<\/span><\/p>\n<p><span class=\"fontstyle2\">Le karat\u00e9 a besoin d\u2019arbitres. L\u2019\u00e9quipe arbitrale a besoin de vous.<\/span><\/p>\n<p><span class=\"fontstyle0\">Ensemble, faisons vivre nos comp\u00e9titions dans l\u2019esprit du respect, du partage, de l\u2019engagement et du fair-play.<\/span><\/p>\n<p><span class=\"fontstyle0\">N\u2019h\u00e9sitez pas \u00e0 me contacter pour m\u2019en faire part et si vous avez des questions : arbitragecdk73@gmail.com ou 0615932174.<\/span><\/p>\n<p>&nbsp;<\/p>\n<p><span class=\"fontstyle0\">Sportivement,<\/span><\/p>\n<p><span class=\"fontstyle0\">Renaud Bataille<\/span><\/p>\n<p><span class=\"fontstyle0\">Responsable d\u2019arbitrage CDK73<\/span>[\/vc_column_text][\/vc_column][\/vc_row][vc_row][vc_column][vc_column_text]<\/p>\n<h2>La commission arbitrage de la Savoie<\/h2>\n<p>L\u2019arbitrage est essentiel<strong>\u00a0au bon d\u00e9roulement des comp\u00e9titions<\/strong>\u00a0organis\u00e9es par le Comit\u00e9 D\u00e9partemental.<\/p>\n<p>Le r\u00f4le du corps arbitral\u00a0est de\u00a0veiller \u00e0 ce que les rencontres sportives se d\u00e9roulent dans\u00a0<strong>l\u2019esprit du jeu<\/strong>, assurant le\u00a0<strong>respect des r\u00e8gles par un code d\u2019arbitrage<\/strong>\u00a0(r\u00e8glement des comp\u00e9titions et d\u2019arbitrage) et\u00a0<strong>l\u2019int\u00e9grit\u00e9 physique<\/strong>\u00a0des athl\u00e8tes.<\/p>\n<p>L\u2019arbitrage doit permettre aux athl\u00e8tes de\u00a0<strong>s\u2019affirmer et de se d\u00e9velopper<\/strong>\u00a0dans les meilleures conditions possibles. L\u2019arbitre ne doit pas seulement conna\u00eetre parfaitement le r\u00e8glement des comp\u00e9titions et de l\u2019arbitrage, il doit\u00a0<strong>affirmer une autorit\u00e9 par des d\u00e9cisions, aussi neutres qu\u2019assum\u00e9es.<\/strong><\/p>\n<p><a href=\"https:\/\/sites.ffkarate.fr\/savoie\/wp-content\/uploads\/sites\/89\/2016\/12\/arbitrage1.jpg\"><img decoding=\"async\" class=\"alignnone size-full wp-image-903\" src=\"https:\/\/sites.ffkarate.fr\/savoie\/wp-content\/uploads\/sites\/89\/2016\/12\/arbitrage1.jpg\" alt=\"arbitrage1\" width=\"595\" height=\"339\" \/><\/a><\/p>\n<p>\u00a9Denis Boulanger \/ FFKDA[\/vc_column_text][\/vc_column][\/vc_row][vc_row][vc_column][vc_column_text]<\/p>\n<h2>Les missions du responsable de l\u2019arbitrage<\/h2>\n<ul>\n<li>Il organise les sessions de formation et d\u2019examen d\u2019arbitrage,<\/li>\n<li>Il choisit les juges et les arbitres pour les comp\u00e9titions,<\/li>\n<li>Il organise l\u2019arbitrage lors des manifestations d\u00e9partementales, en veillant \u00e0 la s\u00e9curit\u00e9 des comp\u00e9titeurs, dans le respect des r\u00e8glements en vigueur,<\/li>\n<li>Il veille \u00e0 l\u2019actualisation des connaissances des arbitres,<\/li>\n<li>Il transmet les r\u00e9sultats au Pr\u00e9sident et au Directeur Technique D\u00e9partemental.<\/li>\n<\/ul>\n<p>[\/vc_column_text][\/vc_column][\/vc_row][vc_row][vc_column][vc_column_text]<\/p>\n<h2>Chiffres cl\u00e9s de la Commission Arbitrage<\/h2>\n<h4>Chiffres de la saison 2025-2026 :<\/h4>\n<ul>\n<li><strong>15 juges et\u00a0arbitres\u00a0<\/strong>dont :\n<ul>\n<li>1 juge continental EKF<\/li>\n<li>5 arbitres et juges nationaux<\/li>\n<li>3 arbitres et juges de Ligue r\u00e9gionale<\/li>\n<li>5 arbitres et juges d\u00e9partementaux<\/li>\n<li>1 arbitre stagiaire<\/li>\n<li>Dont 4 jeunes arbitres<\/li>\n<\/ul>\n<\/li>\n<\/ul>\n<p>[\/vc_column_text][\/vc_column][\/vc_row][vc_row][vc_column][vc_column_text]<\/p>\n<h2>L\u2019\u00e9quipe arbitrage du d\u00e9partement<\/h2>\n<p><strong>L\u2019\u00e9quipe arbitrage du d\u00e9partement lors de la saison 2025- 2026<\/strong><\/p>\n<p>Retrouvez ci-dessous la liste des juges et des arbitres du d\u00e9partement de la Savoie.<\/p>\n<p>&nbsp;<\/p>\n<ol>\n<li>1\/\u00a0 Renaud BATAILLE \u2013 Juge Continental EKF kumit\u00e9 B et kata B (CST de la Thuile)<\/li>\n<li>2\/ J\u00e9r\u00f4me OZIOL \u2013 Arbitre national kumit\u00e9 A et juge national kata A (KC La Ravoire)<\/li>\n<li>3\/ Manon ABRY-DURAND \u2013 Arbitre national kumit\u00e9 B et juge national kata B (KC Entrelacs)<\/li>\n<li>4\/ Jo\u00ebl OLIVON \u2013 Arbitre national kumit\u00e9 B et juge de ligue kata A (KC La Ravoire)<\/li>\n<li>5\/ Eric PORTSCH \u2013 Arbitre national kumit\u00e9 B et juge de ligue kata A (KC La Ravoire)<\/li>\n<li>6\/ Nicolas PRADILLE \u2013 Arbitre national kumit\u00e9 B et juge de ligue kata A (SKD Drumettaz)<\/li>\n<li>7\/ Mathis ABRY-DURAND \u2013 Arbitre de ligue kumit\u00e9 A et juge de ligue kata A (KC Entrelacs)<\/li>\n<li>8\/ Samuel ZAMPIN \u2013 Arbitre de ligue kumit\u00e9 B et juge de ligue kata B (KC Entrelacs)<\/li>\n<li>9\/ Raoul VERDOYA \u2013 Arbitre de ligue kumit\u00e9 B et juge de ligue kata B (KC Entrelacs)<\/li>\n<li>10\/ Jean-Fran\u00e7ois CURRAT \u2013 Arbitre et juge d\u00e9partemental (KC La Ravoire)<\/li>\n<li>11\/ C\u00e9dric AUDOUIN \u2013 Arbitre et juge d\u00e9partemental (M\u00e9ry)<\/li>\n<li>12\/ Jean-Fran\u00e7ois GIRAUD \u2013 Arbitre et juge d\u00e9partemental (KC La Ravoire)<\/li>\n<li>13\/ Sabrina OUZEN \u2013 Arbitre et juge d\u00e9partemental (KC Entrelacs)<\/li>\n<li>14\/ Nesrine BOULECHFAR &#8211; Arbitre et juge d\u00e9partemental (KC La Ravoire)<\/li>\n<li>15\/ Bastien CHEVALLIER \u2013 Jeune Arbitre Stagiaire (KC Entrelacs)<\/li>\n<\/ol>\n<p>&nbsp;<\/p>\n<p><strong>Vous souhaitez rejoindre l\u2019\u00e9quipe ?\u00a0N\u2019h\u00e9sitez pas \u00e0 contacter Renaud\u00a0pour conna\u00eetre les d\u00e9marches.<\/strong>[\/vc_column_text][\/vc_column][\/vc_row][vc_row][vc_column][\/vc_column][\/vc_row]<\/p>\n<\/div>","protected":false},"excerpt":{"rendered":"<p>Vous souhaitez rejoindre l&rsquo;\u00e9quipe ? N&rsquo;h\u00e9sitez pas \u00e0 contacter Renaud\u00a0pour conna\u00eetre les d\u00e9marches.<\/p>\n","protected":false},"author":171,"featured_media":4795,"parent":590,"menu_order":50,"comment_status":"closed","ping_status":"closed","template":"","meta":{"footnotes":""},"class_list":["post-588","page","type-page","status-publish","hentry"],"_links":{"self":[{"href":"https:\/\/sites.ffkarate.fr\/savoie\/wp-json\/wp\/v2\/pages\/588","targetHints":{"allow":["GET"]}}],"collection":[{"href":"https:\/\/sites.ffkarate.fr\/savoie\/wp-json\/wp\/v2\/pages"}],"about":[{"href":"https:\/\/sites.ffkarate.fr\/savoie\/wp-json\/wp\/v2\/types\/page"}],"author":[{"embeddable":true,"href":"https:\/\/sites.ffkarate.fr\/savoie\/wp-json\/wp\/v2\/users\/171"}],"replies":[{"embeddable":true,"href":"https:\/\/sites.ffkarate.fr\/savoie\/wp-json\/wp\/v2\/comments?post=588"}],"version-history":[{"count":27,"href":"https:\/\/sites.ffkarate.fr\/savoie\/wp-json\/wp\/v2\/pages\/588\/revisions"}],"predecessor-version":[{"id":5354,"href":"https:\/\/sites.ffkarate.fr\/savoie\/wp-json\/wp\/v2\/pages\/588\/revisions\/5354"}],"up":[{"embeddable":true,"href":"https:\/\/sites.ffkarate.fr\/savoie\/wp-json\/wp\/v2\/pages\/590"}],"wp:featuredmedia":[{"embeddable":true,"href":"https:\/\/sites.ffkarate.fr\/savoie\/wp-json\/wp\/v2\/media\/4795"}],"wp:attachment":[{"href":"https:\/\/sites.ffkarate.fr\/savoie\/wp-json\/wp\/v2\/media?parent=588"}],"curies":[{"name":"wp","href":"https:\/\/api.w.org\/{rel}","templated":true}]}}