{"id":57,"date":"2015-01-08T11:32:57","date_gmt":"2015-01-08T11:32:57","guid":{"rendered":"https:\/\/sites.ffkarate.fr\/testclone\/?page_id=57"},"modified":"2024-11-04T14:33:40","modified_gmt":"2024-11-04T13:33:40","slug":"grades-2","status":"publish","type":"page","link":"https:\/\/sites.ffkarate.fr\/vaucluse\/grades-2\/","title":{"rendered":"Grades"},"content":{"rendered":"<div class=\"wpb-content-wrapper\"><p>[vc_row][vc_column][vc_column_text]<\/p>\n<h1>Commission d&rsquo;organisation d\u00e9partementale des Grades (CODG 84)<\/h1>\n<h2><strong>COMPOSITION DE LA C.O.D.G 84<br \/>\n<\/strong><\/h2>\n<p>Franck LODZIAK CN 3<sup>\u00e8me<\/sup>\u00a0DAN Pr\u00e9sident D\u00e9partemental de Vaucluse<\/p>\n<p>Annick BOULESNANE CN 3<sup>\u00e8me<\/sup> DAN Directeur Technique D\u00e9partemental<\/p>\n<p>Patrice MARTEL CN 6 \u00e8me\u00a0 DAN Responsable des Grades<\/p>\n<h2><strong>RESPONSABLE COMMISSION DES GRADES :<\/strong><\/h2>\n<p><img decoding=\"async\" class=\"alignnone wp-image-1238 size-medium\" src=\"https:\/\/sites.ffkarate.fr\/vaucluse\/wp-content\/uploads\/sites\/101\/2023\/08\/Patrice-MARTEL-142x300.jpeg\" alt=\"\" width=\"142\" height=\"300\" srcset=\"https:\/\/sites.ffkarate.fr\/vaucluse\/wp-content\/uploads\/sites\/101\/2023\/08\/Patrice-MARTEL-142x300.jpeg 142w, https:\/\/sites.ffkarate.fr\/vaucluse\/wp-content\/uploads\/sites\/101\/2023\/08\/Patrice-MARTEL-485x1024.jpeg 485w, https:\/\/sites.ffkarate.fr\/vaucluse\/wp-content\/uploads\/sites\/101\/2023\/08\/Patrice-MARTEL-768x1623.jpeg 768w, https:\/\/sites.ffkarate.fr\/vaucluse\/wp-content\/uploads\/sites\/101\/2023\/08\/Patrice-MARTEL-727x1536.jpeg 727w, https:\/\/sites.ffkarate.fr\/vaucluse\/wp-content\/uploads\/sites\/101\/2023\/08\/Patrice-MARTEL.jpeg 969w\" sizes=\"(max-width: 142px) 100vw, 142px\" \/><\/p>\n<p>Patrice MARTEL \/ 06 19 58 70 76 \/ codgdevaucluse@gmail.com<\/p>\n<h2><strong>RESPONSABLE DES GRADES KRAV MAGA<\/strong><\/h2>\n<h2><strong><img decoding=\"async\" class=\"alignnone wp-image-1363\" src=\"https:\/\/sites.ffkarate.fr\/vaucluse\/wp-content\/uploads\/sites\/101\/2024\/06\/5553789157342131278.jpg\" alt=\"\" width=\"137\" height=\"225\" srcset=\"https:\/\/sites.ffkarate.fr\/vaucluse\/wp-content\/uploads\/sites\/101\/2024\/06\/5553789157342131278.jpg 685w, https:\/\/sites.ffkarate.fr\/vaucluse\/wp-content\/uploads\/sites\/101\/2024\/06\/5553789157342131278-183x300.jpg 183w, https:\/\/sites.ffkarate.fr\/vaucluse\/wp-content\/uploads\/sites\/101\/2024\/06\/5553789157342131278-624x1024.jpg 624w\" sizes=\"(max-width: 137px) 100vw, 137px\" \/><\/strong><\/h2>\n<p>Christophe CASCALES \/ 06.79.37.54.04 \/ cascales.christophe@hotmail.fr<\/p>\n<h2><strong>CALENDRIER DES EXAMENS<br \/>\n<\/strong><\/h2>\n<p><span style=\"font-family: Times New Roman, Times, serif\"><span style=\"font-family: 'Times New Roman', Times, serif\">\u2013 <\/span><b style=\"font-family: 'Times New Roman', Times, serif\">Dimanche 01 d\u00e9cembre<\/b><b style=\"font-family: 'Times New Roman', Times, serif\"> 2024<\/b><span style=\"font-family: 'Times New Roman', Times, serif\"> : passage de grades 1er \u00e0 4\u00e8me DAN Karat\u00e9 et Krav Maga<\/span><\/span><\/p>\n<p><span style=\"font-family: Times New Roman, Times, serif\">\u2013<b> Dimanche 08 juin 2025<\/b> : passage de grades 1er \u00e0 4\u00e8me DAN Karat\u00e9 et Krav Maga<\/span><\/p>\n<p>Lieu : DOJO DE CAMARET<\/p>\n<p>Salle Philippe Pradayrol<\/p>\n<p>Complexe sportif Ren\u00e9 Roussi\u00e8re<\/p>\n<p>84850 CAMARET SUR AIGUES<\/p>\n<p>&nbsp;<\/p>\n<h2><strong>CALENDRIER DES STAGES<br \/>\n<\/strong><\/h2>\n<div>\n<h4><strong><span style=\"font-family: Times New Roman, Times, serif\">-Dimanche 20 octobre 2024 de 9h30 \u00e0 12h30<\/span><\/strong><\/h4>\n<\/div>\n<div>\n<h4><span style=\"font-family: Times New Roman, Times, serif\">Stage Information R\u00e9glementation Passages de <span class=\"il\">Grades<\/span>\u00a0<\/span><\/h4>\n<h4><span style=\"font-family: Times New Roman, Times, serif\">Patrice MARTEL Responsable de la CODG 84<\/span><\/h4>\n<p><span style=\"font-family: Times New Roman, Times, serif\">DOJO DE CAMARET \u2013 Salle Philippe Pradayrol<\/span><\/p>\n<p><span style=\"font-family: Times New Roman, Times, serif\">Complexe sportif Ren\u00e9 Roussi\u00e8re<\/span><\/p>\n<p><span style=\"font-family: Times New Roman, Times, serif\">84850 Camaret-sur-Aygues<\/span><\/p>\n<\/div>\n<p>&nbsp;<\/p>\n<h4><strong><span style=\"font-family: Times New Roman, Times, serif\">-Dimanche 00\/00\/2025 de 10h \u00e0 12h30<\/span><\/strong><\/h4>\n<p>Stage de pr\u00e9paration aux grades sous la direction de Christian Dizarn 6\u00e8me DAN<\/p>\n<p><span style=\"font-family: Times New Roman, Times, serif\">DOJO DE CAMARET \u2013 Salle Philippe Pradayrol<\/span><\/p>\n<p><span style=\"font-family: Times New Roman, Times, serif\">Complexe sportif Ren\u00e9 Roussi\u00e8re<\/span><\/p>\n<p><span style=\"font-family: Times New Roman, Times, serif\">84850 Camaret-sur-Aygues<\/span>[\/vc_column_text][\/vc_column][\/vc_row]<\/p>\n<\/div>","protected":false},"excerpt":{"rendered":"<p>[vc_row][vc_column][vc_column_text] Commission d&rsquo;organisation d\u00e9partementale des Grades (CODG 84) COMPOSITION DE LA C.O.D.G 84 Franck LODZIAK CN 3\u00e8me\u00a0DAN Pr\u00e9sident D\u00e9partemental de Vaucluse Annick BOULESNANE CN 3\u00e8me DAN Directeur Technique D\u00e9partemental Patrice MARTEL CN 6 \u00e8me\u00a0 DAN Responsable des Grades RESPONSABLE COMMISSION DES GRADES : Patrice MARTEL \/ 06 19 58 70 76 \/ codgdevaucluse@gmail.com RESPONSABLE DES [&hellip;]<\/p>\n","protected":false},"author":20,"featured_media":0,"parent":0,"menu_order":0,"comment_status":"closed","ping_status":"closed","template":"","meta":{"footnotes":""},"class_list":["post-57","page","type-page","status-publish","hentry"],"_links":{"self":[{"href":"https:\/\/sites.ffkarate.fr\/vaucluse\/wp-json\/wp\/v2\/pages\/57","targetHints":{"allow":["GET"]}}],"collection":[{"href":"https:\/\/sites.ffkarate.fr\/vaucluse\/wp-json\/wp\/v2\/pages"}],"about":[{"href":"https:\/\/sites.ffkarate.fr\/vaucluse\/wp-json\/wp\/v2\/types\/page"}],"author":[{"embeddable":true,"href":"https:\/\/sites.ffkarate.fr\/vaucluse\/wp-json\/wp\/v2\/users\/20"}],"replies":[{"embeddable":true,"href":"https:\/\/sites.ffkarate.fr\/vaucluse\/wp-json\/wp\/v2\/comments?post=57"}],"version-history":[{"count":10,"href":"https:\/\/sites.ffkarate.fr\/vaucluse\/wp-json\/wp\/v2\/pages\/57\/revisions"}],"predecessor-version":[{"id":1580,"href":"https:\/\/sites.ffkarate.fr\/vaucluse\/wp-json\/wp\/v2\/pages\/57\/revisions\/1580"}],"wp:attachment":[{"href":"https:\/\/sites.ffkarate.fr\/vaucluse\/wp-json\/wp\/v2\/media?parent=57"}],"curies":[{"name":"wp","href":"https:\/\/api.w.org\/{rel}","templated":true}]}}